{"id":4296,"date":"2017-11-14T10:36:18","date_gmt":"2017-11-14T09:36:18","guid":{"rendered":"http:\/\/lalorrainedesecrivains.univ-lorraine.fr\/?page_id=4296"},"modified":"2018-01-26T09:55:44","modified_gmt":"2018-01-26T08:55:44","slug":"interactions-transfrontalieres","status":"publish","type":"page","link":"http:\/\/lalorrainedesecrivains.univ-lorraine.fr\/en\/interactions-transfrontalieres\/","title":{"rendered":"CROSS-BORDER INTERACTIONS"},"content":{"rendered":"<p>[vc_row full_width=&#8221;stretch_row&#8221; parallax=&#8221;content-moving&#8221; parallax_image=&#8221;2551&#8243;][vc_column][vc_custom_heading text=&#8221;CR\u00c9ATION<br \/>\nLITT\u00c9RAIRE<br \/>\nET<br \/>\nTERRITOIRES&#8221; font_container=&#8221;tag:h2|font_size:60px|text_align:right|color:%23000000|line_height:62px&#8221; google_fonts=&#8221;font_family:Montserrat%3Aregular%2C700|font_style:400%20regular%3A400%3Anormal&#8221; css=&#8221;.vc_custom_1475140303176{margin-top: 80px !important;margin-bottom: 80px !important;}&#8221;][\/vc_column][\/vc_row][vc_row full_width=&#8221;stretch_row&#8221; parallax=&#8221;content-moving&#8221;][vc_column][vc_column_text]<\/p>\n<h1 style=\"text-align: center;\"><span style=\"color: #999999;\">Cr\u00e9ation litt\u00e9raire et r\u00e9sidence d&#8217;\u00e9crivain<br \/>\n<img loading=\"lazy\" decoding=\"async\" class=\"alignnone size-full wp-image-2217\" src=\"http:\/\/test-lde.univ-lorraine.fr\/wp-content\/uploads\/2016\/07\/filet-rouge-150.png\" alt=\"filet-rouge-150\" width=\"150\" height=\"9\" \/><\/span><\/h1>\n<p>[\/vc_column_text][\/vc_column][\/vc_row][vc_row][vc_column width=&#8221;2\/3&#8243;][vc_column_text]<\/p>\n<h4><strong>La cr\u00e9ation litt\u00e9raire en Lorraine peut prendre des formes diverses. Elle s\u2019actualise notamment dans des dispositifs de r\u00e9sidence d\u2019auteurs (<a href=\"http:\/\/www.lcdpu.fr\/livre\/?GCOI=27000100576850\" target=\"_blank\" rel=\"noopener\">lcdpu.fr\/livre<\/a>) qui en instituant du vivre-ensemble visent \u00e0 favoriser la d\u00e9mocratisation culturelle par le biais de dispositifs de m\u00e9diation participatifs au sein d\u2019une relation triangulaire\u00a0: \u00e9crivain, publics, institutions culturelles.<\/strong><\/h4>\n<p>Les m\u00e9diations culturelles d\u00e9signent en fait les strat\u00e9gies d\u2019action culturelle centr\u00e9es sur les situations d\u2019\u00e9change et de rencontre entre\u00a0les publics et les milieux culturels et artistiques.<\/p>\n<p>\u00ab Se focaliser sur le ph\u00e9nom\u00e8ne de m\u00e9diation, c\u2019est mettre l\u2019accent sur la relation plut\u00f4t que l\u2019objet. \u00bb<\/p>\n<p>Jean Caune,<em>\u00a0La D\u00e9mocratisation culturelle, une m\u00e9diation \u00e0 bout de souffle<\/em>, Grenoble, PUG, 2006, p.132.<\/p>\n<h4><\/h4>\n<p>[\/vc_column_text][\/vc_column][vc_column width=&#8221;1\/3&#8243;][vc_single_image image=&#8221;1876&#8243; img_size=&#8221;full&#8221;][\/vc_column][\/vc_row][vc_row full_width=&#8221;stretch_row&#8221; parallax=&#8221;content-moving&#8221;][vc_column][vc_column_text]\n<!-- iframe plugin v.4.5 wordpress.org\/plugins\/iframe\/ -->\n<iframe loading=\"lazy\" src=\"http:\/\/tonic-geo2.uni.lu:8080\/atlasfx\/js\/index.html?mapId=122\" width=\"100%\" height=\"600\" scrolling=\"yes\" class=\"iframe-class\" frameborder=\"0\"><\/iframe>\n[\/vc_column_text][\/vc_column][\/vc_row][vc_row full_width=&#8221;stretch_row&#8221; parallax=&#8221;content-moving&#8221; css=&#8221;.vc_custom_1475141147336{margin-top: 0px !important;margin-bottom: 0px !important;border-top-width: 0px !important;border-bottom-width: 0px !important;padding-top: 0px !important;padding-bottom: 0px !important;}&#8221;][vc_column][vc_custom_heading text=&#8221;Perspectives&#8221; font_container=&#8221;tag:h2|text_align:left|color:%23ffffff&#8221; google_fonts=&#8221;font_family:Lato%3A100%2C100italic%2C300%2C300italic%2Cregular%2Citalic%2C700%2C700italic%2C900%2C900italic|font_style:700%20bold%20regular%3A700%3Anormal&#8221; css=&#8221;.vc_custom_1475141125742{padding-left: 50px !important;background-color: #000000 !important;}&#8221;][\/vc_column][\/vc_row][vc_row full_width=&#8221;stretch_row&#8221; parallax=&#8221;content-moving&#8221;][vc_column][vc_column_text]<strong>Il s\u2019agit ici de mettre en perspective, \u00e0 travers une approche compar\u00e9e en cours de r\u00e9alisation, les formes de la cr\u00e9ation litt\u00e9raire via le dispositif r\u00e9sidentiel, en fonction de 3 zones g\u00e9ographiques sp\u00e9cifiques\u00a0:<\/strong><\/p>\n<ul>\n<li><strong>le territoire lorrain<\/strong><\/li>\n<li><strong>le territoire de la Grande R\u00e9gion (Sarre, Rh\u00e9nanie-Palatinat, Wallonie, Luxembourg et Lorraine)<\/strong><\/li>\n<li><strong>la province de Qu\u00e9bec.<\/strong><\/li>\n<\/ul>\n<h4><\/h4>\n<p>[\/vc_column_text][\/vc_column][\/vc_row][vc_row full_width=&#8221;stretch_row&#8221; parallax=&#8221;content-moving&#8221; css=&#8221;.vc_custom_1475141147336{margin-top: 0px !important;margin-bottom: 0px !important;border-top-width: 0px !important;border-bottom-width: 0px !important;padding-top: 0px !important;padding-bottom: 0px !important;}&#8221;][vc_column][vc_custom_heading text=&#8221;ESSAI DE D\u00c9FINITION&#8221; font_container=&#8221;tag:h2|text_align:left|color:%23ffffff&#8221; google_fonts=&#8221;font_family:Lato%3A100%2C100italic%2C300%2C300italic%2Cregular%2Citalic%2C700%2C700italic%2C900%2C900italic|font_style:700%20bold%20regular%3A700%3Anormal&#8221; css=&#8221;.vc_custom_1475141272619{padding-left: 50px !important;background-color: #000000 !important;}&#8221;][\/vc_column][\/vc_row][vc_row full_width=&#8221;stretch_row&#8221; parallax=&#8221;content-moving&#8221; css=&#8221;.vc_custom_1475141467734{margin-bottom: 0px !important;border-bottom-width: 0px !important;padding-bottom: 0px !important;}&#8221;][vc_column css=&#8221;.vc_custom_1475141540222{margin-bottom: 0px !important;border-bottom-width: 0px !important;padding-bottom: 0px !important;}&#8221;][vc_column_text]La\u00a0<a href=\"http:\/\/mshl.hypotheses.org\" target=\"_blank\" rel=\"noopener\"><span style=\"text-decoration: underline;\"><span style=\"color: #000000; text-decoration: underline;\">r\u00e9sidence d\u2019auteur<\/span><\/span><\/a>\u00a0se d\u00e9finit comme un dispositif culturel sp\u00e9cifique fond\u00e9 sur un couple un \u00ab\u00a0entre-deux\u00a0\u00bb, c\u2019est-\u00e0-dire une structure d\u2019accueil (association, collectivit\u00e9, institution\u2026) et un auteur, en vue de r\u00e9aliser un projet d\u2019action litt\u00e9raire en lien avec des publics vis\u00e9s et en fonction d\u2019un mod\u00e8le.<br \/>\nEn tant que dispositif, proc\u00e9dant d\u2019une demande sociale et politique qui \u00e9mane tr\u00e8s souvent des collectivit\u00e9s territoriales, la r\u00e9sidence appara\u00eet comme une entit\u00e9 hybride dans la mesure o\u00f9 doivent en r\u00e8gle g\u00e9n\u00e9rale se combiner deux \u00e9l\u00e9ments essentiels dans une temporalit\u00e9 restreinte\u00a0: cr\u00e9ation litt\u00e9raire et activit\u00e9s de m\u00e9diation autour de la litt\u00e9rature contemporaine.\u00a0Faute d\u2019un cadre r\u00e9glementaire ou d\u2019un statut, la r\u00e9sidence d\u2019auteur est de nature polymorphe, marqu\u00e9e par une grande h\u00e9t\u00e9rog\u00e9n\u00e9it\u00e9 (r\u00e9sidence individuelle\/collective, p\u00e9renne\/\u00e9ph\u00e9m\u00e8re, fixe\/itin\u00e9rante\u2026).<\/p>\n<p>Toute r\u00e9sidence d\u2019auteur se construit \u00e0 partir d\u2019une combinatoire de cat\u00e9gories normalis\u00e9es mais cependant fluctuantes et extr\u00eamement diversifi\u00e9es\u00a0:<br \/>\n\u2022 une territorialit\u00e9, un lieu (un ch\u00e2teau, un phare, un appartement en ville, \u00e0 la campagne\u2026),<br \/>\n\u2022 une temporalit\u00e9 (d\u2019un mois \u00e0 une ann\u00e9e),<br \/>\n\u2022 une structure-accueil (institution publique, structure culturelle, association\u2026),<br \/>\n\u2022 des financements (publics\/priv\u00e9s\/partenariat),<br \/>\n\u2022 un projet de cr\u00e9ation litt\u00e9raire d\u00e9terminant l\u2019\u0153uvre produite par l\u2019auteur-r\u00e9sident et un projet de m\u00e9diation culturelle qui pr\u00e9voit une liste d\u2019activit\u00e9s autour de l\u2019auteur destin\u00e9es au public.<\/p>\n<p>Ce type de r\u00e9sidence op\u00e8re et institutionnalise une distinction temporelle \u00e9tablie par le\u00a0<span style=\"text-decoration: underline;\"><a href=\"http:\/\/centrenationaldulivre.fr\" target=\"_blank\" rel=\"noopener\">CNL<\/a><\/span>\u00a0en r\u00e9servant un pourcentage de temps \u00e0 la cr\u00e9ation et un pourcentage aux actions culturelles ou litt\u00e9raires. Son organisation doit permettre \u00e0 l\u2019auteur-r\u00e9sident de consacrer au minimum<br \/>\n<strong>70 %<\/strong>\u00a0du temps \u00e0 son projet d\u2019\u00e9criture<br \/>\n<strong>30%<\/strong>\u00a0maximum aux rencontres litt\u00e9raires, aux m\u00e9diations autour de son \u0153uvre.[\/vc_column_text][\/vc_column][\/vc_row][vc_row full_width=&#8221;stretch_row&#8221; parallax=&#8221;content-moving&#8221; css=&#8221;.vc_custom_1475141147336{margin-top: 0px !important;margin-bottom: 0px !important;border-top-width: 0px !important;border-bottom-width: 0px !important;padding-top: 0px !important;padding-bottom: 0px !important;}&#8221;][vc_column][vc_single_image image=&#8221;1555&#8243; img_size=&#8221;full&#8221;][vc_custom_heading text=&#8221;Un mod\u00e8le embl\u00e9matique : la Villa M\u00e9dicis&#8221; font_container=&#8221;tag:h2|text_align:left|color:%23ffffff&#8221; google_fonts=&#8221;font_family:Lato%3A100%2C100italic%2C300%2C300italic%2Cregular%2Citalic%2C700%2C700italic%2C900%2C900italic|font_style:700%20bold%20regular%3A700%3Anormal&#8221; css=&#8221;.vc_custom_1508485581712{padding-left: 50px !important;background-color: #000000 !important;}&#8221; link=&#8221;url:http%3A%2F%2Fjeudi.lu%2Fphotographiede-creation-villa-medicis%2F||target:%20_blank&#8221;][\/vc_column][\/vc_row][vc_row full_width=&#8221;stretch_row&#8221; parallax=&#8221;content-moving&#8221; css=&#8221;.vc_custom_1475141467734{margin-bottom: 0px !important;border-bottom-width: 0px !important;padding-bottom: 0px !important;}&#8221;][vc_column css=&#8221;.vc_custom_1475141540222{margin-bottom: 0px !important;border-bottom-width: 0px !important;padding-bottom: 0px !important;}&#8221;][vc_column_text]<\/p>\n<h3><strong><img loading=\"lazy\" decoding=\"async\" class=\" wp-image-4086 alignleft\" src=\"http:\/\/lalorrainedesecrivains.univ-lorraine.fr\/wp-content\/uploads\/2017\/01\/Murielle-Mayette-Holtz.jpg\" alt=\"Murielle-Mayette-Holtz\" width=\"494\" height=\"496\" \/>Entretien<br \/>\n<\/strong><\/h3>\n<p>Extrait d\u2019un entretien accord\u00e9 par Murielle Mayette-Holtz, Directrice de la Villa M\u00e9dicis (Rome) \u00e0 Carole Bisenius-Penin (juillet 2017).<\/p>\n<p><strong>Face \u00e0 cette mythologie de la Villa qui impr\u00e8gne fortement les discours de diff\u00e9rentes sph\u00e8res (journalistique, politique, culturelle\u2026), en tant que mod\u00e8le originel de la r\u00e9sidence, quelle est actuellement la fonction de la Villa M\u00e9dicis\u00a0?\u00a0Ses missions\u00a0?<\/strong><\/p>\n<p>Murielle Mayette-Holtz\u00a0: La Villa M\u00e9dicis\u00a0est une ambassade culturelle fran\u00e7aise \u00e0 l\u2019\u00e9tranger. Cr\u00e9\u00e9e en 1666 par Louis XIV, l\u2019Acad\u00e9mie de France \u00e0 Rome \u2013 Villa M\u00e9dicis a pour mission fondatrice et centrale l\u2019accueil d\u2019artistes et de chercheurs pour leur permettre de poursuivre leurs travaux, \u00e9tudes et recherches. Elle poss\u00e8de ainsi trois fonctions\u00a0principales.<\/p>\n<p>La <strong>mission Colbert<\/strong> qui est son essence m\u00eame, mais qui ne peut se suffire \u00e0 elle-m\u00eame, c\u2019est \u00e0 dire un lieu d\u2019accueil d\u2019artistes ferm\u00e9 sur lui-m\u00eame, une r\u00e9sidence, car la question de sa p\u00e9r\u00e9nit\u00e9 se poserait beaucoup plus cruellement. La mission Colbert a comme vertu aussi de permettre aux artistes de se croiser. En effet, les rencontres me semblent essentielles pas seulement pour la discussion, mais aussi pour la porosit\u00e9 des disciplines qui ne fait que s\u2019accentuer dans la cr\u00e9ation, \u00e0 l\u2019instar des arts plastiques par exemple qui mixent les disciplines. Cela est \u00e9galement valable pour l\u2019\u00e9criture litt\u00e9raire. Cela me semble la premi\u00e8re fonction de la Villa M\u00e9dicis. D\u2019ailleurs, cet aspect est fortement revendiqu\u00e9 par tous les artistes qui passent le concours, la possibilit\u00e9 offerte de rencontrer les autres pendant une ann\u00e9e gr\u00e2ce \u00e0 la bourse obtenue. Dans le cadre de la soci\u00e9t\u00e9 de consommation dans laquelle nous \u00e9voluons, la fonction de ce lieu est, me semble-t-il, la possibilit\u00e9 de revendiquer le fait qu\u2019il n\u2019y ait d\u2019obligation de r\u00e9sultats, de production obligatoire. Je revendique tr\u00e8s fortement cette sp\u00e9cificit\u00e9 de la Villa M\u00e9dicis car il s\u2019av\u00e8re particuli\u00e8rement important pour un artiste, un \u00e9crivain de prendre du temps, m\u00eame si cela peut \u00eatre parfois compliqu\u00e9 avec la peur de ne pas arriver \u00e0 produire ou le syndrome de la contemplation face \u00e0 la beaut\u00e9 du site, mais apr\u00e8s tout une ann\u00e9e de contemplation, cela n\u2019est pas si mal dans une vie d\u2019artiste dans le cadre d\u2019une r\u00e9sidence. Il faut de la patience pour que les artistes re\u00e7us \u00e0 l\u2019Acad\u00e9mie de France \u00e0 Rome deviennent les grands artistes de demain.<\/p>\n<p>&nbsp;<\/p>\n<p>La <strong>mission Malraux<\/strong> ensuite, qui correspond \u00e0 l\u2019arriv\u00e9e des \u00e9crivains en r\u00e9sidence en 1970, est une mission de programmation \u00e0 la charge du directeur qui consistait d\u00e8s sa cr\u00e9ation \u00e0 mettre en place des expositions d\u2019art. Aujourd\u2019hui avec l\u2019accueil des diverses disciplines (arts plastiques, litt\u00e9rature, musique, photographie\u2026) les activit\u00e9s se sont \u00e9toff\u00e9es avec des concerts, des projections en plein air, des lectures. J\u2019ai souhait\u00e9 ainsi regrouper ces diverses activit\u00e9s en proposant aux publics chaque ann\u00e9e une v\u00e9ritable ouverture culturelle au sein de la Villa M\u00e9dicis\u00a0 par le biais de la rencontre avec deux artistes, gr\u00e2ce au dispositif des \u00ab\u00a0Jeudis de la Villa\u00a0\u00bb. Cela permet de faire se c\u00f4toyer les deux missions. Ainsi, dans la 2<sup>\u00e8me<\/sup> moiti\u00e9 de l\u2019ann\u00e9e, je demande aux pensionnaires de faire avec moi la programmation afin qu\u2019ils puissent rencontrer les cr\u00e9ateurs qui leur semblent particuli\u00e8rement importants pour eux, ce qui permet de d\u00e9velopper ce que j\u2019appelle \u00ab\u00a0un salon de l\u2019intelligence\u00a0\u00bb.<\/p>\n<p>Enfin, la <strong>derni\u00e8re mission<\/strong> est celle de restauration, du patrimoine. Il ne faut oublier que la Villa M\u00e9dicis est une propri\u00e9t\u00e9 fran\u00e7aise contrairement au Palazzo Farnese. C\u2019est un site unique qu\u2019il faut partager \u00e0 travers des visites guid\u00e9es ainsi que les \u00e9v\u00e9nements culturels qui y sont organis\u00e9s tout le long de l\u2019ann\u00e9e.[\/vc_column_text][vc_single_image image=&#8221;4087&#8243; img_size=&#8221;full&#8221;][\/vc_column][\/vc_row][vc_row full_width=&#8221;stretch_row&#8221; parallax=&#8221;content-moving&#8221; css=&#8221;.vc_custom_1475141476229{margin-top: 0px !important;border-top-width: 0px !important;padding-top: 0px !important;}&#8221;][vc_column css=&#8221;.vc_custom_1475141526902{margin-top: 0px !important;margin-bottom: 0px !important;border-top-width: 0px !important;border-bottom-width: 0px !important;padding-top: 0px !important;padding-bottom: 0px !important;}&#8221;][vc_column_text css=&#8221;.vc_custom_1475510219575{padding-top: 10px !important;padding-right: 20px !important;padding-bottom: 10px !important;padding-left: 20px !important;background-color: #f2f2f2 !important;}&#8221;]<strong>R\u00e9f\u00e9rences\u00a0:<\/strong><\/p>\n<p><strong>Bisenius-Penin Carole<\/strong>\u00a0(dir.), 2014. R\u00e9sidence d\u2019auteurs, cr\u00e9ation litt\u00e9raire et m\u00e9diations culturelles (1). A la recherche d\u2019une cartographie. Nancy\u00a0: PUN &#8211; \u00c9ditions Universitaires de Lorraine.<br \/>\n<strong>Caillet Elisabeth<\/strong>, 2007.\u00a0<em>Accompagner les publics, la m\u00e9diation culturelle<\/em>, L\u2019Harmattan, Paris.<br \/>\n<strong>Caune Jean<\/strong>,<em>\u00a02006. La D\u00e9mocratisation culturelle, une m\u00e9diation \u00e0 bout de souffle<\/em>, Grenoble, PUG.<br \/>\n<strong>Castan C<\/strong>., Gu\u00e9ra\u00e7ague<strong>,\u00a0<\/strong>M-L., 2010<strong>.\u00a0<\/strong>\u00ab R\u00e9sidences d&#8217;\u00e9crivains (2) : les coulisses de la cr\u00e9ation \u00bb,\u00a0<em>BBF<\/em>, n\u00b0 4, p. 92-92 [en ligne]\u00a0<a href=\"http:\/\/bbf.enssib.fr\/\" target=\"_blank\" rel=\"noopener\">bbf.enssib.fr<br \/>\n<\/a><strong>Colleville\u00a0N<\/strong>., 2010. \u00ab R\u00e9sidences d&#8217;\u00e9crivains (1) : pour quoi faire ? \u00bb,\u00a0<em>BBF<\/em>, n\u00b0 4, p. 90-91 [en ligne ]\u00a0<a href=\"http:\/\/bbf.enssib.fr\/\" target=\"_blank\" rel=\"noopener\">bbf.enssib.fr<br \/>\n<\/a><strong>Herenguel \u00c9<\/strong>., 2010, \u00ab Les r\u00e9sidences d&#8217;\u00e9crivains en Grande R\u00e9gion \u00bb,\u00a0<em>BBF<\/em>, n\u00b0 6, p. 67-68 [en ligne]\u00a0<a href=\"http:\/\/bbf.enssib.fr\/\" target=\"_blank\" rel=\"noopener\">bbf.enssib.fr<br \/>\n<\/a><strong>Lafortune Jean-Marie<\/strong>\u00a0(dir.), 2012.\u00a0<em>La m\u00e9diation culturelle : Le sens des mots et l\u2019essence des pratiques<\/em>, Presses de l\u2019Universit\u00e9 du Qu\u00e9bec.[\/vc_column_text][\/vc_column][\/vc_row][vc_row full_width=&#8221;stretch_row&#8221; parallax=&#8221;content-moving&#8221; css=&#8221;.vc_custom_1475252275662{margin-top: 0px !important;border-top-width: 0px !important;padding-top: 0px !important;}&#8221;][vc_column css=&#8221;.vc_custom_1475141526902{margin-top: 0px !important;margin-bottom: 0px !important;border-top-width: 0px !important;border-bottom-width: 0px !important;padding-top: 0px !important;padding-bottom: 0px !important;}&#8221;][vc_separator border_width=&#8221;4&#8243;][\/vc_column][\/vc_row][vc_row full_width=&#8221;stretch_row&#8221; parallax=&#8221;content-moving&#8221; parallax_image=&#8221;2564&#8243; css=&#8221;.vc_custom_1475141932594{margin-top: 0px !important;border-top-width: 0px !important;padding-top: 0px !important;}&#8221;][vc_column css=&#8221;.vc_custom_1475252370986{margin-top: 220px !important;margin-bottom: 220px !important;border-top-width: 0px !important;border-bottom-width: 0px !important;padding-top: 0px !important;padding-bottom: 0px !important;}&#8221;][\/vc_column][\/vc_row][vc_row full_width=&#8221;stretch_row&#8221; parallax=&#8221;content-moving&#8221; css=&#8221;.vc_custom_1475252275662{margin-top: 0px !important;border-top-width: 0px !important;padding-top: 0px !important;}&#8221;][vc_column css=&#8221;.vc_custom_1475141526902{margin-top: 0px !important;margin-bottom: 0px !important;border-top-width: 0px !important;border-bottom-width: 0px !important;padding-top: 0px !important;padding-bottom: 0px !important;}&#8221;][vc_custom_heading text=&#8221;Territoire lorrain&#8221; font_container=&#8221;tag:h2|font_size:68|text_align:left|color:%23000000&#8243; google_fonts=&#8221;font_family:Lato%3A100%2C100italic%2C300%2C300italic%2Cregular%2Citalic%2C700%2C700italic%2C900%2C900italic|font_style:700%20bold%20regular%3A700%3Anormal&#8221; css=&#8221;.vc_custom_1475252511272{margin-bottom: 0px !important;border-bottom-width: 0px !important;padding-bottom: 0px !important;}&#8221;][vc_custom_heading text=&#8221;R\u00e9sidence au sein d\u2019un espace mus\u00e9al &#8221; font_container=&#8221;tag:h2|font_size:36|text_align:left|color:%23666666&#8243; google_fonts=&#8221;font_family:Lato%3A100%2C100italic%2C300%2C300italic%2Cregular%2Citalic%2C700%2C700italic%2C900%2C900italic|font_style:700%20bold%20regular%3A700%3Anormal&#8221; css=&#8221;.vc_custom_1475252526726{margin-top: 0px !important;border-top-width: 0px !important;padding-top: 0px !important;}&#8221;][vc_single_image image=&#8221;1555&#8243; img_size=&#8221;full&#8221;][\/vc_column][\/vc_row][vc_row css=&#8221;.vc_custom_1475146732416{margin-bottom: 0px !important;border-bottom-width: 0px !important;padding-bottom: 0px !important;}&#8221;][vc_column width=&#8221;2\/3&#8243; css=&#8221;.vc_custom_1475146724434{margin-bottom: 0px !important;border-bottom-width: 0px !important;padding-bottom: 0px !important;}&#8221;][vc_column_text]<\/p>\n<h3><span style=\"text-decoration: underline;\"><a href=\"http:\/\/www.cg57.fr\/vivrelamoselle\/Pages\/Tourisme\/museesdepartementaux\/MaisonRSchuman.aspx\" target=\"_blank\" rel=\"noopener\">Maison Robert Schuman<\/a><\/span>\u00a0Scy-Chazelles (Moselle)<\/h3>\n<h4>Une cr\u00e9ation commune\u00a0: une r\u00e9sidence d\u2019auteurs et un laboratoire hors les murs<\/h4>\n<h4>Dans le cadre d\u2019un appel \u00e0 cr\u00e9ation partag\u00e9e, l\u2019unit\u00e9 de recherche de l\u2019Universit\u00e9 de Lorraine, le\u00a0<span style=\"text-decoration: underline;\"><a href=\"http:\/\/crem.univ-lorraine.fr\" target=\"_blank\" rel=\"noopener\">CREM<\/a><\/span>\u00a0(Centre de recherche sur les m\u00e9diations),\u00a0a souhait\u00e9 d\u00e9velopper un projet de cr\u00e9ation d\u2019une \u00ab\u00a0r\u00e9sidence d\u2019auteur\u00a0\u00bb et d\u2019un \u00ab\u00a0laboratoire hors les murs\u00a0\u00bb. Il s\u2019est rapproch\u00e9 de la Direction de la Culture du Conseil d\u00e9partemental de la Moselle, puis de la Commune de Scy-Chazelles et leur a soumis ce projet innovant de cr\u00e9er cette nouvelle r\u00e9sidence d\u2019auteur dans la Maison de Robert Schuman, afin de permettre \u00e0 des \u00e9crivains et des illustrateurs invit\u00e9s en r\u00e9sidence de mener \u00e0 bien un projet d\u2019\u00e9criture, ainsi qu\u2019un projet d\u2019animation litt\u00e9raire \u00e9labor\u00e9 conjointement en Moselle, \u00e9tant entendu qu\u2019est associ\u00e9e \u00e0 cette r\u00e9sidence d\u2019auteur, la cr\u00e9ation d\u2019un laboratoire hors les murs.<\/h4>\n<h3>Une r\u00e9sidence dans un espace mus\u00e9al<\/h3>\n<p>La Maison de Robert Schuman est une demeure situ\u00e9e dans le village de\u00a0<a href=\"https:\/\/fr.wikipedia.org\/wiki\/Scy-Chazelles\" target=\"_blank\" rel=\"noopener\">Scy-Chazelles<\/a>\u00a0en Moselle. Il s\u2019agit de la r\u00e9sidence du \u00ab\u00a0<span style=\"text-decoration: underline;\"><a href=\"https:\/\/fr.wikipedia.org\/wiki\/P%C3%A8res_de_l%27Europe\" target=\"_blank\" rel=\"noopener\">P\u00e8re de l\u2019Europe<\/a>\u00a0<\/span>\u00bb, Robert Schuman (1926-1963), h\u00e9ritier d\u2019une double culture franco-allemande, dont l\u2019engagement europ\u00e9en semble inscrit dans ses origines transfrontali\u00e8res.<\/p>\n<p>Cette maison a \u00e9t\u00e9 restaur\u00e9e par le d\u00e9partement de la Moselle en 2004. Le site comprend \u00e9galement une extension mus\u00e9ographique abritant une zone d\u2019exposition permanente sur la vie et l\u2019\u0153uvre europ\u00e9enne de Robert Schuman, ainsi qu\u2019une salle d\u2019exposition temporaire et un auditorium. Ce lieu propose en outre de nombreuses animations culturelles (concerts, spectacles, conf\u00e9rences\u2026). Le site comprend ainsi la maison de ce grand amateur de litt\u00e9rature et son jardin. En effet, d\u00e8s son plus jeune \u00e2ge il se passionna pour les livres et les autographes\u00a0: devenu adulte, il collectionna de nombreuses pi\u00e8ces rares, notamment des manuscrits d&#8217;\u00e9crivains du XVIIe si\u00e8cle, comme celui \u00e9crit de la main de Montesquieu, relatant son s\u00e9jour \u00e0 Lun\u00e9ville \u00e0 la Cour du Roi Stanislas (<em>Souvenirs de la Cour de Stanislas \u00e0 Lun\u00e9ville<\/em>, 1747). Le\u00a0<em>Jardin des Plantes de Chez Nous<\/em>\u00a0appartient au r\u00e9seau transfrontalier \u00ab\u00a0Jardins sans limites\u00a0\u00bb qui offre 23 cr\u00e9ations paysag\u00e8res \u00e0 d\u00e9couvrir en Moselle, en Allemagne et au Luxembourg, \u00e0 travers un floril\u00e8ge de joyaux v\u00e9g\u00e9taux qui se joue des fronti\u00e8res. En 2015, la Commission europ\u00e9enne a confirm\u00e9 l\u2019attribution du \u00ab\u00a0Label du patrimoine europ\u00e9en\u00a0\u00bb \u00e0 la Maison de Robert Schuman. Ce label met en valeur le r\u00f4le essentiel d\u2019un site dans la construction europ\u00e9enne et la diffusion des valeurs communautaires. Actuellement, seuls trois sites en France poss\u00e8dent ce prestigieux label (l\u2019Abbaye de Cluny, la Maison de Robert Schuman et le quartier europ\u00e9en de Strasbourg). Le site a \u00e9galement \u00e9t\u00e9 lab\u00e9lis\u00e9 \u00ab\u00a0Maison des Illustres\u00a0\u00bb en 2011, par le Minist\u00e8re de la Culture et de la Communication.<\/p>\n<p>Cette r\u00e9sidence d\u2019un mois (de septembre \u00e0 novembre) d\u00e9di\u00e9e \u00e0 la litt\u00e9rature contemporaine constitue un dispositif r\u00e9sidentiel mixte, \u00ab\u00a0\u00e0 projet\u00a0\u00bb qui combine un projet litt\u00e9raire men\u00e9 par l\u2019auteur en lien avec le territoire et un projet culturel \u00e9manant de l\u2019institution. Gr\u00e2ce au soutien financier du Conseil g\u00e9n\u00e9ral de la Moselle et \u00e0 une subvention accord\u00e9e par la DRAC assurant la r\u00e9mun\u00e9ration de l\u2019auteur, ce dispositif a pour objectifs de :[\/vc_column_text][\/vc_column][vc_column width=&#8221;1\/3&#8243;][vc_single_image image=&#8221;2572&#8243; img_size=&#8221;full&#8221;][vc_single_image image=&#8221;2570&#8243; img_size=&#8221;full&#8221;][vc_single_image image=&#8221;2571&#8243; img_size=&#8221;full&#8221;][vc_single_image image=&#8221;2573&#8243; img_size=&#8221;full&#8221;][\/vc_column][\/vc_row][vc_row][vc_column css=&#8221;.vc_custom_1475146709711{margin-top: 0px !important;border-top-width: 0px !important;padding-top: 0px !important;background-color: #f2f2f2 !important;}&#8221;][vc_column_text]<\/p>\n<h5>&#8211; Favoriser des rencontres avec divers auteurs\/publics et soci\u00e9t\u00e9\/universit\u00e9.<br \/>\n&#8211; Encourager la cr\u00e9ation litt\u00e9raire en permettant \u00e0 un auteur de d\u00e9velopper un projet de cr\u00e9ation.<br \/>\n&#8211; Tisser des liens entre les diff\u00e9rents acteurs du monde du livre et ceux d&#8217;autres disciplines artistiques, sur le territoire mosellan et participer ainsi au d\u00e9veloppement culturel de ce territoire gr\u00e2ce au partenariat mis en place (Maison de Robert Schuman, Universit\u00e9 de Lorraine, Municipalit\u00e9 de Scy-Chazelles).<br \/>\n&#8211; Encourager l\u2019\u00e9crivain et les publics \u00e0 la cr\u00e9ation num\u00e9rique via un blog r\u00e9sidentiel.<br \/>\n&#8211; Cr\u00e9er une structure innovante et encore peu diffus\u00e9e sur le territoire fran\u00e7ais m\u00ealant cr\u00e9ation litt\u00e9raire contemporaine et recherche scientifique au sein de la r\u00e9gion Grand Est.<br \/>\n&#8211; Lutter par la cr\u00e9ation de ce dispositif contre la pr\u00e9carit\u00e9 de l\u2019\u00e9crivain en France, maillon \u00e9conomiquement le plus faible de la cha\u00eene des diff\u00e9rents professionnels du livre. La r\u00e9sidence d\u2019auteurs en tant que dispositif culturel visant \u00e0 donner les conditions et les moyens mat\u00e9riels \u00e0 l\u2019\u00e9crivain pour qu\u2019il poursuive son travail de cr\u00e9ation sur un territoire, peut constituer un moyen de lutter contre cette r\u00e9elle paup\u00e9risation. Ce dispositif, sorte d\u2019\u00a0\u00ab\u00a0Erasmus pour les \u00e9crivains\u00a0\u00bb recommand\u00e9 dans le dernier rapport de\u00a0<span style=\"text-decoration: underline;\"><a href=\"http:\/\/www.centrenationaldulivre.fr\/fichier\/p_ressource\/7429\/ressource_fichier_fr_condition.a.crivain.monde.numa.rique.rapport.2015.11.09.ok.pdf\" target=\"_blank\" rel=\"noopener\">Fr\u00e9d\u00e9ric Martel<\/a>\u00a0<\/span>sur la condition de l\u2019\u00e9crivain \u00e0 l\u2019\u00e2ge num\u00e9rique (2015) permettrait en Europe d\u2019assurer une plus grande circulation des auteurs.<\/h5>\n<p>[\/vc_column_text][\/vc_column][\/vc_row][vc_row css=&#8221;.vc_custom_1475147010400{margin-top: 20px !important;border-top-width: 20px !important;padding-top: 20px !important;background-color: #ffffff !important;}&#8221;][vc_column css=&#8221;.vc_custom_1475147020684{margin-top: 20px !important;border-top-width: 20px !important;padding-top: 20px !important;background-color: #ffffff !important;}&#8221;][vc_single_image image=&#8221;1555&#8243; img_size=&#8221;full&#8221;][\/vc_column][\/vc_row][vc_row][vc_column width=&#8221;2\/3&#8243;][vc_column_text]<\/p>\n<h2>Le premier auteur accueilli est Jacques JOUET<\/h2>\n<p>Ecrivain polygraphe, il \u00e9crit des po\u00e8mes, chaque jour que les circonstances font (un po\u00e8me par jour depuis le 1<sup>er<\/sup>\u00a0avril 1992), mais aussi des pi\u00e8ces de th\u00e9\u00e2tre, des romans, des nouvelles et des essais. Tout en pratiquant r\u00e9guli\u00e8rement la lecture en public de ses textes, il r\u00e9alise des collages et des travaux typographiques et collabore avec des peintres. Depuis 1983, il est membre de l\u2019Oulipo (<em>Ouvroir de Litt\u00e9rature Potentielle<\/em>\u00a0fond\u00e9 par Fran\u00e7ois Le Lionnais et Raymond Queneau) et participe \u00e0 l\u2019\u00e9mission radiophonique\u00a0<span style=\"text-decoration: underline;\"><a href=\"http:\/\/www.franceculture.fr\/emissions\/des-papous-dans-la-tete\" target=\"_blank\" rel=\"noopener\"><em>Des Papous dans la t\u00eate<\/em><\/a>,<\/span>\u00a0sur France-Culture.<\/p>\n<p>Durant sa r\u00e9sidence automnale \u00e0 la Maison de Robert Schuman, Jacques Jouet m\u00e8ne un projet d\u2019\u00e9criture intitul\u00e9 \u00ab\u00a0Litt\u00e9rature collective : Po\u00e8mes adress\u00e9s, cr\u00e9ation transport\u00e9e\u00a0\u00bb qui vise \u00e0 valoriser une forme po\u00e9tique (le po\u00e8me adress\u00e9) et une pratique artistique ouverte \u00e0 tous, en lien avec une territorialit\u00e9 s\u2019actualisant sous diff\u00e9rentes formes (un mus\u00e9e, jardins\u2026). Il s\u2019agit d\u2019une cr\u00e9ation collective, partag\u00e9e avec les habitants de Scy-Chazelles, sous plusieurs formes (envoi postal, atelier d\u2019\u00e9criture, soir\u00e9e de lecture, blog r\u00e9sidentiel\u2026) et en m\u00eame temps transport\u00e9e, c\u2019est-\u00e0-dire une cr\u00e9ation faite au rythme des d\u00e9ambulations paysag\u00e8res du po\u00e8te dans le village, les vignes. En fait, une fa\u00e7on d\u2019appr\u00e9hender la sp\u00e9cificit\u00e9 d\u2019un territoire mosellan selon l\u2019auteur\u00a0:<\/p>\n<p>\u00ab\u00a0Je compose quotidiennement des\u00a0<em>\u00ab\u00a0po\u00e8mes adress\u00e9s\u00a0\u00bb<\/em>\u00a0qui sont exp\u00e9di\u00e9s par voie postale \u00e0 des inconnus, des connaissances, des amis\u2026 Souvent ces po\u00e8mes t\u00e9moignent d\u2019une pr\u00e9sence dans des lieux que je visite \u00e0 l\u2019occasion, dans lesquels je r\u00e9side en permanence ou de fa\u00e7on temporaire. Ils sont, pour moi, une fa\u00e7on de d\u00e9couvrir activement un lieu. C\u2019est une activit\u00e9 de cr\u00e9ation que j\u2019aime partager avec des publics locaux\u00a0: je vais adresser des po\u00e8mes \u00e0 des habitants de Scy-Chazelles en leur parlant de leurs d\u00e9cors, mais j\u2019ai aussi l\u2019intention de les \u00ab\u00a0embaucher\u00a0\u00bb dans la composition de certains de ces po\u00e8mes \u00e0 mes c\u00f4t\u00e9s. Travaux en ateliers ouverts, avec des \u00e9tudiants, des \u00e9l\u00e8ves, des lecteurs de biblioth\u00e8que\u2026Certains de ces po\u00e8mes seront \u00ab\u00a0paysagers\u00a0\u00bb, \u00e0 savoir qu\u2019ils supposent un travail in situ, sur le motif, en promenade. Le fait qu\u2019il y ait ce \u00ab\u00a0Jardin des Plantes de Chez Nous\u00a0\u00bb m\u2019int\u00e9resse particuli\u00e8rement. Ces po\u00e8mes d\u00e9ploieront plusieurs potentialit\u00e9s de formes emprunt\u00e9es aux traditions dans un esprit de renouvellement. Ils tiennent sur la page, sont imprim\u00e9s sur papier. Ils sont aussi con\u00e7us et travaill\u00e9s pour la lecture en public (\u00ab\u00a0restitution\u00a0\u00bb collective et, pourquoi pas in situ, en plein air, en promenade, dans le festival Cabanes\u2026)\u00a0\u00bb.[\/vc_column_text][\/vc_column][vc_column width=&#8221;1\/3&#8243;][vc_single_image image=&#8221;4004&#8243; img_size=&#8221;full&#8221;][vc_video link=&#8221;https:\/\/vimeo.com\/206689675&#8243;][\/vc_column][\/vc_row][vc_row][vc_column width=&#8221;1\/2&#8243;][vc_column_text]<\/p>\n<h2>Un laboratoire hors les murs\u00a0: Universit\u00e9\/Cit\u00e9<\/h2>\n<p>Dans le cadre de ce partenariat, il s\u2019agit de cr\u00e9er une\u00a0d\u00e9localisation de l\u2019universit\u00e9 de Lorraine et plus particuli\u00e8rement du CREM, sous la forme d\u2019une\u00a0<strong>unit\u00e9 de recherche hors les murs<\/strong>\u00a0d\u00e9di\u00e9e \u00e0 la r\u00e9sidence d\u2019auteurs, la litt\u00e9rature contemporaine et europ\u00e9enne sur le site de la Maison de Robert Schuman. Il s\u2019agit d\u2019une forme institutionnellement inventive qui consiste \u00e0 d\u00e9placer les activit\u00e9s, r\u00e9flexions, en interaction directe avec des lieux urbains au c\u0153ur de l\u2019environnement socio-\u00e9conomique et culturel afin de favoriser la cr\u00e9ation de passerelles entre le monde universitaire et la Cit\u00e9, th\u00e9orie et pratique. Ce lieu d\u2019interaction offre \u00e0 la ville une exp\u00e9rience innovante, une expertise sur le dispositif r\u00e9sidentiel, l\u2019accueil des \u00e9crivains, les relations \u00e0 nouer avec les publics, la politique culturelle \u00e0 mener dans ce cadre, tout en soutenant la cr\u00e9ation litt\u00e9raire en Moselle.<\/p>\n<p>L\u2019\u00e9quipe Praxit\u00e8le \u00ab Arts, cultures et m\u00e9diations \u00bb du CREM est une \u00e9quipe scientifique tourn\u00e9e vers l\u2019analyse de la cr\u00e9ation, de sa diffusion et de ses m\u00e9diations et vers la compr\u00e9hension des enjeux pratiques, institutionnels et symboliques qui s\u2019y attachent. Le p\u00e9rim\u00e8tre des recherches men\u00e9es au sein de Praxit\u00e8le recouvre la\u00a0<strong>cr\u00e9ation<\/strong>, dont les logiques sont saisies \u00e0 travers la diversit\u00e9 de ses contextes (espace sp\u00e9cifique et autonome de production, relations institutionnelles, environnement \u00e9conomique et industriel) pour mieux en comprendre les enjeux formels et esth\u00e9tiques et la r\u00e9ception. Une attention particuli\u00e8re est port\u00e9e sur le caract\u00e8re mouvant de ses fronti\u00e8res (art\/industrie, cr\u00e9ation\/m\u00e9diation).\u00a0Les objets d\u2019\u00e9tude rel\u00e8vent notamment de l\u2019art contemporain, de la litt\u00e9rature, de la bande dessin\u00e9e, de la photographie. L\u2019unit\u00e9 de recherche s\u2019interroge aussi sur les\u00a0<strong>institutions<\/strong>, consid\u00e9r\u00e9es comme des instances de m\u00e9diation et de prescription pratique et symbolique (repr\u00e9sentations, comportements et pratiques, corpus, valeurs).\u00a0Les mus\u00e9es et les lieux d\u2019exposition, le patrimoine, les biblioth\u00e8ques sont des terrains privil\u00e9gi\u00e9s des membres de l\u2019\u00e9quipe.<\/p>\n<p>Dans le cadre de ce laboratoire hors les murs, le CREM m\u00e8ne, au sein de la Maison de Robert Schuman qui met \u00e0 sa disposition des espaces, des recherches portant sur plusieurs domaines (la r\u00e9sidence d\u2019auteurs, la litt\u00e9rature contemporaine europ\u00e9enne, la litt\u00e9rature num\u00e9rique et la BD, les liens entre litt\u00e9rature et espaces\u00a0: lieux et cr\u00e9ation, mus\u00e9e, patrimoine\u2026).[\/vc_column_text][\/vc_column][vc_column width=&#8221;1\/2&#8243;][vc_single_image image=&#8221;2579&#8243; img_size=&#8221;full&#8221;][\/vc_column][\/vc_row][vc_row full_width=&#8221;stretch_row&#8221; parallax=&#8221;content-moving&#8221;][vc_column css=&#8221;.vc_custom_1475164442783{margin-top: 0px !important;margin-bottom: 0px !important;border-top-width: 0px !important;border-bottom-width: 0px !important;padding-top: 0px !important;padding-bottom: 0px !important;}&#8221;][vc_custom_heading text=&#8221;R\u00c9SIDENCE EN MILIEU RURAL ET NOMADISME&#8221; font_container=&#8221;tag:h2|font_size:36|text_align:left|color:%23000000&#8243; google_fonts=&#8221;font_family:Lato%3A100%2C100italic%2C300%2C300italic%2Cregular%2Citalic%2C700%2C700italic%2C900%2C900italic|font_style:700%20bold%20regular%3A700%3Anormal&#8221; css=&#8221;.vc_custom_1475164122295{margin-bottom: 0px !important;border-bottom-width: 0px !important;padding-bottom: 0px !important;}&#8221;][\/vc_column][\/vc_row][vc_row full_width=&#8221;stretch_row&#8221; parallax=&#8221;content-moving&#8221;][vc_column css=&#8221;.vc_custom_1475164176158{margin-top: 0px !important;border-top-width: 0px !important;padding-top: 0px !important;}&#8221;][vc_custom_heading text=&#8221;\u00ab LA PENS\u00c9E SAUVAGE \u00bb (VOSGES)&#8221; font_container=&#8221;tag:h2|font_size:24|text_align:left|color:%23000000&#8243; google_fonts=&#8221;font_family:Lato%3A100%2C100italic%2C300%2C300italic%2Cregular%2Citalic%2C700%2C700italic%2C900%2C900italic|font_style:700%20bold%20regular%3A700%3Anormal&#8221; css=&#8221;.vc_custom_1475164145405{margin-bottom: 0px !important;border-bottom-width: 0px !important;padding-bottom: 0px !important;}&#8221;][vc_column_text css=&#8221;.vc_custom_1475164617629{margin-top: 0px !important;border-top-width: 0px !important;padding-top: 0px !important;}&#8221;]<a href=\"http:\/\/www.pensee-sauvage.fr\">www.pensee-sauvage.fr<\/a>[\/vc_column_text][\/vc_column][\/vc_row][vc_row full_width=&#8221;stretch_row&#8221; parallax=&#8221;content-moving&#8221;][vc_column css=&#8221;.vc_custom_1475164534227{margin-top: 0px !important;margin-bottom: 0px !important;border-top-width: 0px !important;border-bottom-width: 0px !important;padding-top: 0px !important;padding-bottom: 0px !important;}&#8221;][vc_single_image image=&#8221;2620&#8243; img_size=&#8221;full&#8221; onclick=&#8221;custom_link&#8221; img_link_target=&#8221;_blank&#8221; link=&#8221;http:\/\/www.pensee-sauvage.fr&#8221;][\/vc_column][\/vc_row][vc_row full_width=&#8221;stretch_row&#8221; parallax=&#8221;content-moving&#8221;][vc_column css=&#8221;.vc_custom_1475164545828{margin-top: 0px !important;border-top-width: 0px !important;padding-top: 0px !important;}&#8221;][vc_column_text]Fond\u00e9e en 2007 par Olivier Dautrey (ancien pensionnaire de la Com\u00e9die fran\u00e7aise), l\u2019association La Pens\u00e9e sauvage revendique l\u2019accueil d\u2019\u00e9crivains en campagne lorraine et la valorisation de la lecture et de l\u2019\u00e9criture en milieu rural. L\u2019objectif est de proposer aux auteurs une r\u00e9sidence de cr\u00e9ation \u00e0 travers un espace nouveau, un d\u00e9paysement, une forme de d\u00e9territorialisation favorisant l\u2019\u00e9criture et les rencontres.<\/p>\n<p>Cette volont\u00e9 renvoie \u00e0 l\u2019intitul\u00e9 m\u00eame de la r\u00e9sidence emprunt\u00e9 \u00e0 l\u2019ethnologue Claude L\u00e9vi-Strauss, \u00e0 ce besoin de c\u00f4toyer le lointain, l\u2019\u00e9tranger afin de se d\u00e9couvrir.<br \/>\nApr\u00e8s avoir accueilli \u00e0 demeure des auteurs avec le soutien du CNL, \u00e0 Rochesson d\u2019abord (Luc Tartar, Philippe Fenwick et Mathias Enard), puis dans le village vosgien de Bouxurulles, entre Charmes et Epinal (Sylvain Coher, Arnaud Friedman), le directeur de la r\u00e9sidence a souhait\u00e9 r\u00e9pondre aux envies et besoins des \u00e9crivains concernant les lieux d\u2019h\u00e9bergement, en lien avec des partenaires r\u00e9gionaux, comme Antoine Mouton et Jacques Laurans, h\u00e9berg\u00e9s dans une abbaye cistercienne d\u2019Ubexy ou Rapha\u00ebl Krafft, log\u00e9 dans un chalet forestier du Bitcherland en Moselle. Au gr\u00e9 des rencontres et des partenariats, la r\u00e9sidence \u00e9volue, devient nomade en d\u00e9localisant le dispositif sur des territoires diff\u00e9rents en Lorraine.<\/p>\n<p>De mani\u00e8re ponctuelle, l\u2019association propose aussi des ateliers de lecture au sein de librairies ou de biblioth\u00e8ques d\u00e9partementales en pr\u00e9sentant textes et auteurs aux publics. D\u2019autres interventions d\u2019auteurs sont \u00e9galement men\u00e9es par la mise en place d\u2019ateliers d\u2019\u00e9criture en milieu scolaire (Saint-Di\u00e9, G\u00e9rardmer, Mirecourt).<\/p>\n<h3>Missions de la Pens\u00e9e sauvage<\/h3>\n<ul>\n<li>Placer l\u2019\u00e9criture contemporaine au c\u0153ur des activit\u00e9s de la Pens\u00e9e sauvage<\/li>\n<li>Accueillir des auteurs en r\u00e9sidence<\/li>\n<li>Proposer \u00e0 un large public une offre vari\u00e9e de manifestations culturelles<\/li>\n<li>Rendre intelligible l\u2019existence de la r\u00e9sidence et le travail de l\u2019auteur en r\u00e9sidence<\/li>\n<li>Coordonner ses actions culturelles avec l\u2019actualit\u00e9 et d\u2019autres structures r\u00e9gionales (r\u00e9seau BDP, mus\u00e9es, th\u00e9\u00e2tres, \u00e9coles d\u2019art, etc\u2026)<\/li>\n<\/ul>\n<p>[\/vc_column_text][vc_row_inner][vc_column_inner][vc_column_text css=&#8221;.vc_custom_1475568245776{padding-top: 1px !important;padding-right: 15px !important;padding-bottom: 5px !important;padding-left: 15px !important;background-color: #f2f2f2 !important;}&#8221;]<\/p>\n<h4>R\u00e9f\u00e9rence :<\/h4>\n<p>CLERC Adeline, 2014. \u00ab\u202fLa r\u00e9sidence d\u2019auteur ou comment s\u2019inscrire dans un territoire rural. La Pens\u00e9e Sauvage \u00e0 Bouxurulles (Vosges)\u00a0\u00bb. In\u00a0: BISENIUS-PENIN, Carole (dir.), R\u00e9sidence d\u2019auteurs, cr\u00e9ation litt\u00e9raire et m\u00e9diations culturelles (1). A la recherche d\u2019une cartographie. Nancy\u00a0: PUN &#8211; \u00c9ditions Universitaires de Lorraine. 2014. p.\u00a049\u201160.<\/p>\n<p>R\u00e9sum\u00e9. &#8211;\u00a0Cet article se propose d\u2019\u00e9tudier la seule r\u00e9sidence d\u2019\u00e9criture conventionn\u00e9e par le Centre national du livre (CNL) en Lorraine, la Pens\u00e9e Sauvage implant\u00e9e \u00e0 Bouxurulles. Dans un premier temps, nous nous demanderons comment r\u00e9inventer l\u2019espace et le temps de l\u2019\u00e9criture dans un milieu rural en nous appuyant notamment sur la r\u00e9activation d\u2019une certaine imagerie auctoriale. Dans un second, nous pointerons la particularit\u00e9 du village de Bouxurulles et interrogerons l\u2019avenir d\u2019une r\u00e9sidence d\u2019\u00e9criture mixte dans un espace rural.[\/vc_column_text][\/vc_column_inner][\/vc_row_inner][vc_row_inner][vc_column_inner css=&#8221;.vc_custom_1475164919101{background-color: #ffffff !important;}&#8221;][vc_separator border_width=&#8221;4&#8243;][\/vc_column_inner][\/vc_row_inner][\/vc_column][\/vc_row][vc_row full_width=&#8221;stretch_row&#8221; parallax=&#8221;content-moving&#8221;][vc_column css=&#8221;.vc_custom_1475164442783{margin-top: 0px !important;margin-bottom: 0px !important;border-top-width: 0px !important;border-bottom-width: 0px !important;padding-top: 0px !important;padding-bottom: 0px !important;}&#8221;][vc_custom_heading text=&#8221;Chambre \u00e9tudiante et monde litt\u00e9raire : pari os\u00e9 du CROUS&#8221; font_container=&#8221;tag:h2|font_size:36|text_align:left|color:%23000000&#8243; google_fonts=&#8221;font_family:Lato%3A100%2C100italic%2C300%2C300italic%2Cregular%2Citalic%2C700%2C700italic%2C900%2C900italic|font_style:700%20bold%20regular%3A700%3Anormal&#8221; css=&#8221;.vc_custom_1489057367665{margin-bottom: 0px !important;border-bottom-width: 0px !important;padding-bottom: 0px !important;}&#8221;][\/vc_column][\/vc_row][vc_row full_width=&#8221;stretch_row&#8221; parallax=&#8221;content-moving&#8221;][vc_column css=&#8221;.vc_custom_1475164176158{margin-top: 0px !important;border-top-width: 0px !important;padding-top: 0px !important;}&#8221;][vc_column_text css=&#8221;.vc_custom_1508485768644{margin-top: 0px !important;border-top-width: 0px !important;padding-top: 0px !important;}&#8221;]<strong><a href=\"https:\/\/theconversation.com\/chambre-etudiante-et-monde-litteraire-pari-ose-du-crous-73106\" target=\"_blank\" rel=\"noopener\">Chambre \u00e9tudiante et monde litt\u00e9raire<\/a>\u00a0 <\/strong>(source : <a href=\"http:\/\/theconversation.com\/fr\" target=\"_blank\" rel=\"noopener\">The Conversation<\/a>)[\/vc_column_text][\/vc_column][\/vc_row][vc_row full_width=&#8221;stretch_row&#8221; parallax=&#8221;content-moving&#8221;][vc_column css=&#8221;.vc_custom_1475164534227{margin-top: 0px !important;margin-bottom: 0px !important;border-top-width: 0px !important;border-bottom-width: 0px !important;padding-top: 0px !important;padding-bottom: 0px !important;}&#8221;][vc_single_image image=&#8221;3742&#8243; img_size=&#8221;full&#8221; onclick=&#8221;custom_link&#8221; img_link_target=&#8221;_blank&#8221; link=&#8221;http:\/\/www.pensee-sauvage.fr&#8221;][\/vc_column][\/vc_row][vc_row full_width=&#8221;stretch_row&#8221; parallax=&#8221;content-moving&#8221;][vc_column width=&#8221;5\/6&#8243; css=&#8221;.vc_custom_1475164545828{margin-top: 0px !important;border-top-width: 0px !important;padding-top: 0px !important;}&#8221;][vc_column_text]Quel point commun entre une chambre cabine, le campus Lettres, la R\u00e9sidence Boudonville du CROUS (centre r\u00e9gional des \u0153uvres universitaires et scolaires) de Lorraine et un jeune \u00e9crivain\u00a0?<\/p>\n<p><strong>La cr\u00e9ation d\u2019une r\u00e9sidence d\u2019auteur au plus proche des jeunes.<\/strong><\/p>\n<p>Sous des formes vari\u00e9es et en l\u2019espace de quelques ann\u00e9es, les dispositifs r\u00e9sidentiels sont devenus un moyen de soutien \u00e0 la cr\u00e9ation et \u00e0 l\u2019action culturelle sur le territoire lorrain.<\/p>\n<p>En tant qu\u2019outil de communication et de m\u00e9diation permettant des transactions diverses entre \u00e9crivains, collectivit\u00e9s territoriales, op\u00e9rateurs culturels et publics, la r\u00e9sidence offre ainsi un lieu pour demeurer, et peut-\u00eatre m\u00eame selon l\u2019\u00e9tymologie, de \u00ab\u00a0garder la chambre\u00a0\u00bb.<\/p>\n<p>On peut y voir l\u2019exp\u00e9rimentation originale d\u2019\u00ab\u00a0Une chambre \u00e0 soi\u00a0\u00bb, comme une r\u00e9miniscence de <a href=\"http:\/\/www.bnfa.fr\/livre?biblionumber=22175\">Virginia Woolf<\/a> propos\u00e9e par un \u00e9tablissement public en partenariat avec la Ville de Nancy et le festival Le Livre sur la Place. Pari os\u00e9\u00a0?[\/vc_column_text][\/vc_column][vc_column width=&#8221;1\/6&#8243;][vc_single_image image=&#8221;3743&#8243; img_size=&#8221;full&#8221;][\/vc_column][\/vc_row][vc_row full_width=&#8221;stretch_row&#8221; parallax=&#8221;content-moving&#8221; css=&#8221;.vc_custom_1489065442915{margin-top: 0px !important;margin-bottom: 0px !important;border-top-width: 0px !important;border-bottom-width: 0px !important;padding-top: 0px !important;padding-bottom: 0px !important;}&#8221;][vc_column width=&#8221;1\/3&#8243; css=&#8221;.vc_custom_1475164545828{margin-top: 0px !important;border-top-width: 0px !important;padding-top: 0px !important;}&#8221;][vc_single_image image=&#8221;3760&#8243; img_size=&#8221;full&#8221;][vc_single_image image=&#8221;3762&#8243; img_size=&#8221;full&#8221; css=&#8221;.vc_custom_1489065070787{margin-bottom: 0px !important;border-bottom-width: 0px !important;padding-bottom: 0px !important;}&#8221;][vc_column_text css=&#8221;.vc_custom_1489058591228{margin-top: 0px !important;border-top-width: 0px !important;padding-top: 0px !important;}&#8221;]<span class=\"caption\">Le premier roman de J\u00e9r\u00e9my Fel.<\/span>\u00a0<span class=\"attribution\"><span class=\"source\">Editions Payot-Rivages<\/span><\/span>[\/vc_column_text][\/vc_column][vc_column width=&#8221;2\/3&#8243; css=&#8221;.vc_custom_1489065426802{margin-top: 0px !important;border-top-width: 0px !important;padding-top: 0px !important;}&#8221;][vc_column_text]<\/p>\n<h2>Une immersion en cit\u00e9 U<\/h2>\n<p>Pour la premi\u00e8re fois, le CROUS de Lorraine h\u00e9berge durant deux mois (janvier-f\u00e9vrier), un jeune auteur, une v\u00e9ritable plong\u00e9e immersive pour\u00a0<a href=\"http:\/\/www.lesinrocks.com\/2015\/08\/29\/livres\/rentree-litteraire-entretien-avec-jeremy-fel-11770302\/\">J\u00e9r\u00e9my Fel<\/a>.<\/p>\n<p><span class=\"caption\">J\u00e9r\u00e9my Fel.<\/span>\u00a0<span class=\"attribution\"><a class=\"source\" href=\"http:\/\/www.crous-lorraine.fr\/wp-content\/uploads\/sites\/3\/2017\/01\/CP20170105-RESIDENCE-AUTEUR-J-FEL.pdf\">CROUS Lorraine<\/a><\/span><\/p>\n<p>Primo-romancier, sc\u00e9nariste de courts-m\u00e9trages, mais aussi libraire \u00e0 Rouen, J\u00e9r\u00e9my Fel manie avec talent la camera obscura en livrant une \u0153uvre qui r\u00e9fl\u00e9chit et explore le mal sous de multiples directions, angles d\u2019optique.<\/p>\n<p><a href=\"http:\/\/www.lexpress.fr\/culture\/livre\/les-loups-sont-entres-dans-nos-vies-nous-alerte-jeremy-fel_1708274.html\">Son roman<\/a>\u00a0<em>Les Loups \u00e0 leur porte<\/em>,\u00a0<a href=\"http:\/\/www.lesinrocks.com\/2015\/08\/29\/livres\/rentree-litteraire-entretien-avec-jeremy-fel-11770302\/\">salu\u00e9 par la critique<\/a>\u00a0est un kal\u00e9idoscope fictionnel addictif, une sorte de \u00ab\u00a0grand puzzle feuilletonesque \u00e0 l\u2019atmosph\u00e8re \u00e9nigmatique et troublante entre\u00a0<em>Twin Peaks<\/em>, Stephen King et Joyce Carol Oates\u00a0\u00bb si l\u2019on en croit l\u2019\u00e9diteur, qui refl\u00e8te sa passion pour la litt\u00e9rature am\u00e9ricaine des grands espaces. La construction romanesque, entrem\u00ealant les chapitres comme autant de nouvelles ind\u00e9pendantes les unes des autres, offre une d\u00e9ambulation territoriale haletante du Kansas, \u00e0 Annecy, en passant par la r\u00e9gion nantaise ou l\u2019Indiana.<\/p>\n<figure class=\"align-right zoomable\">\n<div class=\"enlarge_hint\"><\/div><figcaption><\/figcaption><figcaption><\/figcaption><figcaption><\/figcaption><\/figure>\n<p>Pour cette r\u00e9sidence, l\u2019\u00e9crivain a donc export\u00e9, d\u00e9localis\u00e9 sa \u00ab\u00a0chambre \u00e0 soi\u00a0\u00bb pour un studio en cit\u00e9 U. Si l\u2019on se r\u00e9f\u00e8re au tr\u00e8s bel essai de Michelle Perrot\u00a0<a href=\"https:\/\/www.placedeslibraires.fr\/livre\/9782020892797-histoire-de-chambres-michelle-perrot\/\">(<em>Histoire de chambres<\/em>, Paris, Le Seuil, 2009)<\/a>, on peut dire que ce dispositif culturel lui donne ainsi l\u2019occasion de mettre en sc\u00e8ne \u00e0 la fois son espace personnel, son intimit\u00e9 cr\u00e9ative et sa chambre ouverte alors con\u00e7ue comme un \u00ab\u00a0salon litt\u00e9raire\u00a0\u00bb.<\/p>\n<p>En effet, cette r\u00e9sidence d\u2019animation se d\u00e9cline, au contact des \u00e9tudiants, sous la forme d\u2019ateliers d\u2019\u00e9criture, de sessions de lectures comment\u00e9es et de conseils de libraire (\u00ab\u00a0coups de c\u0153ur litt\u00e9raires\u00a0\u00bb) en itin\u00e9rance dans les diff\u00e9rents sites.<\/p>\n<p>Pour l\u2019auteur, il s\u2019agit de lutter contre un clich\u00e9, celui du g\u00e9nie romantique, en montrant que la cr\u00e9ation repose sur la connaissance des \u0153uvres des autres\u00a0: \u00ab\u00a0J\u2019adore conseiller des livres, pour \u00eatre \u00e9crivain, il faut \u00eatre avant tout pour moi un lecteur\u00a0\u00bb.<\/p>\n<p>Cette m\u00e9diation qui prend \u00e9galement la forme de l\u2019atelier d\u2019\u00e9criture est un moyen de rassurer les jeunes en appr\u00e9hendant la litt\u00e9rature par le collectif. Pour J\u00e9r\u00e9my Fel, \u00ab\u00a0L\u2019atelier d\u2019\u00e9criture de type\u00a0<em>creative writing<\/em>\u00a0est une approche tr\u00e8s int\u00e9ressante, mais encore mal vue en France, or elle me semble particuli\u00e8rement n\u00e9cessaire pour apprendre certaines techniques. L\u2019int\u00e9r\u00eat repose aussi sur la possibilit\u00e9 offerte de voir comment une \u00e9criture litt\u00e9raire se construit. L\u2019id\u00e9e de l\u2019\u00e9change autour du texte para\u00eet donc tr\u00e8s formateur pour les \u00e9tudiants\u00a0\u00bb.[\/vc_column_text][\/vc_column][\/vc_row][vc_row full_width=&#8221;stretch_row&#8221; parallax=&#8221;content-moving&#8221;][vc_column css=&#8221;.vc_custom_1475164545828{margin-top: 0px !important;border-top-width: 0px !important;padding-top: 0px !important;}&#8221;][vc_custom_heading text=&#8221;Un d\u00e9sir commun&#8221;][vc_row_inner][vc_column_inner width=&#8221;2\/3&#8243;][vc_column_text]Cr\u00e9er du lien, partager ensemble ses envies, ses tentatives textuelles, sa cr\u00e9ation rel\u00e8ve d\u2019un d\u00e9sir commun qui regroupe trois jours par semaine J\u00e9r\u00e9my Fel et des \u00e9tudiants venus d\u2019univers diff\u00e9rents (gestion, lettres, informatique, m\u00e9decine\u2026) qui se sont engag\u00e9s \u00e0 produire une nouvelle \u00e0 l\u2019issue de la r\u00e9sidence.<\/p>\n<p>Ce d\u00e9sir commun repose aussi sur un partenariat institutionnel associant le CROUS et la ville de Nancy par le biais du premier grand salon national de la rentr\u00e9e litt\u00e9raire. En fait, cette r\u00e9sidence est l\u2019occasion de mieux saisir la <a href=\"http:\/\/www.crous-lorraine.fr\/le-crous-cest-quoi\/\">politique culturelle du CROUS<\/a> qui en tant qu\u2019organisme public est essentiellement connu pour ses logements, sa restauration ou ses bourses.<\/p>\n<p>Outre le soutien financier apport\u00e9 \u00e0 la r\u00e9alisation de projets \u00e9tudiants dans le domaine culturel, le r\u00e9seau m\u00e8ne des actions avec pour objectif de \u00ab\u00a0d\u00e9velopper les pratiques artistiques amateurs\u00a0\u00bb et de favoriser \u00ab\u00a0l\u2019\u00e9mergence de nouveaux talents\u00a0\u00bb. Ainsi, pour Jean-Fran\u00e7ois Tritz, charg\u00e9 du P\u00f4le communication, culture et animations du CROUS Lorraine, \u00ab\u00a0la r\u00e9sidence constitue un moyen de renouveler la dynamique culturelle, de faciliter l\u2019acc\u00e8s \u00e0 la litt\u00e9rature qui trouve tout son sens \u00e0 Nancy, en lien avec le salon Le Livre sur la Place\u00a0\u00bb.<\/p>\n<p>Le salon,<b>(Cette manifestation litt\u00e9raire)<\/b> dont les organisateurs militent depuis 1979 pour la promotion de la litt\u00e9rature, facilite la mise en relation entre le CROUS et les auteurs, notamment gr\u00e2ce \u00e0 la m\u00e9diation de Fran\u00e7oise Rossinot. En tant qu\u2019op\u00e9rateur et <a href=\"http:\/\/www.persee.fr\/doc\/pumus_1766-2923_2011_num_18_1_1634\">lieu de m\u00e9diation litt\u00e9raire<\/a>, <b>le salon(le festival)<\/b>, qui se d\u00e9finit comme une f\u00eate du livre <a href=\"http:\/\/loractu.fr\/nancy\/7818-livre-sur-la-place-la-gratuite-doit-demeurer-dit-francoise-rossinot.html\">accessible \u00e0 tous<\/a> partage ce d\u00e9sir de renforcer les relations entre jeunes auteurs et publics estudiantins.<\/p>\n<p>[\/vc_column_text][\/vc_column_inner][vc_column_inner width=&#8221;1\/3&#8243;][vc_single_image image=&#8221;3752&#8243; img_size=&#8221;full&#8221;][vc_column_text]Le Livre sur la Place se tient depuis 1978 \u00e0 Nancy. <a href=\"https:\/\/www.flickr.com\/photos\/actualitte\/15028784800\">Actualitt\u00e9\/Flickr<\/a>, <a href=\"http:\/\/creativecommons.org\/licenses\/by\/4.0\/\">CC BY<\/a>[\/vc_column_text][\/vc_column_inner][\/vc_row_inner][vc_row_inner][vc_column_inner][vc_column_text]<\/p>\n<h2><b>Une culture de proximit\u00e9<\/b><\/h2>\n<p>Pour les partenaires, il s\u2019agit ainsi de mettre en place une culture de la proximit\u00e9 cherchant \u00e0 \u00e9largir les repr\u00e9sentations et \u00e0 favoriser une exp\u00e9rience litt\u00e9raire pouvant constituer un autre mod\u00e8le d\u2019intervention publique gr\u00e2ce \u00e0 la r\u00e9sidence d\u2019auteurs.<\/p>\n<p>D\u2019apr\u00e8s Jean-Fran\u00e7ois Tritz encore, cette culture de proximit\u00e9 passe par \u00ab\u00a0une volont\u00e9 d\u2019apporter la litt\u00e9rature \u00e0 la sortie de la chambre de l\u2019\u00e9tudiant\u00a0\u00bb, tandis que pour Fran\u00e7oise Rossinot, Commissaire g\u00e9n\u00e9rale du salon, \u00ab\u00a0l\u2019enjeu est d\u2019avoir acc\u00e8s \u00e0 la culture d\u2019une autre mani\u00e8re, dans le rapport imm\u00e9diat \u00e0 l\u2019\u00e9crivain\u00a0\u00bb.<\/p>\n<p>Ce partenariat s\u2019inscrit d\u2019ailleurs pour elle dans les objectifs du festival qui ne se limite pas au salon de septembre, mais qui propose durant toute l\u2019ann\u00e9e des rencontres avec les auteurs dans de multiples lieux (prison, \u00e9coles, maison de retraite, quartiers\u2026).<\/p>\n<p>Cette proximit\u00e9 souhait\u00e9e dans le cadre du dispositif r\u00e9sidentiel nous renvoie \u00e0 l\u2019analyse de Gis\u00e8le Sapiro sur la d\u00e9mocratisation culturelle et plus sp\u00e9cifiquement sur la n\u00e9cessit\u00e9 de retisser des liens, \u00ab\u00a0de cr\u00e9er les conditions d\u2019une \u00e9coute r\u00e9ciproque, <a href=\"http:\/\/www.telerama.fr\/etats-genereux\/les-contradictions-de-la-democratisation-culturelle-par-gisele-sapiro,151044.php\">par-del\u00e0 les hi\u00e9rarchies sociales\u00a0\u00bb<\/a>.<\/p>\n<p>Sans rentrer dans les d\u00e9bats actuels sur la <a href=\"http:\/\/www.lemonde.fr\/politique\/article\/2016\/03\/31\/les-politiques-publiques-ont-oublie-les-jeunes_4892740_823448.html\">place des jeunes dans la soci\u00e9t\u00e9 fran\u00e7aise<\/a>, on ne peut donc que se r\u00e9jouir de la cr\u00e9ation d\u2019une nouvelle r\u00e9sidence d\u2019auteurs dans la r\u00e9gion Grand Est, soucieuse de \u00ab\u00a0l\u2019\u00e9mergence de nouveaux talents\u00a0\u00bb qui reconna\u00eet la jeunesse comme une v\u00e9ritable ressource pouvant participer et construire le monde (litt\u00e9raire) de demain.[\/vc_column_text][\/vc_column_inner][\/vc_row_inner][\/vc_column][\/vc_row][vc_row][vc_column][vc_separator][\/vc_column][\/vc_row][vc_row][vc_column][vc_custom_heading text=&#8221;POEMA&#8221; font_container=&#8221;tag:h2|font_size:64px|text_align:left|line_height:64px&#8221; google_fonts=&#8221;font_family:Lato%3A100%2C100italic%2C300%2C300italic%2Cregular%2Citalic%2C700%2C700italic%2C900%2C900italic|font_style:700%20bold%20regular%3A700%3Anormal&#8221; css=&#8221;.vc_custom_1508311359057{margin-bottom: 0px !important;border-bottom-width: 0px !important;padding-bottom: 0px !important;}&#8221;][vc_single_image image=&#8221;1555&#8243; img_size=&#8221;full&#8221; css=&#8221;.vc_custom_1475253703700{margin-top: 0px !important;border-top-width: 0px !important;padding-top: 0px !important;}&#8221;][vc_row_inner][vc_column_inner width=&#8221;2\/3&#8243;][vc_column_text]Acteur associatif dans la r\u00e9gion Grand Est, <strong>POEMA<\/strong> cherche \u00e0 d\u00e9ployer sur le territoire les \u00e9critures po\u00e9tiques contemporaines, en proposant depuis 2014 de multiples dispositifs \u00e0 la crois\u00e9e des arts et des genres (spectacle vivant, art contemporain, litt\u00e9rature\u2026). Par le biais de nombreux partenariats (collectivit\u00e9s, associations, \u00e9coles\u2026), il s\u2019agit de d\u2019offrir une approche de la po\u00e9sie sous des formes vari\u00e9es (lectures-rencontres, performances, concerts, ateliers d\u2019\u00e9criture et des actions cibl\u00e9es jeune public).<\/p>\n<p>Ainsi, en collaboration avec la M\u00e9diath\u00e8que de Meurthe-et-Moselle et dans le cadre du dispositif \u00ab\u00a0Auteurs associ\u00e9s\u00a0\u00bb (DRAC Alsace Champagne-Ardenne Lorraine \/ Conseil R\u00e9gional Grand Est) une premi\u00e8re r\u00e9sidence d\u2019auteur de 2 mois, a \u00e9t\u00e9 mise en place en 2016 permettant de mixer cr\u00e9ation et m\u00e9diations sur divers sites (Jarny, Lun\u00e9ville, Toul, Pont \u00e0 Mousson). Le dispositif r\u00e9sidentiel a permis de recevoir de R\u00e9mi Checchetto, auteur d\u2019une vingtaine de livres de po\u00e9sie et de th\u00e9\u00e2tre. Son projet met en sc\u00e8ne les paysages de son enfance lorraine et permet notamment aux publics de d\u00e9couvrir les portraits-po\u00e8mes.[\/vc_column_text][\/vc_column_inner][vc_column_inner width=&#8221;1\/3&#8243;][vc_single_image image=&#8221;4077&#8243; img_size=&#8221;full&#8221;][\/vc_column_inner][\/vc_row_inner][\/vc_column][\/vc_row][vc_row][vc_column][vc_custom_heading text=&#8221;R\u00e9sidences en lien avec l\u2019univers du livre&#8221; font_container=&#8221;tag:h2|font_size:64px|text_align:left|line_height:64px&#8221; google_fonts=&#8221;font_family:Lato%3A100%2C100italic%2C300%2C300italic%2Cregular%2Citalic%2C700%2C700italic%2C900%2C900italic|font_style:700%20bold%20regular%3A700%3Anormal&#8221; css=&#8221;.vc_custom_1475253717064{margin-bottom: 0px !important;border-bottom-width: 0px !important;padding-bottom: 0px !important;}&#8221;][vc_single_image image=&#8221;1555&#8243; img_size=&#8221;full&#8221; css=&#8221;.vc_custom_1475253703700{margin-top: 0px !important;border-top-width: 0px !important;padding-top: 0px !important;}&#8221;][\/vc_column][\/vc_row][vc_row full_width=&#8221;stretch_row&#8221; parallax=&#8221;content-moving&#8221;][vc_column width=&#8221;2\/3&#8243;][vc_column_text]Sur le territoire, certains dispositifs r\u00e9sidentiels peuvent \u00eatre p\u00e9rennes, d\u2019autres davantage \u00e9ph\u00e9m\u00e8res s\u2019actualisant en fonction des lieux et des p\u00e9riodes.<\/p>\n<p>Attardons-nous \u00e0 pr\u00e9sent sur un dispositif r\u00e9sidentiel sp\u00e9cifique r\u00e9cemment mis en place en Lorraine et constituant une aide compl\u00e9mentaire visant \u00e0 soutenir la cr\u00e9ation litt\u00e9raire.<br \/>\nEn effet, le Conseil r\u00e9gional de Lorraine et la DRAC de Lorraine en partenariat avec le CNL (Centre National du Livre), ont initi\u00e9, gr\u00e2ce \u00e0 un Accord cadre pour le d\u00e9veloppement de la fili\u00e8re du livre en Lorraine (2015\/2016), une nouvelle forme r\u00e9sidentielle, celle d\u2019\u00ab\u00a0<b>auteur associ\u00e9\u00a0<\/b>\u00bb. Le dispositif permet aux auteurs de b\u00e9n\u00e9ficier d\u2019une r\u00e9mun\u00e9ration \u00e0 travers une r\u00e9sidence r\u00e9alis\u00e9e avec un acteur de la chaine du livre publics (biblioth\u00e8ques, festivals\u2026) ou priv\u00e9s (librairies, maisons d\u2019\u00e9dition), un lieu du territoire lorrain, sur une p\u00e9riode de 4 \u00e0 8 mois.[\/vc_column_text][\/vc_column][vc_column width=&#8221;1\/3&#8243;][vc_single_image image=&#8221;2635&#8243; img_size=&#8221;full&#8221;][\/vc_column][\/vc_row][vc_row full_width=&#8221;stretch_row&#8221; parallax=&#8221;content-moving&#8221;][vc_column][vc_column_text]<\/p>\n<h3><img loading=\"lazy\" decoding=\"async\" class=\"wp-image-3088 alignleft\" src=\"http:\/\/lalorrainedesecrivains.univ-lorraine.fr\/wp-content\/uploads\/2016\/09\/bd2.jpg\" alt=\"bd2\" width=\"271\" height=\"173\" \/>R\u00e9sidence Librairie Carr\u00e9 des bulles, \u00e9ditions du Go\u00fbteur Chauve, Metz (Moselle)<\/h3>\n<p><a href=\"http:\/\/www.aucarredesbulles.fr\" target=\"_blank\" rel=\"noopener\">Librairie d\u00e9di\u00e9e au<\/a>\u00a0graphisme et \u00e0 la bande-dessin\u00e9e h\u00e9bergeant une maison d\u2019\u00e9dition associative\u00a0<em>Le Gouteur Chauve<\/em>, ce lieu messin atypique a accueilli en r\u00e9sidence le jeune b\u00e9d\u00e9iste Eric Chapuis autour d\u2019un projet portant sur le roman graphique. Intitul\u00e9 \u00ab\u00a0R\u00e9volution des conseils de Metz\u00a0\u00bb, le travail de cr\u00e9ation, explorant les rapports entre r\u00e9cits fictionnels et documents factuels, s\u2019est d\u00e9clin\u00e9 autour d\u2019une approche fictionnelle d\u2019un \u00e9v\u00e9nement historique messin survenu en novembre 1918, plus pr\u00e9cis\u00e9ment une r\u00e9volte (conseils de soldats et d&#8217;ouvriers en Alsace Lorraine). Il a \u00e9galement donn\u00e9 lieu \u00e0 des \u00e9changes avec les publics in situ et dans la ville (coll\u00e8ge, m\u00e9diath\u00e8que).[\/vc_column_text][vc_column_text]<\/p>\n<h3><span style=\"color: #333333;\"><strong>Au Carr\u00e9 des Bulles, des r\u00e9sidences pour de jeunes dessinateurs Lorrains<\/strong><\/span><\/h3>\n<p><span style=\"color: #808080;\"><strong><span style=\"color: #333333;\">Au deuxi\u00e8me \u00e9tage de la librairie au Carr\u00e9 des Bulles de Metz, Fran\u00e7ois Carr\u00e9 propose des r\u00e9sidences pour de jeunes artistes locaux. Le dispositif \u00ab\u00a0auteur associ\u00e9\u00a0\u00bb, cr\u00e9\u00e9 en 2015 en partenariat avec la r\u00e9gion Lorraine, la DRAC et le Centre National du Livre, permet d\u2019apporter un coup de projecteur original sur un jeune dessinateur. Et aussi, de red\u00e9couvrir une librairie d\u00e9j\u00e0 bien ancr\u00e9e<\/span>.<\/strong><\/span><\/p>\n<p><span style=\"color: #333333;\">Install\u00e9 devant une table pos\u00e9e sur des tr\u00e9teaux, pench\u00e9 sur son Mac, Charlie Zanello peaufine ses dessins. Il affine un trait par-ci, en ajoute un autre par-l\u00e0. Son projet de roman graphique avance bien, le fruit de nombreuses heures pass\u00e9es dans cet atelier. Son \u00ab\u00a0bureau\u00a0\u00bb, comme il l\u2019appelle, est un grand open space situ\u00e9 au deuxi\u00e8me \u00e9tage de la librairie au Carr\u00e9 des Bulles, \u00e0 Metz, consacr\u00e9e \u00e0 la bande dessin\u00e9e et aux arts graphiques. Depuis octobre, Charlie y fait une r\u00e9sidence d\u2019artiste. Il a jusqu\u2019au mois de mai 2017 pour travailler sur un projet original, en \u00e9change d\u2019une subvention accord\u00e9e par la r\u00e9gion.<\/span><\/p>\n<p><span style=\"color: #333333;\">C\u2019est gr\u00e2ce \u00e0 Fran\u00e7ois Carr\u00e9, le propri\u00e9taire de la librairie, que le jeune dessinateur Lorrain a pu b\u00e9n\u00e9ficier de ce dispositif. Depuis son nouveau \u00ab\u00a0bureau\u00a0\u00bb, on entend Fran\u00e7ois conseiller quelques clients de la librairie, en bas. B\u00e9ret sur la t\u00eate et lunettes rondes sur le nez, Fran\u00e7ois Carr\u00e9 est un homme qui invite au partage et \u00e0 l\u2019\u00e9change, qu\u2019il a toujours privil\u00e9gi\u00e9 avec les clients.<\/span><\/p>\n<p><span style=\"color: #333333;\"><strong>Des Ap\u00e9ros Graphiques au dispositif \u00ab\u00a0auteur associ\u00e9\u00a0\u00bb<\/strong><\/span><\/p>\n<p><span style=\"color: #333333;\">D\u00e8s juillet 2008, quelques mois apr\u00e8s l\u2019ouverture de sa librairie, il lan\u00e7ait les Ap\u00e9ros Graphiques. Tous les vendredis soirs, de 18 heures \u00e0 20 heures, les dessinateurs en herbe et amateurs sont invit\u00e9s \u00e0 dessiner autour d\u2019un th\u00e8me impos\u00e9. <em>\u00ab\u00a0Je voyais d\u00e9filer beaucoup d\u2019\u00e9tudiants des Beaux Arts et des Arts Plastiques, je me suis dit que ce serait bien d\u2019en profiter et d\u2019en faire quelque chose\u00a0\u00bb<\/em>, explique-t-il. Avec les Ap\u00e9ros Graphiques, Fran\u00e7ois Carr\u00e9 d\u00e9couvre alors <em>\u00ab\u00a0diff\u00e9rentes petites perles de la r\u00e9gion\u00a0\u00bb<\/em>, et les voient \u00e9voluer ann\u00e9e apr\u00e8s ann\u00e9e. La plupart sont d\u2019anciens \u00e9tudiants de la r\u00e9gion, et certains sont \u00e9dit\u00e9s dans des revues, comme Fluide Glacial.<\/span><\/p>\n<p><span style=\"color: #333333;\">Pour lui, ces <em>\u00ab\u00a0petites perles\u00a0\u00bb<\/em> valent le coup d\u2019\u00eatre vues par un plus large public. Avec deux autres coll\u00e8gues, ils cr\u00e9ent donc leur propre maison d\u2019\u00e9dition, Le Go\u00fbteur Chauve. Avec leur collection \u00ab\u00a0Mise en Bouche\u00a0\u00bb, ils permettent ainsi \u00e0 ces petits auteurs m\u00e9connus de s\u2019essayer \u00e0 une BD d\u2019une vingtaine de pages, pour la montrer \u00e0 un plus gros \u00e9diteur <em>\u00ab\u00a0et mettre le pied \u00e0 l\u2019\u00e9trier.\u00a0\u00bb<\/em><\/span><\/p>\n<p><span style=\"color: #333333;\">Mais pour lui, ce n\u2019est toujours pas assez. Le libraire veut davantage les aider, mais comment\u00a0? C\u2019est alors qu\u2019il repense \u00e0 son atelier, au deuxi\u00e8me \u00e9tage de la librairie, qui est inoccup\u00e9 la plupart du temps. Pourquoi ne pas le mettre \u00e0 la disposition d\u2019un jeune auteur ? La r\u00e9sidence \u00e9tait n\u00e9e, gr\u00e2ce au dispositif \u00ab auteur associ\u00e9 \u00bb. Elle a pour objectif de soutenir la cr\u00e9ation par des bourses de r\u00e9sidences destin\u00e9es aux auteurs s&#8217;associant avec une structure de la r\u00e9gion Lorraine, sur une p\u00e9riode de 4 \u00e0 8 mois.<\/span><\/p>\n<p>&nbsp;<\/p>\n<h3><span style=\"color: #333333;\">\u00a0Le dispositif \u00ab\u00a0auteur associ\u00e9\u00a0\u00bb<\/span><\/h3>\n<audio class=\"wp-audio-shortcode\" id=\"audio-4296-9\" preload=\"none\" style=\"width: 100%;\" controls=\"controls\"><source type=\"audio\/mpeg\" src=\"http:\/\/lalorrainedesecrivains.univ-lorraine.fr\/wp-content\/uploads\/2017\/01\/sonore-1-dispositif-auteur-associe.mp3?_=9\" \/><a href=\"http:\/\/lalorrainedesecrivains.univ-lorraine.fr\/wp-content\/uploads\/2017\/01\/sonore-1-dispositif-auteur-associe.mp3\">http:\/\/lalorrainedesecrivains.univ-lorraine.fr\/wp-content\/uploads\/2017\/01\/sonore-1-dispositif-auteur-associe.mp3<\/a><\/audio>\n<p><span style=\"color: #333333;\"><strong>Une cohabitation enrichissante<\/strong><\/span><\/p>\n<p><span style=\"color: #333333;\">Les candidats sont s\u00e9lectionn\u00e9s par un comit\u00e9 compos\u00e9 des membres de l\u2019association le Go\u00fbteur Chauve, d\u2019un repr\u00e9sentant d\u2019un distributeur de beaux-livres et de Yan Lindingre, r\u00e9dacteur en chef de Fluide Glacial et dessinateur de la r\u00e9gion. Avec son projet de montrer Metz sous 1918, c\u2019est le dessinateur Eric Chapuis qui b\u00e9n\u00e9ficie du dispositif en premier, en octobre 2015. Charlie Zanello l\u2019a depuis peu remplac\u00e9. Avec une subvention de 1\u00a0500 \u20ac par mois par la r\u00e9gion et la Drac Lorraine, ils ont un acc\u00e8s illimit\u00e9 au deuxi\u00e8me \u00e9tage de la librairie, pour travailler.<\/span><\/p>\n<h3><span style=\"color: #333333;\">Pr\u00e9sentation des r\u00e9sidents<\/span><\/h3>\n<audio class=\"wp-audio-shortcode\" id=\"audio-4296-10\" preload=\"none\" style=\"width: 100%;\" controls=\"controls\"><source type=\"audio\/mpeg\" src=\"http:\/\/lalorrainedesecrivains.univ-lorraine.fr\/wp-content\/uploads\/2017\/01\/residents.mp3?_=10\" \/><a href=\"http:\/\/lalorrainedesecrivains.univ-lorraine.fr\/wp-content\/uploads\/2017\/01\/residents.mp3\">http:\/\/lalorrainedesecrivains.univ-lorraine.fr\/wp-content\/uploads\/2017\/01\/residents.mp3<\/a><\/audio>\n<p><span style=\"color: #333333;\"><em>\u00ab\u00a0Le r\u00e9sident a les cl\u00e9s de la librairie, il peut venir quand il veut. C\u2019est vraiment une opportunit\u00e9 pour lui\u00a0de se plonger dans son travail \u00bb<\/em>, pr\u00e9cise le libraire. En \u00e9change, le r\u00e9sident doit animer une fois par semaine des ateliers p\u00e9dagogiques dans des \u00e9tablissements scolaires.<\/span><\/p>\n<h3><span style=\"color: #333333;\">Interventions scolaires<\/span><\/h3>\n<audio class=\"wp-audio-shortcode\" id=\"audio-4296-11\" preload=\"none\" style=\"width: 100%;\" controls=\"controls\"><source type=\"audio\/mpeg\" src=\"http:\/\/lalorrainedesecrivains.univ-lorraine.fr\/wp-content\/uploads\/2017\/01\/intervention-ecole.mp3?_=11\" \/><a href=\"http:\/\/lalorrainedesecrivains.univ-lorraine.fr\/wp-content\/uploads\/2017\/01\/intervention-ecole.mp3\">http:\/\/lalorrainedesecrivains.univ-lorraine.fr\/wp-content\/uploads\/2017\/01\/intervention-ecole.mp3<\/a><\/audio>\n<p><span style=\"color: #333333;\">De temps en temps, Fran\u00e7ois monte voir son \u00ab\u00a0colocataire\u00a0\u00bb. Si cette cohabitation d\u2019un nouveau genre lui permet de mieux faire conna\u00eetre la librairie, elle lui apporte surtout la satisfaction de pouvoir aider un jeune auteur. <em>\u00ab\u00a0C\u2019est plaisant de voir \u00e9voluer son projet. Pour le moment ce ne sont que des planches de dessins, mais nous savons qu\u2019elles deviendront quelque chose. Il y aura bient\u00f4t des livres qui auront \u00e9t\u00e9 cr\u00e9\u00e9 au sein de ma librairie, c\u2019est chouette\u00a0\u00bb<\/em>, se r\u00e9jouit le propri\u00e9taire.<\/span><\/p>\n<h3><span style=\"color: #333333;\">Ce que \u00e7a rapporte<\/span><\/h3>\n<audio class=\"wp-audio-shortcode\" id=\"audio-4296-12\" preload=\"none\" style=\"width: 100%;\" controls=\"controls\"><source type=\"audio\/mpeg\" src=\"http:\/\/lalorrainedesecrivains.univ-lorraine.fr\/wp-content\/uploads\/2017\/01\/ce-que-ca-apporte.mp3?_=12\" \/><a href=\"http:\/\/lalorrainedesecrivains.univ-lorraine.fr\/wp-content\/uploads\/2017\/01\/ce-que-ca-apporte.mp3\">http:\/\/lalorrainedesecrivains.univ-lorraine.fr\/wp-content\/uploads\/2017\/01\/ce-que-ca-apporte.mp3<\/a><\/audio>\n<p>[\/vc_column_text][vc_video link=&#8221;https:\/\/vimeo.com\/199556666&#8243;][vc_column_text]Juliette Redivo et Romane Mugnier[\/vc_column_text][vc_separator][\/vc_column][\/vc_row][vc_row full_width=&#8221;stretch_row&#8221; parallax=&#8221;content-moving&#8221;][vc_column width=&#8221;2\/3&#8243;][vc_column_text]<\/p>\n<h3><span style=\"text-decoration: underline;\"><a href=\"http:\/\/www.imaginales.fr\/post\/entretien-avec-charlotte-bousquet-auteure-associee-des-imaginales-2016\" target=\"_blank\" rel=\"noopener\">R\u00e9sidence Festival les imaginales Epinal<\/a><\/span>\u00a0(<strong>Vosges)<\/strong><\/h3>\n<p>Cette r\u00e9sidence s\u2019adosse \u00e0 l\u2019un des plus grands festivals du livre de l\u2019Est de la France, l\u2019un des premiers salons internationaux de litt\u00e9rature d&#8217;imaginaire (fantasy, h\u00e9ro\u00efque fiction, science-fiction, contes\u2026) \u00e9galement connu pour mobiliser un public jeune. Durant 8 mois, l\u2019auteur Charlotte Bousquet a pu travailler \u00e0 l\u2019\u00e9laboration de son roman en gestation, une \u00ab\u00a0fantasy barbaro-mauresque\u00a0\u00bb, tout en participant \u00e0 de nombreuses rencontres (\u00e9cole, coll\u00e8ge, lyc\u00e9e, m\u00e9diath\u00e8que,\u00a0librairie, festival) de la R\u00e9gion Grand Est (Alsace, Champagne-Ardennes, Lorraine). Interrog\u00e9e sur le dispositif, l\u2019\u00e9crivaine souligne l\u2019int\u00e9r\u00eat d\u2019\u00eatre implant\u00e9e sur un territoire et d\u2019\u00eatre d\u00e9gag\u00e9e des obligations de la vie quotidienne gr\u00e2ce au soutien financier apport\u00e9\u00a0:<\/p>\n<p>Ce projet me permet d&#8217;\u00e9crire en \u00e9tant r\u00e9mun\u00e9r\u00e9e, dans un genre litt\u00e9raire que j&#8217;appr\u00e9cie et dont j&#8217;ai d\u00fb me d\u00e9tourner, au moins dans le domaine adulte, pour des raisons financi\u00e8res. Quand on vit de sa plume, il faut faire des choix&#8230; Le projet auteure associ\u00e9e me permet justement de mener \u00e0 bien un projet ambitieux sans me pr\u00e9occuper des contraintes habituelles auxquelles je suis soumise\u00a0: c&#8217;est merveilleux ![\/vc_column_text][\/vc_column][vc_column width=&#8221;1\/3&#8243;][vc_single_image image=&#8221;3089&#8243; img_size=&#8221;full&#8221; onclick=&#8221;custom_link&#8221; link=&#8221;http:\/\/www.imaginales.fr\/post\/entretien-avec-charlotte-bousquet-auteure-associee-des-imaginales-2016&#8243;][\/vc_column][\/vc_row][vc_row full_width=&#8221;stretch_row&#8221; parallax=&#8221;content-moving&#8221; parallax_image=&#8221;1874&#8243;][vc_column width=&#8221;2\/3&#8243;][vc_custom_heading text=&#8221;CROSS-BORDER INTERACTIONS: LORRAINE \/ GREAT REGION TERRITORY&#8221; font_container=&#8221;tag:h2|font_size:48px|text_align:left|line_height:48px&#8221; google_fonts=&#8221;font_family:Lato%3A100%2C100italic%2C300%2C300italic%2Cregular%2Citalic%2C700%2C700italic%2C900%2C900italic|font_style:700%20bold%20regular%3A700%3Anormal&#8221;][\/vc_column][vc_column width=&#8221;1\/3&#8243;][vc_single_image image=&#8221;2594&#8243; img_size=&#8221;full&#8221;][\/vc_column][\/vc_row][vc_row css=&#8221;.vc_custom_1475147010400{margin-top: 20px !important;border-top-width: 20px !important;padding-top: 20px !important;background-color: #ffffff !important;}&#8221;][vc_column css=&#8221;.vc_custom_1475150847000{margin-top: 20px !important;margin-bottom: 0px !important;border-top-width: 20px !important;border-bottom-width: 0px !important;padding-top: 20px !important;padding-bottom: 0px !important;background-color: #ffffff !important;}&#8221;][vc_column_text]\n<!-- iframe plugin v.4.5 wordpress.org\/plugins\/iframe\/ -->\n<iframe loading=\"lazy\" src=\"http:\/\/tonic-geo2.uni.lu:8080\/atlasfx\/js\/index.html?mapId=148\" width=\"100%\" height=\"600\" scrolling=\"yes\" class=\"iframe-class\" frameborder=\"0\"><\/iframe>\n[\/vc_column_text][\/vc_column][\/vc_row][vc_row full_width=&#8221;stretch_row&#8221; parallax=&#8221;content-moving&#8221;][vc_column css=&#8221;.vc_custom_1475150837606{margin-top: 0px !important;margin-bottom: 0px !important;border-top-width: 0px !important;border-bottom-width: 0px !important;padding-top: 0px !important;padding-bottom: 0px !important;}&#8221;][vc_column_text]<\/p>\n<h1>\u00a0<strong>ITINERANT RESIDENCE<br \/>\n<\/strong><img loading=\"lazy\" decoding=\"async\" class=\"alignnone size-full wp-image-2400\" src=\"http:\/\/lalorrainedesecrivains.univ-lorraine.fr\/wp-content\/uploads\/2015\/09\/filet-rouge3.png\" alt=\"filet-rouge3\" width=\"600\" height=\"11\" srcset=\"http:\/\/lalorrainedesecrivains.univ-lorraine.fr\/wp-content\/uploads\/2015\/09\/filet-rouge3.png 600w, http:\/\/lalorrainedesecrivains.univ-lorraine.fr\/wp-content\/uploads\/2015\/09\/filet-rouge3-300x6.png 300w\" sizes=\"auto, (max-width: 600px) 100vw, 600px\" \/><\/h1>\n<p>[\/vc_column_text][\/vc_column][\/vc_row][vc_row full_width=&#8221;stretch_row&#8221; parallax=&#8221;content-moving&#8221;][vc_column width=&#8221;2\/3&#8243; css=&#8221;.vc_custom_1475150864255{margin-top: 0px !important;margin-bottom: 0px !important;border-top-width: 0px !important;border-bottom-width: 0px !important;padding-top: 0px !important;padding-bottom: 0px !important;}&#8221;][vc_column_text]<a href=\"http:\/\/kulturfabrik.lu\/fr\/projets-residences\/projets-transfrontaliers\/printemps-poetique-transfrontalier\/\"><strong>CROSS-BORDER POETIC SPRING<\/strong><\/a><\/p>\n<p>V\u00e9ronique Daine (Wallonia) and H\u00e9l\u00e8ne Tyrtoff (Luxembourg) &#8211; three poets &#8211; took part in a traveling residence, moving from city to city in three specific areas (Lorraine, Belgium and Luxembourg). The principle is that each author completes a residence in their neighbor\u2019s region. The residential device was developed with multiple cultural mediations, in the form of meetings between writers and their public, and writing workshops. Literary creation, through this urban wandering is considered from the perspective of cultural display: literature is understood here in terms of the circulation of works, and symbolic, aesthetic and playful productions. With the support of the Espace Culturel Grande R\u00e9gion, the designed residence is based on the promotion of diversity and intercultural dialogue in the heart of the Greater Region and involves the participation of inhabitants (schools, cities, neighborhoods). The stated objective is that each author explores &#8220;the place of residence he occupies in his text and the importance of the territory in which it is rooted&#8221;.<\/p>\n<h3><\/h3>\n<h3><\/h3>\n<p>[\/vc_column_text][\/vc_column][vc_column width=&#8221;1\/3&#8243;][vc_single_image image=&#8221;3091&#8243; img_size=&#8221;full&#8221;][\/vc_column][\/vc_row][vc_row full_width=&#8221;stretch_row&#8221; parallax=&#8221;content-moving&#8221;][vc_column css=&#8221;.vc_custom_1475150864255{margin-top: 0px !important;margin-bottom: 0px !important;border-top-width: 0px !important;border-bottom-width: 0px !important;padding-top: 0px !important;padding-bottom: 0px !important;}&#8221;][vc_custom_heading text=&#8221;WRITERS AND LOCATIONS (2014\/2016)&#8221; font_container=&#8221;tag:h2|text_align:left|color:%23ffffff&#8221; google_fonts=&#8221;font_family:Lato%3A100%2C100italic%2C300%2C300italic%2Cregular%2Citalic%2C700%2C700italic%2C900%2C900italic|font_style:700%20bold%20regular%3A700%3Anormal&#8221; css=&#8221;.vc_custom_1516268490424{padding-left: 20px !important;background-color: #0c0c0c !important;}&#8221;][\/vc_column][\/vc_row][vc_row full_width=&#8221;stretch_row&#8221; parallax=&#8221;content-moving&#8221;][vc_column width=&#8221;1\/4&#8243; css=&#8221;.vc_custom_1475150864255{margin-top: 0px !important;margin-bottom: 0px !important;border-top-width: 0px !important;border-bottom-width: 0px !important;padding-top: 0px !important;padding-bottom: 0px !important;}&#8221;][vc_column_text]<\/p>\n<h3>Germany :<\/h3>\n<p>Alain Helissen at the Saarl\u00e4ndisches K\u00fcnstlerhaus Saarbr\u00fccken,<br \/>\nFabienne Jacob, Tom Nisse at the K\u00fcnstlerhaus Edenkoben in Rh\u00e9nanie-Palatinat,[\/vc_column_text][\/vc_column][vc_column width=&#8221;1\/4&#8243; css=&#8221;.vc_custom_1475151557193{margin-top: 0px !important;margin-bottom: 0px !important;border-top-width: 0px !important;border-bottom-width: 0px !important;padding-top: 0px !important;padding-bottom: 0px !important;}&#8221;][vc_column_text]<\/p>\n<h3>Belgium :<\/h3>\n<p>Norbert Lange at the G\u00eetes du Vieux Namur<br \/>\nHans Arnfrid Astel at the Abattoirs de Bomel (Centre culturel de Namur) Wallonia<\/p>\n<h3><\/h3>\n<p>[\/vc_column_text][\/vc_column][vc_column width=&#8221;1\/4&#8243; css=&#8221;.vc_custom_1475151566478{margin-top: 0px !important;margin-bottom: 0px !important;border-top-width: 0px !important;border-bottom-width: 0px !important;padding-top: 0px !important;padding-bottom: 0px !important;}&#8221;][vc_column_text]<\/p>\n<h3>\u00a0Luxembourg\u00a0:<\/h3>\n<p>Alain Dantinne at the Kulturfabrik Cultural Center in Esch-sur-Alzette,\u00a0 \u00a0 \u00a0 \u00a0 \u00a0 \u00a0 \u00a0 \u00a0 \u00a0 \u00a0 \u00a0 \u00a0 \u00a0 \u00a0 \u00a0 \u00a0 \u00a0 \u00a0 \u00a0 \u00a0 \u00a0 \u00a0 Ann-Kathrin Ast at the Regional Cultural Center opderschmelz, Dudelange<\/p>\n<h3><\/h3>\n<p>[\/vc_column_text][\/vc_column][vc_column width=&#8221;1\/4&#8243; css=&#8221;.vc_custom_1475151582604{margin-top: 0px !important;margin-bottom: 0px !important;border-top-width: 0px !important;border-bottom-width: 0px !important;padding-top: 0px !important;padding-bottom: 0px !important;}&#8221;][vc_column_text]<\/p>\n<h3>\u00a0Lorraine\u00a0:<\/h3>\n<p>Lambert Schlechter at M\u00e9diath\u00e8que de la Communaut\u00e9 d\u2019Agglom\u00e9ration Sarreguemines Confluences (CASC) in Sarreguemines, Philippe Mathy at the g\u00eete de la Scance Verdun[\/vc_column_text][\/vc_column][\/vc_row][vc_row full_width=&#8221;stretch_row&#8221; parallax=&#8221;content-moving&#8221;][vc_column css=&#8221;.vc_custom_1475151923476{margin-top: 0px !important;margin-bottom: 0px !important;border-top-width: 0px !important;border-bottom-width: 0px !important;padding-top: 5px !important;padding-bottom: 0px !important;}&#8221;][vc_column_text css=&#8221;.vc_custom_1516268875304{padding-top: 10px !important;padding-right: 20px !important;padding-bottom: 20px !important;padding-left: 20px !important;background-color: #f2f2f2 !important;}&#8221;]<\/p>\n<h4><strong>Reference\u00a0:<br \/>\n<\/strong>BISENIUS-PENIN, Carole, 2015. M\u00e9diations litt\u00e9raires\u202f: Territoire et cr\u00e9ation au Luxembourg. In\u00a0: VERCRUYSSE, Thomas (dir.), Luxembourg\u202f: ville cr\u00e9ative. Luxembourg\u00a0: capybarabooks. p.\u00a032\u201157.<\/h4>\n<p>[\/vc_column_text][\/vc_column][\/vc_row][vc_row full_width=&#8221;stretch_row&#8221; parallax=&#8221;content-moving&#8221;][vc_column css=&#8221;.vc_custom_1475151923476{margin-top: 0px !important;margin-bottom: 0px !important;border-top-width: 0px !important;border-bottom-width: 0px !important;padding-top: 5px !important;padding-bottom: 0px !important;}&#8221;][vc_separator border_width=&#8221;4&#8243;][\/vc_column][\/vc_row][vc_row full_width=&#8221;stretch_row&#8221; parallax=&#8221;content-moving&#8221;][vc_column css=&#8221;.vc_custom_1475150837606{margin-top: 0px !important;margin-bottom: 0px !important;border-top-width: 0px !important;border-bottom-width: 0px !important;padding-top: 0px !important;padding-bottom: 0px !important;}&#8221;][vc_column_text]<\/p>\n<h1>\u00a0<strong>ITINERANT RESIDENCE<\/strong><strong><br \/>\n<\/strong><img loading=\"lazy\" decoding=\"async\" class=\"alignnone size-full wp-image-2400\" src=\"http:\/\/lalorrainedesecrivains.univ-lorraine.fr\/wp-content\/uploads\/2015\/09\/filet-rouge3.png\" alt=\"filet-rouge3\" width=\"600\" height=\"11\" srcset=\"http:\/\/lalorrainedesecrivains.univ-lorraine.fr\/wp-content\/uploads\/2015\/09\/filet-rouge3.png 600w, http:\/\/lalorrainedesecrivains.univ-lorraine.fr\/wp-content\/uploads\/2015\/09\/filet-rouge3-300x6.png 300w\" sizes=\"auto, (max-width: 600px) 100vw, 600px\" \/><\/h1>\n<p>[\/vc_column_text][\/vc_column][\/vc_row][vc_row full_width=&#8221;stretch_row&#8221; parallax=&#8221;content-moving&#8221;][vc_column width=&#8221;1\/2&#8243; css=&#8221;.vc_custom_1475147699843{margin-top: 0px !important;border-top-width: 0px !important;padding-top: 0px !important;}&#8221;][vc_column_text]<\/p>\n<h2><strong>Un bateau-atelier\u00a0: PASSERELLES D\u2019EUROPE<\/strong><\/h2>\n<p>A l\u2019initiative du com\u00e9dien, ex-pensionnaire de la Com\u00e9die-Fran\u00e7aise et batelier Olivier Dautrey, la r\u00e9sidence d\u2019auteurs \u00ab\u00a0Passerelles d\u2019Europe\u00a0\u00bb offre \u00e0 bord de la p\u00e9niche L\u2019Ange Gabriel une forme originale de navigation litt\u00e9raire transfrontali\u00e8re. Accueillir sur un bateau de fleuve des auteurs et des artistes, fran\u00e7ais ou \u00e9trangers, avec un projet d\u2019\u00e9criture, telle est sa conviction.<\/p>\n<p>Accompagn\u00e9 par Sarah Polacci, conseill\u00e8re litt\u00e9raire et Marie-H\u00e9l\u00e8ne Caroff, programmatrice du festival de litt\u00e9rature et journalisme \u00ab\u00a0Le Livre \u00e0 Metz\u00a0\u00bb pendant 6 ans, puis \u00e0 pr\u00e9sent responsable de l\u2019association Caranusca (la pierre et l\u2019eau) sp\u00e9cialis\u00e9e dans la cr\u00e9ation et l\u2019accompagnement de projets culturels, cette nouvelle aventure itin\u00e9rante a pour objectif d\u2019exp\u00e9rimenter \u00ab\u00a0l\u2019univers ar\u00adtisanal et sensible de la navigation\u00a0\u00bb comme source d\u2019inspiration, tout en offrant des rencontres publiques \u00e0 bord et \u00e0 terre lors d\u2019escales, entre villes et campagnes, en lien avec des \u00e9tablissements culturels, scolaires, des festivals et des librairies afin d\u2019\u00e9largir la palette culturelle sur le territoire Grand Est et des pays voisins (Belgique, Allemagne, Luxembourg). Il s\u2019agit selon O. Dautrey de juxtaposer gr\u00e2ce \u00e0 ce bateau-livre des r\u00e9alit\u00e9s diff\u00e9rentes\u00a0propices \u00e0 la cr\u00e9ation : \u00ab\u00a0l\u2019archa\u00efsme du mode de transport, l\u2019\u00e9l\u00e9ment premier sur lequel on navigue, l\u2019eau, et les modes de communication auxquels nous sommes habitu\u00e9s aujourd\u2019hui. C\u2019est donc une passerelle culturelle entre ces temps anciens et notre \u00e9poque contemporaine que l\u2019on convoque\u00a0\u00bb.<\/p>\n<p>L\u2019\u00e9crivain Mathias Enard embarquait \u00e0 bord de la p\u00e9niche L\u2019Ange Gabriel, en tant que premier invit\u00e9 d\u2019une courte navigation test sur la Meuse, en octobre 2016 s\u2019av\u00e8re fascin\u00e9 par \u00ab\u00a0l\u2019\u00e9criture en mouvement\u00a0\u00bb, cette lenteur permettant \u00e0 l\u2019imaginaire de se d\u00e9ployer.<\/p>\n<p>Ainsi, reliant \u00ab\u00a0la pierre\u00a0\u00bb (valorisation des lieux patrimoniaux) et \u00ab\u00a0l\u2019eau\u00a0\u00bb (r\u00e9sidence d\u2019\u00e9crivains et d\u2019artistes \u00e0 bord de bateaux de fleuves), cette premi\u00e8re d\u00e9ambulation fluviale, en collaboration avec Le Livre sur la Place de Nancy et La Foire du Livre de Francfort, va accueillir en r\u00e9sidence d\u00e8s septembre 2017 l\u2019\u00e9crivain Olivier Rolin, grand voyageur, dont l\u2019\u0153uvre est constitu\u00e9e notamment d\u2019une vingtaine de romans (L\u2019Invention du monde, Port-Soudan, Tigre en papier, Le M\u00e9t\u00e9orologue).<\/p>\n<p>Au d\u00e9part de Namur, en Belgique, un premier arr\u00eat est pr\u00e9vu \u00e0 Nancy, puis sur la Meuse, \u00e0 Charleville-M\u00e9zi\u00e8res, avant de rejoindre Verdun et la biblioth\u00e8que b\u00e9n\u00e9dictine de Saint-Mihiel. Via Strasbourg, un autre arr\u00eat de quelques jours \u00e0 Francfort, \u00e0 la Foire du Livre. Sur le Rhin, d\u2019autres escales po\u00e9tiques sont programm\u00e9es (Mannheim, Karlsruhe ou Cologne), avant de regagner Namur en passant par la Hollande (Maastricht) et Li\u00e8ge (Belgique).<\/p>\n<h4><strong>Une belle itin\u00e9rance fluviale \u00e0 d\u00e9couvrir.<\/strong><\/h4>\n<p><a href=\"https:\/\/www.facebook.com\/associationcaranusca\/\">https:\/\/www.facebook.com\/associationcaranusca\/<\/a><\/p>\n<p><a href=\"https:\/\/vimeo.com\/211459856\">https:\/\/vimeo.com\/211459856<\/a> (Teaser)[\/vc_column_text][\/vc_column][vc_column width=&#8221;1\/2&#8243;][vc_single_image image=&#8221;4067&#8243; img_size=&#8221;full&#8221;][vc_single_image image=&#8221;4070&#8243; img_size=&#8221;full&#8221; alignment=&#8221;center&#8221;][vc_single_image image=&#8221;4068&#8243; img_size=&#8221;full&#8221;][\/vc_column][\/vc_row][vc_row full_width=&#8221;stretch_row&#8221; parallax=&#8221;content-moving&#8221;][vc_column css=&#8221;.vc_custom_1475151923476{margin-top: 0px !important;margin-bottom: 0px !important;border-top-width: 0px !important;border-bottom-width: 0px !important;padding-top: 5px !important;padding-bottom: 0px !important;}&#8221;][vc_separator border_width=&#8221;4&#8243;][\/vc_column][\/vc_row][vc_row full_width=&#8221;stretch_row&#8221; parallax=&#8221;content-moving&#8221;][vc_column css=&#8221;.vc_custom_1475150837606{margin-top: 0px !important;margin-bottom: 0px !important;border-top-width: 0px !important;border-bottom-width: 0px !important;padding-top: 0px !important;padding-bottom: 0px !important;}&#8221;][vc_column_text]<\/p>\n<h1>\u00a0<strong>REGULAR\/PERMANENT RESIDENCES<\/strong><\/h1>\n<h1><strong><br \/>\n<\/strong><img loading=\"lazy\" decoding=\"async\" class=\"alignnone size-full wp-image-2400\" src=\"http:\/\/lalorrainedesecrivains.univ-lorraine.fr\/wp-content\/uploads\/2015\/09\/filet-rouge3.png\" alt=\"filet-rouge3\" width=\"600\" height=\"11\" srcset=\"http:\/\/lalorrainedesecrivains.univ-lorraine.fr\/wp-content\/uploads\/2015\/09\/filet-rouge3.png 600w, http:\/\/lalorrainedesecrivains.univ-lorraine.fr\/wp-content\/uploads\/2015\/09\/filet-rouge3-300x6.png 300w\" sizes=\"auto, (max-width: 600px) 100vw, 600px\" \/><\/h1>\n<p>[\/vc_column_text][\/vc_column][\/vc_row][vc_row full_width=&#8221;stretch_row&#8221; parallax=&#8221;content-moving&#8221;][vc_column width=&#8221;1\/3&#8243; css=&#8221;.vc_custom_1475147699843{margin-top: 0px !important;border-top-width: 0px !important;padding-top: 0px !important;}&#8221;][vc_single_image image=&#8221;3075&#8243; img_size=&#8221;full&#8221;][vc_column_text]<\/p>\n<h2><strong>RESIDENCES OF AUTHORS IN RHENANIE-PALATINATE (GERMANY)<\/strong><\/h2>\n<h3><strong><span style=\"text-decoration: underline;\"><a href=\"http:\/\/www.kuenstlerhaus-edenkoben.de\" target=\"_blank\" rel=\"noopener\">K\u00fcnstlerhaus<\/a><\/span>\u00a0(House of artists) Edenkoben\u00a0<\/strong><\/h3>\n<p>Since 1987, the residence of the House of Artists has sought to promote meetings between poets, writers, artists, musicians and translators. In this context, the aim is to transcend borders both at the geographical level and at the artistic level by promoting contemporary literature and poetry linked with a target audience: readers, art lovers, representatives of literary associations and enthusiasts from the\u00a0southern Rhineland-Palatinate. The number of beneficiaries is limited to 4 or 5 artists and writers at a time, that is to say a maximum of 10 per year are invited by the Ministry of Culture of Rhineland-Palatinate. Moreover, since 2005, the Burgundy Regional Council, in partnership with the Regional Book Center of Burgundy, the French Ministry of Foreign Affairs, has hosted a residency in Burgundy and a writer residing in Rhineland-Palatinate. The House of Rhineland-Palatinate (Germany), Maison Jules Roy in V\u00e9zelay, Rhineland-Palatinate House in Dijon and the Artistic Center of Edenkoben, offers a writer living in Burgundy a one-month residence at the artistic center of Edenkoben in Rhineland-Palatinate.<\/p>\n<p><strong><br \/>\nReference\u00a0:<br \/>\n<\/strong><img loading=\"lazy\" decoding=\"async\" class=\"alignnone size-full wp-image-2400\" src=\"http:\/\/lalorrainedesecrivains.univ-lorraine.fr\/wp-content\/uploads\/2015\/09\/filet-rouge3.png\" alt=\"filet-rouge3\" width=\"600\" height=\"11\" srcset=\"http:\/\/lalorrainedesecrivains.univ-lorraine.fr\/wp-content\/uploads\/2015\/09\/filet-rouge3.png 600w, http:\/\/lalorrainedesecrivains.univ-lorraine.fr\/wp-content\/uploads\/2015\/09\/filet-rouge3-300x6.png 300w\" sizes=\"auto, (max-width: 600px) 100vw, 600px\" \/><br \/>\nLacheny, Marc et muller, Suzanne, 2016. La maison d\u2019artistes d\u2019Edenkoben en Allemagne\u00a0: r\u00e9ception, m\u00e9diation, cr\u00e9ation<strong>.\u00a0<\/strong>In\u00a0: BISENIUS-PENIN, Carole (dir.), R\u00e9sidence d\u2019auteurs, cr\u00e9ation litt\u00e9raire et m\u00e9diations culturelles. Vol. 2\u202f: Territoires et publics. Nancy\u00a0: PUN &#8211; \u00c9ditions Universitaires de Lorraine. p.\u00a0133\u2011146.<\/p>\n<p>Summary. \u2013 From the case of the &#8220;house of artists&#8221; (<em>K\u00fcnstlerhau<\/em>s) of Edenkoben, Germany, this article offers an examination of the way this institution operates, of the recruitment and reception of artists (authors, translators, visual artists), and of the relationship between creation and mediation with the public. Concerning literature, special attention is paid here to the vast translation project &#8220;Poetry of Neighbors&#8221; (<em>Poesie der Nachbarn<\/em>). As\u00a0far as fine art is concerned, an examination of the works of Marion Kreissler, Denis Serre and Marko Schiefelbein shows how the Edenkoben artists&#8217; house is transformed into a house of art, a reflection of artistic reality itself. Finally, the survey resulted in an attempt to map the houses of artists and authors&#8217; residences in Germany, which should be refined by further research and expanded to the German-speaking area (Austria, Liechtenstein, Luxembourg, Switzerland, Belgium).<\/p>\n<h2><strong><img loading=\"lazy\" decoding=\"async\" class=\"size-full wp-image-2613 alignnone\" src=\"http:\/\/lalorrainedesecrivains.univ-lorraine.fr\/wp-content\/uploads\/2016\/07\/de2.jpg\" alt=\"de2\" width=\"800\" height=\"223\" srcset=\"http:\/\/lalorrainedesecrivains.univ-lorraine.fr\/wp-content\/uploads\/2016\/07\/de2.jpg 800w, http:\/\/lalorrainedesecrivains.univ-lorraine.fr\/wp-content\/uploads\/2016\/07\/de2-300x84.jpg 300w, http:\/\/lalorrainedesecrivains.univ-lorraine.fr\/wp-content\/uploads\/2016\/07\/de2-768x214.jpg 768w\" sizes=\"auto, (max-width: 800px) 100vw, 800px\" \/><\/strong><\/h2>\n<h2><strong><a href=\"http:\/\/www.stadtschreiber-trier.de\" target=\"_blank\" rel=\"noopener\">Public Writer Grant<\/a>(Stadtschreiber) of the City of Trier<\/strong><\/h2>\n<p>Since 2007, this residence has hosted a German-speaking\u00a0\u00a0\u00a0\u00a0\u00a0\u00a0 writer of contemporary or youth literature for around 6 months with the observation and description of life in Trier as a residential obligation. The expected output includes discussions with the local population, organization of writing workshops and readings of the author\u2019s works (publication of a summary at the end of the mission).<\/p>\n<p><strong>Reference\u00a0:<br \/>\n<\/strong><img loading=\"lazy\" decoding=\"async\" class=\"alignnone size-full wp-image-2400\" src=\"http:\/\/lalorrainedesecrivains.univ-lorraine.fr\/wp-content\/uploads\/2015\/09\/filet-rouge3.png\" alt=\"filet-rouge3\" width=\"600\" height=\"11\" srcset=\"http:\/\/lalorrainedesecrivains.univ-lorraine.fr\/wp-content\/uploads\/2015\/09\/filet-rouge3.png 600w, http:\/\/lalorrainedesecrivains.univ-lorraine.fr\/wp-content\/uploads\/2015\/09\/filet-rouge3-300x6.png 300w\" sizes=\"auto, (max-width: 600px) 100vw, 600px\" \/><br \/>\nDeshouli\u00e8res, Val\u00e9rie, 2014. \u00catre \u00e9crivain en r\u00e9sidence \u00e0 Tr\u00e8ves (Allemagne) : cr\u00e9ation artistique ou industrie culturelle ? Zwangsgeranisierung. Les \u00ab sublimes paroles et idioties \u00bb de Frank P. Meyer. In\u00a0: BISENIUS-PENIN, Carole (dir.), R\u00e9sidence d\u2019auteurs, cr\u00e9ation litt\u00e9raire et m\u00e9diations culturelles (1). A la recherche d\u2019une cartographie. Nancy\u00a0: PUN &#8211; \u00c9ditions Universitaires de Lorraine. 2014. p.\u00a039\u201148.<\/p>\n<p>Summary. &#8211; Since 2007, the city of Trier (Germany) has offered a writer\u2019s residence. Its unique quality is being partly supported by the bishopric. We met the last recipient of this six-month fellowship, Frank P. Meyer, whose short stories written during this residency were published in 2013 under a title which is worth examining: Zwangsgeranisierung, which we will translate as &#8220;Corv\u00e9e de g\u00e9raniums&#8221; (<em>Geranium\u2019s chore<\/em>) . From the floral obligation to the constraint of writing, there is only one step that every Oulipian will easily cross. By playing the village idiot, Frank P. Meyer cleverly defeats the trap of such a sinecure: to value the city that welcomes him at the expense of his art.<\/p>\n<h2><\/h2>\n<p>[\/vc_column_text][\/vc_column][vc_column width=&#8221;2\/3&#8243; css=&#8221;.vc_custom_1475152391825{margin-top: 0px !important;border-top-width: 0px !important;padding-top: 0px !important;background-color: #f2f2f2 !important;}&#8221;][vc_column_text css=&#8221;.vc_custom_1516270363826{padding-top: 10px !important;padding-right: 10px !important;padding-bottom: 10px !important;padding-left: 10px !important;}&#8221;]<\/p>\n<h2><strong><span style=\"text-decoration: underline;\"><a href=\"http:\/\/www.passaporta.be\/fr\/home\" target=\"_blank\" rel=\"noopener\">Residences Of Authors In WALLONIA<\/a><\/span>\u00a0(Belgium)<\/strong><\/h2>\n<h3><strong>Residence Passa Porta Brussels<\/strong><\/h3>\n<p>The International House of Literatures in Brussels (Passa Porta) has invited foreign writers to reside in the literature house or in the Flemish countryside for a period of 2 to 8 weeks since 2004. This gives them the opportunity to work on a manuscript and to discover Belgian and Flemish culture and literature. The aim is to intensify literary exchanges between writers, readers and the professional sector both in Belgium and abroad and to stimulate literary creation by offering writers and translators the inspiring environment of a house of literature conceived as a dynamic and innovative project.<\/p>\n<p><strong>Reference\u00a0:<br \/>\n<\/strong>Bisenius-Penin, Carole, 2015. La Maison internationale des litt\u00e9ratures \u00e0 Bruxelles\u202f: la r\u00e9sidence comme une interface communicationnelle entre des \u0153uvres litt\u00e9raires, des publics et des institutions culturelles. In\u00a0: Bisenius-Penin, Carole (dir.), R\u00e9sidence d\u2019auteurs, cr\u00e9ation litt\u00e9raire et m\u00e9diations culturelles. Vol. 1\u202f: \u00c0 la recherche d\u2019une cartographie. Nancy\u00a0: PUN &#8211; \u00c9ditions Universitaires de Lorraine. p.\u00a0117\u2011130.<\/p>\n<p>Summary. &#8211; This article, through a transdisciplinary approach, aims to think of the concept of an author\u2019s residence as a communication interface between literary works, audiences, and cultural institutions. This study of the Belgian residence Passa Porta (House of literatures, Brussels) attempts to explore the relationship between literature and society by looking for definitive criteria for this resolutely intercultural residential model, while understanding the issues of this different approach to literature which involves the writer and creation at the center of its device. Thus, this residence appears as an authorial staging of the writer and as a space of literary experimentation linked with the local area. As a literary, creative and cultural center, this dynamic and multicultural residence is a real asset as an experimental\u00a0\u00a0 laboratory for contemporary literature and for cultural policies in the Greater Region.<\/p>\n<h2><strong>R\u00e9sidence de Mariemont\u00a0<\/strong><strong>Morlanwelz&#8217;<\/strong><\/h2>\n<p><a href=\"http:\/\/www.ced-wb.be\/16-2\/\" target=\"_blank\" rel=\"noopener\"><img loading=\"lazy\" decoding=\"async\" class=\"alignnone size-full wp-image-3080\" src=\"http:\/\/lalorrainedesecrivains.univ-lorraine.fr\/wp-content\/uploads\/2016\/09\/regards.jpg\" alt=\"regards\" width=\"1920\" height=\"266\" srcset=\"http:\/\/lalorrainedesecrivains.univ-lorraine.fr\/wp-content\/uploads\/2016\/09\/regards.jpg 1920w, http:\/\/lalorrainedesecrivains.univ-lorraine.fr\/wp-content\/uploads\/2016\/09\/regards-300x42.jpg 300w, http:\/\/lalorrainedesecrivains.univ-lorraine.fr\/wp-content\/uploads\/2016\/09\/regards-768x106.jpg 768w, http:\/\/lalorrainedesecrivains.univ-lorraine.fr\/wp-content\/uploads\/2016\/09\/regards-1024x142.jpg 1024w\" sizes=\"auto, (max-width: 1920px) 100vw, 1920px\" \/>ced-wb.be<\/a><\/p>\n<p><strong>\u00a0<\/strong>La Communaut\u00e9 fran\u00e7aise de Belgique a confi\u00e9 au Centre des Ecritures Dramatiques Wallonie-Bruxelles, la gestion culturelle d\u2019une r\u00e9sidence d\u2019\u00e9criture th\u00e9\u00e2trale, en partenariat avec le Mus\u00e9e royal de Mariemont en 2008. Ce lieu, entre Charleroi et Mons, est destin\u00e9 principalement \u00e0 accueillir un auteur dramatique (belge ou \u00e9tranger) pour une dur\u00e9e de 2 \u00e0 8 semaines dans les conditions de semi-retraite offertes par ce cadre remarquable. Cette r\u00e9sidence a pour principaux objectifs: l\u2019aide aux auteurs dans la gestation de leurs \u0153uvres et la diffusion et la promotion de celles-ci dans le monde th\u00e9\u00e2tral et litt\u00e9raire en Belgique et \u00e0 l\u2019\u00e9tranger.<\/p>\n<p><strong>R\u00e9f\u00e9rence\u00a0:<\/strong><\/p>\n<p>Oriol-Boyer, Claudette, 2014. Mariemont, une r\u00e9sidence th\u00e9\u00e2trale de cr\u00e9ation. In\u00a0: Bisenius-Penin, Carole (dir.), R\u00e9sidence d\u2019auteurs, cr\u00e9ation litt\u00e9raire et m\u00e9diations culturelles. Vol. 1\u202f: \u00c0 la recherche d\u2019une cartographie. Nancy\u00a0: PUN &#8211; \u00c9ditions Universitaires de Lorraine. p.\u00a0107-116.<\/p>\n<p>R\u00e9sum\u00e9. &#8211;\u00a0La r\u00e9sidence de Mariemont (Belgique) est issue du Centre des \u00e9critures dramatiques de Wallonie-Bruxelles et lui demeure \u00e9troitement li\u00e9e. Elle est centr\u00e9e sur l\u2019\u00e9criture de textes dramatiques contemporains. Depuis avril 2009, un ou plusieurs auteurs de th\u00e9\u00e2tre l\u2019occupent successivement. Chaque auteur r\u00e9side seul et peut, s\u2019il en \u00e9prouve le besoin, se faire accompagner par un com\u00e9dien ou par un metteur en sc\u00e8ne, la disposition du lieu permettant la cohabitation de deux personnes. Le Centre des \u00e9critures dramatiques veut avant tout donner du temps d\u2019\u00e9criture aux auteurs, apporter une aide \u00e0 la production des textes (des parrains accompagnent le r\u00e9sident dans son \u00e9criture), favoriser les mixages culturels. Dans le temps de la r\u00e9sidence, l\u2019auteur ne re\u00e7oit aucune r\u00e9mun\u00e9ration et a tr\u00e8s peu d\u2019activit\u00e9s orient\u00e9es vers la m\u00e9diation culturelle. Ce n\u2019est pas une r\u00e9sidence de cons\u00e9cration. C\u2019est une r\u00e9sidence de cr\u00e9ation avant tout.<\/p>\n<p><strong>\u00a0<\/strong><\/p>\n<h2><strong>Residence for writers and poets in the\u00a0\u00a0<span style=\"text-decoration: underline;\"><a href=\"http:\/\/maisondelapoesie.com\/index.php?page=auteurs-en-residence\" target=\"_blank\" rel=\"noopener\">House of Poetry in Amay<\/a><\/span><\/strong><strong>(Maison de la po\u00e9sie d&#8217;Amay)<\/strong><\/h2>\n<p><img loading=\"lazy\" decoding=\"async\" class=\"size-full wp-image-3077 alignnone\" src=\"http:\/\/lalorrainedesecrivains.univ-lorraine.fr\/wp-content\/uploads\/2016\/09\/baleine.jpg\" alt=\"baleine\" width=\"800\" height=\"421\" srcset=\"http:\/\/lalorrainedesecrivains.univ-lorraine.fr\/wp-content\/uploads\/2016\/09\/baleine.jpg 800w, http:\/\/lalorrainedesecrivains.univ-lorraine.fr\/wp-content\/uploads\/2016\/09\/baleine-300x158.jpg 300w, http:\/\/lalorrainedesecrivains.univ-lorraine.fr\/wp-content\/uploads\/2016\/09\/baleine-768x404.jpg 768w\" sizes=\"auto, (max-width: 800px) 100vw, 800px\" \/><\/p>\n<p>In 2006, the author residence received the official recognition of the Belgium Ministry of Culture of the French community (later named Federation Wallonie-Bruxelles). The aim of the\u00a0residence (from 3 up to 6 months) is to build a place of quality, a relay for poetic words, a place without borders where it is possible to establish sustainable links between French speaking poets as well as from others languages and cultures. Moreover, evening readings here or in other places in Belgium, the residence author commits to producing and furnishing a text which can be incorporated into the collection \u201cR\u00e9sidence\u201d from the editions of L\u2019arbre \u00e0 Paroles.<\/p>\n<p><strong>References :<\/strong><br \/>\nL\u00e9vy, Clara, 2014. La Maison de la Po\u00e9sie, une r\u00e9sidence tout en souplesse. In\u00a0: Bisenius-Penin, Carole (dir.), R\u00e9sidence d\u2019auteurs, cr\u00e9ation litt\u00e9raire et m\u00e9diations culturelles. Vol. 1\u202f: \u00c0 la recherche d\u2019une cartographie. Nancy\u00a0: PUN &#8211; \u00c9ditions Universitaires de Lorraine. p.\u00a097\u2011106.<\/p>\n<p>Summary. &#8211; this text regards the authors\u2019 residences linked with the Maison de la Po\u00e9sie based in Amay, Belgium. By examining successively all the criteria which is usually defined as an author\u2019s residence, it becomes clear that the Maison de la Po\u00e9sie is one of them. But this residence can work on an unusually flexible mode where almost everything is disputable and negotiable with the poet in residence.<\/p>\n<p>Vandeninden, Elise, 2016. Le\u00a0<em>versus<\/em>\u00a0de la m\u00e9diation\u00a0: les repr\u00e9sentations du public dans les r\u00e9sidences d\u2019auteurs belges. In\u00a0: Bisenius-Penin, Carole (dir.), R\u00e9sidence d\u2019auteurs, cr\u00e9ation litt\u00e9raire et m\u00e9diations culturelles. Vol. 2\u202f: Territoires et publics. Nancy\u00a0: PUN &#8211; \u00c9ditions Universitaires de Lorraine. p.\u00a0181-192.<\/p>\n<p>Summary. \u2013 speaking of authors\u2019 residences under the prism of cultural mediation implies a debate on the subject of these audiences and their actions realized for them. The originality of our work will be to suggest a reflection on the audiences of residences by working not on the reception of the tools but on their conceptions. This means by speaking in more detail what Bernadette Dufr\u00eane and Michel Gellereau called the \u201cversus des actions\u201d of mediation, which, by digging into the intentions that presided the realization of expression, their \u201cpolitical\u201d dimension becomes apparent. This will be analyzed through qualitative meetings with those overseeing the three Belgium authors\u2019 residences (Amay, Passa Porta and Pont d\u2019Oye). The aim of this comparative approach will help to highlight the different conceptions of public, of culture but also of the roles and missions which the studied cultural institutions adopt.[\/vc_column_text][vc_single_image image=&#8221;3082&#8243; img_size=&#8221;full&#8221; alignment=&#8221;center&#8221;][\/vc_column][\/vc_row][vc_row full_width=&#8221;stretch_row&#8221; parallax=&#8221;content-moving&#8221;][vc_column css=&#8221;.vc_custom_1475147699843{margin-top: 0px !important;border-top-width: 0px !important;padding-top: 0px !important;}&#8221;][vc_column_text]<\/p>\n<h2><span style=\"text-decoration: underline;\"><a href=\"http:\/\/www.cnl.public.lu\/fr\/education\/struwwelpippi\/index.html\" target=\"_blank\" rel=\"noopener\">\u00a0Authors&#8217; residences in<strong>\u00a0Luxembourg<\/strong><\/a><\/span><\/h2>\n<h3><strong>Residence Struwwelpippi\u00a0<\/strong><strong>(Echternach)\u00a0<\/strong><\/h3>\n<p><img loading=\"lazy\" decoding=\"async\" class=\" wp-image-3083 alignleft\" src=\"http:\/\/lalorrainedesecrivains.univ-lorraine.fr\/wp-content\/uploads\/2016\/09\/livre-enfant1.jpg\" alt=\"livre-enfant1\" width=\"561\" height=\"291\" \/>This is a German authors\u2019 residence of books for kids and for youth, the only one in Europe to specialize in this field. Since 2002, it is organized by the National Center of Literature and the city of Echternach in collaboration with the Ministry of culture, Higher education and Research- Luxembourg.\u00a0The name of the authors\u2019 residence Struwwelpippi takes its origins in a\u00a0conference on literature for kids and for youth during a continuing education class for teachers. It is the contraction of two major classic works of German literature for children Struwwelpeter (Shockheaded Peter) by Heinrich Hoffmann and Pippi Langstrumpf (Pippi Longstocking) by Astrid Lindgren. This fictive character comes to the &#8220;Springprozession&#8221; (dancing procession of Echternach), a religious and cultural traditional event organized on Tuesday of Pentecost, immaterial heritage of UNESCO. One of the goals of the residence is to bring very young children to readings and the pleasure to read. This is why authors will need to express themselves in the language children practice first.[\/vc_column_text][\/vc_column][\/vc_row][vc_row full_width=&#8221;stretch_row&#8221; parallax=&#8221;content-moving&#8221;][vc_column css=&#8221;.vc_custom_1475151923476{margin-top: 0px !important;margin-bottom: 0px !important;border-top-width: 0px !important;border-bottom-width: 0px !important;padding-top: 5px !important;padding-bottom: 0px !important;}&#8221;][vc_column_text css=&#8221;.vc_custom_1516270588279{padding-top: 10px !important;padding-right: 20px !important;padding-bottom: 20px !important;padding-left: 20px !important;background-color: #f2f2f2 !important;}&#8221;]<strong>Reference\u00a0:<\/strong><br \/>\nGlesener, Jeanne E., 2014. D\u00e9fis et enjeux de la r\u00e9sidence d&#8217;auteur jeunes publics :<br \/>\nStruwwelpippi dans le contexte luxembourgeois. In\u00a0: Bisenius-Penin, Carole (dir.), R\u00e9sidence d\u2019auteurs, cr\u00e9ation litt\u00e9raire et m\u00e9diations culturelles. Vol. 1\u202f: \u00c0 la recherche d\u2019une cartographie. Nancy\u00a0: PUN &#8211; \u00c9ditions Universitaires de Lorraine. p.\u00a0131\u2011144.<\/p>\n<p>Summary. \u2013 this article presents the Struwwelpippi kommt zur Springprozession authors\u2019 residence organized in collaboration with the Ministry of culture of Luxembourg, the national center of literature and the city of Echternach. Finding the device of the authors\u2019 residence as a way to promote the cultural transfer between territories, the concept and the organization of this residence will be\u00a0presented more in detail. Emphasis will be placed on geo-cultural registration both at the level of the concept and benefits. The article will hold that the device of the author&#8217;s residence turns out to be a propitious way to contribute to the dissemination of the culture of small countries.[\/vc_column_text][\/vc_column][\/vc_row][vc_row full_width=&#8221;stretch_row&#8221; parallax=&#8221;content-moving&#8221;][vc_column css=&#8221;.vc_custom_1475164454404{margin-bottom: 0px !important;border-bottom-width: 0px !important;padding-bottom: 0px !important;}&#8221;][vc_separator border_width=&#8221;4&#8243;][\/vc_column][\/vc_row][vc_row full_width=&#8221;stretch_row&#8221; gap=&#8221;1&#8243; content_placement=&#8221;middle&#8221; parallax=&#8221;content-moving&#8221; parallax_image=&#8221;1856&#8243;][vc_column][vc_empty_space height=&#8221;50px&#8221;][vc_custom_heading text=&#8221;APPROCHE COMPAR\u00c9E : TERRITOIRE QU\u00c9B\u00c9COIS&#8221; font_container=&#8221;tag:h2|font_size:64|text_align:left|color:%23ffffff&#8221; google_fonts=&#8221;font_family:Lato%3A100%2C100italic%2C300%2C300italic%2Cregular%2Citalic%2C700%2C700italic%2C900%2C900italic|font_style:700%20bold%20regular%3A700%3Anormal&#8221;][vc_empty_space height=&#8221;50px&#8221;][\/vc_column][\/vc_row][vc_row full_width=&#8221;stretch_row&#8221; parallax=&#8221;content-moving&#8221;][vc_column][vc_column_text]<\/p>\n<h4>Au sein de l\u2019espace francophone, le Qu\u00e9bec poss\u00e8de sur son territoire, outre les grandes villes (Qu\u00e9bec, Montr\u00e9al\u2026) de nombreux sites r\u00e9sidentiels en r\u00e9gion (Laurentides, Outaouais, Nunavik\u2026). La politique culturelle du Qu\u00e9bec, \u00e0 travers notamment la cr\u00e9ation en 1994 du\u00a0<span style=\"text-decoration: underline;\"><a href=\"https:\/\/www.calq.gouv.qc.ca\" target=\"_blank\" rel=\"noopener\">Conseil des arts et des lettres<\/a><\/span>, a favoris\u00e9 le d\u00e9veloppement des r\u00e9sidences, au plan local, mais aussi international gr\u00e2ce \u00e0 de nombreux partenariats (Argentine, Belgique, France, Ha\u00efti, Japon, Mexique\u2026) visant \u00e0 mettre en place des dispositifs r\u00e9sidentiels crois\u00e9s, \u00e0 privil\u00e9gier la cr\u00e9ation et l\u2019exp\u00e9rimentation\u00a0litt\u00e9raire en lien avec les populations.<\/h4>\n<h4>A partir d\u2019une typologie des r\u00e9sidences en cours de construction, l\u2019objectif est ici d\u2019effectuer un focus, une s\u00e9lection de sites r\u00e9sidentiels afin de saisir leurs diversit\u00e9s.<\/h4>\n<p>[\/vc_column_text][\/vc_column][\/vc_row][vc_row full_width=&#8221;stretch_row&#8221; parallax=&#8221;content-moving&#8221;][vc_column][vc_column_text]\n<!-- iframe plugin v.4.5 wordpress.org\/plugins\/iframe\/ -->\n<iframe loading=\"lazy\" src=\"http:\/\/tonic-geo2.uni.lu:8080\/atlasfx\/js\/index.html?mapId=149\" width=\"100%\" height=\"600\" scrolling=\"yes\" class=\"iframe-class\" frameborder=\"0\"><\/iframe>\n[\/vc_column_text][\/vc_column][\/vc_row][vc_row full_width=&#8221;stretch_row&#8221; parallax=&#8221;content-moving&#8221; css=&#8221;.vc_custom_1475170338965{margin-bottom: 0px !important;border-bottom-width: 0px !important;}&#8221;][vc_column css=&#8221;.vc_custom_1475170364125{margin-bottom: 0px !important;border-bottom-width: 0px !important;}&#8221;][vc_custom_heading text=&#8221;VILLE DE QUEBEC&#8221; font_container=&#8221;tag:h2|font_size:48|text_align:left&#8221; google_fonts=&#8221;font_family:Lato%3A100%2C100italic%2C300%2C300italic%2Cregular%2Citalic%2C700%2C700italic%2C900%2C900italic|font_style:700%20bold%20regular%3A700%3Anormal&#8221; css=&#8221;.vc_custom_1475254536468{margin-bottom: 0px !important;border-bottom-width: 0px !important;padding-bottom: 0px !important;}&#8221;][vc_single_image image=&#8221;2400&#8243; img_size=&#8221;full&#8221; css=&#8221;.vc_custom_1475254365910{margin-top: 0px !important;border-top-width: 0px !important;padding-top: 0px !important;}&#8221;][vc_column_text css=&#8221;.vc_custom_1475573111502{margin-bottom: 0px !important;border-bottom-width: 0px !important;padding-bottom: 0px !important;}&#8221;]<\/p>\n<h3><strong>Qu\u00e9bec\u00a0:\u00a0<span style=\"text-decoration: underline;\"><a href=\"http:\/\/www.maisondelalitterature.qc.ca\" target=\"_blank\" rel=\"noopener\">La Maison de la litt\u00e9rature<\/a><\/span><\/strong><\/h3>\n<p><strong>\u00a0<\/strong>La \u00ab Maison de la litt\u00e9rature \u00bb est un lieu innovant fond\u00e9 sur la recherche d\u2019un accompagnement offre aux auteurs, aux professionnels du livre et aux publics, un espace de mutualisation et de ressources, tout en participant au renouvellement du maillage territorial, via le soutien \u00e0 l\u2019initiative litt\u00e9raire (cr\u00e9ation et exp\u00e9rimentations).<br \/>\nConstruite \u00e0 partir d\u2019un \u00e9difice patrimonial abandonn\u00e9 dans le quartier du Vieux-Qu\u00e9bec (l\u2019ancien temple Wesley), la Maison d\u00e9pend d\u2019une institution litt\u00e9raire prestigieuse (l\u2019Institut Canadien de Qu\u00e9bec), organisme culturel priv\u00e9 \u00e0 but non lucratif fond\u00e9 en 1848, administrant le r\u00e9seau de la Biblioth\u00e8que de Qu\u00e9bec et ayant notamment comme objectifs \u00a0:<br \/>\n\u00ab\u00a0Enrichir la vie culturelle des citoyens et faire de Qu\u00e9bec une ville litt\u00e9raire cr\u00e9ative qui rayonne au Qu\u00e9bec, dans la francophonie et dans le monde\u00a0\u00bb.<br \/>\n\u00ab promouvoir et rendre accessibles le savoir et la culture en offrant des services de biblioth\u00e8que, de m\u00e9diation et de diffusion culturelle et litt\u00e9raire\u00a0<span style=\"text-decoration: underline;\"><a href=\"http:\/\/www.institutcanadien.qc.ca\/mission-vision-et-champs-intervention\" target=\"_blank\" rel=\"noopener\">institutcanadien.qc.ca<\/a><\/span>.\u00a0Dans le cadre de ce projet initi\u00e9 en 2007, la ville et le minist\u00e8re de la Culture se sont engag\u00e9s \u00e0 repositionner les \u00e9crivains au c\u0153ur de l\u2019univers urbain gr\u00e2ce \u00e0 la cr\u00e9ation de ce lieu qui s\u2019av\u00e8re particuli\u00e8rement pertinent dans la mesure o\u00f9 il cherche \u00e0 articuler\u00a0:<\/p>\n<ul>\n<li>les divers champs de la litt\u00e9rature, \u00e0 la fois la cr\u00e9ation (\u00ab r\u00e9sidences d\u2019auteurs, cabinets d\u2019\u00e9criture, studio de cr\u00e9ation, atelier de bande dessin\u00e9e et d\u2019illustration\u2026 \u00bb),<\/li>\n<li>la diffusion (\u00ab biblioth\u00e8que publique, salon de lecture, espace web, expositions, bureaux pour les organismes litt\u00e9raires \u00bb),<\/li>\n<li>les m\u00e9diations culturelles (\u00ab bistro litt\u00e9raire, spectacles litt\u00e9raires, des performances, des rencontres d\u2019auteur \u00bb),<\/li>\n<li>sans oublier la formation (\u00ab les jeunes de la rel\u00e8ve litt\u00e9raire pourront y rencontrer leur mentor, obtenir du soutien et de la formation et pr\u00e9senter au public le r\u00e9sultat de leur travail \u00bb).<\/li>\n<\/ul>\n<h4>La Maison propose ainsi \u00e0 Qu\u00e9bec plusieurs programmes r\u00e9sidentiels.<\/h4>\n<p>[\/vc_column_text][\/vc_column][\/vc_row][vc_row full_width=&#8221;stretch_row&#8221; parallax=&#8221;content-moving&#8221; css=&#8221;.vc_custom_1475171275670{margin-top: 0px !important;margin-bottom: 0px !important;border-top-width: 0px !important;border-bottom-width: 0px !important;padding-top: 0px !important;}&#8221;][vc_column width=&#8221;1\/2&#8243; css=&#8221;.vc_custom_1475171296034{margin-top: 0px !important;margin-bottom: 0px !important;border-top-width: 0px !important;border-bottom-width: 0px !important;padding-top: 0px !important;}&#8221;][vc_single_image image=&#8221;2654&#8243; img_size=&#8221;full&#8221;][\/vc_column][vc_column width=&#8221;1\/2&#8243; css=&#8221;.vc_custom_1475171287315{margin-top: 0px !important;margin-bottom: 0px !important;border-top-width: 0px !important;border-bottom-width: 0px !important;padding-top: 0px !important;padding-bottom: 0px !important;}&#8221;][vc_single_image image=&#8221;3093&#8243; img_size=&#8221;full&#8221; css=&#8221;.vc_custom_1475416437111{margin-bottom: 0px !important;border-bottom-width: 0px !important;padding-bottom: 0px !important;}&#8221;][\/vc_column][\/vc_row][vc_row full_width=&#8221;stretch_row&#8221; parallax=&#8221;content-moving&#8221; css=&#8221;.vc_custom_1475170338965{margin-bottom: 0px !important;border-bottom-width: 0px !important;}&#8221;][vc_column css=&#8221;.vc_custom_1475254669386{margin-bottom: 0px !important;border-bottom-width: 0px !important;padding-bottom: 0px !important;}&#8221;][vc_single_image image=&#8221;2400&#8243; img_size=&#8221;full&#8221; css=&#8221;.vc_custom_1475254636646{margin-bottom: 0px !important;border-bottom-width: 0px !important;padding-bottom: 0px !important;}&#8221;][\/vc_column][\/vc_row][vc_row full_width=&#8221;stretch_row&#8221; parallax=&#8221;content-moving&#8221; css=&#8221;.vc_custom_1475254647445{margin-top: 0px !important;border-top-width: 0px !important;padding-top: 0px !important;}&#8221;][vc_column width=&#8221;1\/2&#8243; css=&#8221;.vc_custom_1475254659376{margin-top: 0px !important;border-top-width: 0px !important;padding-top: 0px !important;}&#8221;][vc_column_text css=&#8221;.vc_custom_1475573193765{margin-top: 0px !important;border-top-width: 0px !important;padding-top: 0px !important;}&#8221;]<\/p>\n<h3><strong>R\u00e9sidences crois\u00e9es\u00a0: ouverture internationale<\/strong><\/h3>\n<h4><span style=\"text-decoration: underline;\"><a href=\"http:\/\/www.arts-ville.org\/bulletins-communiques\/article\/residence-decriture-quebec-paris\/\" target=\"_blank\" rel=\"noopener\">R\u00e9sidence d\u2019\u00e9criture Qu\u00e9bec-Paris<\/a><\/span><\/h4>\n<p>Dans le cadre d&#8217;un accord de coop\u00e9ration entre les villes de Qu\u00e9bec et de Paris en vue de d\u00e9velopper les initiatives permettant l&#8217;expression des \u00e9crivains des deux villes, ainsi que la promotion de la litt\u00e9rature francophone aupr\u00e8s du public, est n\u00e9e cette r\u00e9sidence crois\u00e9e. Chaque ann\u00e9e, pour un s\u00e9jour de 3 mois, autour d\u2019un projet d\u2019\u00e9criture (roman, nouvelle, essai litt\u00e9raire, po\u00e9sie, conte, \u00e9criture dramatique), un auteur parisien est re\u00e7u \u00e0 Qu\u00e9bec et un auteur qu\u00e9b\u00e9cois est accueilli en r\u00e9sidence dans les ateliers de la ville de Paris, \u00e0 la\u00a0<span style=\"text-decoration: underline;\"><a href=\"http:\/\/www.citedesartsparis.fr\" target=\"_blank\" rel=\"noopener\">Cit\u00e9 internationale des Arts<\/a><\/span><strong><br \/>\n<\/strong>Dans ce cadre, par exemple l\u2019\u00e9crivaine\u00a0<span style=\"text-decoration: underline;\"><a href=\"http:\/\/www.maisondelalitterature.qc.ca\/media\/107563\/fiche_fabiennejacob.pdf\" target=\"_blank\" rel=\"noopener\">Fabienne Jacob<\/a><\/span>, n\u00e9e en Lorraine, a \u00e9t\u00e9 re\u00e7u \u00e0 Qu\u00e9bec en 2011.<\/p>\n<p>[\/vc_column_text][vc_single_image image=&#8221;3096&#8243; img_size=&#8221;full&#8221;][\/vc_column][vc_column width=&#8221;1\/2&#8243; css=&#8221;.vc_custom_1475171492029{margin-top: 0px !important;border-top-width: 0px !important;padding-top: 0px !important;}&#8221;][vc_column_text css=&#8221;.vc_custom_1475573263362{margin-top: 0px !important;border-top-width: 0px !important;padding-top: 0px !important;}&#8221;]<\/p>\n<h3><span style=\"text-decoration: underline;\"><a href=\"http:\/\/ecla.aquitaine.fr\/Programmes-specifiques\/Residences\/Residences-de-La-Prevote\/Les-dispositifs\/Residence-croisee-Aquitaine-Quebec\" target=\"_blank\" rel=\"noopener\">R\u00e9sidence de cr\u00e9ation Qu\u00e9bec-Bordeaux<\/a><\/span><\/h3>\n<p><a href=\"http:\/\/ecla.aquitaine.fr\/Programmes-specifiques\/Residences\/Residences-de-La-Prevote\/Les-dispositifs\/Residence-croisee-Aquitaine-Quebec\" target=\"_blank\" rel=\"noopener\"><img loading=\"lazy\" decoding=\"async\" class=\" wp-image-3094 alignleft\" src=\"http:\/\/lalorrainedesecrivains.univ-lorraine.fr\/wp-content\/uploads\/2016\/09\/conte2.jpg\" alt=\"conte2\" width=\"576\" height=\"806\" srcset=\"http:\/\/lalorrainedesecrivains.univ-lorraine.fr\/wp-content\/uploads\/2016\/09\/conte2.jpg 800w, http:\/\/lalorrainedesecrivains.univ-lorraine.fr\/wp-content\/uploads\/2016\/09\/conte2-214x300.jpg 214w, http:\/\/lalorrainedesecrivains.univ-lorraine.fr\/wp-content\/uploads\/2016\/09\/conte2-768x1075.jpg 768w, http:\/\/lalorrainedesecrivains.univ-lorraine.fr\/wp-content\/uploads\/2016\/09\/conte2-731x1024.jpg 731w\" sizes=\"auto, (max-width: 576px) 100vw, 576px\" \/><\/a><\/p>\n<p>En 2007, dans le cadre de la coop\u00e9ration entre l\u2019Aquitaine et le Qu\u00e9bec, l&#8217;agence culturelle du Conseil r\u00e9gional \u00c9cla (Ecrit Cin\u00e9ma Livre Audiovisuel en Aquitaine) et l\u2019Institut Canadien de Qu\u00e9bec, gestionnaire de biblioth\u00e8ques publiques, se sont associ\u00e9s pour mettre en place un \u00e9change r\u00e9sidentiel d\u2019une dur\u00e9e de deux mois chaque ann\u00e9e. L\u2019originalit\u00e9 de cette r\u00e9sidence crois\u00e9e porte sur l\u2019alternance litt\u00e9raire, puisque les ann\u00e9es impaires sont d\u00e9di\u00e9es \u00e0 la bande dessin\u00e9e et les ann\u00e9es paires \u00e0 la litt\u00e9rature jeunesse. L\u2019auteur-r\u00e9sident est invit\u00e9 \u00e0 participer \u00e0 quelques rencontres professionnelles et\/ou publiques (en librairie, biblioth\u00e8que, festival de bande dessin\u00e9e, salon du livre ou milieu scolaire).<\/p>\n<p>Dans ce cadre, par exemple la b\u00e9d\u00e9iste\u00a0<span style=\"text-decoration: underline;\"><a href=\"http:\/\/www.maisondelalitterature.qc.ca\/media\/107546\/fiche-laureline-mattiussi.pdf\" target=\"_blank\" rel=\"noopener\">Laureline Mattiussi<\/a><\/span>, n\u00e9e en Lorraine, a \u00e9t\u00e9 re\u00e7u \u00e0 Qu\u00e9bec en 2009.[\/vc_column_text][\/vc_column][\/vc_row][vc_row full_width=&#8221;stretch_row&#8221; parallax=&#8221;content-moving&#8221;][vc_column css=&#8221;.vc_custom_1475254873236{border-bottom-width: 0px !important;padding-bottom: 0px !important;}&#8221;][vc_single_image image=&#8221;1555&#8243; img_size=&#8221;full&#8221; css=&#8221;.vc_custom_1475254862850{margin-bottom: 0px !important;border-bottom-width: 0px !important;padding-bottom: 0px !important;}&#8221;][\/vc_column][\/vc_row][vc_row full_width=&#8221;stretch_row&#8221; parallax=&#8221;content-moving&#8221;][vc_column width=&#8221;2\/3&#8243;][vc_column_text]<\/p>\n<h3><span style=\"text-decoration: underline;\"><a href=\"https:\/\/penquebec.org\/2015\/12\/23\/quest-ce-que-le-programme-de-residence-du-p-e-n-quebec\/\" target=\"_blank\" rel=\"noopener\">R\u00e9sidence d\u2019\u00e9crivains en collaboration avec le Centre qu\u00e9b\u00e9cois de P.E.N. international<\/a><\/span><\/h3>\n<p>Depuis 2006, en collaboration avec le Centre qu\u00e9b\u00e9cois du P.E.N. et la Ville de Qu\u00e9bec, \u00a0les \u00e9crivains en exil au Canada, b\u00e9n\u00e9ficient d\u2019une r\u00e9sidence de trois mois \u00e0 la Maison de la litt\u00e9rature. L\u2019acronyme \u00ab P.E.N. \u00bb renvoie au mot anglais \u00ab plume \u00bb, dont les trois lettres repr\u00e9sentent \u00e9galement les mots poets, essayists, novelists (po\u00e8tes, essayistes, nouvellistes \u2013 romanciers). Il s\u2019agit d\u2019un organisme d\u2019\u00e9crivains (po\u00e8tes, romanciers, essayistes, auteurs dramatiques, critiques, traducteurs, journalistes) fond\u00e9 \u00e0 Londres (1921) qui fait la promotion de l\u2019importance de la litt\u00e9rature et qui\u00a0d\u00e9fend la libert\u00e9 d\u2019expression partout dans le monde \u00e0 travers plus de 100 pays\u00a0:<br \/>\n\u00ab\u00a0La litt\u00e9rature, quelle que soit son origine nationale, ne conna\u00eet pas de fronti\u00e8res et devrait rester une valeur commune aux nations en d\u00e9pit des bouleversements politiques et internationaux.\u00a0\u00bb<\/p>\n<p>Cette r\u00e9sidence s\u2019articule autour d\u2019un double objectif\u00a0:<br \/>\n\u2022 aider les \u00e9crivains en exil \u00e0 reprendre leur pratique et leurs activit\u00e9s professionnelles au Canada.<br \/>\n\u2022 aider les \u00e9crivains pr\u00e9occup\u00e9s par la libert\u00e9 d\u2019expression \u00e0 poursuivre leur travail li\u00e9 \u00e0 cette question. La r\u00e9sidence permet d\u2019\u00e9tablir des partenariats avec des institutions d\u2019enseignement, des biblioth\u00e8ques et la communaut\u00e9 litt\u00e9raire de la ville d\u2019accueil.<\/p>\n<p><a href=\"https:\/\/penquebec.org\/pen-international\/\" target=\"_blank\" rel=\"noopener\">penquebec.org\/pen-international<\/a><\/p>\n<p>Dans ce cadre, par exemple l\u2019auteur et journaliste alg\u00e9rien\u00a0<span style=\"text-decoration: underline;\"><a href=\"http:\/\/www.maisondelalitterature.qc.ca\/media\/107577\/fiche_afares.pdf\" target=\"_blank\" rel=\"noopener\">Aziz Far\u00e8s<\/a><\/span>\u00a0a \u00e9t\u00e9 re\u00e7u \u00e0 Qu\u00e9bec en 2015.[\/vc_column_text][\/vc_column][vc_column width=&#8221;1\/3&#8243;][vc_single_image image=&#8221;3334&#8243; img_size=&#8221;full&#8221;][vc_single_image image=&#8221;2679&#8243; img_size=&#8221;full&#8221;][\/vc_column][\/vc_row][vc_row full_width=&#8221;stretch_row&#8221; parallax=&#8221;content-moving&#8221; css=&#8221;.vc_custom_1475167731166{background-color: #f2f2f2 !important;}&#8221;][vc_column width=&#8221;2\/3&#8243;][vc_column_text]<\/p>\n<h3><strong>R\u00e9sidence pour la rel\u00e8ve qu\u00e9b\u00e9coise<\/strong><\/h3>\n<p>Sous cet intitul\u00e9, il est possible de d\u00e9couvrir un dispositif cr\u00e9atif et citoyen innovant, une r\u00e9sidence d\u00e9di\u00e9e \u00e0 des auteurs en d\u00e9but de carri\u00e8re afin d\u2019obtenir un soutien pour la r\u00e9alisation d\u2019un projet de cr\u00e9ation, de \u00ab\u00a0soutenir la rel\u00e8ve artistique du Qu\u00e9bec\u00a0\u00bb. La r\u00e9sidence constitue un outil pertinent dans le cadre de la politique culturelle men\u00e9e par le biais du programme\u00a0<a href=\"https:\/\/premiereovation.com\/a-propos\/index.aspx\" target=\"_blank\" rel=\"noopener\"><span style=\"text-decoration: underline;\">Premi\u00e8re Ovation<\/span>\u00a0<\/a>(Un tremplin pour la rel\u00e8ve)<\/p>\n<p>\u00ab\u00a0Implant\u00e9e en\u00a02008 par la Ville de\u00a0Qu\u00e9bec, la mesure Premi\u00e8re\u00a0Ovation vise \u00e0 soutenir les d\u00e9buts artistiques des jeunes talents en leur donnant les moyens de cr\u00e9er et de vivre leurs premi\u00e8res exp\u00e9riences professionnelles. Lors de Qu\u00e9bec horizon culture, en\u00a02009, le minist\u00e8re de la Culture et des\u00a0Communications s&#8217;est associ\u00e9 \u00e0 la Ville de\u00a0Qu\u00e9bec pour soutenir Premi\u00e8re Ovation par l&#8217;entremise de l&#8217;Entente de d\u00e9veloppement culturel. \u00c0\u00a0cette occasion, de nouvelles disciplines se sont ajout\u00e9es \u00e0 la musique et au th\u00e9\u00e2tre, soit la danse, les arts\u00a0litt\u00e9raires, les arts\u00a0visuels, les arts\u00a0m\u00e9diatiques et les m\u00e9tiers\u00a0d&#8217;art. En\u00a02012, Premi\u00e8re Ovation a ajout\u00e9 les\u00a0arts\u00a0multi et, en\u00a02015, le\u00a0cirque et le patrimoine\u00a0\u00bb.<\/p>\n<p>L\u2019objectif est de faciliter \u00ab\u00a0l\u2019insertion de la rel\u00e8ve litt\u00e9raire dans le milieu professionnel\u00a0\u00bb, tout en favorisant une certaine visibilit\u00e9 \u00e0 l\u2019auteur. Cette aide r\u00e9sidentielle concerne les jeunes \u00e9crivains (entre 18 et 35 ans) r\u00e9sidant sur le territoire de la ville de Qu\u00e9bec et se d\u00e9cline sous 2 formes\u00a0au sein de la Maison de la litt\u00e9rature :<br \/>\n\u2022 une r\u00e9sidence d\u2019\u00e9criture classique<br \/>\n\u2022 une r\u00e9sidence de cr\u00e9ation en arts litt\u00e9raires (production de formes hors du livre) dont la r\u00e9alisation se d\u00e9roule en r\u00e9sidence dans le studio de cr\u00e9ation de la Maison de la litt\u00e9rature<br \/>\n&#8211; spectacles litt\u00e9raires, performances, vid\u00e9o-po\u00e8mes, radio-romans, adaptations pour la sc\u00e8ne ou le web, improvisations BD, installations, interventions dans l\u2019espace public, exp\u00e9rimentations multim\u00e9dias\u2026).<\/p>\n<p>Dans ce cadre, par exemple l\u2019auteure dramatique\u00a0<span style=\"text-decoration: underline;\"><a href=\"http:\/\/www.maisondelalitterature.qc.ca\/media\/107602\/fiche_boutin.pdf\" target=\"_blank\" rel=\"noopener\">Val\u00e9rie Boutin<\/a><\/span>\u00a0a obtenu une r\u00e9sidence d\u2019\u00e9criture en 2015.[\/vc_column_text][\/vc_column][vc_column width=&#8221;1\/3&#8243;][vc_single_image image=&#8221;3100&#8243; img_size=&#8221;full&#8221;][\/vc_column][\/vc_row][vc_row full_width=&#8221;stretch_row&#8221; parallax=&#8221;content-moving&#8221; css=&#8221;.vc_custom_1475172917225{margin-bottom: 0px !important;border-bottom-width: 0px !important;padding-bottom: 0px !important;background-color: #ffffff !important;}&#8221;][vc_column css=&#8221;.vc_custom_1475172909335{margin-bottom: 0px !important;border-bottom-width: 0px !important;padding-bottom: 0px !important;}&#8221;][vc_separator style=&#8221;dotted&#8221; border_width=&#8221;4&#8243;][\/vc_column][\/vc_row][vc_row full_width=&#8221;stretch_row&#8221; parallax=&#8221;content-moving&#8221; css=&#8221;.vc_custom_1475170338965{margin-bottom: 0px !important;border-bottom-width: 0px !important;}&#8221;][vc_column css=&#8221;.vc_custom_1475171260375{margin-bottom: 0px !important;border-bottom-width: 0px !important;padding-bottom: 0px !important;}&#8221;][vc_custom_heading text=&#8221;VILLE DE MONTREAL&#8221; font_container=&#8221;tag:h2|font_size:48|text_align:left&#8221; google_fonts=&#8221;font_family:Lato%3A100%2C100italic%2C300%2C300italic%2Cregular%2Citalic%2C700%2C700italic%2C900%2C900italic|font_style:700%20bold%20regular%3A700%3Anormal&#8221; css=&#8221;.vc_custom_1475255405160{margin-bottom: 0px !important;border-bottom-width: 0px !important;padding-bottom: 0px !important;}&#8221;][vc_single_image image=&#8221;2400&#8243; img_size=&#8221;full&#8221; css=&#8221;.vc_custom_1475254365910{margin-top: 0px !important;border-top-width: 0px !important;padding-top: 0px !important;}&#8221;][\/vc_column][\/vc_row][vc_row][vc_column][vc_single_image image=&#8221;3101&#8243; img_size=&#8221;full&#8221;][vc_column_text]<\/p>\n<h3><strong>Ecrivains en r\u00e9sidences au c\u0153ur des espaces urbains<\/strong><\/h3>\n<p>Th\u00e9\u00e2tres, universit\u00e9s mais aussi biblioth\u00e8ques, librairies, \u00e9coles, quartiers, la r\u00e9sidence d\u2019auteurs \u00e0 Montr\u00e9al bouillonne au sein de l\u2019espace public et incite les habitants \u00e0 la cr\u00e9ation litt\u00e9raire. Elle b\u00e9n\u00e9ficie \u00e9galement de divers programmes du Conseil des arts de Montr\u00e9al comme \u00ab\u00a0\u00c9crivains en r\u00e9sidence\u00a0\u00bb cr\u00e9\u00e9 en 2007 dans le but de permettre \u00e0 des \u00e9crivains de prendre contact avec leur public en mettant en place un projet litt\u00e9raire avec les gens de la communaut\u00e9, tout en poursuivant leur propre travail de cr\u00e9ation. Il s\u2019agit \u00a0de favoriser\u00a0la diversit\u00e9 des formes d\u2019expression litt\u00e9raire et des formes de participation \u00e0 la vie culturelle en interaction avec de nombreuses institutions de la ville.<\/p>\n<h4><strong>R\u00e9sidences en biblioth\u00e8que<\/strong><\/h4>\n<p><a href=\"https:\/\/www.artsmontreal.org\/fr\/programmes\/ecrivains-en-residence\" target=\"_blank\" rel=\"noopener\">artsmontreal.org\/fr\/programmes\/ecrivains-en-residence<br \/>\n<\/a><a href=\"https:\/\/www.uneq.qc.ca\" target=\"_blank\" rel=\"noopener\">https:\/\/www.uneq.qc.ca<br \/>\n<\/a><a href=\"http:\/\/www.banq.qc.ca\/activites\/itemdetail.html?calItemId=91823\" target=\"_blank\" rel=\"noopener\">http:\/\/www.banq.qc.ca\/activites<\/a><\/p>\n<p>Ce dispositif r\u00e9sidentiel men\u00e9, en collaboration avec le Conseil des arts de Montr\u00e9al (CAM), la Direction des biblioth\u00e8ques de Montr\u00e9al et l\u2019Union des \u00e9crivaines et des \u00e9crivains qu\u00e9b\u00e9cois (UNEQ)\u00a0s\u2019adresse aux \u00e9crivains du territoire de l\u2019\u00eele de Montr\u00e9al. Les auteurs retenus dans les biblioth\u00e8ques de divers quartiers doivent effectuer durant plusieurs mois un travail de cr\u00e9ation et un projet de m\u00e9diation culturelle s\u2019adressant \u00e0 la population des arrondissements concern\u00e9s. L\u2019\u00e9crivain n\u2019est pas l\u00e0 pour animer le lieu, mais pour l\u2019occuper, l\u2019habiter de mani\u00e8re ponctuelle en r\u00e9alisant une \u0153uvre (projet de cr\u00e9ation) qui puisse se nourrir des rencontres r\u00e9alis\u00e9es sur place (projet de m\u00e9diation avec les visiteurs). L\u2019id\u00e9e est de valoriser la litt\u00e9rature contemporaine en instituant une r\u00e9sidence d\u2019auteur au sein de la biblioth\u00e8que.<br \/>\nPar exemple, de septembre 2015 \u00e0 juin 2016, la Grande Biblioth\u00e8que de Montr\u00e9al a re\u00e7u en r\u00e9sidence l\u2019\u00e9crivain Gilbert Turp qui a d\u00e9cid\u00e9 d\u2019\u00e9crire le \u00ab\u00a0Journal intime de la Grande Biblioth\u00e8que\u00a0\u00bb m\u00ealant exp\u00e9rimentation litt\u00e9raire, portraits et \u00e9criture diariste. Sorte de \u00ab\u00a0mouvement perp\u00e9tuel\u00a0de l\u2019\u00e9criture de soi, centr\u00e9 sur le pr\u00e9sent\u00a0\u00bb, selon Philippe Lejeune (\u00ab\u00a0Le journal comme \u00ab\u00a0antifiction\u00a0\u00bb\u00a0\u00bb,\u00a0<em>Po\u00e9tique<\/em>\u00a01\/2007 (n\u00b0 149), p.\u00a03-14 URL :\u00a0<a href=\"http:\/\/www.cairn.info\/revue-poetique-2007-1-page-3.htm\" target=\"_blank\" rel=\"noopener\">cairn.info\/revue-poetique<\/a>), le journal s&#8217;\u00e9labore\u00a0<em>in progress<\/em>\u00a0sur la ligne de la chronologie r\u00e9f\u00e9rentielle et donne \u00e0 lire l&#8217;itin\u00e9raire de cette aventure int\u00e9rieure sous une\u00a0<span style=\"text-decoration: underline;\"><a href=\"http:\/\/blogues.banq.qc.ca\/journalintime\/\" target=\"_blank\" rel=\"noopener\">forme num\u00e9rique disponible en ligne<\/a><\/span><a href=\"http:\/\/blogues.banq.qc.ca\/journalintime\/\" target=\"_blank\" rel=\"noopener\"><br \/>\n<\/a>Pour Gilbert Turp, l\u2019int\u00e9r\u00eat r\u00e9sidentiel r\u00e9side dans cette interaction possible avec la biblioth\u00e8que, le go\u00fbt de l\u2019inattendu, des rencontres qui peuvent nourrir le travail personnel de l\u2019\u00e9crivain, comme il l\u2019explique ici\u00a0:<\/p>\n<p><a href=\"http:\/\/www.lafabriqueculturelle.tv\/capsules\/6797\/ecrivain-en-residence\" target=\"_blank\" rel=\"noopener\">lafabriqueculturelle.tv<\/a><\/p>\n<h3><\/h3>\n<p>[\/vc_column_text][\/vc_column][\/vc_row][vc_row full_width=&#8221;stretch_row&#8221; parallax=&#8221;content-moving&#8221; css=&#8221;.vc_custom_1475170338965{margin-bottom: 0px !important;border-bottom-width: 0px !important;}&#8221;][vc_column css=&#8221;.vc_custom_1475171260375{margin-bottom: 0px !important;border-bottom-width: 0px !important;padding-bottom: 0px !important;}&#8221;][vc_single_image image=&#8221;2400&#8243; img_size=&#8221;full&#8221;][\/vc_column][\/vc_row][vc_row][vc_column width=&#8221;1\/2&#8243;][vc_column_text]<\/p>\n<h3><span style=\"text-decoration: underline;\"><a href=\"http:\/\/www.alq.qc.ca\" target=\"_blank\" rel=\"noopener\"><strong>R\u00e9sidences en librairie<\/strong><\/a><\/span><\/h3>\n<p><a href=\"http:\/\/www.alq.qc.ca\" target=\"_blank\" rel=\"noopener\"><strong><img loading=\"lazy\" decoding=\"async\" class=\"alignnone size-full wp-image-3294\" src=\"http:\/\/lalorrainedesecrivains.univ-lorraine.fr\/wp-content\/uploads\/2016\/09\/librairie.jpg\" alt=\"librairie\" width=\"800\" height=\"382\" srcset=\"http:\/\/lalorrainedesecrivains.univ-lorraine.fr\/wp-content\/uploads\/2016\/09\/librairie.jpg 800w, http:\/\/lalorrainedesecrivains.univ-lorraine.fr\/wp-content\/uploads\/2016\/09\/librairie-300x143.jpg 300w, http:\/\/lalorrainedesecrivains.univ-lorraine.fr\/wp-content\/uploads\/2016\/09\/librairie-768x367.jpg 768w\" sizes=\"auto, (max-width: 800px) 100vw, 800px\" \/><\/strong><\/a><\/p>\n<p><strong>\u00a0<\/strong>Tentant de d\u00e9passer la tension habituelle entre commerce et culture, l\u2019Association des libraires du Qu\u00e9bec (ALQ) en partenariat avec le Conseil des arts de Montr\u00e9al (CAM) a cherch\u00e9, d\u00e8s 2013 avec une exp\u00e9rience men\u00e9e \u00e0 la librairie Le Port de t\u00eate \u00e0 diffuser un mod\u00e8le r\u00e9sidentiel au sein de cet espace public. Les libraires se positionnent ici comme des \u00ab\u00a0passeurs culturels\u00a0\u00bb. Ce dispositif repose sur la volont\u00e9 de \u00ab\u00a0familiariser le public avec le travail de l\u2019\u00e9crivain\u00a0\u00bb, comme le souligne Nathalie Maill\u00e9, Directrice g\u00e9n\u00e9rale du Conseil des arts de Montr\u00e9al\u00a0:<br \/>\n\u00ab Avec cette r\u00e9sidence, nous souhaitons favoriser les rencontres entre les cr\u00e9ateurs et leurs lecteurs, tout en offrant un lieu stimulant qui fera rayonner le talent d\u2019un \u00e9crivain montr\u00e9alais dans diff\u00e9rents quartiers de la ville. Ces rencontres favoriseront les discussions et feront conna\u00eetre un peu mieux la r\u00e9alit\u00e9 du travail d&#8217;\u00e9criture qui se fait, tr\u00e8s souvent, dans la solitude. \u00bb<br \/>\nPar rapport aux objectifs culturels retenus, il s\u2019agit de faire conna\u00eetre des auteurs contemporains, de d\u00e9mystifier le processus de cr\u00e9ation litt\u00e9raire, tout en montrant le c\u00f4t\u00e9 artisanal de l\u2019\u00e9criture qui se nourrit elle-m\u00eame de multiples lectures. Ainsi, chaque r\u00e9sidence en librairie accueille un auteur qui s\u2019inspire d\u2019une citation d\u2019une \u0153uvre (<em>Villes invisibles<\/em>\u00a0d\u2019Italo Calvino,\u00a0<em>Les Vagues<\/em>\u00a0de Virginia Woolf\u2026) qui sert d\u2019\u00e9l\u00e9ment d\u00e9clencheur \u00e0 son projet de cr\u00e9ation et de m\u00e9diation. .<br \/>\nEn 2016 par exemple, durant 4 mois (f\u00e9vrier-mai) l\u2019\u00e9crivaine \u00c9lise Desaulniers en r\u00e9sidence \u00e0 la librairie Zone libre, propose aux r\u00e9sidentes des Habitations Jeanne-Mance de s\u2019initier \u00e0 l\u2019\u00e9criture de l\u2019essai, \u00e0 des textes d\u2019opinion, par le biais de rencontres et de discussions dans la librairie. Ce projet renvoie \u00e0 la fonction m\u00eame de ce lieu et de l\u2019\u00e9crivain au c\u0153ur de la cit\u00e9, comme on peut le noter \u00e0 travers les propos de Mireille Frenette, la propri\u00e9taire de la librairie\u00a0:<\/p>\n<p>\u00ab\u00a0La vision f\u00e9ministe d\u2019<span style=\"text-decoration: underline;\"><a href=\"http:\/\/www.alq.qc.ca\/_nouvelles\/2015\/12\/elise-desaulniers-remporte-la-residence-d-ecrivain-e-a-la-librairie-zone-libre.html\" target=\"_blank\" rel=\"noopener\">\u00c9lise Desaulniers<\/a><\/span>\u00a0et son intention de donner la parole aux femmes des Habitations Jeanne-Mance, nos voisines, rejoignent notre volont\u00e9 maintes fois manifest\u00e9e, de nous inscrire dans notre quartier comme un lieu d\u2019\u00e9change et de r\u00e9flexions citoyennes.\u00a0\u00bb[\/vc_column_text][\/vc_column][vc_column width=&#8221;1\/2&#8243;][vc_column_text]<\/p>\n<h3><span style=\"text-decoration: underline;\"><a href=\"https:\/\/www.artsmontreal.org\/fr\/programmes\/ecrivains-ecole\" target=\"_blank\" rel=\"noopener\"><strong>R\u00e9sidences \u00e0 l\u2019\u00e9cole<\/strong><\/a><\/span><\/h3>\n<p><a href=\"http:\/\/www.communication-jeunesse.qc.ca\" target=\"_blank\" rel=\"noopener\"><strong>communication-jeunesse.qc.ca<\/strong><\/a><\/p>\n<p>Un programme intitul\u00e9 \u00ab\u00a0Une \u00e9cole montr\u00e9alaise pour tous\u00a0\u00bb r\u00e9unit plusieurs institutions et organismes (Conseil des arts, Minist\u00e8re de l\u2019\u00e9ducation, Communication-Jeunesse) afin de favoriser la mise en place de r\u00e9sidences d\u2019auteur en milieu scolaire \u00e0 Montr\u00e9al. L\u2019objectif central est de permettre \u00e0 un \u00e9crivain jeunesse durant plusieurs mois de mener un projet de cr\u00e9ation et de m\u00e9diation culturelle d\u00e9velopp\u00e9 autour de la th\u00e9matique choisie par l\u2019\u00e9cole participante. Le but est \u00e9galement de familiariser le personnel enseignant et les \u00e9l\u00e8ves avec le processus de cr\u00e9ation litt\u00e9raire.<br \/>\nDans le cadre de ce dispositif, en janvier 2015, Andr\u00e9 Marois, auteur de romans policiers et de science-fiction notamment, a b\u00e9n\u00e9fici\u00e9 durant 3 mois, d\u2019une r\u00e9sidence \u00e0 l\u2019\u00e9cole primaire Montcalm. Cette r\u00e9sidence de type mission, s\u2019articule autour d\u2019un projet litt\u00e9raire \u00e0 dimension m\u00e9moriale destin\u00e9 \u00e0 amener les enfants \u00e0 produire collectivement une histoire en lien avec leur territoire (quartier de Villeray-St-Michel-Parc Extension) sur une p\u00e9riode d\u00e9finie (les 50 derni\u00e8res ann\u00e9es) et en lien avec des t\u00e9moignages ins\u00e9r\u00e9s \u00e0 la fiction. La pr\u00e9sence de l\u2019\u00e9crivain sp\u00e9cialiste du polar offre ainsi la possibilit\u00e9 d\u2019exp\u00e9rimenter la relation litt\u00e9rature et r\u00e9alit\u00e9, le traitement des faits divers ou encore le travail sur les archives comme l\u2019explicite Andr\u00e9 Marois\u00a0:<br \/>\n\u00ab\u00a0Ma r\u00e9sidence continue \u00e0 l&#8217;<a href=\"http:\/\/andremarois.blogspot.fr\/2015\/02\/residence-jeunesse-lecole-montcalm-suite.html\" target=\"_blank\" rel=\"noopener\"><span style=\"text-decoration: underline;\">\u00e9cole Montcalm<\/span>.<\/a>\u00a0J&#8217;ai commenc\u00e9 par la recherche d&#8217;informations et de documents &#8211; pas toujours facile pour le quartier St-Michel &#8211; mais j&#8217;ai pu visiter les archives du\u00a0<a href=\"http:\/\/www.journaldestmichel.com\/\" target=\"_blank\" rel=\"noopener\">Journal de St-Michel<\/a>\u00a0et la\u00a0<a href=\"https:\/\/www.facebook.com\/bibliodesaintmichel\" target=\"_blank\" rel=\"noopener\">biblioth\u00e8que de St-Michel\u00a0<\/a>qui fut aussi une bonne source. La cueillette des t\u00e9moignages et la visite de t\u00e9moins g\u00e9n\u00e9reux et pr\u00e9cieux ont allum\u00e9 les \u00e9l\u00e8ves qui ont pu choisir le th\u00e8me de leur histoire. Ils ont fini aujourd&#8217;hui leur plan et l&#8217;\u00e9criture commencera la semaine prochaine. Nous aurons donc 24 histoires qui couvrent les 50 derni\u00e8res ann\u00e9es. Ce sera tr\u00e8s vari\u00e9 et int\u00e9ressant, parfois dr\u00f4le, parfois non. Les \u00e9l\u00e8ves sont tr\u00e8s motiv\u00e9s et moi avec. \u00c0 suivre, encore\u00a0\u00bb.<\/p>\n<p><img loading=\"lazy\" decoding=\"async\" class=\"wp-image-3105 alignleft\" src=\"http:\/\/lalorrainedesecrivains.univ-lorraine.fr\/wp-content\/uploads\/2016\/09\/ecole2.jpg\" alt=\"ecole2\" width=\"204\" height=\"136\" srcset=\"http:\/\/lalorrainedesecrivains.univ-lorraine.fr\/wp-content\/uploads\/2016\/09\/ecole2.jpg 800w, http:\/\/lalorrainedesecrivains.univ-lorraine.fr\/wp-content\/uploads\/2016\/09\/ecole2-300x200.jpg 300w, http:\/\/lalorrainedesecrivains.univ-lorraine.fr\/wp-content\/uploads\/2016\/09\/ecole2-768x512.jpg 768w\" sizes=\"auto, (max-width: 204px) 100vw, 204px\" \/><br \/>\nCette forme de r\u00e9sidence s\u2019apparente \u00e0 une r\u00e9sidence \u00ab d\u2019animation \u00bb ou encore \u00ab\u00a0r\u00e9sidence-mission\u00a0\u00bb organis\u00e9e souvent \u00e0 des fins d\u2019\u00e9ducation artistique et culturelle, en faveur d&#8217;un public sp\u00e9cifique, qui s&#8217;appuie sur des formes d&#8217;intervention ou d&#8217;actions tr\u00e8s vari\u00e9es et qui ne pr\u00e9voit pas ou tr\u00e8s peu de temps pour le travail d\u2019\u00e9criture de l\u2019auteur. L&#8217;auteur-r\u00e9sident doit s&#8217;engager dans une d\u00e9marche \u00e9ducative donnant \u00e0 voir et \u00e0 comprendre les processus de cr\u00e9ation qu&#8217;il met en oeuvre (r\u00e9flexion, exp\u00e9rimentation, r\u00e9alisation).[\/vc_column_text][\/vc_column][\/vc_row][vc_row full_width=&#8221;stretch_row&#8221; parallax=&#8221;content-moving&#8221; css=&#8221;.vc_custom_1475170338965{margin-bottom: 0px !important;border-bottom-width: 0px !important;}&#8221;][vc_column css=&#8221;.vc_custom_1475171260375{margin-bottom: 0px !important;border-bottom-width: 0px !important;padding-bottom: 0px !important;}&#8221;][vc_single_image image=&#8221;2400&#8243; img_size=&#8221;full&#8221;][\/vc_column][\/vc_row][vc_row css=&#8221;.vc_custom_1508313146761{margin-top: 0px !important;border-top-width: 0px !important;padding-top: 0px !important;}&#8221;][vc_column width=&#8221;1\/2&#8243; css=&#8221;.vc_custom_1508313169459{margin-top: 0px !important;border-top-width: 0px !important;padding-top: 0px !important;}&#8221;][vc_column_text css=&#8221;.vc_custom_1508313158362{margin-top: 0px !important;border-top-width: 0px !important;padding-top: 0px !important;}&#8221;]<\/p>\n<h3><strong>Une r\u00e9sidence mobile en camionnette \u00e0 Montr\u00e9al<\/strong><\/h3>\n<p>Le Conseil des arts de Montr\u00e9al et le Laboratoire sur les r\u00e9cits du soi mobile (LRSM) de l\u2019Universit\u00e9 de Montr\u00e9al ont mis en place en 2016 une r\u00e9sidence mobile originale permettant \u00e0 un auteur de d\u00e9ambuler dans la ville gr\u00e2ce \u00e0 une camionnette pourvue d\u2019outils de captation audiovisuels. L\u2019objectif ici est de saisir les enjeux de l&#8217;espace (urbain, imaginaire, identitaire, interculturel\u2026) par le biais d\u2019un dispositif r\u00e9sidentiel nomade, au gr\u00e9 des routes et des ruelles, offrant \u00e0 l\u2019\u00e9crivain la possibilit\u00e9 de confronter son processus de cr\u00e9ation au territoire.<\/p>\n<p>Cr\u00e9e en 2012, en collaboration avec l&#8217;Universit\u00e9 de Montr\u00e9al et la Fondation canadienne pour l&#8217;innovation, le laboratoire est une infrastructure universitaire sp\u00e9cifique compos\u00e9e d&#8217;une unit\u00e9 mobile de haute technologie comprenant aussi un studio d&#8217;\u00e9criture visuelle et qui accueille les chercheurs de diff\u00e9rentes disciplines des sciences humaines et sociales. Il se veut un lieu de convergence m\u00e9diatique et culturel o\u00f9 des chercheurs et partenaires travaillent avec des outils de captation audiovisuels en fonction des terrains \u00e0 explorer, en somme un regard sur les notions de trajectoire, de mobilit\u00e9 et de r\u00e9cit, au c\u0153ur banlieues montr\u00e9alaises.<\/p>\n<p>N\u00e9 d\u2019un p\u00e8re libyen et d\u2019une m\u00e8re qu\u00e9b\u00e9coise, Ralph Elawani, auteur et journaliste, a \u00e9labor\u00e9 pour cette premi\u00e8re r\u00e9sidence un projet de cr\u00e9ation intitul\u00e9 \u00ab\u00a0Surface de r\u00e9paration\u00a0: comprendre la g\u00e9opo\u00e9tique du Petit-Maghreb par le football\u00a0\u00bb. Dans ce quartier, rue Jean-Talon entre Pie-IX et Saint-Michel, l\u2019\u00e9crivain a recueilli les propos des habitants avec l\u2019envie de r\u00e9aliser une \u0153uvre litt\u00e9raire interactive se nourrissant de la quotidiennet\u00e9, des rencontres en fonction des d\u00e9placements, des lieux.<\/p>\n<p>Sources\u00a0:<\/p>\n<p><a href=\"https:\/\/www.artsmontreal.org\/fr\/residence\/soi.mobile\">https:\/\/www.artsmontreal.org\/fr\/residence\/soi.mobile<br \/>\n<\/a><a href=\"http:\/\/www.lrsm.ca\">http:\/\/www.lrsm.ca<\/a>[\/vc_column_text][\/vc_column][vc_column width=&#8221;1\/2&#8243;][vc_single_image image=&#8221;4082&#8243; img_size=&#8221;full&#8221;][\/vc_column][\/vc_row][vc_row css=&#8221;.vc_custom_1475168237070{padding-top: 2px !important;padding-right: 15px !important;padding-bottom: 5px !important;padding-left: 15px !important;background-color: #f2f2f2 !important;}&#8221;][vc_column][vc_column_text]<strong>R\u00e9f\u00e9rences\u00a0:<\/strong><br \/>\nCaron Jean-Fran\u00e7ois (2008). \u00ab L\u2019invitation au voyage : r\u00e9sidences pour auteurs et traducteurs \u00e0 l\u2019\u00e9tranger \u00bb. Qu\u00e9bec\u00a0: Lettres qu\u00e9b\u00e9coises, la revue de l&#8217;actualit\u00e9 litt\u00e9raire, n\u00b0 130, p. 15-18.<\/p>\n<p><a href=\"http:\/\/www.erudit.org\/culture\/lq1076302\/lq1200063\/37281ac.pdf\">erudit.org\/culture<\/a><\/p>\n<p><strong>Gilbert Bernard<\/strong>, 2016. \u00ab\u00a0La Maison de la litt\u00e9rature de Qu\u00e9bec et son programme de r\u00e9sidences\u00a0\u00bb. In\u00a0: BISENIUS-PENIN, Carole (dir.), R\u00e9sidence d\u2019auteurs, cr\u00e9ation litt\u00e9raire et m\u00e9diations culturelles. Vol. 2\u202f: Territoires et publics. Nancy\u00a0: PUN &#8211; \u00c9ditions Universitaires de Lorraine. p.\u00a0109-120.<\/p>\n<p>R\u00e9sum\u00e9. &#8211;\u00a0Inaugur\u00e9e en octobre 2015, la Maison de la litt\u00e9rature occupe un \u00e9difice patrimonial situ\u00e9 au c\u0153ur du Vieux-Qu\u00e9bec. Apr\u00e8s une transformation majeure, la plus ancienne biblioth\u00e8que de Qu\u00e9bec, qui abritait aussi une salle de spectacle, est devenue un dispositif novateur vou\u00e9 \u00e0 la litt\u00e9rature. Sur une superficie de 2\u00a0500 m<sup>2<\/sup>, on y trouve une biblioth\u00e8que publique et une exposition permanente consacr\u00e9es \u00e0 la litt\u00e9rature qu\u00e9b\u00e9coise, une sc\u00e8ne litt\u00e9raire, une r\u00e9sidence pour \u00e9crivains et des espaces de cr\u00e9ation (studio, atelier BD, cabinets). Chaque ann\u00e9e, la programmation comprend quelques centaines d\u2019activit\u00e9s, dont le festival Qu\u00e9bec en toutes lettres. La Maison de la litt\u00e9rature offre un programme vari\u00e9 de r\u00e9sidences, qui sont r\u00e9serv\u00e9es autant \u00e0 l\u2019\u00e9criture qu\u2019\u00e0 la cr\u00e9ation en arts litt\u00e9raires. Ces r\u00e9sidences, avec la sc\u00e8ne litt\u00e9raire et le festival, permettent d\u2019offrir \u00e0 la communaut\u00e9 litt\u00e9raire de Qu\u00e9bec et d\u2019ailleurs des opportunit\u00e9s fr\u00e9quentes de cr\u00e9ation, de production et de diffusion publique.<\/p>\n<p><strong>Grognet H\u00e9l\u00e8ne<\/strong>, 2002. \u00ab Les biblioth\u00e8ques, les \u00e9crivains et leurs publics \u00bb. Lyon\u00a0:\u00a0<em>Bulletin des biblioth\u00e8ques de France (BBF),\u00a0<\/em>n\u00b0\u00a06, p. 29-34. Disponible en ligne :\u00a0<a href=\"http:\/\/bbf.enssib.fr\/consulter\/bbf-2002-06-0029-004\">bbf.enssib.fr<\/a><\/p>\n<p><strong>Le Marec Jo\u00eblle<\/strong>, 2006. \u00ab\u00a0Les mus\u00e9es et biblioth\u00e8ques comme espaces culturels de formation\u00a0\u00bb,\u00a0<em>Savoirs<\/em>\u00a02 (n\u00b0 11), p.\u00a09-38. Disponible en ligne :<br \/>\nURL :\u00a0<a href=\"http:\/\/www.cairn.info\/revue-savoirs-2006-2-page-9.htm\">cairn.info\/revue-savoirs<\/a><\/p>\n<p><strong>Poissenot Claude<\/strong>, 2011. \u00ab Publics des animations et images des biblioth\u00e8ques \u00bb.\u00a0<em>Bulletin des biblioth\u00e8ques de France (BBF),<\/em>\u00a0n\u00b0\u00a05, p. 87-92. Disponible en ligne :\u00a0<a href=\"http:\/\/bbf.enssib.fr\/consulter\/bbf-2011-05-0087-002\">bbf.enssib.fr\/consulter\/<\/a><\/p>\n<p><strong>Tabah Dominique<\/strong>, 1997. \u00ab Le r\u00f4le social et culturel des biblioth\u00e8ques vu de Bobigny \u00bb.\u00a0<em>Bulletin des biblioth\u00e8ques de France (BBF),\u00a0<\/em>n\u00b0\u00a01, p. 41-50. Disponible en ligne :\u00a0<a href=\"http:\/\/bbf.enssib.fr\/consulter\/bbf-1997-01-0041-007\">bbf.enssib.fr<\/a><\/p>\n<p><strong>Thorel Christian<\/strong>, 2013. \u00ab Libraires, m\u00e9diations et comp\u00e9tences \u00bb.\u00a0<em>Bulletin des biblioth\u00e8ques de France (BBF),\u00a0<\/em>n\u00b0\u00a03, p. 12-17. Disponible en ligne :<br \/>\n<a href=\"http:\/\/bbf.enssib.fr\/consulter\/bbf-2013-03-0012-002\">bbf.enssib.fr\/consulter\/bbf<\/a><\/p>\n<p><strong>Sarrazin Sylvain<\/strong>\u00a0(2011). \u00ab R\u00e9sidents impermanents \u00bb. Qu\u00e9bec\u00a0: Entre les lignes : le plaisir de lire au Qu\u00e9bec, vol. 8, n\u00b0 1, p. 25.<br \/>\n<a href=\"http:\/\/www.erudit.org\/culture\/el1057873\/el1818337\/64932ac.pdf\">erudit.org\/culture<\/a>[\/vc_column_text][\/vc_column][\/vc_row][vc_row full_width=&#8221;stretch_row&#8221; parallax=&#8221;content-moving&#8221;][vc_column css=&#8221;.vc_custom_1475168701903{margin-top: 20px !important;}&#8221;][vc_empty_space height=&#8221;40px&#8221;][\/vc_column][\/vc_row][vc_row full_width=&#8221;stretch_row&#8221; parallax=&#8221;content-moving&#8221; parallax_image=&#8221;2650&#8243;][vc_column css=&#8221;.vc_custom_1475168701903{margin-top: 20px !important;}&#8221;][vc_empty_space height=&#8221;400px&#8221;][\/vc_column][\/vc_row]<\/p>","protected":false},"excerpt":{"rendered":"<p>[vc_row full_width=&#8221;stretch_row&#8221; parallax=&#8221;content-moving&#8221; parallax_image=&#8221;2551&#8243;][vc_column][vc_custom_heading text=&#8221;CR\u00c9ATION LITT\u00c9RAIRE ET TERRITOIRES&#8221; font_container=&#8221;tag:h2|font_size:60px|text_align:right|color:%23000000|line_height:62px&#8221; google_fonts=&#8221;font_family:Montserrat%3Aregular%2C700|font_style:400%20regular%3A400%3Anormal&#8221; css=&#8221;.vc_custom_1475140303176{margin-top: 80px !important;margin-bottom: 80px !important;}&#8221;][\/vc_column][\/vc_row][vc_row full_width=&#8221;stretch_row&#8221; parallax=&#8221;content-moving&#8221;][vc_column][vc_column_text] Cr\u00e9ation litt\u00e9raire et r\u00e9sidence d&#8217;\u00e9crivain [\/vc_column_text][\/vc_column][\/vc_row][vc_row][vc_column width=&#8221;2\/3&#8243;][vc_column_text] La cr\u00e9ation litt\u00e9raire<\/p>\n<p> <a class=\"more-link\" href=\"http:\/\/lalorrainedesecrivains.univ-lorraine.fr\/en\/interactions-transfrontalieres\/\">Lire la suite<\/a><\/p>\n","protected":false},"author":3,"featured_media":0,"parent":0,"menu_order":0,"comment_status":"closed","ping_status":"closed","template":"","meta":{"footnotes":""},"class_list":["post-4296","page","type-page","status-publish","hentry"],"_links":{"self":[{"href":"http:\/\/lalorrainedesecrivains.univ-lorraine.fr\/en\/wp-json\/wp\/v2\/pages\/4296","targetHints":{"allow":["GET"]}}],"collection":[{"href":"http:\/\/lalorrainedesecrivains.univ-lorraine.fr\/en\/wp-json\/wp\/v2\/pages"}],"about":[{"href":"http:\/\/lalorrainedesecrivains.univ-lorraine.fr\/en\/wp-json\/wp\/v2\/types\/page"}],"author":[{"embeddable":true,"href":"http:\/\/lalorrainedesecrivains.univ-lorraine.fr\/en\/wp-json\/wp\/v2\/users\/3"}],"replies":[{"embeddable":true,"href":"http:\/\/lalorrainedesecrivains.univ-lorraine.fr\/en\/wp-json\/wp\/v2\/comments?post=4296"}],"version-history":[{"count":9,"href":"http:\/\/lalorrainedesecrivains.univ-lorraine.fr\/en\/wp-json\/wp\/v2\/pages\/4296\/revisions"}],"predecessor-version":[{"id":4462,"href":"http:\/\/lalorrainedesecrivains.univ-lorraine.fr\/en\/wp-json\/wp\/v2\/pages\/4296\/revisions\/4462"}],"wp:attachment":[{"href":"http:\/\/lalorrainedesecrivains.univ-lorraine.fr\/en\/wp-json\/wp\/v2\/media?parent=4296"}],"curies":[{"name":"wp","href":"https:\/\/api.w.org\/{rel}","templated":true}]}}