{"id":3900,"date":"2017-07-17T14:27:14","date_gmt":"2017-07-17T13:27:14","guid":{"rendered":"http:\/\/lalorrainedesecrivains.univ-lorraine.fr\/?page_id=3900"},"modified":"2018-03-27T16:28:59","modified_gmt":"2018-03-27T15:28:59","slug":"deambulation-poetique","status":"publish","type":"page","link":"http:\/\/lalorrainedesecrivains.univ-lorraine.fr\/es\/deambulation-poetique\/","title":{"rendered":"D\u00e9ambulation po\u00e9tique"},"content":{"rendered":"<p>[vc_row][vc_column][vc_column_text]<strong>Pierre-Luc Landry<\/strong><br \/>\nColl\u00e8ge militaire royal du Canada<br \/>\nCA-K7K 7B4<br \/>\nPierre-Luc.Landry[at]rmc.ca<\/p>\n<h1>D\u00e9ambulation po\u00e9tique.<br \/>\nSentier des lanternes<\/h1>\n<hr \/>\n<p>Metz, 1<sup>er<\/sup> d\u00e9cembre 2016<\/p>\n<p>Des gar\u00e7ons dans la lumi\u00e8re bleue. Cols de fourrure. Qu\u2019ils n\u2019avancent plus, qu\u2019ils se jettent sous mes yeux pour que je m\u2019y blottisse, \u00e0 l\u2019abri des familles b\u00e9b\u00e9s poussettes, plut\u00f4t me jeter dans la Moselle noire, reflets orang\u00e9s.<br \/>\nLa pierre, les excr\u00e9ments de pigeons, le froid qui claque l\u00e0 o\u00f9 l\u2019histoire \u00e9touffe foisonne \u2014 fascination.<\/p>\n<p>Trois enfants de lumi\u00e8re accroupis dans les rosiers p\u00e9trifi\u00e9s sous un sapin qui penche, d\u00e9racin\u00e9, d\u00e9pos\u00e9 l\u00e0 pour l\u2019occasion, pour la f\u00e9\u00e9rie, pourtant les cloches de la cath\u00e9drale les comptines ces papas qui sifflotent et plus loin les bruits m\u00e9caniques que l\u2019on ne peut attribuer \u00e0 rien il faut imaginer minuit le calme les cris au loin quelque chose qui coule au fond de la rivi\u00e8re le drame toujours une violence tout d\u2019un coup l\u2019horreur.<\/p>\n<p>Le sexe chaud dans la nuit glaciale.<\/p>\n<p>L\u2019\u00e9cume avance sur l\u2019eau \u00e0 bonne vitesse.<br \/>\nUn cadavre y flotte.<\/p>\n<p>Un peu perdu seul les doigts gel\u00e9s le nez qui coule les sens aux aguets m\u00eame si compl\u00e8tement seul les sens aux aguets et seul et ferm\u00e9 au r\u00e9el au pr\u00e9hensible \u00e0 l\u2019explicable je n\u2019ai rien vu rien entendu j\u2019habite cet espace o\u00f9 le sens du monde s\u2019est \u00e9chapp\u00e9.<\/p>\n<p>Partout des bras de Moselle partout le monde c\u2019est ici qu\u2019il faut vivre mais il est impossible de tout recommencer.<br \/>\nOn a aussi envie de mourir ailleurs, c\u2019est partout la m\u00eame chose \u2014 Vigipirate.<br \/>\nUn b\u00e9b\u00e9 \u00e9clate en sanglots.<br \/>\nBo\u00eete \u00e0 musique.<br \/>\nLa ballerine a saut\u00e9 \u00e0 l\u2019eau.<br \/>\nIl fait un temps id\u00e9al pour \u00eatre heureux.<\/p>\n<p>Des histoires se jettent devant moi pourtant je ram\u00e8ne tout \u00e0 cela, \u00e0 la douce blessure du c\u0153ur, au pincement au ventre, \u00e0 l\u2019envie de pleurer doucement, \u00e0 No\u00ebl, au froid \u2014 mon amour.<\/p>\n<p>Les pas, les pav\u00e9s.<br \/>\nLa solitude.<br \/>\nL\u2019ombre projet\u00e9e loin devant moi. Noir sur mauve. J\u2019avance lentement, la gorge nou\u00e9e.<\/p>\n<p>&nbsp;<\/p>\n<p><strong>G\u00e9olocalisation<\/strong><\/p>\n<p>Au pied de la cath\u00e9drale devant le pont de la rue Paul Tournow. \u00ab\u00a0Ici est tomb\u00e9 le 20 novembre 1944 pour la lib\u00e9ration de Metz Sean Hoersen des forces fran\u00e7aises de l\u2019int\u00e9rieur.\u00a0\u00bb Paul-Otto-Karl Tornow est n\u00e9 \u00e0 Sul\u0119cin, dans la vo\u00efvodie de Lubusz d\u2019aujourd\u2019hui, en Pologne, la Prusse de l\u2019\u00e9poque, etc.<br \/>\nRenault.<br \/>\nFiat.<br \/>\nCitro\u00ebn.<br \/>\nBMV.<br \/>\nDeux femmes malvoyantes, cannes blanches, lanternes en mains \u2014 un souvenir de la soir\u00e9e.<br \/>\nCamille, un autre souvenir.<br \/>\n\u00ab\u00a0La jeune fille aux cheveux blancs\u00a0\u00bb \u00e0 v\u00e9lo dans l\u2019hiver lorrain, Place de Chambre, du givre dans les cheveux.<br \/>\nPuis un autre encore\u00a0: les parents \u00e9merveill\u00e9s devant l\u2019Europe comme un r\u00eave. \u00ab\u00a0Je voudrais tellement y retourner\u00a0\u00bb qu\u2019elle me dit, maman, j\u2019ai envie de pleurer.<br \/>\nUne femme avec une courge traverse la rue.<\/p>\n<p>\u00c9crire sur la pierre.<br \/>\nParking de la cath\u00e9drale.<br \/>\n\u00c9crire nulle part.<\/p>\n<p>Place Jean-Paul II, le dernier appartement de Cameron avant mon d\u00e9part \u2014 il en a eu d\u2019autres, c\u2019est moi qui suit parti. Int\u00e9rieur manoir et les escaliers qui craquent. Comme chez Stefania aujourd\u2019hui, en bas, rue du Champ\u00e9, mais nous ne sommes pas l\u00e0.<br \/>\nPlut\u00f4t\u00a0: le Bar \u00e0 la lune, mon premier verre, le d\u00e9but et la fin du monde, comme on en vit chaque jour.<br \/>\nUn g\u00e9ant grille une cigarette.<br \/>\nLa grande roue arr\u00eate, red\u00e9marre.<br \/>\nUne femme agite la main en direction des voitures qui quittent le stationnement du march\u00e9 couvert.<br \/>\nSi je me pose je g\u00e8le et je meurs.<br \/>\nUne baguette. Des conversations.<br \/>\nIl faut savoir exister un peu.<\/p>\n<p>Gendarmes.<br \/>\nChagall.<br \/>\nPlace de la Mairie il fait au moins un peu plus chaud.<br \/>\nLes flammenk\u00fcche et puis tout le reste qui me ram\u00e8ne \u00e0 Berlin, Potsdamer Platz, la canelle, puis Tallinn et Copenhague \u2014 il n\u2019existe plus de lieu.<\/p>\n<p>Nougat bretzels escargots gl\u00fchwein p\u00e2te de fruits beignets churros soupe d\u2019orange aux \u00e9pices de No\u00ebl.<br \/>\nSous les lumi\u00e8res c\u2019est la f\u00eate.<br \/>\nLe 1<sup>er<\/sup> d\u00e9cembre, journ\u00e9e mondiale de lutte contre le sida.<\/p>\n<p>Place d\u2019Armes, sur la nappe rose un marron \u00e9cras\u00e9 dans une flaque de vin chaud.<br \/>\nUn feu de bois, le bar \u00e0 choux, des baklavas.<br \/>\nGalettes de poisson.<br \/>\nManger et manger et manger encore jusqu\u2019\u00e0 l\u2019explosion c\u2019est comme le sexe les bites magnifiques tous ces hommes autour qui ne fouleront jamais mon corps.<\/p>\n<p>Pr\u00e8s du feu elle grille une cigarette et boit un coup, cheveux boucl\u00e9s, air blas\u00e9, cette femme c\u2019est moi dans une autre vie c\u2019est moi tout de suite les pieds transperc\u00e9s par le froid dans mes chaussures vieilles de cinq ans d\u00e9j\u00e0 comme la derni\u00e8re fois o\u00f9 je suis venu ici \u00e0 Metz mon amour je vais mettre le feu pour me r\u00e9chauffer enflammer m\u2019enflammer br\u00fbler jusqu\u2019\u00e0 la fin ce qu\u2019il y a \u00e0 br\u00fbler.<\/p>\n<p>Je suis incapable de faire sens de ce qu\u2019il s\u2019agite autour.[\/vc_column_text][\/vc_column][\/vc_row]<\/p>","protected":false},"excerpt":{"rendered":"<p>[vc_row][vc_column][vc_column_text]Pierre-Luc Landry Coll\u00e8ge militaire royal du Canada CA-K7K 7B4 Pierre-Luc.Landry[at]rmc.ca D\u00e9ambulation po\u00e9tique. Sentier des lanternes Metz, 1er d\u00e9cembre 2016 Des gar\u00e7ons dans la lumi\u00e8re bleue. Cols de<\/p>\n<p> <a class=\"more-link\" href=\"http:\/\/lalorrainedesecrivains.univ-lorraine.fr\/es\/deambulation-poetique\/\">Lire la suite<\/a><\/p>\n","protected":false},"author":5,"featured_media":0,"parent":0,"menu_order":0,"comment_status":"closed","ping_status":"closed","template":"","meta":{"footnotes":""},"class_list":["post-3900","page","type-page","status-publish","hentry"],"_links":{"self":[{"href":"http:\/\/lalorrainedesecrivains.univ-lorraine.fr\/es\/wp-json\/wp\/v2\/pages\/3900","targetHints":{"allow":["GET"]}}],"collection":[{"href":"http:\/\/lalorrainedesecrivains.univ-lorraine.fr\/es\/wp-json\/wp\/v2\/pages"}],"about":[{"href":"http:\/\/lalorrainedesecrivains.univ-lorraine.fr\/es\/wp-json\/wp\/v2\/types\/page"}],"author":[{"embeddable":true,"href":"http:\/\/lalorrainedesecrivains.univ-lorraine.fr\/es\/wp-json\/wp\/v2\/users\/5"}],"replies":[{"embeddable":true,"href":"http:\/\/lalorrainedesecrivains.univ-lorraine.fr\/es\/wp-json\/wp\/v2\/comments?post=3900"}],"version-history":[{"count":3,"href":"http:\/\/lalorrainedesecrivains.univ-lorraine.fr\/es\/wp-json\/wp\/v2\/pages\/3900\/revisions"}],"predecessor-version":[{"id":4570,"href":"http:\/\/lalorrainedesecrivains.univ-lorraine.fr\/es\/wp-json\/wp\/v2\/pages\/3900\/revisions\/4570"}],"wp:attachment":[{"href":"http:\/\/lalorrainedesecrivains.univ-lorraine.fr\/es\/wp-json\/wp\/v2\/media?parent=3900"}],"curies":[{"name":"wp","href":"https:\/\/api.w.org\/{rel}","templated":true}]}}