{"id":4289,"date":"2017-11-14T10:04:08","date_gmt":"2017-11-14T09:04:08","guid":{"rendered":"http:\/\/lalorrainedesecrivains.univ-lorraine.fr\/?page_id=4289"},"modified":"2018-01-18T10:30:56","modified_gmt":"2018-01-18T09:30:56","slug":"prix-litteraires","status":"publish","type":"page","link":"http:\/\/lalorrainedesecrivains.univ-lorraine.fr\/it\/prix-litteraires\/","title":{"rendered":"Vie litt\u00e9raire3"},"content":{"rendered":"<p>[vc_row][vc_column][vc_row_inner][vc_column_inner][vc_custom_heading text=&#8221;Vie litt\u00e9raire en Lorraine&#8221; font_container=&#8221;tag:h2|font_size:48|text_align:center&#8221; google_fonts=&#8221;font_family:Lato%3A100%2C100italic%2C300%2C300italic%2Cregular%2Citalic%2C700%2C700italic%2C900%2C900italic|font_style:700%20bold%20regular%3A700%3Anormal&#8221; css=&#8221;.vc_custom_1475313104511{margin-top: 10px !important;margin-bottom: 10px !important;border-top-width: 10px !important;border-bottom-width: 10px !important;padding-top: 5px !important;padding-bottom: 5px !important;}&#8221;][vc_column_text]<img loading=\"lazy\" decoding=\"async\" class=\"alignnone size-full wp-image-2217 aligncenter\" src=\"http:\/\/test-lde.univ-lorraine.fr\/wp-content\/uploads\/2016\/07\/filet-rouge-150.png\" alt=\"filet-rouge-150\" width=\"150\" height=\"9\" \/>[\/vc_column_text][vc_custom_heading text=&#8221;Manifestations&#8221; font_container=&#8221;tag:h2|font_size:32|text_align:center&#8221; google_fonts=&#8221;font_family:Lato%3A100%2C100italic%2C300%2C300italic%2Cregular%2Citalic%2C700%2C700italic%2C900%2C900italic|font_style:700%20bold%20regular%3A700%3Anormal&#8221; css=&#8221;.vc_custom_1508485155879{margin-top: 10px !important;margin-bottom: 10px !important;border-top-width: 10px !important;border-bottom-width: 10px !important;padding-top: 5px !important;padding-bottom: 5px !important;}&#8221;][vc_column_text]<\/p>\n<h3>A partir d\u2019un recensement encore en cours d\u2019\u00e9laboration, il s\u2019agit de montrer la vitalit\u00e9 de la vie litt\u00e9raire en Lorraine qui s\u2019actualise tout particuli\u00e8rement \u00e0 travers la multiplicit\u00e9 des manifestations litt\u00e9raires organis\u00e9es chaque ann\u00e9e.<\/h3>\n<p>La manifestation litt\u00e9raire est un lieu de rencontre avec des auteurs, de m\u00e9diation culturelle, de programmation artistique, de diffusion et de commercialisation du livre. La manifestation litt\u00e9raire reconfigure, m\u00eame de fa\u00e7on \u00e9ph\u00e9m\u00e8re, un espace complexe, qui mixte des espaces institutionnels (municipalit\u00e9s, biblioth\u00e8ques, \u00e9coles), m\u00e9diatiques (presse), marchands (libraires, \u00e9diteurs), domestiques ou priv\u00e9s (espaces de pratiques des visiteurs) et \u00e0 travers lesquels s\u2019\u00e9prouvent des prises de position sur les valeurs attach\u00e9es \u00e0 la lecture et au livre. Inscrites g\u00e9ographiquement dans un territoire, elles d\u00e9pendent aussi d\u2019un espace social, d\u2019un r\u00e9seau de partenariats culturels et proposent aux publics sur le territoire lorrain une palette de genres litt\u00e9raires \u00e0 d\u00e9couvrir.[\/vc_column_text][\/vc_column_inner][\/vc_row_inner][\/vc_column][\/vc_row][vc_row][vc_column css=&#8221;.vc_custom_1475313930336{margin-bottom: 0px !important;border-bottom-width: 0px !important;padding-bottom: 0px !important;}&#8221;][vc_row_inner][vc_column_inner][vc_column_text css=&#8221;.vc_custom_1475313939854{margin-bottom: 0px !important;border-bottom-width: 0px !important;padding-bottom: 0px !important;}&#8221;]\n<!-- iframe plugin v.4.5 wordpress.org\/plugins\/iframe\/ -->\n<iframe loading=\"lazy\" src=\"http:\/\/tonic-geo2.uni.lu:8080\/atlasfx\/js\/index.html?mapId=122\" width=\"100%\" height=\"600\" scrolling=\"yes\" class=\"iframe-class\" frameborder=\"0\"><\/iframe>\n[\/vc_column_text][\/vc_column_inner][\/vc_row_inner][\/vc_column][\/vc_row][vc_row css=&#8221;.vc_custom_1475313922963{margin-top: 0px !important;border-top-width: 0px !important;padding-top: 0px !important;}&#8221;][vc_column css=&#8221;.vc_custom_1475313913752{margin-top: 0px !important;margin-bottom: 0px !important;border-top-width: 0px !important;border-bottom-width: 0px !important;padding-top: 0px !important;padding-bottom: 0px !important;}&#8221;][vc_row_inner][vc_column_inner css=&#8221;.vc_custom_1475313555296{margin-bottom: 0px !important;border-bottom-width: 0px !important;padding-bottom: 0px !important;}&#8221;][\/vc_column_inner][\/vc_row_inner][\/vc_column][\/vc_row][vc_row css=&#8221;.vc_custom_1475313922963{margin-top: 0px !important;border-top-width: 0px !important;padding-top: 0px !important;}&#8221;][vc_column css=&#8221;.vc_custom_1475313913752{margin-top: 0px !important;margin-bottom: 0px !important;border-top-width: 0px !important;border-bottom-width: 0px !important;padding-top: 0px !important;padding-bottom: 0px !important;}&#8221;][vc_row_inner][vc_column_inner css=&#8221;.vc_custom_1475313555296{margin-bottom: 0px !important;border-bottom-width: 0px !important;padding-bottom: 0px !important;}&#8221;][vc_custom_heading text=&#8221;Moselle&#8221; font_container=&#8221;tag:h2|font_size:48|text_align:center&#8221; google_fonts=&#8221;font_family:Lato%3A100%2C100italic%2C300%2C300italic%2Cregular%2Citalic%2C700%2C700italic%2C900%2C900italic|font_style:700%20bold%20regular%3A700%3Anormal&#8221; css=&#8221;.vc_custom_1475313564227{margin-bottom: 0px !important;border-bottom-width: 0px !important;padding-bottom: 0px !important;}&#8221;][vc_column_text]<img loading=\"lazy\" decoding=\"async\" class=\"alignnone size-full wp-image-2217 aligncenter\" src=\"http:\/\/test-lde.univ-lorraine.fr\/wp-content\/uploads\/2016\/07\/filet-rouge-150.png\" alt=\"filet-rouge-150\" width=\"150\" height=\"9\" \/>[\/vc_column_text][\/vc_column_inner][\/vc_row_inner][\/vc_column][\/vc_row][vc_row][vc_column][vc_row_inner][vc_column_inner width=&#8221;1\/3&#8243;][vc_column_text]<a name=\"bdmarly\"><\/a><\/p>\n<h3><strong><span style=\"text-decoration: underline;\"><a href=\"http:\/\/www.epidermiq.com\/marly-BD\/\" target=\"_blank\" rel=\"noopener\">Les rencontres de la BD de Marly<\/a><\/span> (57)<\/strong><\/h3>\n<p><strong>Premier weekend d\u2019octobre<br \/>\n<\/strong><strong>Centre socio-culturel de la Louvi\u00e8re<\/strong><br \/>\nEv\u00e9nement culturel bien ancr\u00e9 dans le calendrier des manifestations litt\u00e9raires automnales, la f\u00eate des bulles \u2013 fond\u00e9 par Jean Pauline \u2013 existe depuis 1991 et accueille des artistes venus de toute l\u2019Europe. Une trentaine de b\u00e9d\u00e9istes en moyenne se rendent chaque ann\u00e9e dans la ville messine. Chaque ann\u00e9e, un th\u00e8me est propos\u00e9 (ex\u00a0: la jeunesse, la femme, le vin ou encore du cin\u00e9ma).<br \/>\nDes s\u00e9ances de d\u00e9dicaces, des conf\u00e9rences et des animations diverses (expositions, ateliers, cosplays, jeu de piste, etc) sont propos\u00e9s \u00e0 un large public du mardi au dimanche. Une journ\u00e9e (vendredi) est destin\u00e9e au public scolaire.<\/p>\n<p>En 2016, l\u2019invit\u00e9 d\u2019honneur est Philippe Jarbinet, l\u2019auteur de <em>Sam Bracken<\/em> publi\u00e9 chez Gl\u00e9nat.[\/vc_column_text][vc_single_image image=&#8221;3114&#8243; img_size=&#8221;full&#8221;][\/vc_column_inner][vc_column_inner width=&#8221;2\/3&#8243;][vc_column_text]<a name=\"salonlivrehistoirewoippy\"><\/a><\/p>\n<h3><strong><a href=\"http:\/\/www.mairie-woippy.fr\" target=\"_blank\" rel=\"noopener\">Salon du livre d\u2019histoire de Woippy<\/a> (57)<\/strong><\/h3>\n<p><strong>Week-end de novembre<\/strong><\/p>\n<p>Chaque ann\u00e9e, depuis 2003, se tient \u00e0 Woippy, en Moselle, un Salon du Livre d&#8217;Histoire organis\u00e9 par l\u2019association d\u2019histoire de Woippy. Avec le salon du livre d\u2019histoire de Verdun, il fait partie des principales manifestations litt\u00e9raires sur cette th\u00e9matique.<br \/>\nLe weekend de novembre est ponctu\u00e9 de conf\u00e9rences, de rencontres et de s\u00e9ances de d\u00e9dicaces avec les quelques 80 \u00e0 90 auteurs venus pr\u00e9senter leurs ouvrages.<br \/>\nApr\u00e8s Napol\u00e9on en 2015, le th\u00e8me choisi pour 2016 est \u00ab\u00a0Le temps des cath\u00e9drales\u00a0\u00bb avec comme parrain de cette \u00e9dition Franck Ferrand, \u00e9crivain et journaliste fran\u00e7ais sp\u00e9cialis\u00e9 en histoire.<\/p>\n<p>Des associations locales d\u2019histoire sont \u00e9galement pr\u00e9sentes sur les stands.[\/vc_column_text][vc_separator color=&#8221;custom&#8221; border_width=&#8221;3&#8243; accent_color=&#8221;#cc071e&#8221;][vc_column_text css=&#8221;.vc_custom_1479215512278{margin-top: 0px !important;border-top-width: 0px !important;padding-top: 0px !important;}&#8221;]<a name=\"journelivrelorrain\"><\/a><\/p>\n<h3><span style=\"text-decoration: underline;\"><a href=\"http:\/\/metzervisse.fr\/livre_lorrain.htm\" target=\"_blank\" rel=\"noopener\"><strong>Journ\u00e9e du livre lorrain<\/strong><\/a><\/span><\/h3>\n<p><strong>Metzervisse (57)<\/strong><\/p>\n<p>L\u2019association Metzervisse village lorrain organise depuis 1990, la journ\u00e9e du livre lorrain. Outre la pr\u00e9sence d\u2019auteurs venus d\u00e9dicacer leurs derniers livres, des expositions et des ateliers sont propos\u00e9s au public. Les \u00e9coles du canton participent au concours de lecture organis\u00e9 dans le cadre de cette journ\u00e9e dont le th\u00e8me varie chaque ann\u00e9e. En 2015, le th\u00e8me \u00e9tait \u00ab\u00a0la litt\u00e9rature jeunesse\u00a0\u00bb.[\/vc_column_text][vc_single_image image=&#8221;3118&#8243; img_size=&#8221;full&#8221;][\/vc_column_inner][\/vc_row_inner][\/vc_column][\/vc_row][vc_row css=&#8221;.vc_custom_1475313876297{padding-top: 10px !important;padding-right: 10px !important;padding-bottom: 10px !important;padding-left: 10px !important;background-color: #f2f2f2 !important;}&#8221;][vc_column][vc_row_inner][vc_column_inner][vc_single_image image=&#8221;3266&#8243; img_size=&#8221;full&#8221;][\/vc_column_inner][\/vc_row_inner][\/vc_column][\/vc_row][vc_row css=&#8221;.vc_custom_1475313876297{padding-top: 10px !important;padding-right: 10px !important;padding-bottom: 10px !important;padding-left: 10px !important;background-color: #f2f2f2 !important;}&#8221;][vc_column][vc_row_inner][vc_column_inner width=&#8221;1\/2&#8243;][vc_column_text]<a name=\"lireenfetepartoutenmoselle\"><\/a><\/p>\n<h3><span style=\"text-decoration: underline;\"><a href=\"http:\/\/www.cg57.fr\" target=\"_blank\" rel=\"noopener\"><strong>Lire en f\u00eate partout en Moselle<\/strong><\/a><\/span><\/h3>\n<p><strong>Biblioth\u00e8ques et m\u00e9diath\u00e8ques de Moselle (57)<\/strong><br \/>\n<strong>Mois d\u2019octobre<\/strong><br \/>\nUne centaine de biblioth\u00e8ques mosellanes et le Conseil G\u00e9n\u00e9ral de Moselle s&#8217;associent au projet &#8220;Lire en F\u00eate&#8221; et proposent depuis 2006 pr\u00e8s de 300 animations autour du livre et de la lecture dans les diff\u00e9rentes biblioth\u00e8ques et m\u00e9diath\u00e8ques du d\u00e9partement.<br \/>\nChaque ann\u00e9e un th\u00e8me est choisi, \u00e0 l\u2019image de celui de 2016 \u00ab\u00a0des h\u00e9ros d\u2019hier, d\u2019aujourd\u2019hui et de demain\u00a0\u00bb.<br \/>\nOrganis\u00e9 par des b\u00e9n\u00e9voles et des salari\u00e9s des biblioth\u00e8ques tout au long du mois d\u2019octobre, Lire en f\u00eate partout en Moselle propose aux diff\u00e9rents publics des contes musicaux, des ateliers d\u2019\u00e9criture, des conf\u00e9rences, des repr\u00e9sentations th\u00e9\u00e2trales, des expositions, etc.[\/vc_column_text][\/vc_column_inner][vc_column_inner width=&#8221;1\/2&#8243;][vc_column_text]<a name=\"lelivreenhivermetz\"><\/a><\/p>\n<h3><span style=\"text-decoration: underline;\"><a href=\"http:\/\/www.semellesdevent.net\/article-metz-salon-du-livre-en-hiver-116323690.htm\" target=\"_blank\" rel=\"noopener\"><strong>Le livre en hiver <\/strong><\/a><\/span><\/h3>\n<p><strong>1 journ\u00e9e en janvier<\/strong><br \/>\n<strong>Metz (57)<\/strong><\/p>\n<p>En partenariat avec la municipalit\u00e9 de Metz, l&#8217;Association Plumes \u00c0 Conna\u00eetre (A.P.A.C) organise, depuis 2012, le salon &#8220;Le Livre en Hiver&#8221; dans les salons de l&#8217;h\u00f4tel de ville. Le Livre en hiver est un salon de l\u2019auto\u00e9dition et de l\u2019autodiffusion qui accueille une quarantaine d\u2019auteurs (romanciers, nouvellistes, po\u00e8tes\u2026), tous install\u00e9s en Lorraine. Cet \u00e9v\u00e9nement propose un entretien public avec un auteur ainsi que des rencontres et des d\u00e9dicaces avec des \u00e9crivains. L\u2019entr\u00e9e est gratuite.[\/vc_column_text][\/vc_column_inner][\/vc_row_inner][\/vc_column][\/vc_row][vc_row][vc_column width=&#8221;1\/4&#8243;][vc_column_text]<a name=\"boulaybouqin\"><\/a><\/p>\n<h3><span style=\"text-decoration: underline;\"><a href=\"http:\/\/www.paysboulageois.fr\/index.php?option=com_content&amp;view=article&amp;id=133&amp;Itemid=180\" target=\"_blank\" rel=\"noopener\"><strong>Boulay Bouq\u2019In<\/strong><\/a><\/span><\/h3>\n<p><strong>Boulay<\/strong><br \/>\n<strong>Dernier week-end de juin<\/strong><\/p>\n<p>Ce salon du livre est organis\u00e9 par la Communaut\u00e9 de Communes du Pays Boulageois depuis 2010. A la fin du mois de juin, chaque ann\u00e9e, Boulay accueille une centaine d\u2019auteurs (de tous genres, dont litt\u00e9rature jeunesse) pendant un week-end, sous le parrainage d\u2019un(e) \u00e9crivain(e) invit\u00e9e et autour d\u2019une th\u00e9matique donn\u00e9e. Des concerts et des animations accompagnent les deux journ\u00e9es, avec un accent particulier sur le th\u00e9\u00e2tre de rue.[\/vc_column_text][vc_single_image image=&#8221;3356&#8243; img_size=&#8221;full&#8221;][\/vc_column][vc_column width=&#8221;3\/4&#8243;][vc_row_inner][vc_column_inner width=&#8221;2\/3&#8243;][vc_column_text]<a name=\"lireenfetemoselle\"><\/a><\/p>\n<h3><span style=\"text-decoration: underline;\"><a href=\"http:\/\/moselia.moselle.fr\/default.aspx\" target=\"_blank\" rel=\"noopener\"><strong>Lire en f\u00eate en Moselle<\/strong><\/a><\/span><\/h3>\n<p><strong>Moselle<\/strong><br \/>\n<strong>Octobre<\/strong><\/p>\n<p>Tout au long du mois d\u2019octobre une large programmation autour de la lecture est mise en place dans toute la Moselle par le Conseil d\u00e9partemental, \u00e0 partir d\u2019un r\u00e9seau de plus de quatre-vingt-dix biblioth\u00e8ques et de b\u00e9n\u00e9voles.<br \/>\nDes ateliers, des rencontres, des conf\u00e9rences et des spectacles sont ainsi organis\u00e9s \u00e0 travers tout le territoire mosellan, \u00e0 destination des diff\u00e9rents publics. Une th\u00e9matique annuelle (par exemple les super-pouvoirs pour la 10<sup>e<\/sup> \u00e9dition, en 2016) vient unifier chaque ann\u00e9e cette vaste op\u00e9ration.[\/vc_column_text][\/vc_column_inner][vc_column_inner width=&#8221;1\/3&#8243;][vc_column_text]<a name=\"acontrecourantnied\"><\/a><\/p>\n<h3><span style=\"text-decoration: underline;\"><a href=\"http:\/\/dimancheauborddenied.unblog.fr\/\" target=\"_blank\" rel=\"noopener\"><strong>A contre-courant sur les berges de la Nied<\/strong><\/a><\/span><\/h3>\n<p><strong>Moselle, Berges de la rivi\u00e8re Nied<\/strong><br \/>\n<strong>Juillet \u2013ao\u00fbt<\/strong><\/p>\n<p>Festival itin\u00e9rant de contes au bord de la rivi\u00e8re Nied, organis\u00e9es depuis 2010. Pr\u00e9sence de conteurs et de musiciens.[\/vc_column_text][\/vc_column_inner][\/vc_row_inner][vc_row_inner][vc_column_inner][vc_single_image image=&#8221;3354&#8243; img_size=&#8221;full&#8221;][\/vc_column_inner][\/vc_row_inner][\/vc_column][\/vc_row][vc_row][vc_column][vc_row_inner][vc_column_inner][vc_single_image image=&#8221;2876&#8243; img_size=&#8221;full&#8221;][\/vc_column_inner][\/vc_row_inner][vc_row_inner][vc_column_inner width=&#8221;1\/3&#8243;][vc_column_text]<a name=\"salonlivrebdseremange\"><\/a><\/p>\n<h3><span style=\"text-decoration: underline;\"><a href=\"https:\/\/www.facebook.com\/acaseassociation\/\" target=\"_blank\" rel=\"noopener\"><strong>Salon du livre et de la BD<\/strong><\/a><\/span><\/h3>\n<p><strong>1 journ\u00e9e en f\u00e9vrier (05 f\u00e9vrier 2017)<\/strong><br \/>\n<strong>S\u00e9r\u00e9mange-Erzange (57)<\/strong><\/p>\n<p>Depuis 2014, l\u2019association culturelle de S\u00e9r\u00e9mange-Erzange (ACASE) et la commission culturelle de la ville organisent un salon du livre et de la BD. Plus de 1500 visiteurs se sont press\u00e9s les \u00e9ditions pr\u00e9c\u00e9dentes \u00e0 la salle des f\u00eates de la ville. Cette manifestation r\u00e9unit environ 70 auteurs, illustrateurs et \u00e9diteurs dans tous les genres : romans, fictions, bandes dessin\u00e9es, mangas, SF, horreur, fantasy, jeunesse. Des animations sont programm\u00e9es toute la journ\u00e9e\u00a0: d\u00e9dicaces des auteurs et illustrateurs, ventes de produits d\u00e9riv\u00e9s mangas et BD, ateliers d\u2019initiation \u00e0 l\u2019\u00e9criture et au dessin, tables rondes et expositions. L\u2019entr\u00e9e est libre.[\/vc_column_text][vc_single_image image=&#8221;3385&#8243; img_size=&#8221;full&#8221;][\/vc_column_inner][vc_column_inner width=&#8221;2\/3&#8243;][vc_column_text]<a name=\"salonlivrefemininhagondange\"><\/a><\/p>\n<h3><span style=\"text-decoration: underline;\"><a href=\"http:\/\/www.hagondange.fr\" target=\"_blank\" rel=\"noopener\"><strong>Salon du livre f\u00e9minin<\/strong><\/a><\/span><\/h3>\n<p><strong>Un week-end en f\u00e9vrier<\/strong><br \/>\n<strong>Hagondange (57)<\/strong><\/p>\n<p>Depuis 2005, la biblioth\u00e8que municipale d\u2019Hagondange et l&#8217;Association F&#8230;comme Femmes organise le salon du livre f\u00e9minin, en collaboration avec la librairie Hisler-Even de Metz, et avec la participation de France Bleu Lorraine Nord. Les auteures f\u00e9minines sont mises \u00e0 l\u2019honneur dans le cadre de cette manifestation. La 11<sup>e<\/sup> \u00e9dition avait pour th\u00e9matique la sant\u00e9, la nature et le bien-\u00eatre. Pr\u00e8s de 50 auteures f\u00e9minines sont pr\u00e9sentes pour d\u00e9dicacer leurs livres. De nombreux ateliers, expositions, animations et conf\u00e9rences rythment ce week-end. Le salon se d\u00e9roule \u00e0 la salle des F\u00eates d\u2019Hagondange, entre Metz et Amn\u00e9ville. L\u2019entr\u00e9e est gratuite.[\/vc_column_text][vc_single_image image=&#8221;3383&#8243; img_size=&#8221;full&#8221;][\/vc_column_inner][\/vc_row_inner][\/vc_column][\/vc_row][vc_row][vc_column][vc_separator border_width=&#8221;4&#8243;][\/vc_column][\/vc_row][vc_row][vc_column][vc_row_inner][vc_column_inner][vc_single_image image=&#8221;2876&#8243; img_size=&#8221;full&#8221;][\/vc_column_inner][\/vc_row_inner][\/vc_column][\/vc_row][vc_row][vc_column][vc_row_inner][vc_column_inner width=&#8221;1\/2&#8243; css=&#8221;.vc_custom_1475422277724{margin-bottom: 0px !important;border-bottom-width: 0px !important;padding-bottom: 0px !important;}&#8221;][vc_single_image image=&#8221;2892&#8243; img_size=&#8221;full&#8221;][vc_column_text]<a name=\"festivallelivreametz\"><\/a><\/p>\n<h3><span style=\"text-decoration: underline;\"><a href=\"http:\/\/www.lelivreametz.com\" target=\"_blank\" rel=\"noopener\"><strong>Festival Le Livre \u00e0 Metz. Litt\u00e9rature &amp; journalisme<\/strong><\/a><\/span><\/h3>\n<p><strong>4 journ\u00e9es en avril (Du 6 au 9 avril 2017)<\/strong><br \/>\n<strong>Metz (57)<\/strong><\/p>\n<p>Depuis 30 ans, l\u2019association Le Livre \u00e0 Metz a pour missions la promotion et la sensibilisation au livre et \u00e0 l\u2019\u00e9crit. Elle organise chaque ann\u00e9e au printemps cette manifestation majeure qui attire plus de 35 000 visiteurs et dont la sp\u00e9cificit\u00e9 est de se positionner au croisement des \u00e9critures, notamment \u00e0 l\u2019appropriation du r\u00e9el par la fiction.[\/vc_column_text][\/vc_column_inner][vc_column_inner width=&#8221;1\/2&#8243; css=&#8221;.vc_custom_1475422284361{margin-bottom: 0px !important;border-bottom-width: 0px !important;padding-bottom: 0px !important;}&#8221;][vc_single_image image=&#8221;3120&#8243; img_size=&#8221;full&#8221;][\/vc_column_inner][\/vc_row_inner][vc_row_inner][vc_column_inner width=&#8221;2\/3&#8243; css=&#8221;.vc_custom_1475422263174{margin-top: 0px !important;border-top-width: 0px !important;padding-top: 0px !important;}&#8221;][vc_column_text]Lieu de d\u00e9bats et d\u2019\u00e9changes, ce festival pour lire et raconter le monde permet des rencontres originales et conviviales entre auteurs et lecteurs. Il s\u2019ancre totalement dans la dynamique de la ville et de la r\u00e9gion. Pendant quatre jours, le festival accueille plus de 200 auteurs r\u00e9gionaux, nationaux mais aussi internationaux. Plus de 70 \u00e9v\u00e9nements th\u00e9matiques sont \u00e9galement mis en place en amont et pendant le festival : lectures publiques, concerts litt\u00e9raires, spectacles, grands entretiens, d\u00e9bats, ap\u00e9ro philo, expos&#8230;<\/p>\n<p>La manifestation favorise le m\u00e9lange des genres en travaillant en partenariat avec les institutions culturelles locales (mus\u00e9es, galerie de cr\u00e9ation et d\u2019exposition, salles de concert&#8230;). Le festival d\u00e9veloppe aussi en amont un programme d\u2019ateliers d\u2019\u00e9criture dans l\u2019ensemble du d\u00e9partement de la Moselle. Il s\u2019agit de mener un travail de sensibilisation au livre et \u00e0 l\u2019\u00e9crit ainsi que d\u2019aider \u00e0 d\u00e9velopper le sens critique des \u00e9l\u00e8ves. Ces ateliers seront cl\u00f4tur\u00e9s au moment du festival, lors de la journ\u00e9e sp\u00e9cialement r\u00e9serv\u00e9e aux scolaires.<\/p>\n<p>Deux prix litt\u00e9raires sont remis officiellement pendant le festival\u00a0: &#8211; Le prix litt\u00e9raire Marguerite Puhl-Demange qui r\u00e9compense une \u0153uvre \u00e9crite en fran\u00e7ais et publi\u00e9e entre le 1er juillet et le 31 janvier de l\u2019ann\u00e9e de sa remise. Ce prix est d\u00e9cern\u00e9 par un jury de lecteurs recrut\u00e9 sur l\u2019ensemble du territoire mosellan. &#8211; Le prix Graoully cr\u00e9\u00e9e en 2009 \u2014 issu d\u2019une collaboration r\u00e9cente qui voit s\u2019unir la librairie jeunesse \u00ab Le Pr\u00e9au \u00bb, le festival Le Livre \u00e0 Metz et les Biblioth\u00e8ques M\u00e9diath\u00e8ques de Metz \u2014. Ce prix est l\u2019occasion de mettre les enfants \u00e0 l\u2019honneur puisque ce sont eux qui composent exclusivement le jury. En 2017, le festival f\u00eatera ses trente ans. Pour l\u2019occasion, l\u2019\u00e9quipe travaille a une programmation exceptionnelle afin d\u2019inscrire durablement l\u2019\u00e9v\u00e9nement dans l\u2019esprit du public et de ses partenaires.<\/p>\n<p>[\/vc_column_text][\/vc_column_inner][vc_column_inner width=&#8221;1\/3&#8243; css=&#8221;.vc_custom_1475677887652{margin-right: 10px !important;border-right-width: 10px !important;padding-top: 10px !important;padding-right: 10px !important;padding-bottom: 10px !important;padding-left: 10px !important;background-color: #f2f2f2 !important;}&#8221;][vc_column_text]<a name=\"deboucheaoreillespaysnied\"><\/a><\/p>\n<h3><span style=\"text-decoration: underline;\"><a href=\"http:\/\/contesetlegendesenpaysdenied.blogspot.fr\/\" target=\"_blank\" rel=\"noopener\"><strong>De Bouche \u00e0 Oreilles, Festival de contes et l\u00e9gendes en Pays de Nied<\/strong><\/a><\/span><\/h3>\n<p><strong>Pays de Nied (Moselle)<\/strong><br \/>\n<strong>Octobre<\/strong><\/p>\n<p>De Bouche \u00e0 Oreilles est un festival itin\u00e9rant consacr\u00e9 au conte. 2016 a marqu\u00e9 sa 23<sup>e<\/sup> \u00e9dition. Pendant un mois, diff\u00e9rentes occasions sont donn\u00e9es d\u2019entendre des contes dans le Pays de Nied. Pour les adultes comme pour un jeune public, des spectacles, des lectures, des veill\u00e9es cont\u00e9es chez l\u2019habitant sont organis\u00e9es.<br \/>\nDans le cadre du festival une place particuli\u00e8re est r\u00e9serv\u00e9e \u00e0 la d\u00e9couverte et \u00e0 l\u2019accompagnement de jeunes talents, qui pr\u00e9sentent au public l\u2019\u00e9tat de leur travail.[\/vc_column_text][\/vc_column_inner][\/vc_row_inner][\/vc_column][\/vc_row][vc_row][vc_column][vc_separator border_width=&#8221;4&#8243;][\/vc_column][\/vc_row][vc_row css=&#8221;.vc_custom_1475675335145{background-color: #ffffff !important;}&#8221;][vc_column css=&#8221;.vc_custom_1475675323538{background-color: #ffffff !important;}&#8221;][vc_single_image image=&#8221;3358&#8243; img_size=&#8221;full&#8221;][vc_row_inner][vc_column_inner width=&#8221;1\/2&#8243; css=&#8221;.vc_custom_1475422277724{margin-bottom: 0px !important;border-bottom-width: 0px !important;padding-bottom: 0px !important;}&#8221;][vc_column_text]<a name=\"lerayonvert\"><\/a><\/p>\n<h3><span style=\"text-decoration: underline;\"><a href=\"http:\/\/www.festivalbd-rayonvert.fr\/\" target=\"_blank\" rel=\"noopener\"><strong>Le Rayon Vert<\/strong><\/a><\/span><\/h3>\n<p><strong>Week-end, mois de mai<\/strong><br \/>\n<strong>Thionville, Centre Saint Michel (Domaine de Volkrange)<\/strong><\/p>\n<p>Festival initi\u00e9 par des amateurs, le Rayon Vert se consacre principalement \u00e0 la bande dessin\u00e9e mais veut aussi ouvrir ses portes \u00e0 tous les \u00ab\u00a0imaginaires\u00a0\u00bb (science-fiction, fantasy\u2026). Depuis 2012, le festival permet chaque ann\u00e9e au public de faire la rencontre d\u2019une quarantaine d\u2019auteurs, confirm\u00e9s ou plus confidentiels. Outre les d\u00e9dicaces, des conf\u00e9rences, des projections de films (fiction, documentaires), des quizz sont organis\u00e9s. Le dessin y rencontre la performance puisque des \u00ab\u00a0battles\u00a0\u00bb de dessin et des \u00ab\u00a0illus\u2019musicales\u00a0\u00bb (dessin en direct, accompagn\u00e9s de musique) sont organis\u00e9es pendant le week-end ainsi que des pr\u00e9sentations de cosplay.[\/vc_column_text][\/vc_column_inner][vc_column_inner width=&#8221;1\/2&#8243; css=&#8221;.vc_custom_1475422284361{margin-bottom: 0px !important;border-bottom-width: 0px !important;padding-bottom: 0px !important;}&#8221;][vc_column_text]<a name=\"insolivresmoselle\"><\/a><\/p>\n<h3><a href=\"http:\/\/www.cg57.fr\/actus\/Pages\/DLPB_insolivres.aspx\" target=\"_blank\" rel=\"noopener\"><strong>Les InsoLivres<\/strong><\/a><\/h3>\n<p><strong>Biblioth\u00e8ques de Moselle<\/strong><br \/>\n<strong>Mai \u2013 juin<\/strong><\/p>\n<p>Les InsoLivres (9<sup>e<\/sup> \u00e9dition en 20216) sont une programmation coordonn\u00e9e par le Conseil d\u00e9partementale de Moselle au sein des biblioth\u00e8ques et m\u00e9diath\u00e8ques du territoire. Elle a pour vocation de valoriser la lecture et de mettre en avant l\u2019espace privil\u00e9gi\u00e9 pour cette activit\u00e9 que sont les biblioth\u00e8ques.<br \/>\nL\u2019op\u00e9ration est de grande ampleur, puisqu\u2019elle regroupe plus d\u2019une centaine de biblioth\u00e8ques (110 en 2016) et pr\u00e8s de 400 animations sur une p\u00e9riode d\u2019un mois. Chaque \u00e9dition des InsoLivres d\u00e9cline une th\u00e9matique (les cabanes, l\u2019environnement, le voyage\u2026) \u00e0 travers des jeux, des contes, des ateliers. Un dispositif de bo\u00eetes \u00e0 livre (d\u00e9p\u00f4t et emprunt) est mis en place pendant l\u2019\u00e9v\u00e9nement.[\/vc_column_text][\/vc_column_inner][\/vc_row_inner][vc_row_inner][vc_column_inner css=&#8221;.vc_custom_1475422263174{margin-top: 0px !important;border-top-width: 0px !important;padding-top: 0px !important;}&#8221;][\/vc_column_inner][\/vc_row_inner][\/vc_column][\/vc_row][vc_row][vc_column][vc_separator border_width=&#8221;4&#8243;][\/vc_column][\/vc_row][vc_row][vc_column][vc_row_inner][vc_column_inner][vc_custom_heading text=&#8221;Meurthe-et-Moselle&#8221; font_container=&#8221;tag:h2|font_size:48|text_align:center&#8221; google_fonts=&#8221;font_family:Lato%3A100%2C100italic%2C300%2C300italic%2Cregular%2Citalic%2C700%2C700italic%2C900%2C900italic|font_style:700%20bold%20regular%3A700%3Anormal&#8221;][vc_column_text]<img loading=\"lazy\" decoding=\"async\" class=\"alignnone size-full wp-image-2217 aligncenter\" src=\"http:\/\/test-lde.univ-lorraine.fr\/wp-content\/uploads\/2016\/07\/filet-rouge-150.png\" alt=\"filet-rouge-150\" width=\"150\" height=\"9\" \/>[\/vc_column_text][\/vc_column_inner][\/vc_row_inner][vc_row_inner][vc_column_inner width=&#8221;1\/2&#8243;][vc_column_text]<a name=\"livresurlaplacenancy\"><\/a><\/p>\n<h3><span style=\"text-decoration: underline;\"><a href=\"http:\/\/www.lelivresurlaplace.fr\/\">Livre sur la Place<\/a><\/span><\/h3>\n<p><strong>Septembre<br \/>\n<\/strong><strong>Cr\u00e9\u00e9 en 1979<br \/>\n<\/strong><strong>Nancy, Place de la Carri\u00e8re<\/strong><\/p>\n<p><strong>Le Livre sur la Place<\/strong>, cr\u00e9\u00e9 en 1979, est le premier salon national g\u00e9n\u00e9raliste de la rentr\u00e9e litt\u00e9raire en France. \u00a0Gratuit, il se d\u00e9roule chaque ann\u00e9e, en septembre, au c\u0153ur de la ville de Nancy et s\u2019\u00e9tend sur une p\u00e9riode de trois jours. Plus de 500 auteurs sont r\u00e9unis sous un chapiteau d\u2019environ 2 000 m<sup>2<\/sup>\u00a0situ\u00e9, depuis 2004, sur la place de la Carri\u00e8re. Le salon accueille chaque ann\u00e9e de 130 000 \u00e0 170 000 visiteurs. Il s\u2019agit d\u2019une des premi\u00e8res manifestations litt\u00e9raires cr\u00e9\u00e9es en France. Le Livre sur la Place b\u00e9n\u00e9ficie, depuis sa cr\u00e9ation, d\u2019un partenariat avec l\u2019Acad\u00e9mie Goncourt. Lors de cet \u00e9v\u00e9nement, plusieurs prix litt\u00e9raires sont d\u00e9cern\u00e9s, notamment le Goncourt de la biographie, la Feuille d\u2019or de la ville de Nancy et le prix Livre et Droits de l\u2019Homme de la ville de Nancy.<br \/>\nLe programme est ponctu\u00e9 de rencontres et de d\u00e9bats litt\u00e9raires, de s\u00e9ances de d\u00e9dicaces, mais aussi de spectacles de rue. Des animations litt\u00e9raires sont \u00e9galement organis\u00e9es dans divers lieux publics de la ville ainsi que des conf\u00e9rences tout au long de l\u2019ann\u00e9e.<\/p>\n<p>R\u00e9f\u00e9rences :<br \/>\nClerc\u00a0Adeline,\u00a0<span style=\"text-decoration: underline;\"><a href=\"http:\/\/www.theses.fr\/2011NAN21009\" target=\"_blank\" rel=\"noopener\">Le monde du livre en salon : le Livre sur la Place \u00e0 Nancy<\/a><\/span> (1979-2009)<a href=\"http:\/\/www.theses.fr\/2011NAN21009\"><br \/>\n<\/a>Clerc\u00a0Adeline, \u00ab\u00a0Place et l\u00e9gitimit\u00e9 des auto\u00e9dit\u00e9s en salon\u00a0\u00bb,\u00a0<span style=\"text-decoration: underline;\"><a href=\"http:\/\/www.cairn.info\/revue-les-enjeux-de-l-information-et-de-la-communication-2012-1-page-119.htm\" target=\"_blank\" rel=\"noopener\"><em>Les Enjeux de l&#8217;information et de la communication<\/em>\u00a0<\/a><\/span>1\/2012 (n\u00b0 13\/1) , p.\u00a0119-126<br \/>\nClerc\u00a0Adeline, \u00ab\u00a0Entre artiste id\u00e9alis\u00e9 et personne incarn\u00e9e : les figures de l&#8217;\u00e9crivain n\u00e9es des rencontres avec les lecteurs.\u00a0Une \u00e9tude dans un salon du livre\u00bb,\u00a0<span style=\"text-decoration: underline;\"><a href=\"http:\/\/www.cairn.info\/revue-terrains-et-travaux-2010-1-page-5.htm\" target=\"_blank\" rel=\"noopener\"><em>Terrains &amp; travaux<\/em><\/a><\/span>\u00a01\/2010 (n\u00b0 17) , p.\u00a05-21[\/vc_column_text][\/vc_column_inner][vc_column_inner width=&#8221;1\/2&#8243;][vc_single_image image=&#8221;3485&#8243; img_size=&#8221;full&#8221;][\/vc_column_inner][\/vc_row_inner][\/vc_column][\/vc_row][vc_row][vc_column][vc_separator border_width=&#8221;4&#8243;][\/vc_column][\/vc_row][vc_row][vc_column][vc_row_inner][vc_column_inner width=&#8221;1\/3&#8243;][vc_single_image image=&#8221;3125&#8243; img_size=&#8221;full&#8221; css=&#8221;.vc_custom_1475422650071{margin-top: 30px !important;}&#8221;][vc_column_text]<a name=\"lesailesdulivrelongwy\"><\/a><\/p>\n<h3><span style=\"text-decoration: underline;\"><a href=\"https:\/\/www.evensi.fr\/les-ailes-du-livre-2016-longwy-france\/173085617\" target=\"_blank\" rel=\"noopener\"><strong>Les Ailes du livre<\/strong><\/a><\/span><\/h3>\n<p><strong>8-9 octobre<\/strong><br \/>\n<strong>Longwy (54)<\/strong><br \/>\n<strong>Salon de l\u2019H\u00f4tel de ville<\/strong><\/p>\n<p>Ev\u00e9nement culturel bien ancr\u00e9 dans le calendrier des manifestations litt\u00e9raires automnales, la f\u00eate des bulles \u2013 fond\u00e9 par Jean Pauline \u2013 existe depuis 1991 et accueille des artistes venus de toute l\u2019Europe. Une trentaine de b\u00e9d\u00e9istes en moyenne se rendent chaque ann\u00e9e dans la ville messine. Chaque ann\u00e9e, un th\u00e8me est propos\u00e9 (ex\u00a0: la jeunesse, la femme, le vin ou encore du cin\u00e9ma).<br \/>\nDes s\u00e9ances de d\u00e9dicaces, des conf\u00e9rences et des animations diverses (expositions, ateliers, cosplays, jeu de piste, etc) sont propos\u00e9s \u00e0 un large public du mardi au dimanche. Une journ\u00e9e (vendredi) est destin\u00e9e au public scolaire.<\/p>\n<p>En 2016, l\u2019invit\u00e9 d\u2019honneur est Philippe Jarbinet, l\u2019auteur de <em>Sam Bracken<\/em> publi\u00e9 chez Gl\u00e9nat.[\/vc_column_text][\/vc_column_inner][vc_column_inner width=&#8221;1\/3&#8243;][vc_column_text]<a name=\"saloneurobdlexy\"><\/a><\/p>\n<h3><span style=\"text-decoration: underline;\"><a href=\"http:\/\/festivalbdlexy54.kazeo.com\" target=\"_blank\" rel=\"noopener\"><strong>Salon Euro-bd<\/strong><\/a><\/span><\/h3>\n<p><strong>Weekend, d\u00e9but octobre<\/strong><br \/>\n<strong>Lexy (54)<\/strong><\/p>\n<p>Depuis 2004, l\u2019association Plum\u2019Arts organise le salon Euro-bd \u00e0 Lexy, village meurthe-et-mosellan. Une trentaine d\u2019auteurs de bandes-dessin\u00e9es pr\u00e9sentent leurs derni\u00e8res cr\u00e9ations et s\u2019adonnent au jeu des d\u00e9dicaces. Des expositions sont r\u00e9alis\u00e9es en lien avec la th\u00e9matique choisie pour chaque \u00e9dition. En 2016, le th\u00e8me est \u00ab\u00a0L\u2019humour dans la BD\u00a0\u00bb.\u00a0Des stands de bandes-dessin\u00e9es neuves, d&#8217;occasion et de collection sont propos\u00e9s \u00e0 un large public.<\/p>\n<p>L\u2019entr\u00e9e est payante\u00a0: 3 euros \u00e0 partir de 12 ans et gratuit pour les moins de 12 ans.[\/vc_column_text][vc_single_image image=&#8221;3126&#8243; img_size=&#8221;full&#8221;][\/vc_column_inner][vc_column_inner width=&#8221;1\/3&#8243;][vc_column_text]<a name=\"lunelivreluneville\"><\/a><\/p>\n<h3><strong>Lun\u00e9livre <\/strong><\/h3>\n<p><strong>Dimanche de novembre<\/strong><br \/>\n<strong>Salon des Halles de Lun\u00e9ville (54)<\/strong><\/p>\n<p>Le salon du livre Lun\u00e9livre, organis\u00e9 par le Cercle litt\u00e9raire L\u00e9opold depuis 2006, se sp\u00e9cialise depuis plusieurs ann\u00e9es dans le polar. Ouvert sur deux journ\u00e9es, le salon offre aux publics une programmation riche et vari\u00e9e\u00a0: exposition, concours d&#8217;\u00e9criture, conf\u00e9rence, ateliers d\u2019\u00e9criture, bourse aux livres et prix litt\u00e9raires (prix L\u00e9opold, prix de le Ville de Lun\u00e9ville et prix de la M\u00e9diath\u00e8que de l&#8217;Orangerie). Aux c\u00f4t\u00e9s de nombreux auteurs de polars (en moyenne 80 par \u00e9dition), des \u00e9crivains fid\u00e8les \u00e0 ce rendez-vous comme Elise Fischer et Gilles Laporte sont pr\u00e9sents pour d\u00e9dicacer leur dernier livre.[\/vc_column_text][vc_single_image image=&#8221;3127&#8243; img_size=&#8221;full&#8221;][\/vc_column_inner][\/vc_row_inner][\/vc_column][\/vc_row][vc_row][vc_column][vc_separator border_width=&#8221;4&#8243;][\/vc_column][\/vc_row][vc_row][vc_column][vc_row_inner][vc_column_inner width=&#8221;1\/3&#8243;][vc_column_text]<a name=\"villersbdvillerslesnancy\"><\/a><\/p>\n<h3><span style=\"text-decoration: underline;\"><a href=\"http:\/\/www.villersbd.org\/\" target=\"_blank\" rel=\"noopener\"><strong>Villers BD <\/strong><\/a><\/span><\/h3>\n<p><strong>Avril<\/strong><br \/>\n<strong>Villers-les-Nancy (54)<\/strong><\/p>\n<p>Organis\u00e9 depuis 2003 par l\u2019association Villers BD, le festival d\u00e9di\u00e9 \u00e0 la bande dessin\u00e9e a pour objectif de promouvoir la bande dessin\u00e9e quel que soit le public et f\u00e9d\u00e9rer tout ce qui a trait \u00e0 ce genre litt\u00e9raire \u00e0 Nancy et ses alentours. Chaque ann\u00e9e, une vingtaine d\u2019auteurs viennent pr\u00e9senter leur derni\u00e8re cr\u00e9ation au ch\u00e2teau de Madame de Graffigny.<br \/>\nExpositions, conf\u00e9rences, tables rondes, concours de planches, animations jeunesses, foire aux BD d\u2019occasion ponctuent les deux jours du festival.<br \/>\nDepuis 2016, le festival s\u2019ouvre aux mangas et aux comics.[\/vc_column_text][vc_single_image image=&#8221;3129&#8243; img_size=&#8221;full&#8221;][\/vc_column_inner][vc_column_inner width=&#8221;1\/3&#8243; css=&#8221;.vc_custom_1475074510266{background-position: center !important;background-repeat: no-repeat !important;background-size: cover !important;}&#8221;][vc_column_text]<a name=\"fetedulivrebouxieresauxdames\"><\/a><\/p>\n<h3>F\u00eate du livre \u00e0 Bouxi\u00e8res-aux-Dames (54)<\/h3>\n<p><strong>Dimanche d\u2019avril ou de mai<\/strong><br \/>\n<strong>37<sup>\u00e8me<\/sup> \u00e9dition<\/strong><\/p>\n<p><img loading=\"lazy\" decoding=\"async\" class=\"size-full wp-image-2485 alignleft\" src=\"http:\/\/lalorrainedesecrivains.univ-lorraine.fr\/wp-content\/uploads\/2016\/07\/fete-du-Livre.jpg\" alt=\"fete-du-livre\" width=\"237\" height=\"340\" srcset=\"http:\/\/lalorrainedesecrivains.univ-lorraine.fr\/wp-content\/uploads\/2016\/07\/fete-du-Livre.jpg 237w, http:\/\/lalorrainedesecrivains.univ-lorraine.fr\/wp-content\/uploads\/2016\/07\/fete-du-Livre-209x300.jpg 209w\" sizes=\"auto, (max-width: 237px) 100vw, 237px\" \/>Organis\u00e9e par la municipalit\u00e9 depuis 1980, La f\u00eate du livre \u00e0 Bouxi\u00e8res-aux-Dames accueille de nombreux libraires, \u00e9diteurs, auteurs illustrateurs et photographes lorrains pour les jeunes et les adultes. La biblioth\u00e8que pour tous ainsi que l\u2019\u00e9cole primaire de la commune participent \u00e0 cette journ\u00e9e d\u00e9di\u00e9e \u00e0 la litt\u00e9rature g\u00e9n\u00e9rale. Des auteurs viennent en amont dans les classes et travaillent en \u00e9troite relation avec les enseignants du primaire tout au long de l\u2019ann\u00e9e scolaire (exemples\u00a0: Paul Berg\u00e8se, Fr\u00e9d\u00e9ric Cl\u00e9ment). Des animations comme des lectures de conte et des ateliers artistiques rythment \u00e9galement la journ\u00e9e.[\/vc_column_text][\/vc_column_inner][vc_column_inner width=&#8221;1\/3&#8243;][vc_column_text]<a name=\"salondulivresaintnicolasdeport\"><\/a><\/p>\n<h3><span style=\"text-decoration: underline;\"><a href=\"http:\/\/mjc-saintnicolasdeport.org\/manifestations\/salon-des-auteurs\/\" target=\"_blank\" rel=\"noopener\"><strong>Salon du livre St Nicolas de Port<\/strong><\/a><\/span><\/h3>\n<p><strong>1 journ\u00e9e en f\u00e9vrier<\/strong><br \/>\n<strong>St Nicolas de Port (54)<\/strong><\/p>\n<p>La Maison des Jeunes et de la Culture de St Nicolas de Port organise le salon du livre de la ville. Avec des auteurs et \u00e9diteurs de tous genres litt\u00e9raires, le salon s\u2019adresse \u00e0 des lecteurs de tous les \u00e2ges et regroupe toute une s\u00e9rie d\u2019animations autour du livre et de la lecture : ateliers de lecture pour les enfants (le public jeune a la possibilit\u00e9 de d\u00e9couvrir de fa\u00e7on ludique les contes et l\u00e9gendes de Lorraine), conf\u00e9rences, atelier de calligraphie. Une cinquantaine d\u2019auteurs, d\u2019\u00e9diteurs et de libraires rythment la journ\u00e9e par diff\u00e9rentes interventions : conf\u00e9rences, lectures publiques. L\u2019entr\u00e9e est gratuite.[\/vc_column_text][vc_single_image image=&#8221;3130&#8243; img_size=&#8221;full&#8221;][\/vc_column_inner][\/vc_row_inner][\/vc_column][\/vc_row][vc_row][vc_column width=&#8221;1\/2&#8243;][vc_column_text]<a name=\"autourdulivrechaligny\"><\/a><\/p>\n<h3><span style=\"text-decoration: underline;\"><a href=\"http:\/\/www.fjepchaligny.fr\/crbst_2.html\" target=\"_blank\" rel=\"noopener\"><strong>Autour du livre<\/strong><\/a><\/span><\/h3>\n<p><strong>1 journ\u00e9e en f\u00e9vrier<\/strong><br \/>\n<strong>Chaligny (54)<\/strong><\/p>\n<p>Depuis 2008, le Foyer des Jeunes de Chaligny, village lorrain entre Toul et Nancy, organise un \u00e9v\u00e9nement culturel \u00ab\u00a0Autour du livre\u00a0\u00bb sur le territoire de Moselle et Madon. Au programme de cette manifestation, la rencontre de plus de 40 \u00e9crivains venus de toute la Lorraine, de Belgique, du Grand Est et des Yvelines qui d\u00e9dicacent leurs livres. Ce salon regroupe divers genres litt\u00e9raires\u00a0: litt\u00e9rature jeunesse, B.D., fantastique, po\u00e9sie, et romans. Cette manifestation implique les \u00e9l\u00e8ves des deux \u00e9coles primaires du village qui ont travaill\u00e9 autour du livre et viendront pr\u00e9senter leur travail, des ateliers \u00ab\u00a0reliure\u00a0\u00bb sont \u00e9galement programm\u00e9s. La journ\u00e9e se d\u00e9roule \u00e0 la salle polyvalente de Chaligny et l\u2019entr\u00e9e est gratuite.[\/vc_column_text][\/vc_column][vc_column width=&#8221;1\/2&#8243;][vc_column_text]<a name=\"salonlitterairevillerslesnancy\"><\/a><\/p>\n<h3><span style=\"text-decoration: underline;\"><a href=\"http:\/\/www.ici-c-nancy.fr\/livres\/item\/8850-villers-les-nancy-8e-salon-des-auteurs-lorrains.html\" target=\"_blank\" rel=\"noopener\"><strong>Salon litt\u00e9raire des auteurs lorrains<\/strong><\/a><\/span><\/h3>\n<p><strong>Un week-end en f\u00e9vrier<\/strong><br \/>\n<strong>Villers Les Nancy (54)<\/strong><\/p>\n<p>Le Salon Litt\u00e9raire des Auteurs Lorrains accueille pr\u00e8s de 70 \u00e9crivains \u00e0 Villers les Nancy. Initi\u00e9 en 2007 par Marcel Cordier, \u00e9crivain lorrain, ce salon est organis\u00e9 par la municipalit\u00e9 de Villers-l\u00e8s-Nancy et l\u2019ADILL (Association de D\u00e9fense et Illustration des Litt\u00e9ratures en Lorraine). Il est devenu un \u00e9l\u00e9ment incontournable de la vie culturelle de la commune et de la promotion litt\u00e9raire en Lorraine. Cette manifestation a pour but de promouvoir les auteurs lorrains et permet aux visiteurs de rencontrer et d\u2019\u00e9changer avec des auteurs de romans ou essais, illustrateurs de livres pour la jeunesse ou de bandes dessin\u00e9es et des \u00e9diteurs dans le ch\u00e2teau et la galerie Mme de Graffigny.\u00a0Les prix Victor Hugo et prix de la ville de Villers-l\u00e8s-Nancy pour la jeunesse sont remis \u00e0 l\u2019occasion de ce salon. L\u2019entr\u00e9e est libre.[\/vc_column_text][\/vc_column][\/vc_row][vc_row css=&#8221;.vc_custom_1475679251362{background-image: url(http:\/\/lalorrainedesecrivains.univ-lorraine.fr\/wp-content\/uploads\/2016\/07\/mousson2.jpg?id=3362) !important;}&#8221;][vc_column][vc_column_text]<a name=\"lamoussondete\"><\/a><\/p>\n<h3><span style=\"text-decoration: underline; color: #ffffff;\"><a style=\"color: #ffffff; text-decoration: underline;\" href=\"http:\/\/meecorgirq.cluster006.ovh.net\/\" target=\"_blank\" rel=\"noopener\"><strong>La Mousson d\u2019\u00e9t\u00e9<\/strong><\/a><\/span><\/h3>\n<p><span style=\"color: #ffffff;\"><strong>Pont-\u00e0-Mousson, Abbaye des Pr\u00e9montr\u00e9s<\/strong><\/span><br \/>\n<span style=\"color: #ffffff;\"><strong>Une semaine en ao\u00fbt<\/strong><\/span><\/p>\n<p><span style=\"color: #ffffff;\">La Mousson d\u2019\u00e9t\u00e9 est consacr\u00e9e \u00e0 la d\u00e9couverte et \u00e0 la promotion des \u00e9critures dramatiques contemporaines. Le th\u00e9\u00e2tre y est abord\u00e9 \u00e0 partir de ses textes (souvent in\u00e9dits ou traduits pour la premi\u00e8re fois), \u00e0 travers des lectures et des mises en espace durant une semaine \u00e0 la fin du mois d\u2019ao\u00fbt. L\u2019\u00e9v\u00e9nement a une vocation et une port\u00e9e europ\u00e9ennes, comme en t\u00e9moignent les origines de ses participants et la diversit\u00e9 de ses partenariats.<\/span><br \/>\n<span style=\"color: #ffffff;\">Le succ\u00e8s et la long\u00e9vit\u00e9 de la Mousson d\u2019\u00e9t\u00e9 (cr\u00e9\u00e9e en 1995) lui ont permis de d\u00e9velopper plusieurs d\u00e9clinaisons de ses activit\u00e9s\u00a0: la Mousson sur l\u2019eau (itin\u00e9rante sur p\u00e9niche), la Mousson d\u2019hiver (tourn\u00e9e vers les coll\u00e9giens, les lyc\u00e9ens et les \u00e9tudiants), une Universit\u00e9 d\u2019\u00e9t\u00e9 en parall\u00e8le de l\u2019\u00e9v\u00e9nement.<\/span><br \/>\n<span style=\"color: #ffffff;\">La MEEC (Maison europ\u00e9enne des \u00e9critures contemporaines) assure l\u2019organisation de l\u2019\u00e9v\u00e9nement et la conduite de ses missions en faveur de la cr\u00e9ation dramatique en Europe.<\/span>[\/vc_column_text][\/vc_column][\/vc_row][vc_row][vc_column width=&#8221;1\/3&#8243;][vc_column_text]<a name=\"deslivresetvousmalzeville\"><\/a><\/p>\n<h3><span style=\"text-decoration: underline;\"><a href=\"http:\/\/www.villedemalzeville.fr\/evenement\/des-livres-et-vous\/\" target=\"_blank\" rel=\"noopener\"><strong>Des livres et vous<\/strong><\/a><\/span><\/h3>\n<p><strong>Malz\u00e9ville<\/strong><br \/>\n<strong>Mai-juin<\/strong><\/p>\n<p><em>Des livres et vous<\/em> est un \u00e9v\u00e9nement local qui, depuis 2012, s\u2019attache \u00e0 la promotion de la lecture aupr\u00e8s des plus jeunes. Des lectures sont organis\u00e9es dans diff\u00e9rents espaces (cabanes, caravane, tipis\u2026) pouvant accueillir les enfants et leurs parents. Les animations sont assur\u00e9es par des b\u00e9n\u00e9voles et plusieurs associations.[\/vc_column_text][\/vc_column][vc_column width=&#8221;1\/3&#8243;][vc_column_text]<a name=\"festivalchaiseslonguesmontsaintmartin\"><\/a><\/p>\n<h3><span style=\"text-decoration: underline;\"><a href=\"http:\/\/www.festivaldecontesenchaiseslongues.com\/\" target=\"_blank\" rel=\"noopener\"><strong>Festival de contes en chaises longues<\/strong><\/a><\/span><\/h3>\n<p><strong>Mont-Saint-Martin et alentours<\/strong><br \/>\n<strong>Fin Mai &#8211; d\u00e9but juin<\/strong><\/p>\n<p>Comme son nom l\u2019indique, ce festival est consacr\u00e9 aux contes et \u00e0 leur \u00e9coute dans un cadre particulier, des chaises longues (une centaine) au bord d\u2019un lac, \u00e0 la fin du printemps. Des conteurs d\u2019origines vari\u00e9es sont invit\u00e9s pour des lectures mais aussi d\u2019autres animations (marche cont\u00e9e, master class), en journ\u00e9e comme en soir\u00e9e. Des s\u00e9ances sont aussi organis\u00e9es sur le territoire dans des m\u00e9diath\u00e8ques, \u00e9coles et maisons de retraite. Des installations artistiques accompagnent l\u2019\u00e9v\u00e9nement.<br \/>\nLe festival a f\u00eat\u00e9 sa 15<sup>e<\/sup> ann\u00e9e en 2016.[\/vc_column_text][\/vc_column][vc_column width=&#8221;1\/3&#8243;][vc_single_image image=&#8221;3376&#8243; img_size=&#8221;full&#8221;][\/vc_column][\/vc_row][vc_row][vc_column width=&#8221;1\/2&#8243;][vc_column_text]<a name=\"festivalpayspaysagessillon\"><\/a><\/p>\n<h3><span style=\"text-decoration: underline;\"><a href=\"http:\/\/www.festivalpayspaysages.com\/\" target=\"_blank\" rel=\"noopener\"><strong>Festival Pays Paysages<\/strong><\/a><\/span><\/h3>\n<p>Colline de Sion<br \/>\nMois de juin<\/p>\n<p>Le festival Pays Paysages s\u2019inscrit \u00e0 partir de 2016 dans la continuit\u00e9 des deux \u00e9ditions du festival Sion lisait sur la colline (2014, 2015). Port\u00e9 par l\u2019association Si on lisait sur la colline et la Cit\u00e9 des Paysages, ce festival se consacre \u00e0 la litt\u00e9rature, aux paysages et \u00e0 la biodiversit\u00e9.<br \/>\nDans un cadre naturel et patrimonial particulier (la colline de Sion et la Cit\u00e9 des paysages), une cinquantaine d\u2019invit\u00e9s (\u00e9crivains, scientifiques, journalistes, artistes, illustrateurs, photographes, historiens, acteurs locaux de la biodiversit\u00e9) abordent la th\u00e9matique, \u00e0 l\u2019occasion de conf\u00e9rences, de \u00ab\u00a0lectures de paysage\u00a0\u00bb et de moments de rencontre (d\u00e9dicaces, caf\u00e9s litt\u00e9raires\u2026) avec le public. Des spectacles de rue et des ateliers ont \u00e9galement lieu au cours des journ\u00e9es.[\/vc_column_text][\/vc_column][vc_column width=&#8221;1\/2&#8243;][vc_column_text]<a name=\"printempslitteraireesseylesnancy\"><\/a><\/p>\n<h3><span style=\"text-decoration: underline;\"><a href=\"http:\/\/www.esseylesnancy.fr\/infos\/printemps-litteraire\" target=\"_blank\" rel=\"noopener\"><strong>Printemps litt\u00e9raire<\/strong><\/a><\/span><\/h3>\n<p><strong>Un week-end en f\u00e9vriers<\/strong><br \/>\n<strong>Villers Les Nancy (54)<\/strong><\/p>\n<p>Le Salon Litt\u00e9raire des Auteurs Lorrains accueille pr\u00e8s de 70 \u00e9crivains \u00e0 Villers les Nancy. Initi\u00e9 en 2007 par Marcel Cordier, \u00e9crivain lorrain, ce salon est organis\u00e9 par la municipalit\u00e9 de Villers-l\u00e8s-Nancy et l\u2019ADILL (Association de D\u00e9fense et Illustration des Litt\u00e9ratures en Lorraine). Il est devenu un \u00e9l\u00e9ment incontournable de la vie culturelle de la commune et de la promotion litt\u00e9raire en Lorraine. Cette manifestation a pour but de promouvoir les auteurs lorrains et permet aux visiteurs de rencontrer et d\u2019\u00e9changer avec des auteurs de romans ou essais, illustrateurs de livres pour la jeunesse ou de bandes dessin\u00e9es et des \u00e9diteurs dans le ch\u00e2teau et la galerie Mme de Graffigny.\u00a0Les prix Victor Hugo et prix de la ville de Villers-l\u00e8s-Nancy pour la jeunesse sont remis \u00e0 l\u2019occasion de ce salon. L\u2019entr\u00e9e est libre.[\/vc_column_text][\/vc_column][\/vc_row][vc_row][vc_column][vc_separator border_width=&#8221;4&#8243;][\/vc_column][\/vc_row][vc_row][vc_column][vc_row_inner][vc_column_inner][vc_custom_heading text=&#8221;Vosges&#8221; font_container=&#8221;tag:h2|font_size:48|text_align:center&#8221; google_fonts=&#8221;font_family:Lato%3A100%2C100italic%2C300%2C300italic%2Cregular%2Citalic%2C700%2C700italic%2C900%2C900italic|font_style:700%20bold%20regular%3A700%3Anormal&#8221;][vc_column_text]<img loading=\"lazy\" decoding=\"async\" class=\"alignnone size-full wp-image-2217 aligncenter\" src=\"http:\/\/test-lde.univ-lorraine.fr\/wp-content\/uploads\/2016\/07\/filet-rouge-150.png\" alt=\"filet-rouge-150\" width=\"150\" height=\"9\" \/>[\/vc_column_text][\/vc_column_inner][\/vc_row_inner][\/vc_column][\/vc_row][vc_row][vc_column][vc_row_inner][vc_column_inner width=&#8221;1\/3&#8243;][vc_column_text]<a name=\"zincgrenadineepinal\"><\/a><\/p>\n<h3><strong><a href=\"http:\/\/www.zincgrenadine.fr\/\" target=\"_blank\" rel=\"noopener\"><span style=\"text-decoration: underline;\">Zinc Grenadine<\/span> <\/a>\u00e0 Epinal (88)<\/strong><\/h3>\n<p><strong>Weekend d\u2019avril<\/strong><br \/>\n<strong>Port d\u2019Epinal \u00e0 Epina<\/strong>l<\/p>\n<p>Sur une id\u00e9e de Clair Arthur et Jeanne Cressange, l\u2019association \u00ab\u00a0Zinc Grenadine\u00a0\u00bb se consacre depuis 2001 \u00e0 l&#8217;organisation d&#8217;un salon annuel d\u00e9di\u00e9 \u00e0 la litt\u00e9rature jeunesse. L\u2019occasion pour une vingtaine d\u2019auteurs-illustrateurs de renomm\u00e9e nationale et internationale de pr\u00e9senter leurs derni\u00e8res cr\u00e9ations. Sous une forme atypique m\u00ealant litt\u00e9rature jeunesse et univers fantaisiste, le salon offre la possibilit\u00e9 aux enfants de rencontrer des auteurs install\u00e9s sous un chapiteau dans des canap\u00e9s situ\u00e9s \u00e0 leur hauteur. Le weekend est ponctu\u00e9 d\u2019\u00e9v\u00e9nements associant un nombre important de partenaires\u00a0: compagnies th\u00e9\u00e2trales locales, collectifs de conteurs, la BMI ou encore la BDP. Entre rencontres, ateliers cr\u00e9atifs, jeux, spectacles et concerts, la programmation de Zinc Grenadine s\u2019av\u00e8re riche et vari\u00e9e.[\/vc_column_text][vc_single_image image=&#8221;3152&#8243; img_size=&#8221;full&#8221;][\/vc_column_inner][vc_column_inner width=&#8221;2\/3&#8243; css=&#8221;.vc_custom_1475073049278{background-color: #f4f4f4 !important;border-radius: 1px !important;}&#8221;][vc_column_text]<a name=\"festivalgeosaintdie\"><\/a><\/p>\n<h3><a href=\"http:\/\/www.fig.saint-die-des-vosges.fr\/litterature\/salon-livre\" target=\"_blank\" rel=\"noopener\"><strong>Salon du livre Festival International de G\u00e9ographie<\/strong><\/a><\/h3>\n<p><strong>Saint-Di\u00e9-des-Vosges<\/strong><br \/>\n<strong>Premi\u00e8re semaine d\u2019octobre<\/strong><\/p>\n<p><img loading=\"lazy\" decoding=\"async\" class=\"wp-image-3132 alignleft\" src=\"http:\/\/lalorrainedesecrivains.univ-lorraine.fr\/wp-content\/uploads\/2016\/07\/geo1.jpg\" alt=\"geo1\" width=\"441\" height=\"296\" srcset=\"http:\/\/lalorrainedesecrivains.univ-lorraine.fr\/wp-content\/uploads\/2016\/07\/geo1.jpg 800w, http:\/\/lalorrainedesecrivains.univ-lorraine.fr\/wp-content\/uploads\/2016\/07\/geo1-300x201.jpg 300w, http:\/\/lalorrainedesecrivains.univ-lorraine.fr\/wp-content\/uploads\/2016\/07\/geo1-768x515.jpg 768w\" sizes=\"auto, (max-width: 441px) 100vw, 441px\" \/>Depuis 1990 se d\u00e9roule chaque \u00e0 Saint-Di\u00e9-des-Vosges l\u2019important Festival International de G\u00e9ographie (FIG). La litt\u00e9rature y occupe une place particuli\u00e8re\u00a0: depuis les origines un prix litt\u00e9raire Amerigo-Vespucci (rejoint par d\u2019autres prix depuis) y est remis pour des \u0153uvres traitant de l\u2019aventure et du voyage et un salon du livre fait partie int\u00e9grante de la programmation. En 2016, un salon de la bande dessin\u00e9e est venu compl\u00e9ter cette offre litt\u00e9raire.<br \/>\nDurant les trois journ\u00e9es du festival, rencontres, conf\u00e9rences, d\u00e9dicaces, sont organis\u00e9es dans le cadre du salon. Les invit\u00e9s sont nombreux et de renomm\u00e9e nationale et internationale, \u00e0 l\u2019image du pr\u00e9sident du salon du livre (Pierre Assouline en 2016, Tonino Benacquista en 2015, Alex Taylor en 2014\u2026). Ces \u00e9v\u00e9nements s\u2019inscrivent dans la programmation plus vaste du festival qui d\u00e9cline l\u2019approche de la g\u00e9ographie sous toutes ses formes.[\/vc_column_text][\/vc_column_inner][\/vc_row_inner][\/vc_column][\/vc_row][vc_row][vc_column][vc_separator border_width=&#8221;4&#8243;][\/vc_column][\/vc_row][vc_row css=&#8221;.vc_custom_1475075230918{background-color: #f2f2f2 !important;}&#8221;][vc_column width=&#8221;1\/3&#8243;][vc_column_text]<a name=\"salonlivrejeunessecontrexeville\"><\/a><\/p>\n<h3><span style=\"text-decoration: underline;\"><a href=\"http:\/\/salondulivre-contrexeville.over-blog.com\/\" target=\"_blank\" rel=\"noopener\">Salon du livre jeunesse de Contrex\u00e9ville<\/a><\/span> (88)<\/h3>\n<p><strong>Premier weekend de novembre<\/strong><\/p>\n<p>Cr\u00e9\u00e9 en 2001 par l\u2019Association Culturelle et Sportive des Ecoles de Contrex\u00e9ville, le salon du livre jeunesse de Contrex\u00e9ville se d\u00e9roule le premier weekend du mois de novembre.<br \/>\nUn salon qui accueille chaque ann\u00e9e plusieurs milliers de visiteurs dans la cit\u00e9 thermale.<br \/>\nLe public vis\u00e9 va de la petite enfance \u00e0 l\u2019adolescence.<\/p>\n<p>Le salon est pr\u00e9c\u00e9d\u00e9 d\u2019actions autour de la cr\u00e9ation litt\u00e9raire (atelier, spectacle, prix litt\u00e9raires) et est rythm\u00e9 par de nombreuses animations (ap\u00e9ritif-lecture, contes, raconte-tapis, spectacles avec des com\u00e9diens professionnels). Des rencontres avec une dizaine d\u2019\u00e9crivains et des petits \u00e9diteurs ind\u00e9pendants assurent une ambiance conviviale et familiale autour des stands des libraires et sous la \u00ab\u00a0tente \u00e0 histoires\u00a0\u00bb. Chaque ann\u00e9e, un invit\u00e9 d\u2019honneur pr\u00e9side le salon \u00e0 l\u2019image de Didier Daeninckx pour l\u2019\u00e9dition de 2014.[\/vc_column_text][vc_single_image image=&#8221;3138&#8243; img_size=&#8221;full&#8221;][\/vc_column][vc_column width=&#8221;2\/3&#8243;][vc_single_image image=&#8221;3151&#8243; img_size=&#8221;full&#8221; onclick=&#8221;custom_link&#8221; img_link_target=&#8221;_blank&#8221; link=&#8221;http:\/\/salondulivre-contrexeville.over-blog.com\/&#8221;][vc_column_text]<a name=\"salondulivrevaldajol\"><\/a><\/p>\n<h3><span style=\"text-decoration: underline;\"><a href=\"http:\/\/taste-andouilles-levaldajol.com\/gmedia-gallery\/le-49-salon-du-livre-regional\/\" target=\"_blank\" rel=\"noopener\"><strong>Salon du livre r\u00e9gional<\/strong><\/a><\/span><\/h3>\n<p><strong>1 journ\u00e9e en f\u00e9vrier<\/strong><br \/>\n<strong>Val d\u2019Ajol (88)<\/strong><\/p>\n<p>Dans le cadre de la Foire aux Andouilles du Val d&#8217;Ajol, dans les Vosges m\u00e9ridionales \u2014 trois jours de liesses, ripailles, et cultures \u2014 se d\u00e9roule un salon du livre r\u00e9gional, \u00e0 l\u2019H\u00f4tel de ville. Une vingtaine d\u2019auteurs r\u00e9gionaux, de tout genre litt\u00e9raire, proposent des s\u00e9ances de d\u00e9dicaces, certains auteurs se plaisent \u00e0 revenir depuis de longues ann\u00e9es, appr\u00e9ciant l\u2019atmosph\u00e8re conviviale de cette grande f\u00eate. Cette manifestation est r\u00e9guli\u00e8rement fr\u00e9quent\u00e9e par les auteurs de la Grande r\u00e9gion et les visiteurs de la foire. L\u2019entr\u00e9e est libre.<\/p>\n<h4><\/h4>\n<p>[\/vc_column_text][\/vc_column][\/vc_row][vc_row css=&#8221;.vc_custom_1475075230918{background-color: #f2f2f2 !important;}&#8221;][vc_column width=&#8221;1\/2&#8243;][vc_column_text]<a name=\"lesimaginalesepinal\"><\/a>&lt;<\/p>\n<h3><span style=\"text-decoration: underline;\"><a href=\"http:\/\/www.imaginales.fr\/\" target=\"_blank\" rel=\"noopener\"><strong>Les Imaginales<\/strong><\/a><\/span><\/h3>\n<p><strong>4 jours fin mai<\/strong><br \/>\n<strong>Epinal<\/strong><\/p>\n<p>Les Imaginales sont devenues, depuis leur cr\u00e9ation par la Ville d\u2019Epinal en 2002, un \u00e9v\u00e9nement litt\u00e9raire de grande ampleur, tant par le nombre et la diversit\u00e9 de ses invit\u00e9s (une centaine d\u2019invit\u00e9s par \u00e9dition, venant du monde entier) que par l\u2019ampleur de sa fr\u00e9quentation (30000 visiteurs en 2016).<br \/>\nLe festival offre une pr\u00e9sentation de port\u00e9e internationale des litt\u00e9ratures de l\u2019imaginaire, avec un accent particulier sur la fantasy mais \u00e9galement une ouverture large sur l\u2019ensemble des genres qui s\u2019appuient l\u2019imaginaire\u00a0: romans historiques, science-fiction, fantastique, bit-lit, contes et l\u00e9gendes, litt\u00e9rature de jeunesse. Outre la litt\u00e9rature, l\u2019image est elle aussi pr\u00e9sent\u00e9e dans le cadre de ces journ\u00e9es (comme les affiches du festival en t\u00e9moignent).<br \/>\nAutour des rencontres litt\u00e9raires avec les auteurs, de nombreuses animations (projections cin\u00e9matographiques, pr\u00e9sentation de jeux\u2026) ont lieu. L\u2019essentiel du festival se d\u00e9roule dans un parc mais divers \u00e9v\u00e9nements l\u2019accompagnent dans la ville d\u2019Epinal.<\/p>\n<p>Plusieurs prix sont d\u00e9cern\u00e9s \u00e0 l\u2019occasion du salon.[\/vc_column_text][\/vc_column][vc_column width=&#8221;1\/2&#8243;][vc_single_image image=&#8221;3367&#8243; img_size=&#8221;full&#8221;][\/vc_column][\/vc_row][vc_row][vc_column][vc_separator border_width=&#8221;4&#8243;][\/vc_column][\/vc_row][vc_row][vc_column][vc_row_inner][vc_column_inner][vc_custom_heading text=&#8221;Meuse&#8221; font_container=&#8221;tag:h2|font_size:48|text_align:center&#8221; google_fonts=&#8221;font_family:Lato%3A100%2C100italic%2C300%2C300italic%2Cregular%2Citalic%2C700%2C700italic%2C900%2C900italic|font_style:700%20bold%20regular%3A700%3Anormal&#8221;][vc_column_text]<img loading=\"lazy\" decoding=\"async\" class=\"alignnone size-full wp-image-2217 aligncenter\" src=\"http:\/\/test-lde.univ-lorraine.fr\/wp-content\/uploads\/2016\/07\/filet-rouge-150.png\" alt=\"filet-rouge-150\" width=\"150\" height=\"9\" \/>[\/vc_column_text][\/vc_column_inner][\/vc_row_inner][\/vc_column][\/vc_row][vc_row][vc_column width=&#8221;1\/2&#8243;][vc_column_text]<a name=\"salonlivrehistoireverdun\"><\/a><\/p>\n<h3><strong><span style=\"text-decoration: underline;\"><a href=\"http:\/\/www.cmpaix.eu\" target=\"_blank\" rel=\"noopener\">Salon du livre d\u2019Histoire de Verdun<\/a><\/span> (55)<\/strong><\/h3>\n<p><strong>Verdun<\/strong><br \/>\n<strong>D\u00e9but novembre<\/strong><\/p>\n<p>Le Centre Mondial de la Paix de Verdun accueille chaque ann\u00e9e depuis 2004 un salon du livre d\u2019histoire, organis\u00e9 par l\u2019association <em>14-18 Meuse<\/em>. Une cinquantaine d\u2019auteurs participent ainsi \u00e0 ces week-ends et rendent compte de la production \u00e9ditoriale en mati\u00e8re historique et plus particuli\u00e8rement sur l\u2019histoire contemporaine. Plusieurs prix en lien avec ces th\u00e9matiques historiques sont remis \u00e0 l\u2019occasion du salon\u00a0: le prix \u00ab\u00a0Mondes en guerres, mondes en paix\u00a0\u00bb, le prix \u00ab\u00a0Sergent Maginot\u00a0\u00bb (pour des ouvrages traitant de la Premi\u00e8re Guerre Mondiale), le prix Jean d\u2019Heurs (romans historiques d\u2019auteurs de langue fran\u00e7aise)<\/p>\n<p>Le salon a progressivement \u00e9largi sa programmation \u00e0 la litt\u00e9rature jeunesse et \u00e0 la bande dessin\u00e9e, toujours dans une perspective historique.<\/p>\n<p><span style=\"line-height: 1.5;\">.<\/span>[\/vc_column_text][vc_single_image image=&#8221;3369&#8243; img_size=&#8221;full&#8221;][\/vc_column][vc_column width=&#8221;1\/2&#8243;][vc_column_text]<a name=\"plumedeprintempsverdun\"><\/a><\/p>\n<h3><span style=\"text-decoration: underline;\"><a href=\"http:\/\/www.verdun.fr\/Vie-quotidienne\/Actualites\/Plume-de-Printemps\" target=\"_blank\" rel=\"noopener\"><strong>Plume de Printemps<\/strong><\/a><\/span><\/h3>\n<p><strong>Un week-end en avril<\/strong><br \/>\n<strong>Verdun (55)<\/strong><\/p>\n<p>L\u2019association PLUME (Passion litt\u00e9raire de l\u2019union meusienne des \u00e9crivains et illustrateurs) organise en partenariat avec la Ville de Verdun et sa biblioth\u00e8que municipale un salon du livre, le temps d\u2019un week-end litt\u00e9raire en Meuse. Au programme, des rencontres et d\u00e9couvertes avec une vingtaine d\u2019auteurs et illustrateurs, mais aussi des animations : ateliers d&#8217;\u00e9criture, contes, sc\u00e9nettes, lectures, d\u00e9ambulations litt\u00e9raires, \u00e9mission de radio, etc. L\u2019entr\u00e9e est libre.[\/vc_column_text][vc_single_image image=&#8221;3135&#8243; img_size=&#8221;full&#8221;][\/vc_column][\/vc_row][vc_row][vc_column][vc_column_text]<a name=\"leprintempsdugrandmaulnesfresnes\"><\/a><\/p>\n<h3><strong><a href=\"http:\/\/leprintempsdugrandmeaulnes.jimdo.com\/\" target=\"_blank\" rel=\"noopener\">Le Printemps du Grand Meaulnes<\/a>\u00a0<\/strong><strong style=\"font-size: 16px; line-height: 1.5;\">(55)<\/strong><\/h3>\n<p><strong>Mois de mai<\/strong><br \/>\n<strong>Fresnes en Woevre, Bonz\u00e9e, Saint Remy la Calonne et Les Eparges<\/strong><\/p>\n<p>Le Printemps du Grand Meaulnes est un festival litt\u00e9raire cr\u00e9\u00e9 en 2011 autour de la th\u00e9matique des \u00e9crivains-combattants et, plus largement, de la litt\u00e9rature et des auteurs traitant de conflits. Cette manifestation a \u00e9t\u00e9 initi\u00e9e par la Communaut\u00e9 de Communes du canton de Fresnes en Wo\u00ebvre, avec le soutien de la Mission Histoire du Conseil G\u00e9n\u00e9ral de la Meuse. Au fil des \u00e9ditions le Printemps s\u2019est d\u00e9velopp\u00e9 sur plusieurs sites (Saint Remy la Calonne, Fresnes en Woevre, Les Eparges, Bonz\u00e9e).<br \/>\nChaque ann\u00e9e, un auteur marqu\u00e9 par le conflit de 1914-1918 a \u00e9t\u00e9 mis \u00e0 l\u2019honneur\u00a0: Alain Fournier, Louis Pergaud, Charles P\u00e9guy, Maurice Genevoix, Ernst J\u00fcnger. Auteurs, libraires et bouquinistes sont pr\u00e9sents tout au long du festival. La th\u00e9matique est \u00e9galement explor\u00e9e \u00e0 partir de colloques (depuis 2013), de projections et d\u2019animations. Des associations \u00e0 vocation culturelle sont \u00e9galement associ\u00e9es au salon.[\/vc_column_text][vc_single_image image=&#8221;3371&#8243; img_size=&#8221;full&#8221;][\/vc_column][\/vc_row][vc_row][vc_column][vc_separator border_width=&#8221;4&#8243;][\/vc_column][\/vc_row][vc_row][vc_column css=&#8221;.vc_custom_1475313531103{margin-top: 0px !important;border-top-width: 0px !important;padding-top: 0px !important;}&#8221;][vc_row_inner][vc_column_inner css=&#8221;.vc_custom_1475313538767{margin-top: 0px !important;margin-bottom: 0px !important;border-top-width: 0px !important;border-bottom-width: 0px !important;padding-top: 0px !important;padding-bottom: 0px !important;}&#8221;][\/vc_column_inner][\/vc_row_inner][vc_row_inner][vc_column_inner css=&#8221;.vc_custom_1475313538767{margin-top: 0px !important;margin-bottom: 0px !important;border-top-width: 0px !important;border-bottom-width: 0px !important;padding-top: 0px !important;padding-bottom: 0px !important;}&#8221;][vc_custom_heading text=&#8221;Lorraine&#8221; font_container=&#8221;tag:h2|font_size:48|text_align:center&#8221; google_fonts=&#8221;font_family:Lato%3A100%2C100italic%2C300%2C300italic%2Cregular%2Citalic%2C700%2C700italic%2C900%2C900italic|font_style:700%20bold%20regular%3A700%3Anormal&#8221; css=&#8221;.vc_custom_1475675045093{margin-bottom: 0px !important;border-bottom-width: 0px !important;padding-bottom: 0px !important;}&#8221;][vc_column_text]<img loading=\"lazy\" decoding=\"async\" class=\"alignnone size-full wp-image-2217 aligncenter\" src=\"http:\/\/test-lde.univ-lorraine.fr\/wp-content\/uploads\/2016\/07\/filet-rouge-150.png\" alt=\"filet-rouge-150\" width=\"150\" height=\"9\" \/>[\/vc_column_text][\/vc_column_inner][\/vc_row_inner][\/vc_column][\/vc_row][vc_row][vc_column][vc_row_inner][vc_column_inner width=&#8221;1\/2&#8243;][vc_column_text]<a name=\"journeeshistoireregionale\"><\/a><\/p>\n<h3><span style=\"text-decoration: underline;\"><a href=\"https:\/\/www.facebook.com\/chrlorraine\" target=\"_blank\" rel=\"noopener\"><strong>Journ\u00e9es d\u2019histoire r\u00e9gionale<\/strong><\/a><\/span><\/h3>\n<p><strong>Printemps<\/strong><br \/>\n<strong>Rencontre itin\u00e9rante<\/strong><\/p>\n<p>Cet \u00e9v\u00e9nement annuel est organis\u00e9 par le Comit\u00e9 d\u2019Histoire R\u00e9gionale du Conseil R\u00e9gional du Grand Est, cr\u00e9\u00e9 en 2003. Les th\u00e9matiques (la table, les jardins\u2026) et les participants des journ\u00e9es refl\u00e8tent la vocation du Comit\u00e9\u00a0: renforcer l\u2019identit\u00e9 r\u00e9gionale, rapprocher les Lorrains de l\u2019Histoire et du patrimoine r\u00e9gional, mettre en r\u00e9seau les acteurs de ces domaines. Au c\u00f4t\u00e9 de conf\u00e9rences et d\u2019animations et de jeux, une place y est r\u00e9serv\u00e9e au livre d\u2019histoire (pr\u00e9sence d\u2019\u00e9diteurs lorrains et d\u00e9dicaces d\u2019auteurs).<br \/>\nLes journ\u00e9es se tiennent au printemps (mars ou avril), chaque ann\u00e9e dans une ville diff\u00e9rente de Lorraine (Pont-\u00e0-Mousson, Saint-Mihiel, Metz, Epinal, Dieuze.[\/vc_column_text][\/vc_column_inner][vc_column_inner width=&#8221;1\/2&#8243;][vc_single_image image=&#8221;3373&#8243; img_size=&#8221;full&#8221;][\/vc_column_inner][\/vc_row_inner][\/vc_column][\/vc_row][vc_row][vc_column][vc_row_inner][vc_column_inner css=&#8221;.vc_custom_1475313538767{margin-top: 0px !important;margin-bottom: 0px !important;border-top-width: 0px !important;border-bottom-width: 0px !important;padding-top: 0px !important;padding-bottom: 0px !important;}&#8221;][vc_custom_heading text=&#8221;Prix litte\u0301raires&#8221; font_container=&#8221;tag:h2|font_size:48|text_align:center&#8221; google_fonts=&#8221;font_family:Lato%3A100%2C100italic%2C300%2C300italic%2Cregular%2Citalic%2C700%2C700italic%2C900%2C900italic|font_style:700%20bold%20regular%3A700%3Anormal&#8221; css=&#8221;.vc_custom_1508259073158{margin-bottom: 0px !important;border-bottom-width: 0px !important;padding-bottom: 0px !important;}&#8221;][vc_column_text]<img loading=\"lazy\" decoding=\"async\" class=\"alignnone size-full wp-image-2217 aligncenter\" src=\"http:\/\/test-lde.univ-lorraine.fr\/wp-content\/uploads\/2016\/07\/filet-rouge-150.png\" alt=\"filet-rouge-150\" width=\"150\" height=\"9\" \/>[\/vc_column_text][\/vc_column_inner][\/vc_row_inner][vc_row_inner][vc_column_inner][vc_single_image image=&#8221;4115&#8243; img_size=&#8221;full&#8221;][\/vc_column_inner][\/vc_row_inner][vc_row_inner][vc_column_inner width=&#8221;1\/2&#8243;][vc_column_text]<a name=\"prixlitteraires\"><\/a><\/p>\n<h3><strong>Le prix Imaginales<br \/>\n<\/strong><strong><img loading=\"lazy\" decoding=\"async\" class=\"alignnone size-full wp-image-2761\" src=\"http:\/\/lalorrainedesecrivains.univ-lorraine.fr\/wp-content\/uploads\/2016\/07\/filet-rouge4.png\" alt=\"filet-rouge4\" width=\"246\" height=\"5\" \/><br \/>\n<\/strong><\/h3>\n<p>Cr\u00e9\u00e9 en mai 2002 \u00e0 l&#8217;initiative de la Ville d&#8217;Epinal, le prix Les Imaginales est un prix dot\u00e9 de 1 000 euros pour chacune des six cat\u00e9gories prim\u00e9es (voir <em>infra<\/em>).<br \/>\nLa remise du prix se fait d\u00e9but mai, afin de pouvoir, dans la mesure du possible, accueillir les auteurs r\u00e9compens\u00e9s aux Imaginales \u00e0 Epinal (le dernier week-end de mai).<br \/>\nIl s\u2019agit du premier prix exclusivement consacr\u00e9 \u00e0 la fantasy en France. Il r\u00e9compense les meilleures \u0153uvres de fantasy de six cat\u00e9gories:<\/p>\n<ul>\n<li>roman francophone<\/li>\n<li>roman \u00e9tranger (traduit)<\/li>\n<li>illustration<\/li>\n<li>jeunesse<\/li>\n<li>nouvelle<\/li>\n<li>prix sp\u00e9cial<\/li>\n<\/ul>\n<p>[\/vc_column_text][vc_column_text]<a name=\"prixlitteraires\"><\/a><\/p>\n<h3><\/h3>\n<p>[\/vc_column_text][\/vc_column_inner][vc_column_inner width=&#8221;1\/2&#8243;][vc_column_text]En outre, quatre prix de lecteurs sont attribu\u00e9s chaque ann\u00e9e par une trentaine de classes de primaires, coll\u00e8ges et lyc\u00e9es de toute la r\u00e9gion.<\/p>\n<ul>\n<li>Prix des lyc\u00e9ens (depuis 2005) ;<\/li>\n<li>Prix des coll\u00e9giens (depuis 2009) ;<\/li>\n<li>Prix des \u00e9coliers (depuis 2015)\u00a0;<\/li>\n<li>Prix Cadet Roussel<\/li>\n<\/ul>\n<p><strong>\u00a0<\/strong><\/p>\n<p><strong>Le jury est compos\u00e9 de journalistes, critiques et sp\u00e9cialistes.<\/strong>[\/vc_column_text][\/vc_column_inner][\/vc_row_inner][vc_row_inner][vc_column_inner width=&#8221;2\/3&#8243;][vc_column_text]<\/p>\n<h3><strong>Le prix Imaginales des lyc\u00e9ens<br \/>\n<\/strong><strong><img loading=\"lazy\" decoding=\"async\" class=\"alignnone size-full wp-image-2761\" src=\"http:\/\/lalorrainedesecrivains.univ-lorraine.fr\/wp-content\/uploads\/2016\/07\/filet-rouge4.png\" alt=\"filet-rouge4\" width=\"246\" height=\"5\" \/><br \/>\n<\/strong><\/h3>\n<p>Cr\u00e9\u00e9 par V\u00e9ronique Bart, professeur de lettres modernes au lyc\u00e9e Louis Lapicque d&#8217;Epinal, le prix Imaginales des lyc\u00e9ens existe depuis 2005. Le prix est remis par la ville d\u2019Epinal et le Conseil r\u00e9gional de Loraine lors du festival les Imaginales le dernier week-end de mai.<\/p>\n<p>Il est soutenu par la DRAC, le CNL, le Centre R\u00e9gional du Livre et de la R\u00e9gion Lorraine.<\/p>\n<p>Une trentaine de lyc\u00e9es y participent, r\u00e9partis sur les quatre d\u00e9partements de la r\u00e9gion Lorraine. En 2015, environ 600 \u00e9l\u00e8ves \u00e9taient concern\u00e9s. Les genres concern\u00e9s et mis au concours sont la fantasy, le fantastique et l&#8217;anticipation. Ce sont des romans r\u00e9cents, disponibles en librairie, en \u00e9dition originale ou en r\u00e9\u00e9dition poche.<\/p>\n<p>Voici les \u00e9tapes du concours\u00a0:<\/p>\n<p>1) s\u00e9lection d&#8217;ouvrages effectu\u00e9e sur proposition des professeurs et examin\u00e9e par un groupe de travail (professeurs, documentalistes, biblioth\u00e9caires, acteurs culturels, direction du Festival)<\/p>\n<p>2) liste de cinq titres en septembre<\/p>\n<p>3) d\u00e9but novembre : lancement du Prix en pr\u00e9sence de la presse dans les lyc\u00e9es.<\/p>\n<p>4) de novembre \u00e0 fin mars : les \u00e9l\u00e8ves lisent les 5 livres<\/p>\n<p>5) fin mars : chaque \u00e9l\u00e8ve vote pour son auteur pr\u00e9f\u00e9r\u00e9 (2 finalistes)<\/p>\n<p>6) mi-avril : d\u00e9lib\u00e9ration du jury constitu\u00e9 de repr\u00e9sentants \u00e9l\u00e8ves de chaque \u00e9tablissement<\/p>\n<p>7) fin mai : remise du Prix lors du Festival<\/p>\n<p>Voici les laur\u00e9ats de ces trois derni\u00e8res ann\u00e9es\u00a0:<\/p>\n<p>2016 : Paul BEORN, <em>Le Septi\u00e8me Guerrier-Mage<\/em> (Bragelonne)<\/p>\n<p>2015 : Fabien CERUTTI, <em>Le Batard de Kosigan<\/em> (Mn\u00e9mos)<\/p>\n<p>2014 : Lo\u00efc HENRY, <em>Loar<\/em> (Griffe d&#8217;Encre, r\u00e9\u00e9dition Folio SF)<\/p>\n<p>Ce prix contribue au rayonnement des litt\u00e9ratures de l&#8217;imaginaire au niveau r\u00e9gional, dans la sph\u00e8re des lyc\u00e9es, celle des biblioth\u00e8ques et, plus largement, dans la vie locale. Le laur\u00e9at sera fortement mis en valeur pendant tout le festival.<\/p>\n<p>Au-del\u00e0 du partage entre jeunes et professeurs, le but de ce prix est de faire lire les lyc\u00e9ens, faire en sorte qu&#8217;ils d\u00e9veloppent une r\u00e9flexion sur le monde. Il leur permet aussi de travailler leur argumentation en classe et de d\u00e9velopper leurs comp\u00e9tences \u00e0 l&#8217;\u00e9crit comme \u00e0 l&#8217;oral.[\/vc_column_text][\/vc_column_inner][vc_column_inner width=&#8221;1\/3&#8243;][vc_single_image image=&#8221;4148&#8243; img_size=&#8221;full&#8221;][\/vc_column_inner][\/vc_row_inner][\/vc_column][\/vc_row][vc_row][vc_column][vc_separator border_width=&#8221;2&#8243;][vc_row_inner][vc_column_inner width=&#8221;5\/6&#8243;][vc_column_text]<\/p>\n<h3><strong>Grand prix du livre d\u2019architecture<br \/>\n<\/strong><strong><img loading=\"lazy\" decoding=\"async\" class=\"alignnone size-full wp-image-2761\" src=\"http:\/\/lalorrainedesecrivains.univ-lorraine.fr\/wp-content\/uploads\/2016\/07\/filet-rouge4.png\" alt=\"filet-rouge4\" width=\"246\" height=\"5\" \/><br \/>\n<\/strong><\/h3>\n<p>Prix institu\u00e9 par la ville de Briey \u00e0 l\u2019occasion de la premi\u00e8re \u00e9dition d\u2019Impressions d\u2019Architecture en 1992. Il est l\u2019un des deux seuls prix r\u00e9compensant le livre d\u2019architecture en France et dans le monde francophone d\u2019une mani\u00e8re g\u00e9n\u00e9rale. Le prix est remis tous les deux ans entre octobre et novembre. Dot\u00e9 d\u2019un montant de 1000 euros, le prix permet de promouvoir les livres sur l\u2019architecture et b\u00e9n\u00e9ficie d\u2019une envergure internationale. L\u2019ouvrage prim\u00e9 appara\u00eet notamment dans les revues sp\u00e9cialis\u00e9es du champ disciplinaire.<\/p>\n<p>Les membres du jury sont : Enrico LUNGHI, directeur du Mus\u00e9e d&#8217;Art Moderne Grand Duc Jean du Luxembourg, Christian BAUER, architecte, pr\u00e9sident d\u2019honneur de la Fondation de l&#8217;Architecture et de l&#8217;Ing\u00e9nierie du LuxembourgMichel HUET, avocat au barreau de Paris, membre de l&#8217;Acad\u00e9mie d&#8217;ArchitectureMartin CHENOT, directeur de l&#8217;Ecole Nationale Sup\u00e9rieure d&#8217;Architecture de BordeauxJean Luc BREDEL, Pr\u00e9sident de l\u2019Association Europe Culture Citoyennet\u00e9<\/p>\n<p>&nbsp;<\/p>\n<p>source : <a href=\"http:\/\/www.grandprixdulivredarchitecture.eu\/index.htm\">http:\/\/www.grandprixdulivredarchitecture.eu\/index.htm<\/a>[\/vc_column_text][\/vc_column_inner][vc_column_inner width=&#8221;1\/6&#8243;][vc_single_image image=&#8221;4118&#8243; img_size=&#8221;full&#8221;][\/vc_column_inner][\/vc_row_inner][\/vc_column][\/vc_row][vc_row][vc_column][vc_separator border_width=&#8221;2&#8243;][vc_row_inner][vc_column_inner width=&#8221;1\/2&#8243;][vc_column_text]<\/p>\n<h3><strong>Prix Amerigo Vespucci<br \/>\n<\/strong><strong><img loading=\"lazy\" decoding=\"async\" class=\"alignnone size-full wp-image-2761\" src=\"http:\/\/lalorrainedesecrivains.univ-lorraine.fr\/wp-content\/uploads\/2016\/07\/filet-rouge4.png\" alt=\"filet-rouge4\" width=\"246\" height=\"5\" \/><br \/>\n<\/strong><\/h3>\n<p>Cr\u00e9\u00e9 en 1990 lors du premier Festival international de g\u00e9ographie\u00a0(FIG), le prix Amerigo Vespucci\u00a0r\u00e9compense les ouvrages de fiction ou de cr\u00e9ation d\u00e9di\u00e9s \u00e0 l\u2019aventure, aux voyages, aux terres lointaines. Le laur\u00e9at se voit remettre un prix d\u2019un montant de 2300 \u00e0 2500 euros au mois d\u2019octobre. Le festival o\u00f9 est remis le prix jouit d&#8217;une tr\u00e8s bonne r\u00e9putation \u00e0 l&#8217;\u00e9chelle mondiale dans la communaut\u00e9 des g\u00e9ographes, les prix sont donc consid\u00e9r\u00e9s comme prestigieux<br \/>\nLe jury est compos\u00e9 de professionnels du livre et de la lecture, ainsi que des journalistes. Notons qu\u2019il se r\u00e9serve le droit de na pas d\u00e9cerner de prix.<br \/>\nDeux autres prix sont rattach\u00e9s au prix Amerigo Vespucci : le prix Amerigo Vespucci Jeunesse et le prix BD g\u00e9ographie.<br \/>\nEn 2016, le prix a \u00e9t\u00e9 remis \u00e0 Doan Bui pour <em>Le silence de mon p\u00e8re<\/em>, paru aux \u00e9ditions L\u2019Iconoclaste.<br \/>\nLe prix Amerigo Vespucci jeunesse\u00a0a quant \u00e0 lui \u00e9t\u00e9 remis pour <em>A la d\u00e9couverte de la grotte Chauvet-Pont d\u2019Arc<\/em>, \u00e9crit par S\u00e9bastien Gayet et illustr\u00e9 par Julien Billaudeau, aux \u00e9ditions Acte Sud Junior.<\/p>\n<p>source : <a href=\"http:\/\/www.ecrivosges.com\/prixconcours\/amerigovespucci.php\">http:\/\/www.ecrivosges.com\/prixconcours\/amerigovespucci.php<br \/>\n<\/a><a href=\"http:\/\/www.fig.saint-die-des-vosges.fr\/litterature\/prix-amerigo-vespucci\">http:\/\/www.fig.saint-die-des-vosges.fr\/litterature\/prix-amerigo-vespucci<br \/>\n<\/a><a href=\"http:\/\/www.prix-litteraires.net\/prix\/85,prix-amerigo-vespucci.html\">http:\/\/www.prix-litteraires.net\/prix\/85,prix-amerigo-vespucci.html<\/a>[\/vc_column_text][\/vc_column_inner][vc_column_inner width=&#8221;1\/2&#8243;][vc_single_image image=&#8221;4119&#8243; img_size=&#8221;full&#8221;][\/vc_column_inner][\/vc_row_inner][\/vc_column][\/vc_row][vc_row][vc_column][vc_separator border_width=&#8221;2&#8243;][vc_row_inner][vc_column_inner][vc_single_image image=&#8221;4180&#8243; img_size=&#8221;full&#8221;][\/vc_column_inner][\/vc_row_inner][vc_row_inner][vc_column_inner width=&#8221;1\/2&#8243;][vc_column_text]<\/p>\n<h3><strong>Prix Emile Moselly<br \/>\n<img loading=\"lazy\" decoding=\"async\" class=\"alignnone size-full wp-image-2761\" src=\"http:\/\/lalorrainedesecrivains.univ-lorraine.fr\/wp-content\/uploads\/2016\/07\/filet-rouge4.png\" alt=\"filet-rouge4\" width=\"246\" height=\"5\" \/><br \/>\n<\/strong><\/h3>\n<p>Le prix Emile Moselly a \u00e9t\u00e9 cr\u00e9\u00e9 en 1949 en l\u2019honneur d\u2019\u00c9mile Chenin, dit Moselly, professeur agr\u00e9g\u00e9 de lettres, qui fit ses \u00e9tudes au coll\u00e8ge de Toul et obtint le Prix Goncourt pour son livre <em>Terres Lorraines<\/em> en 1907.<br \/>\nCe prix r\u00e9compense, chaque ann\u00e9e, l\u2019auteur de la meilleure nouvelle d&#8217;inspiration lorraine. Il est remis au mois de novembre \u00e0 Toul (Meurthe-et-Moselle). La r\u00e9compense, remise pas la mairie de Toul, s\u2019\u00e9l\u00e8ve \u00e0 500 euros. Le laur\u00e9at se voit \u00e9galement d\u00e9cerner un dipl\u00f4me original.<br \/>\nNotons qu\u2019il n\u2019y a qu\u2019un seul laur\u00e9at et que si le jury ne trouve pas la qualit\u00e9 attendue dans les textes remis, le prix n\u2019est pas d\u00e9cern\u00e9. Enfin, le jury se r\u00e9serve le droit de publier l\u2019\u0153uvre prim\u00e9e dans la revue \u00ab \u00c9tudes Touloises \u00bb et sur le site www.etudes-touloises.fr.<\/p>\n<p>[\/vc_column_text][\/vc_column_inner][vc_column_inner width=&#8221;1\/2&#8243;][vc_column_text]<strong>Les laur\u00e9ats de ces trois derni\u00e8res ann\u00e9es sont\u00a0: <\/strong><\/p>\n<p>2016 &#8211; Dominique HAZAEL-MASSIEUX, <em>Similmodo<br \/>\n<\/em>2015 &#8211; Val\u00e9rie LAPLANCHE, <em>Lorsque fleurissent les pierres<br \/>\n<\/em>2014 &#8211; Philippe PIOT, <em>Les obs\u00e8ques d\u2019Anatole Lutrin<\/em><\/p>\n<p>Les partenaires de ce prix sont le Cercle d\u2019\u00c9tudes Locales du Toulois, sa revue <em>\u00c9tudes Touloises<\/em> et la ville de Toul.[\/vc_column_text][\/vc_column_inner][\/vc_row_inner][\/vc_column][\/vc_row][vc_row][vc_column][vc_separator border_width=&#8221;2&#8243;][vc_row_inner][vc_column_inner width=&#8221;1\/2&#8243;][vc_column_text]<\/p>\n<h3><strong>Prix Erckmann-Chatrian<br \/>\n<img loading=\"lazy\" decoding=\"async\" class=\"alignnone size-full wp-image-2761\" src=\"http:\/\/lalorrainedesecrivains.univ-lorraine.fr\/wp-content\/uploads\/2016\/07\/filet-rouge4.png\" alt=\"filet-rouge4\" width=\"246\" height=\"5\" \/><br \/>\n<\/strong><\/h3>\n<p>Surnomm\u00e9 le \u00ab\u00a0Goncourt lorrain\u00a0\u00bb, le prix Erckmann-Chatrian est sans nul doute le prix lorrain le plus (re)connu, b\u00e9n\u00e9ficiant d\u2019une renomm\u00e9e nationale.<br \/>\nIl fut cr\u00e9\u00e9 en 1925 en l&#8217;honneur du duo litt\u00e9raire form\u00e9 par les \u00e9crivains lorrains<a href=\"http:\/\/fr.wikipedia.org\/wiki\/%C3%89mile_Erckmann\"> Emile Erckmann<\/a> (1822-1899) et Alexandre Chatrian (1826-1890).<strong><br \/>\n<\/strong>Constituant l\u2019un des plus anciens prix litt\u00e9raires fran\u00e7ais, le prix Erckmann-Chatrian r\u00e9compense une \u0153uvre en prose \u00e9crite par un Lorrain ou concernant la Lorraine. (Roman, contes, nouvelles, etc.). Le jury est compos\u00e9 de personnalit\u00e9s litt\u00e9raires des quatre d\u00e9partements lorrains.<\/p>\n<p><strong>Les laur\u00e9ats de ces trois derni\u00e8res ann\u00e9es sont\u00a0:<\/strong><br \/>\n2014 &#8211; Nicolas MATHIEU, <em>Aux animaux la guerre<\/em> (Actes Sud)<br \/>\n2015 &#8211; H\u00e9l\u00e8ne GESTERN, <em>Portrait d\u2019apr\u00e8s blessure<\/em> (Arl\u00e9a)<br \/>\n2016 &#8211; Michel LOUYOT, <em>Un chouan lorrain<\/em> (Editions des Paraiges)<\/p>\n<p>Pour \u00eatre \u00e9ligible \u00e0 ce prix, l&#8217;auteur doit \u00eatre d&#8217;origine lorraine ou r\u00e9sider dans l&#8217;un des d\u00e9partements lorrains (Moselle, Meurthe et Moselle, Meuse, Vosges) ou non lorrain et traiter d&#8217;un sujet patrimonial lorrain ou dont l&#8217;action se situe &#8211; ou \u00e9voque &#8211; la Lorraine. La r\u00e9compense s\u2019\u00e9l\u00e8ve \u00e0 2000 euros. Le prix est attribu\u00e9 en novembre, \u00e0 l\u2019h\u00f4tel de ville de Metz et remis publiquement au cours d&#8217;une c\u00e9r\u00e9monie officielle.[\/vc_column_text][\/vc_column_inner][vc_column_inner width=&#8221;1\/2&#8243;][vc_single_image image=&#8221;4123&#8243; img_size=&#8221;full&#8221;][\/vc_column_inner][\/vc_row_inner][vc_row_inner][vc_column_inner css=&#8221;.vc_custom_1508400116001{margin-top: 0px !important;margin-bottom: 0px !important;border-top-width: 0px !important;border-bottom-width: 0px !important;padding-top: 0px !important;padding-bottom: 0px !important;background-color: #eaeaea !important;}&#8221;][vc_column_text css=&#8221;.vc_custom_1508400214491{margin-top: 0px !important;margin-bottom: 2px !important;border-top-width: 0px !important;border-bottom-width: 2px !important;padding-top: 0px !important;padding-bottom: 2px !important;background-color: #eaeaea !important;}&#8221;]Notons que deux autres prix sont rattach\u00e9s au prix Erckmann-Chatrian : le Bourse Histoire et la Bourse Lorrain (Bourse de la monographie). Ils sont d\u00e9cern\u00e9s dans les m\u00eames conditions et selon les m\u00eames modalit\u00e9s.<br \/>\nLes partenaires de ce prix sont nombreux : les libraires ind\u00e9pendants de Lorraine, la R\u00e9gion Lorraine, le minist\u00e8re de la Culture &#8211; DRAC Lorraine, la ville de Metz, la ville de Nancy, la ville d\u2019\u00c9pinal, la ville de Saint-Di\u00e9-des-Vosges, la ville de Bar-le-Duc, l\u2019Universit\u00e9 de Lorraine, le festival Passages, le festival Litt\u00e9rature &amp; Journalisme et[\/vc_column_text][\/vc_column_inner][\/vc_row_inner][\/vc_column][\/vc_row][vc_row][vc_column][vc_separator border_width=&#8221;2&#8243;][vc_row_inner css=&#8221;.vc_custom_1508401554624{background-image: url(http:\/\/lalorrainedesecrivains.univ-lorraine.fr\/wp-content\/uploads\/2017\/10\/fondlettres2.jpg?id=4193) !important;}&#8221;][vc_column_inner width=&#8221;1\/2&#8243;][vc_column_text]<\/p>\n<h3 style=\"padding-left: 30px; text-align: left;\"><span style=\"color: #e6e6ff;\">\u00a0<strong>Prix de la Feuille d\u2019Or<br \/>\n<img loading=\"lazy\" decoding=\"async\" class=\"alignnone size-full wp-image-2761\" src=\"http:\/\/lalorrainedesecrivains.univ-lorraine.fr\/wp-content\/uploads\/2016\/07\/filet-rouge4.png\" alt=\"filet-rouge4\" width=\"246\" height=\"5\" \/><\/strong><\/span><\/h3>\n<p style=\"padding-left: 30px; text-align: left;\"><span style=\"color: #e6e6ff;\">Cr\u00e9\u00e9 dans les ann\u00e9es 1990, ce prix r\u00e9compense un \u00e9crivain lorrain dont le roman va marquer nationalement la rentr\u00e9e litt\u00e9raire. Il peut couronner aussi l\u2019auteur d\u2019un ouvrage parlant de la Lorraine et paraissant \u00e0 cette m\u00eame p\u00e9riode.<\/span><br \/>\n<span style=\"color: #e6e6ff;\">Le prix est remis au moment du salon du livre nanc\u00e9ien Le Livre sur la Place qui a lieu chaque ann\u00e9e, en septembre, au moment de la rentr\u00e9e litt\u00e9raire.<\/span><br \/>\n<span style=\"color: #e6e6ff;\">Le jury est compos\u00e9 d&#8217;historiens, de journalistes (notamment de la station France Bleu Sud Lorraine), de repr\u00e9sentants de la Ville de Nancy \u2013 dont la Commissaire g\u00e9n\u00e9rale du Livre sur la Place \u2013 et du laur\u00e9at de l&#8217;ann\u00e9e pass\u00e9e.<\/span><br \/>\n<span style=\"color: #e6e6ff;\">Peuvent participer \u00e0 ce prix, les auteurs dont les ouvrages paraissent entre le 1er juillet de l\u2019ann\u00e9e pass\u00e9e et le 30 juin de l\u2019ann\u00e9e en cours.<\/span><\/p>\n<p>[\/vc_column_text][\/vc_column_inner][vc_column_inner width=&#8221;1\/2&#8243;][vc_empty_space height=&#8221;70px&#8221;][vc_column_text]<span style=\"color: #e6e6e6;\"><strong>Les laur\u00e9ats de ces derni\u00e8res ann\u00e9es sont\u00a0:<\/strong><\/span><br \/>\n<span style=\"color: #e6e6e6;\">\u2022 2016 : H\u00e9l\u00e8ne GESTERN, \u201cL\u2019odeur de la for\u00eat\u201d (Arlea)<\/span><br \/>\n<span style=\"color: #e6e6e6;\">\u2022 2015 : Carole MARTINEZ, \u00ab\u00a0La terre qui penche\u00a0\u00bb (Gallimard)<\/span><br \/>\n<span style=\"color: #e6e6e6;\">\u2022 2014 : Beno\u00eet DUTEURTRE, \u00ab\u00a0L&#8217;ordinateur du paradis\u00a0\u00bb (Gallimard)<\/span><br \/>\n<span style=\"color: #e6e6e6;\">\u2022 2013 : Xavier BROUET et Richard SOURGNES, \u00ab\u00a0La Lorraine pour les nuls\u00a0\u00bb (First)<\/span><\/p>\n<p><span style=\"color: #e6e6e6;\"><strong>La r\u00e9compense s\u2019\u00e9l\u00e8ve \u00e0 1000 euros. Le laur\u00e9at se voit \u00e9galement remettre une feuille d&#8217;or des m\u00e9talliers lorrains (exemplaire unique).<\/strong><\/span>[\/vc_column_text][\/vc_column_inner][\/vc_row_inner][\/vc_column][\/vc_row][vc_row][vc_column][vc_separator border_width=&#8221;2&#8243;][vc_row_inner][vc_column_inner width=&#8221;1\/2&#8243;][vc_column_text]<\/p>\n<h3><strong>Prix Jean D\u2019Heurs du roman historique<br \/>\n<img loading=\"lazy\" decoding=\"async\" class=\"alignnone size-full wp-image-2761\" src=\"http:\/\/lalorrainedesecrivains.univ-lorraine.fr\/wp-content\/uploads\/2016\/07\/filet-rouge4.png\" alt=\"filet-rouge4\" width=\"246\" height=\"5\" \/><\/strong><\/h3>\n<p>C\u2019est un prix qui r\u00e9compense les romans historiques en langue fran\u00e7aise d&#8217;auteurs contemporains depuis 1987. Il est remis \u00e0 Verdun (Meuse) d\u00e9but novembre au Centre mondial de la paix \u00e0 Verdun dans le cadre du Salon du livre d\u2019histoire.<br \/>\nLe jury est pr\u00e9sid\u00e9 par le laur\u00e9at pr\u00e9c\u00e9dent et compos\u00e9 d\u2019\u00e9lus, de journalistes, de responsables de biblioth\u00e8ques et de diverses personnalit\u00e9s.<br \/>\nLe jury lit une centaine de romans historiques publi\u00e9s entre juin et mai et s\u00e9lectionne trois titres pour le Jury d&#8217;Honneur. La r\u00e9compense s\u2019\u00e9l\u00e8ve \u00e0 3 000 euros.<\/p>\n<p>Voici quelques-uns des derniers laur\u00e9ats :<br \/>\n2015 &#8211; Eug\u00e8ne EBODE, <em>Souveraine Magnifique<\/em> (Gallimard)<br \/>\n2014 &#8211; Valentine GOBY, <em>Kinderzimmer<\/em> (Actes Sud)<br \/>\n2013 &#8211; Fran\u00e7ois-Henru DESERALE, <em>Tu montreras ma t\u00eate au peuple<\/em> (Gallimard)<\/p>\n<p><strong>Les partenaires de ce prix sont l\u2019association Connaissance de la Meuse, 18 biblioth\u00e8ques meusiennes.<\/strong>[\/vc_column_text][\/vc_column_inner][vc_column_inner width=&#8221;1\/2&#8243;][vc_single_image image=&#8221;4150&#8243; img_size=&#8221;full&#8221;][\/vc_column_inner][\/vc_row_inner][\/vc_column][\/vc_row][vc_row][vc_column][vc_separator border_width=&#8221;2&#8243;][vc_row_inner][vc_column_inner][vc_single_image image=&#8221;4153&#8243; img_size=&#8221;full&#8221;][\/vc_column_inner][\/vc_row_inner][vc_row_inner][vc_column_inner width=&#8221;1\/2&#8243;][vc_column_text]<\/p>\n<h3><strong>Prix Marguerite Puhl Demange<br \/>\n<img loading=\"lazy\" decoding=\"async\" class=\"alignnone size-full wp-image-2761\" src=\"http:\/\/lalorrainedesecrivains.univ-lorraine.fr\/wp-content\/uploads\/2016\/07\/filet-rouge4.png\" alt=\"filet-rouge4\" width=\"246\" height=\"5\" \/><\/strong><\/h3>\n<p>Ce prix dot\u00e9 dont la r\u00e9compense s\u2019\u00e9l\u00e8ve \u00e0 4 000 euros est compos\u00e9 d\u2019un jury de lecteurs recrut\u00e9 sur l\u2019ensemble du territoire mosellan. Il fut cr\u00e9\u00e9 en l\u2019honneur de Marguerite Puhl-Demange, pr\u00e9sidente-directrice-g\u00e9n\u00e9rale du <em>R\u00e9publicain Lorrain<\/em> et fondatrice de L\u2019\u00c9t\u00e9 du Livre, devenu le festival Le Livre \u00e0 Metz &#8211; Litt\u00e9rature &amp; Journalisme. Il a pour objectif de r\u00e9compenser tant la qualit\u00e9 de l\u2019\u00e9criture, la recherche de style que la musicalit\u00e9 ou l\u2019appel \u00e0 l\u2019\u00e9vasion et concerne \u00e0 la fois les romans, essais et biographies. Plusieurs ouvrages sont retenus par des professionnels (critiques, libraires, biblioth\u00e9caires) pour entrer en comp\u00e9tition.[\/vc_column_text][\/vc_column_inner][vc_column_inner width=&#8221;1\/2&#8243;][vc_column_text]Ils sont ensuite soumis \u00e0 cinq jur\u00e9s \u00e9liminatoires et d\u00e9centralis\u00e9s, compos\u00e9s d\u2019amateurs de lecture de la r\u00e9gion messine, qui s\u00e9lectionnent chacun un livre. Un jury final se r\u00e9unit enfin pour attribuer le prix parmi les finalistes.<\/p>\n<p><strong>Le prix est remis lors du salon du livre de Metz au mois d\u2019avril.<\/strong><\/p>\n<p>Les laur\u00e9ats de ces trois derni\u00e8res ann\u00e9es sont\u00a0:<br \/>\n2016 &#8211; Am\u00e9lie de BOURBON DE PARME, <em>Le secret de l\u2019empereur<\/em> (Gallimard)<br \/>\n2015 &#8211; Joy SOMAN, <em>La peau de l\u2019ours<\/em> (Gallimard)<br \/>\n2014 &#8211; Philippe JAENADA, <em>Sulak<\/em> (Julliard)[\/vc_column_text][\/vc_column_inner][\/vc_row_inner][\/vc_column][\/vc_row][vc_row][vc_column css=&#8221;.vc_custom_1508343054653{background-image: url(http:\/\/lalorrainedesecrivains.univ-lorraine.fr\/wp-content\/uploads\/2017\/10\/fond.jpg?id=4158) !important;background-position: 0 0 !important;background-repeat: repeat !important;}&#8221;][vc_separator border_width=&#8221;2&#8243;][vc_row_inner][vc_column_inner width=&#8221;1\/2&#8243;][vc_column_text]<\/p>\n<h3><strong>Prix de la Nouvelle des Lyc\u00e9ens Lorrains<br \/>\n<img loading=\"lazy\" decoding=\"async\" class=\"alignnone size-full wp-image-2761\" src=\"http:\/\/lalorrainedesecrivains.univ-lorraine.fr\/wp-content\/uploads\/2016\/07\/filet-rouge4.png\" alt=\"filet-rouge4\" width=\"246\" height=\"5\" \/><\/strong><\/h3>\n<p>Cr\u00e9\u00e9 en 1988 par l&#8217;\u00e9crivain Roger BICHELBERGER, professeur de lettres au lyc\u00e9e Jean-Moulin de Forbach, ce prix vise \u00e0 encourager et valoriser la cr\u00e9ation litt\u00e9raire aupr\u00e8s des jeunes. Il s\u2019agit d\u2019un prix tr\u00e8s dynamique avec une participation en hausse constante.<\/p>\n<p>Le Prix de la Nouvelle des lyc\u00e9ens est ouvert \u00e0 tous les \u00e9l\u00e8ves des lyc\u00e9es lorrains (classes post-bac comprises). En 2016, 164 \u00e9crivains en herbe issus de 38 lyc\u00e9es y participent. L\u2019objectif, pour d\u00e9crocher le premier prix, est une cr\u00e9ation litt\u00e9raire originale de 3 \u00e0 12 pages. \u00c0 la cl\u00e9 : la publication de leur nouvelle dans une revue lorraine et bon d\u2019achat de livres d\u2019une valeur de 1 000 \u20ac (les 2\u00e8me et 3\u00e8me prix recevant respectivement des prix de 600 \u20ac et 300 \u20ac).<br \/>\nLe jury se compose d\u2019une dizaine de membres, dont 8 personnalit\u00e9s du monde litt\u00e9raire. Apr\u00e8s d\u00e9lib\u00e9rations, il pr\u00e9s\u00e9lectionne 20 nouvelles, dont les auteurs seront tous r\u00e9compens\u00e9s par des livres.[\/vc_column_text][\/vc_column_inner][vc_column_inner width=&#8221;1\/2&#8243;][vc_single_image image=&#8221;4200&#8243; img_size=&#8221;full&#8221;][\/vc_column_inner][\/vc_row_inner][vc_row_inner][vc_column_inner width=&#8221;1\/2&#8243;][vc_column_text]<strong>Les membres du Jury du Prix de la Nouvelle des lyc\u00e9ens lorrains 2016 sont\u00a0:<\/strong><\/p>\n<ul>\n<li>Alain ABSIRE : \u00e9crivain, ancien Pr\u00e9sident de la Soci\u00e9t\u00e9 des Gens de Lettres,<\/li>\n<li>Roger BICHELBERGER : agr\u00e9g\u00e9 de litt\u00e9rature, \u00e9crivain, critique litt\u00e9raire,<\/li>\n<li>Philippe VANSTEENE : proviseur du lyc\u00e9e Jean Moulin de Forbach,<\/li>\n<li>Jacqueline DAUXOIS : auteur, membre du Comit\u00e9 d\u2019\u00e9thique pour l\u2019Ile-de-France,<\/li>\n<li>C\u00e9cilia DUTTER : auteur, critique litt\u00e9raire,<\/li>\n<li>Denis HERGOTT : auteur, nouvelliste,<\/li>\n<li>G\u00e9rald TENENBAUM : auteur, professeur \u00e0 l\u2019Universit\u00e9 de Lorraine,<\/li>\n<li>\u00c9lise FISCHER : auteur lorrain, journaliste et critique litt\u00e9raire,<\/li>\n<li>Un \u00e9l\u00e8ve du club litt\u00e9raire du lyc\u00e9e Jean Moulin de Forbach,<\/li>\n<li>Simone HISLER : directrice de la librairie ind\u00e9pendante Hisler-Even.<\/li>\n<\/ul>\n<p>[\/vc_column_text][\/vc_column_inner][vc_column_inner width=&#8221;1\/2&#8243;][vc_column_text]<strong>Les laur\u00e9ats de ces derni\u00e8res ann\u00e9es sont\u00a0:<\/strong><\/p>\n<ul>\n<li>2014 : Mathieu GROFFE, \u00e9l\u00e8ve de seconde au lyc\u00e9e H\u00e9l\u00e8ne-Boucher de Thionville, avec sa nouvelle <em>Le faiseur de nuages<\/em>.<\/li>\n<li>2015 : Valentine AUBERT \u00e9l\u00e8ve au lyc\u00e9e la Malgrange de Jarville avec sa nouvelle<em> Apparences<\/em>.<\/li>\n<li>2016 : Lila DEKIK, \u00e9l\u00e8ve de premi\u00e8re S au lyc\u00e9e Jean Moulin \u00e0 Forbach, avec sa nouvelle <em>La derni\u00e8re danse.<\/em><\/li>\n<\/ul>\n<p>Le Prix est subventionn\u00e9 par le Conseil R\u00e9gional de Lorraine \u00e0 hauteur de 80 % depuis 2013.[\/vc_column_text][\/vc_column_inner][\/vc_row_inner][\/vc_column][\/vc_row][vc_row][vc_column][vc_empty_space][vc_row_inner css=&#8221;.vc_custom_1508343479953{background-image: url(http:\/\/lalorrainedesecrivains.univ-lorraine.fr\/wp-content\/uploads\/2017\/10\/loup.jpg?id=4160) !important;}&#8221;][vc_column_inner][vc_column_text]<\/p>\n<h3 style=\"text-align: center;\"><strong>Citations extraites des 17 entretiens r\u00e9alis\u00e9s aupr\u00e8s de biblioth\u00e9caires et de libraires de la r\u00e9gion Lorraine au sujet des prix litt\u00e9raires lorrains.<br \/>\n<\/strong><strong>Entretiens r\u00e9alis\u00e9s par 5 \u00e9tudiants du DUT M\u00e9tiers du Livre (IUT Nancy-Charlemagne) dans le cadre de leur projet tutor\u00e9.<br \/>\n<\/strong><strong>Clavreul Maureen, Couderchet Ma\u00eblle, Dagorn Julia, Peduzzi Audrey, Pezzali Florian.<\/strong><\/h3>\n<p>[\/vc_column_text][\/vc_column_inner][\/vc_row_inner][vc_row_inner][vc_column_inner width=&#8221;1\/6&#8243;][vc_column_text]<\/p>\n<h3><strong>Librairie Moulin des lettres, Epinal (26\/11\/16)<\/strong><\/h3>\n<p>\u00ab\u00a0Les prix nationaux, c\u2019est utile. Alors que pour les prix lorrains, non.\u00a0\u00bb<\/p>\n<p>\u00ab\u00a0\u00c0 part celui des Imaginales, on ne cherche pas \u00e0 mettre les autres prix lorrains en avant.\u00a0\u00bb<\/p>\n<p>\u00ab\u00a0Je pense que les prix sont plus la reconnaissance d\u2019un travail d\u2019un auteur. Il peut y avoir une retomb\u00e9e au niveau local pour l\u2019auteur qui a re\u00e7u le prix dans la presse r\u00e9gionale.\u00a0\u00bb[\/vc_column_text][\/vc_column_inner][vc_column_inner width=&#8221;2\/3&#8243;][vc_column_text]<\/p>\n<h3><strong>Librairie Quai des mots, Epinal (26\/11\/16)<\/strong><\/h3>\n<h4>Question\u00a0: \u00c0 votre avis, quel est le prix litt\u00e9raire qui repr\u00e9sente le mieux la r\u00e9gion Lorraine ?<\/h4>\n<p>\u00ab\u00a0Les prix lorrains sont bien plus confidentiels que les nationaux. Bien s\u00fbr, il y a quand m\u00eame des \u00e9chos dans la presse locale mais pas au-del\u00e0. En plus, il y en a pl\u00e9thore. Alors qu&#8217;il y a un \u00e9clairage beaucoup plus important sur les prix nationaux.\u00a0\u00bb<\/p>\n<p>\u00ab\u00a0Les prix litt\u00e9raires mettent le projecteur sur des livres qui ont \u00e9t\u00e9 a priori d\u00e9sign\u00e9s comme meilleurs que les autres. Pour nous, c&#8217;est un plus financier. On peut en vendre plus. Mais ce n&#8217;est pas toujours le cas. Les gens se m\u00e9fient parfois presque des prix. Pour eux, ce n&#8217;est pas toujours un label de qualit\u00e9. Parfois \u00e7a freine m\u00eame. Il y a des gens qui ach\u00e8tent le Goncourt tous les ans car c&#8217;est le Goncourt et ils ach\u00e8tent peut-\u00eatre peu de livres dans l&#8217;ann\u00e9e mais il y a celui-ci qui est obligatoire, qu&#8217;il soit bien ou non. Les autres prix &#8211; le Renaudot, le Femina &#8211; ont un impact mais nous, petite librairie de province, on n\u2019en vend pas \u00e9norm\u00e9ment. A part quelques livres qu\u2019on n\u2019aurait pas vu que l&#8217;on aurait laiss\u00e9 passer et une fois qu&#8217;il re\u00e7oit le prix, on peut le regarder \u00e0 nouveau \u00e0 ce moment-l\u00e0, le remettre en avant. Je pense notamment au prix Renaudot des lyc\u00e9ens qui \u00e9tait pass\u00e9 un petit peu inaper\u00e7u, m\u00eame compl\u00e8tement inaper\u00e7u quand il est sorti au mois de f\u00e9vrier. Mais comme il a obtenu le prix Renaudot des lyc\u00e9ens, on le remet en avant et \u00e7a nous incite \u00e0 le regarder, \u00e0 le lire. Moi je n&#8217;ai pas attendu que le Goncourt soit d\u00e9cern\u00e9 cette ann\u00e9e pour le lire\u2026\u00a0\u00bb<\/p>\n<p>\u00ab\u00a0Je connais le prix Imaginales des lyc\u00e9ens parce qu&#8217;on fait partie des Imaginales, mais c&#8217;est vrai qu&#8217;il a un impact seulement au moment des Imaginales. Peut-\u00eatre que l&#8217;\u00e9diteur s&#8217;en sert comme plus quand il vend \u00e0 d&#8217;autres libraires en France. Moi, personnellement, dans cette librairie, \u00e7a n&#8217;a pas un gros impact. La Feuille d&#8217;or, un petit peu&#8230; Je serais incapable de vous dire qui a eu le prix de la Feuille d&#8217;Or cette ann\u00e9e. Les Prix Imaginales, oui. Les autres n&#8217;ont aucun impact ici. Un petit peu le prix \u00c9mile Moselly, c&#8217;est arriv\u00e9 peut-\u00eatre une fois ou deux&#8230; Mais tr\u00e8s peu&#8230; Le prix Erckmann-Chatrian, oui, car c&#8217;est celui qui est vraiment mis en avant au moment du salon du livre de Nancy. Cela a peut-\u00eatre plus d&#8217;impact dans les grandes villes comme Nancy ou Metz, je ne sais pas trop. Nous ici, ce n&#8217;est pas ce qu&#8217;on nous demande le plus.\u00a0\u00bb<\/p>\n<p><img loading=\"lazy\" decoding=\"async\" class=\"alignnone size-full wp-image-4166\" src=\"http:\/\/lalorrainedesecrivains.univ-lorraine.fr\/wp-content\/uploads\/2017\/10\/biblio3.jpg\" alt=\"biblio3\" width=\"1920\" height=\"324\" srcset=\"http:\/\/lalorrainedesecrivains.univ-lorraine.fr\/wp-content\/uploads\/2017\/10\/biblio3.jpg 1920w, http:\/\/lalorrainedesecrivains.univ-lorraine.fr\/wp-content\/uploads\/2017\/10\/biblio3-300x51.jpg 300w, http:\/\/lalorrainedesecrivains.univ-lorraine.fr\/wp-content\/uploads\/2017\/10\/biblio3-768x130.jpg 768w, http:\/\/lalorrainedesecrivains.univ-lorraine.fr\/wp-content\/uploads\/2017\/10\/biblio3-1024x173.jpg 1024w\" sizes=\"auto, (max-width: 1920px) 100vw, 1920px\" \/>\u00ab\u00a0Les livres prim\u00e9s, on les met sur les tables de pr\u00e9sentation, dans les meilleures ventes. En vitrine, on a fait un petit coin prix. Quand c&#8217;est des livres qu&#8217;on aime c&#8217;est d&#8217;autant plus facile de les mettre en avant. Mais je ne peux pas tous les mettre, par manque de place, il y a quand m\u00eame beaucoup de prix divers (Renaudot, Femina&#8230;). Cela fait peut-\u00eatre une dizaine de prix \u00e0 mettre en avant. Apr\u00e8s, il faut voir si on en a envie, s&#8217;ils nous plaisent. Nous, on fonctionne surtout comme \u00e7a, c&#8217;est par rapport \u00e0 ce qu&#8217;on a envie de partager.\u00a0\u00bb<\/p>\n<p>\u00ab\u00a0Les prix litt\u00e9raires ont de l&#8217;importance pour un certain public. Les gens qui ne vont pas souvent en librairie, qui lisent un peu mais pas trop. Ils peuvent se r\u00e9f\u00e9rer aux prix en se disant : \u00ab\u00a0Si j&#8217;en ach\u00e8te peu mais qu&#8217;ils sont un peu mieux que les autres, j&#8217;ach\u00e8te \u00e7a.\u00a0\u00bb Pour les gens qui ont l&#8217;habitude d&#8217;aller en librairie, qui font leur propre choix par rapport \u00e0 ce qu&#8217;ils ont vu, lu ou entendu, ce n&#8217;est pas si important. Cela d\u00e9pend du lecteur je pense.\u00a0\u00bb<\/p>\n<p>\u00ab\u00a0C&#8217;est vrai que les prix litt\u00e9raires lorrains sont peu mis en avant, ou seulement dans la presse locale, ils sont sans doute dans <em>Vosges Matin<\/em> et ils en parlent peut-\u00eatre dans <em>L&#8217;Est R\u00e9publicain<\/em>. Apr\u00e8s, il y a des prix vraiment tr\u00e8s tr\u00e8s confidentiels, est-ce qu&#8217;il faut vraiment en parler plus ? Je ne sais pas\u2026 Et puis, il y a d\u00e9j\u00e0 beaucoup de prix nationaux&#8230; Apr\u00e8s, si la presse ne relaie pas, c&#8217;est s\u00fbr que c&#8217;est tr\u00e8s tr\u00e8s important. Pour n&#8217;importe quel livre, qu&#8217;ils aient des prix ou non, si on en parle nulle part&#8230;\u00a0\u00bb[\/vc_column_text][\/vc_column_inner][vc_column_inner width=&#8221;1\/6&#8243;][vc_single_image image=&#8221;4205&#8243; img_size=&#8221;full&#8221;][\/vc_column_inner][\/vc_row_inner][vc_row_inner css=&#8221;.vc_custom_1508343775213{background-image: url(http:\/\/lalorrainedesecrivains.univ-lorraine.fr\/wp-content\/uploads\/2017\/10\/fond-livre_2.jpg?id=4162) !important;background-position: 0 0 !important;background-repeat: repeat !important;}&#8221;][vc_column_inner width=&#8221;1\/3&#8243;][vc_column_text]<\/p>\n<h3><strong>Biblioth\u00e8que multim\u00e9dia intercommunale, Epinal (26\/11\/16)<\/strong><\/h3>\n<p><strong>Question\u00a0<\/strong>: Si je vous dis \u00ab prix litt\u00e9raire lorrain \u00bb, \u00e0 quoi \u00e7a vous fait penser ?\u00a0:<\/p>\n<p>\u00ab\u00a0Imaginales et Erckmann-Chatrian\u00a0\u00bb<\/p>\n<p>\u00ab\u00a0Quand la saison des prix est finie, on fait une liste r\u00e9capitulative des auteurs et on les met en avant sur une table de pr\u00e9sentation.\u00a0\u00bb<\/p>\n<p>\u00ab\u00a0Je pense que les prix litt\u00e9raires permettent de vendre plus de ses livres, et que l\u2019auteur lui-m\u00eame est content de recevoir un prix.\u00a0\u00bb<\/p>\n<p><strong>Question<\/strong>\u00a0: Pensez-vous que les prix litt\u00e9raires (lorrains) m\u00e9ritent davantage de visibilit\u00e9 dans la presse et au niveau des biblioth\u00e8ques\/librairies ?\u00a0:<\/p>\n<p>\u00ab\u00a0Sans doute. Moi-m\u00eame qui travaille dans les biblioth\u00e8ques, je connais tr\u00e8s mal les prix lorrains.\u00a0\u00bb[\/vc_column_text][\/vc_column_inner][vc_column_inner width=&#8221;1\/3&#8243;][vc_column_text]<\/p>\n<h3><strong>Librairie La Fabrique, Bar-le-Duc (26\/11\/16)<\/strong><\/h3>\n<p><strong>Question\u00a0:<\/strong> Si je vous dis \u00ab prix litt\u00e9raire lorrain \u00bb, \u00e0 quoi \u00e7a vous fait penser ?\u00a0:<\/p>\n<p>\u00ab\u00a0En Meuse, le prix jean d\u2019Heurs. Et le prix Erckmann-Chatrian, c\u2019est tout.\u00a0\u00bb<\/p>\n<p><strong>Question\u00a0:<\/strong> \u00c0 votre avis, quel est le prix litt\u00e9raire qui repr\u00e9sente le mieux la r\u00e9gion Lorraine ?\u00a0:<\/p>\n<p>\u00ab\u00a0Erckmann-Chatrian.\u00a0\u00bb<\/p>\n<p>\u00ab\u00a0Les prix ont tendances \u00e0 r\u00e9compenser des auteurs qui marchent d\u00e9j\u00e0. Je suis rarement surpris. En tous cas les nationaux.\u00a0\u00bb<\/p>\n<p>\u00ab\u00a0Je ne valorise aucun prix litt\u00e9raire. Je me contente de laisser les bandeaux quand il y en a.\u00a0\u00bb<\/p>\n<p>\u00ab\u00a0Normalement c\u2019est quand m\u00eame une preuve de qualit\u00e9. Apr\u00e8s on adh\u00e8re ou on n\u2019adh\u00e8re pas.\u00a0\u00bb<\/p>\n<p>\u00ab\u00a0\u00c7a permet un focus sur un auteur. Un prix agit comme un faisceau m\u00e9diatique, il met en lumi\u00e8re un auteur.\u00a0mais c\u2019est aussi une occasion pour les lecteurs de se rassembler, de parler du prix etc, lors des caf\u00e9s-lecture.\u00a0\u00bb[\/vc_column_text][\/vc_column_inner][vc_column_inner width=&#8221;1\/3&#8243;][vc_column_text]<\/p>\n<h3><strong>Biblioth\u00e8que Jean Jeukens, Bar-le-Duc (26\/11\/16)<\/strong><\/h3>\n<p>\u00ab\u00a0On met un peu tous les prix en avant et on ach\u00e8te d\u2019office ceux qui sont nomm\u00e9s pour avoir le prim\u00e9 d\u00e8s que la remise des prix est pass\u00e9e. La m\u00e9diath\u00e8que promeut aussi les prix lorrains via la page Facebook. Les prix nationaux sont tout le temps sortis de la m\u00e9diath\u00e8que, ils sont tr\u00e8s pris\u00e9s par le public.\u00a0\u00bb<\/p>\n<p>\u00ab\u00a0Un prix permet \u00e0 l\u2019auteur de rencontrer ses lecteurs. C\u2019est aussi une certaine reconnaissance, quel que soit le prix. De plus, c\u2019est une aide financi\u00e8re.\u00a0\u00bb[\/vc_column_text][\/vc_column_inner][\/vc_row_inner][vc_row_inner][vc_column_inner width=&#8221;1\/3&#8243;][vc_column_text]<\/p>\n<h3><strong>Librairie Hisler-Even, Metz (03\/12\/16)<\/strong><\/h3>\n<p><strong>Question<\/strong>\u00a0: Pouvez-vous citer un ou plusieurs prix litt\u00e9raires lorrains ?\u00a0:<\/p>\n<p>\u00ab\u00a0Prix Erckmann-Chatrian, Prix du livre sur la place, Prix Puhl-Demange\u00a0\u00bb<\/p>\n<p><strong>Question\u00a0<\/strong>: \u00c0 votre avis, quel est le prix litt\u00e9raire qui repr\u00e9sente le mieux la r\u00e9gion Lorraine ?<\/p>\n<p><strong>\u00ab\u00a0Prix Erckmann-Chatrian\u00a0\u00bb<\/strong><\/p>\n<p>\u00ab\u00a0Les prix sont toujours une jolie reconnaissance pour les auteurs que ce soit un prix national ou un prix r\u00e9gional.\u00a0C&#8217;est d&#8217;abord une question de reconnaissance pour l&#8217;auteur et une bonne visibilit\u00e9! \u00bb<\/p>\n<p>\u00ab\u00a0Nous mettons bien entendu en avant tous les prix litt\u00e9raires m\u00eame les prix r\u00e9gionaux.\u00a0Ils sont pos\u00e9s sur les tables, disponibles pour tous les clients.\u00a0\u00bb<\/p>\n<p>\u00ab\u00a0La qualit\u00e9 d&#8217;un prix reste subjective. Cependant le fait qu&#8217;une assembl\u00e9e de personnes choisisse un titre laisse penser que l&#8217;\u0153uvre a une certaine qualit\u00e9.\u00a0\u00bb<\/p>\n<p>Question\u00a0: Pour vous est-ce que les prix litt\u00e9raires ne sont qu\u2019un moyen de rebooster les ventes ? Est-ce seulement pour des retomb\u00e9s \u00e9conomiques ?\u00a0:<\/p>\n<p>\u00ab\u00a0J&#8217;esp\u00e8re que non!!! J&#8217;esp\u00e8re que les prix ont encore une valeur de reconnaissance et surtout une vraie valeur litt\u00e9raire!!!\u00a0\u00bb[\/vc_column_text][\/vc_column_inner][vc_column_inner width=&#8221;1\/3&#8243;][vc_single_image image=&#8221;4174&#8243; img_size=&#8221;full&#8221;][\/vc_column_inner][vc_column_inner width=&#8221;1\/3&#8243;][vc_column_text]<\/p>\n<h3><strong>Biblioth\u00e8que municipale Verlaine, Metz (03\/12\/16)<\/strong><\/h3>\n<p><strong>Question<\/strong>\u00a0: Quelles diff\u00e9rences faites-vous entre un prix litt\u00e9raire lorrain et un prix national ?\u00a0:<\/p>\n<p>\u00ab\u00a0C\u2019est comme le foot. La 1<sup>\u00e8re<\/sup> division et la 2<sup>\u00e8me<\/sup> division.\u00a0\u00bb<\/p>\n<p>\u00ab\u00a0Les prix litt\u00e9raires lorrains sont utiles \u00e0 l\u2019industrie culturelle. Apr\u00e8s \u00e7a ne repr\u00e9sente pas forc\u00e9ment une r\u00e9compense litt\u00e9raire tr\u00e8s int\u00e9ressant. \u00c7a fait fonctionner le march\u00e9 de l\u2019\u00e9dition.\u00a0\u00bb<\/p>\n<p>\u00ab\u00a0Nous ne mettons pas les prix litt\u00e9raires lorrains en avant, m\u00eame pas avec le prix Erckmann-Chatrian. Mais les prix nationaux, on les met en avant. De tout fa\u00e7on, on n\u2019a pas \u00e0 faire beaucoup d\u2019efforts, ils sont demand\u00e9s.\u00a0Il n\u2019y a aucune demande. Personne n\u2019a jamais demand\u00e9 sp\u00e9cifiquement le prix Erckmann-Chatrian, alors les autres encore moins\u2026\u00bb<\/p>\n<p>\u00ab\u00a0A priori, il y a de tr\u00e8s mauvais livres qui sont r\u00e9compens\u00e9s par un prix, et de tr\u00e8s bons qui n\u2019ont jamais eu de prix.\u00a0\u00bb[\/vc_column_text][\/vc_column_inner][\/vc_row_inner][vc_row_inner css=&#8221;.vc_custom_1508344953748{background-image: url(http:\/\/lalorrainedesecrivains.univ-lorraine.fr\/wp-content\/uploads\/2017\/10\/crumpled-2537807_1920.jpg?id=4157) !important;}&#8221;][vc_column_inner width=&#8221;1\/4&#8243;][vc_column_text]<\/p>\n<h3><strong>M\u00e9diath\u00e8que du Sablon, Metz (03\/12\/16)<\/strong><\/h3>\n<p>\u00ab\u00a0On r\u00e9alise des fiches o\u00f9 on pr\u00e9sente l\u2019auteur avec sont livre prim\u00e9. On propose un r\u00e9sum\u00e9 du livre, de quoi parle l\u2019ouvrage, dans quel contexte.\u00a0\u00bb<\/p>\n<p>\u00ab\u00a0Il y a tellement de prix litt\u00e9raires actuellement qu\u2019on s\u2019y perd, on ach\u00e8te plus forc\u00e9ment un roman parce qu\u2019il y a un petit bandeau dessus \u00ab a gagn\u00e9 tel prix \u00bb.<\/p>\n<p>\u00ab\u00a0Les prix litt\u00e9raires peuvent aider certains jeunes auteurs \u00e0 se faire conna\u00eetre, mettre en avant des p\u00e9pites.\u00a0\u00bb[\/vc_column_text][\/vc_column_inner][vc_column_inner width=&#8221;3\/4&#8243;][vc_column_text]<\/p>\n<h3><strong>Librairie Le Neuf, Saint-Di\u00e9-des-Vosges (10\/12\/16)<\/strong><\/h3>\n<p><strong>Question<\/strong>\u00a0: Si je vous dis \u00ab prix litt\u00e9raire lorrain \u00bb, \u00e0 quoi \u00e7a vous fait penser ? Selon vous, qu\u2019est-ce qu\u2019un prix litt\u00e9raire lorrain ?\u00a0:<\/p>\n<p>Au prix Erckmann-Chatrian.<\/p>\n<p><strong>Question<\/strong>\u00a0: \u00c0 votre avis, quel est le prix litt\u00e9raire qui repr\u00e9sente le mieux la r\u00e9gion Lorraine ?\u00a0:<\/p>\n<p>\u00ab\u00a0C\u2019est le prix Erckmann-Chatrian.\u00a0\u00bb<\/p>\n<p>\u00ab\u00a0Contrairement \u00e0 d\u2019autres de mes coll\u00e8gues ou du public, je ne crache pas sur les prix litt\u00e9raires. Cela permet une chose qui, \u00e0 mon avis, est essentielle, c\u2019est de populariser les livres d\u2019une mani\u00e8re g\u00e9n\u00e9rale aupr\u00e8s du public. Vous savez, il y a des gens qui ach\u00e8tent une fois par an un livre, c\u2019est le Goncourt, pour No\u00ebl. Tr\u00e8s longtemps, le prix Erckmann-Chatrian en Lorraine \u00e9tait un prix reconnu, et les \u00e9diteurs faisaient l\u2019effort de faire un petit bandeau, d\u2019o\u00f9 l\u2019importance des bandeaux sur les prix. Depuis quelques temps, ils ne le font plus. Donc nous, \u00e7a conditionne les ventes.\u00a0\u00bb<\/p>\n<p>\u00ab\u00a0On met les prix nationaux en avant si l\u2019on pense que ce sont des bons prix, que le contenu est important, et puis quand on les a lu, on les pousse. On ne les pousse pas parce que ce sont des prix, on les pousse parce que ce sont des bons livres. Pour la Lorraine, ce sont les m\u00eames arguments.\u00a0\u00bb<\/p>\n<p>\u00ab\u00a0Dans notre librairie, nous mettons en avant les diff\u00e9rents prix Imaginales, car ils sont tr\u00e8s bien accueillis et sont reconnus nationalement dans le domaine de la science-fiction.\u00a0\u00bb<\/p>\n<p>\u00ab\u00a0Le prix Goncourt, dans les ann\u00e9es 60 \u00e0 90, a \u00e9t\u00e9 \u00e0 la solde des \u00e9diteurs et des membres du jury qui \u00e9taient eux-m\u00eames auteurs d\u2019une maison d\u2019\u00e9dition. Mais depuis l\u2019arriv\u00e9e de Bernard Pivot et de Fran\u00e7oise Chandernagor au sein du prix Goncourt, ainsi que de Philippe Claudel, ils sont plus intransigeants.\u00a0\u00bb<\/p>\n<p>\u00ab\u00a0Pour au auteur, l\u2019int\u00e9r\u00eat de recevoir un prix litt\u00e9raire est d\u2019\u00eatre reconnu par ses pairs, et d\u2019\u00eatre pr\u00e9sent sur les tables des librairies.\u00a0\u00bb<\/p>\n<p>\u00ab\u00a0Le prix Erckmann-Chatrian m\u00e9riterait beaucoup plus de m\u00e9diatisation et de soutien de la part des critiques litt\u00e9raires et des journalistes, ainsi que des libraires et biblioth\u00e9caires.\u00a0\u00bb<\/p>\n<p>\u00ab\u00a0L\u2019attribution d\u2019un prix litt\u00e9raire pendant le salon permet de b\u00e9n\u00e9ficier d\u2019un impact m\u00e9diatique et d\u2019un public important pendant ce jour-l\u00e0. C\u2019est aussi d\u00fb \u00e0 la remise du prix, qui souvent se passe \u00e0 un moment phare du salon, suivi de ventes.\u00a0\u00bb<\/p>\n<p><strong>Question<\/strong>\u00a0: Avez-vous not\u00e9 une hausse de ventes pour un livre prim\u00e9s par un prix lorrain ? Et par un prix national ?\u00a0:<\/p>\n<p>\u00ab\u00a0Oui. Et oui aussi pour les prix nationaux.\u00a0\u00bb[\/vc_column_text][\/vc_column_inner][\/vc_row_inner][vc_row_inner][vc_column_inner width=&#8221;1\/3&#8243;][vc_column_text]<\/p>\n<h3>M\u00e9diath\u00e8que Victor Hugo, Saint-Di\u00e9-des-Vosges (10\/12\/16)<\/h3>\n<p>\u00ab\u00a0Pour moi, un prix est futile finalement. Pour un \u00e9crivain, ce n\u2019est pas la premi\u00e8re chose qu\u2019il veut.\u00a0\u00bb<\/p>\n<p><strong>Question<\/strong>\u00a0: Mettez-vous des prix litt\u00e9raires lorrains en avant ? Ou seulement les prix litt\u00e9raires reconnus d\u2019un point de vue national ?\u00a0:<\/p>\n<p>\u00ab\u00a0Pas de prix nationaux, seulement des prix lorrains.\u00a0\u00bb<\/p>\n<p>\u00ab\u00a0Pour un auteur, c\u2019est toujours mieux quand on a son nom \u00e0 c\u00f4t\u00e9 d\u2019un prix.\u00a0\u00bb<\/p>\n<p><strong>Question<\/strong>\u00a0: Pensez-vous que les prix litt\u00e9raires (lorrains) m\u00e9ritent davantage de visibilit\u00e9 dans la presse et au niveau des biblioth\u00e8ques\/librairies ?\u00a0:<\/p>\n<p>\u00ab\u00a0Oui en Lorraine, pourquoi pas, mais je ne suis pas s\u00fbre qu\u2019\u00e0 Paris \u00e7a ait sa place.\u00a0\u00bb[\/vc_column_text][\/vc_column_inner][vc_column_inner width=&#8221;1\/3&#8243;][vc_column_text]<\/p>\n<h3><strong>Librairie L\u2019Autre Rive, Nancy (05\/01\/17)<\/strong><\/h3>\n<p><strong>Question<\/strong>\u00a0: Si je vous dis \u00ab prix litt\u00e9raires lorrains \u00bb, \u00e0 quoi \u00e7a vous fait penser ? Selon vous, qu\u2019est-ce qu\u2019un prix litt\u00e9raire lorrain ?\u00a0:<\/p>\n<p>\u00ab\u00a0Au prix Erckmann-Chatrian, au prix de l\u2019acad\u00e9mie Stanislas, au prix des libraires de Nancy.\u00a0\u00bb<\/p>\n<p><strong>Question<\/strong>\u00a0: Mettez-vous des prix litt\u00e9raires lorrains en avant ? Ou seulement les prix litt\u00e9raires reconnus d\u2019un point de vue national ?\u00a0:<\/p>\n<p>\u00ab\u00a0Parfois, mais pas toujours, cela d\u00e9pend du livre, ce n\u2019est pas parce qu\u2019il a un prix qu\u2019on va le mettre en avant.\u00a0\u00bb[\/vc_column_text][\/vc_column_inner][vc_column_inner width=&#8221;1\/3&#8243;][vc_column_text]<\/p>\n<h3><strong>Librairie La Taverne du Livre, Nancy (05\/01\/17)<\/strong><\/h3>\n<p><strong>Question\u00a0<\/strong>: Pouvez-vous citer un ou plusieurs prix litt\u00e9raires lorrains ?<\/p>\n<p>\u00ab\u00a0Erckmann-Chatrian\u00a0\u00bb<\/p>\n<p><strong>Question\u00a0<\/strong>: \u00c0 votre avis, quel est le prix litt\u00e9raire qui repr\u00e9sente le mieux la r\u00e9gion Lorraine ?\u00a0:<\/p>\n<p>\u00ab\u00a0Erckmann-Chatrian\u00a0\u00bb<\/p>\n<p>\u00ab\u00a0Pour les livres prim\u00e9s, je fais une vitrine. Et g\u00e9n\u00e9ralement, il y a un bandeau sur les livres.\u00a0\u00bb[\/vc_column_text][\/vc_column_inner][\/vc_row_inner][vc_row_inner css=&#8221;.vc_custom_1508345108854{background-image: url(http:\/\/lalorrainedesecrivains.univ-lorraine.fr\/wp-content\/uploads\/2017\/10\/fond-triangle.jpg?id=4169) !important;}&#8221;][vc_column_inner][vc_separator color=&#8221;mulled_wine&#8221; border_width=&#8221;3&#8243;][\/vc_column_inner][\/vc_row_inner][vc_row_inner css=&#8221;.vc_custom_1508345108854{background-image: url(http:\/\/lalorrainedesecrivains.univ-lorraine.fr\/wp-content\/uploads\/2017\/10\/fond-triangle.jpg?id=4169) !important;}&#8221;][vc_column_inner width=&#8221;1\/3&#8243;][vc_column_text]<\/p>\n<h3><strong>Biblioth\u00e8que municipale Stanislas, Nancy (05\/01\/17)<\/strong><\/h3>\n<p><strong>Question<\/strong>\u00a0: Selon vous, qu\u2019est-ce qu\u2019un prix litt\u00e9raire lorrain ?\u00a0:<\/p>\n<p>\u00ab\u00a0C&#8217;est une bonne question : qu&#8217;est-ce qu&#8217;on d\u00e9finit par prix r\u00e9gional? Est-ce qu&#8217;on retient le th\u00e8me ou est-ce qu&#8217;on retient l&#8217;auteur? Moi, qui suis responsable du fonds lorrain, je ne privil\u00e9gie pas du tout l&#8217;auteur, je privil\u00e9gie le th\u00e8me.\u00a0\u00bb<\/p>\n<p>\u00ab\u00a0Vous vous souvenez de tous les prix fran\u00e7ais ? Il y en a beaucoup trop, on ne peut pas tous les conna\u00eetre. Avant il y avait quand m\u00eame des \u00e9missions t\u00e9l\u00e9vis\u00e9es qui en parlaient&#8230; Mais il n&#8217;y a plus rien, plus personne n&#8217;en parle&#8230; Donc si vous ne suivez pas Internet ou les m\u00e9dias, vous ne les connaissez pas. Pour ce qui est des librairies et des biblioth\u00e8ques, le probl\u00e8me c&#8217;est que la promotion ne se fait pas dans l&#8217;imm\u00e9diat. Parfois le livre est sorti longtemps avant d&#8217;avoir re\u00e7u le prix. Je trouve que c&#8217;est bien d&#8217;essayer de les mettre quand m\u00eame en avant.\u00a0\u00bb[\/vc_column_text][\/vc_column_inner][vc_column_inner width=&#8221;2\/3&#8243;][vc_column_text]<\/p>\n<h3><strong>M\u00e9diath\u00e8que de la Manufacture, Nancy, (05\/01\/17)<\/strong><\/h3>\n<p>\u00ab\u00a0On pourrait s\u00e9lectionner et signaler plusieurs prix, \u00e7a pourrait \u00eatre une id\u00e9e de zoom, au moment des prix, comme pour le Livre sur la Place, comme il y a une certaine saisonnalit\u00e9 des prix litt\u00e9raires. C\u2019est l\u2019occasion de ressortir des documents sur l\u2019histoire du livre, des m\u00e9tiers du livre, des biographies, des livres d\u2019art. Ce serait une piste, une id\u00e9e. Mais ici, on ne fait rien sur les prix litt\u00e9raires.\u00a0\u00bb<\/p>\n<p><strong>Question<\/strong>\u00a0: Comment mettez-vous en avant ces prix litt\u00e9raires\u00a0? (en t\u00eate de gondole, affiches, bandeau, table, etc.)\u00a0:<\/p>\n<p>\u00ab\u00a0Exposition pour Angoul\u00eame pour les BD s\u00e9lectionn\u00e9es, zoom constant sur les \u0153uvres des sc\u00e9naristes et dessinateurs, qu\u2019on bloque et propose en lecture sur place. Ceux qui gagnent prix, on met un bandeau, on met en valeur seulement ceux qui ont gagn\u00e9. On ach\u00e8te les livres s\u00e9lectionn\u00e9s pour le livre sur la place, pour anticiper la demande mais c\u2019est tout.\u00a0\u00bb<\/p>\n<p>\u00ab\u00a0Un ouvrage qui a eu un prix on va le regarder de plus pr\u00e8s, parce qu\u2019il en sort\/existe tellement de romans, c\u2019est incroyable. Il peut y en avoir une cinquantaine par semaine. On regarde de plus pr\u00e8s mais on n\u2019ach\u00e8te pas forc\u00e9ment. Par contre certains prix, obligatoirement on va nous les demander. Que ce soit m\u00e9rit\u00e9 ou pas ce prix, on va l\u2019acheter syst\u00e9matiquement.\u00a0\u00bb[\/vc_column_text][\/vc_column_inner][\/vc_row_inner][vc_row_inner css=&#8221;.vc_custom_1508404578295{margin-top: 0px !important;margin-bottom: 0px !important;border-top-width: 2px !important;border-right-width: 2px !important;border-bottom-width: 2px !important;border-left-width: 2px !important;padding-top: 0px !important;padding-bottom: 0px !important;border-left-color: #000000 !important;border-left-style: dotted !important;border-right-color: #000000 !important;border-right-style: dotted !important;border-top-color: #000000 !important;border-top-style: dotted !important;border-bottom-color: #000000 !important;border-bottom-style: dotted !important;border-radius: 20px !important;}&#8221;][vc_column_inner width=&#8221;2\/3&#8243;][vc_column_text]<\/p>\n<h3><strong>M\u00e9diath\u00e8que Jules Verne, Vand\u0153uvre-l\u00e8s-Nancy (20\/01\/17)<\/strong><\/h3>\n<p><strong>Question<\/strong>\u00a0: Si je vous dis \u00ab prix litt\u00e9raire lorrain \u00bb, \u00e0 quoi \u00e7a vous fait penser ? Selon vous, qu\u2019est-ce qu\u2019un prix litt\u00e9raire lorrain ?\u00a0:<\/p>\n<p>\u00ab\u00a0Les premiers mots qui viennent sont : Prix Erckmann-Chatrian et Gilles Laporte (pr\u00e9sident du prix pendant longtemps). Ce sont des prix pour des auteurs qui parlent de la Lorraine ou qui sont eux-m\u00eames lorrains.\u00a0\u00bb<\/p>\n<p>\u00ab\u00a0Le prix Erckmann-Chatrian est consid\u00e9r\u00e9 comme le Goncourt lorrain car les prim\u00e9s sont souvent ensuite \u00e0 nouveau prim\u00e9s nationalement. C\u2019est valorisant pour un lorrain d\u2019\u00eatre sur les deux s\u00e9lections, on a tendance \u00e0 d\u00e9crier les auteurs de terroir.\u00a0\u00bb<\/p>\n<p>\u00ab\u00a0Les prix litt\u00e9raires boostent les ventes de certains auteurs. \u00c7a permet aux m\u00e9tiers de l\u2019\u00e9dition de vivre. Avec ces grands noms (prix) \u00e7a permet de faire conna\u00eetre des petits noms. C\u2019est valorisant. Les prix lorrains, \u00e0 part Erckmann-Chatrian, sont m\u00e9connus et m\u00eame les gagnants de ces\u00a0\u00bb prix ne sont pas mis en valeur \u00e0 part dans <em>L\u2019Est R\u00e9publicain<\/em> et au Livre sur la Place.<\/p>\n<p>\u00ab\u00a0\u00c0 chaque saison litt\u00e9raire, on met les prix litt\u00e9raires lorrains en avant avec un damier au premier \u00e9tage de la m\u00e9diath\u00e8que. Une fois par mois, on propose des animations o\u00f9 on pr\u00e9sente des livres, et on donne \u00e9galement la liste des prim\u00e9s au public en Novembre. Gilles Laporte est venu pour parler de son prix. Il draine beaucoup de monde \u00e0 chaque rencontre. On fait venir les prix mais aussi des auteurs qui ont seulement particip\u00e9. Didier Laurent est venu avant son succ\u00e8s.[\/vc_column_text][\/vc_column_inner][vc_column_inner width=&#8221;1\/3&#8243;][vc_column_text]<\/p>\n<h3><strong>M\u00e9diath\u00e8que G\u00e9rard Thirion, Laxou (19\/01\/17)<\/strong><\/h3>\n<p><strong>Question<\/strong>\u00a0: Pouvez-vous citer un ou plusieurs prix litt\u00e9raires lorrains ?<\/p>\n<p>\u00ab\u00a0Non. Si, Erckmann-Chatrian.\u00a0\u00bb<\/p>\n<p>\u00ab\u00a0Au niveau des m\u00e9diath\u00e8ques, les gens demandent les prix. Ils pensent que c\u2019est un gage de qualit\u00e9. C\u2019est pas toujours vrai, \u00e7a peut ne pas plaire m\u00eame en ayant eu un prix.\u00a0\u00bb<\/p>\n<p>\u00ab\u00a0Pour l\u2019auteur prim\u00e9, \u00e7a va l\u2019aider \u00e0 se faire conna\u00eetre. Certains ont du mal \u00e0 percer. \u00c7a peut \u00eatre un tremplin.\u00a0\u00bb<\/p>\n<p><strong>Question<\/strong>\u00a0: Pensez-vous que les prix litt\u00e9raires (lorrains) m\u00e9ritent davantage de visibilit\u00e9 dans la presse et au niveau des biblioth\u00e8ques\/librairies ?\u00a0:<\/p>\n<p>\u00ab\u00a0Oui. M\u00eame s\u2019il y a quand m\u00eame souvent des rayons r\u00e9gionaux, il y a peu de mise en avant des prix.\u00a0\u00bb[\/vc_column_text][\/vc_column_inner][\/vc_row_inner][vc_row_inner css=&#8221;.vc_custom_1508404331268{border-top-width: 0px !important;border-right-width: 0px !important;border-bottom-width: 0px !important;border-left-width: 0px !important;border-left-color: #0c0c0c !important;border-right-color: #0c0c0c !important;border-top-color: #0c0c0c !important;border-bottom-color: #0c0c0c !important;}&#8221;][vc_column_inner][vc_column_text]<\/p>\n<h3><strong>Biblioth\u00e8que Le Ch\u00e2teau, Saint-Max (20\/01\/17)<\/strong><\/h3>\n<p><strong>Question<\/strong>\u00a0: Mettez-vous des prix litt\u00e9raires lorrains en avant ?\u00a0:<\/p>\n<p>\u00ab\u00a0Non, pas particuli\u00e8rement. On a certains qu\u2019on acquiert, mais sinon on n\u2019y voit pas d\u2019int\u00e9r\u00eat.\u00a0\u00bb<\/p>\n<p>\u00ab\u00a0Il y a des livres qui re\u00e7oivent des prix qui ne m\u00e9ritent pas, et cela me scandalise. Alors que d\u2019autres livres ne re\u00e7oivent pas de prix, alors qu\u2019ils m\u00e9riteraient d\u2019en recevoir. J\u2019ai plus confiance dans les prix o\u00f9 les jur\u00e9s sont les lecteurs, et non des professionnels.\u00a0\u00bb[\/vc_column_text][\/vc_column_inner][\/vc_row_inner][\/vc_column][\/vc_row][vc_row full_width=&#8221;stretch_row&#8221; parallax=&#8221;content-moving&#8221; parallax_image=&#8221;2533&#8243;][vc_column][vc_empty_space height=&#8221;300px&#8221;][\/vc_column][\/vc_row]<\/p>","protected":false},"excerpt":{"rendered":"<p>[vc_row][vc_column][vc_row_inner][vc_column_inner][vc_custom_heading text=&#8221;Vie litt\u00e9raire en Lorraine&#8221; font_container=&#8221;tag:h2|font_size:48|text_align:center&#8221; google_fonts=&#8221;font_family:Lato%3A100%2C100italic%2C300%2C300italic%2Cregular%2Citalic%2C700%2C700italic%2C900%2C900italic|font_style:700%20bold%20regular%3A700%3Anormal&#8221; css=&#8221;.vc_custom_1475313104511{margin-top: 10px !important;margin-bottom: 10px !important;border-top-width: 10px !important;border-bottom-width: 10px !important;padding-top: 5px !important;padding-bottom: 5px !important;}&#8221;][vc_column_text][\/vc_column_text][vc_custom_heading text=&#8221;Manifestations&#8221; font_container=&#8221;tag:h2|font_size:32|text_align:center&#8221; google_fonts=&#8221;font_family:Lato%3A100%2C100italic%2C300%2C300italic%2Cregular%2Citalic%2C700%2C700italic%2C900%2C900italic|font_style:700%20bold%20regular%3A700%3Anormal&#8221; css=&#8221;.vc_custom_1508485155879{margin-top: 10px !important;margin-bottom: 10px<\/p>\n<p> <a class=\"more-link\" href=\"http:\/\/lalorrainedesecrivains.univ-lorraine.fr\/it\/prix-litteraires\/\">Lire la suite<\/a><\/p>\n","protected":false},"author":3,"featured_media":0,"parent":0,"menu_order":0,"comment_status":"closed","ping_status":"closed","template":"","meta":{"footnotes":""},"class_list":["post-4289","page","type-page","status-publish","hentry"],"_links":{"self":[{"href":"http:\/\/lalorrainedesecrivains.univ-lorraine.fr\/it\/wp-json\/wp\/v2\/pages\/4289","targetHints":{"allow":["GET"]}}],"collection":[{"href":"http:\/\/lalorrainedesecrivains.univ-lorraine.fr\/it\/wp-json\/wp\/v2\/pages"}],"about":[{"href":"http:\/\/lalorrainedesecrivains.univ-lorraine.fr\/it\/wp-json\/wp\/v2\/types\/page"}],"author":[{"embeddable":true,"href":"http:\/\/lalorrainedesecrivains.univ-lorraine.fr\/it\/wp-json\/wp\/v2\/users\/3"}],"replies":[{"embeddable":true,"href":"http:\/\/lalorrainedesecrivains.univ-lorraine.fr\/it\/wp-json\/wp\/v2\/comments?post=4289"}],"version-history":[{"count":4,"href":"http:\/\/lalorrainedesecrivains.univ-lorraine.fr\/it\/wp-json\/wp\/v2\/pages\/4289\/revisions"}],"predecessor-version":[{"id":4440,"href":"http:\/\/lalorrainedesecrivains.univ-lorraine.fr\/it\/wp-json\/wp\/v2\/pages\/4289\/revisions\/4440"}],"wp:attachment":[{"href":"http:\/\/lalorrainedesecrivains.univ-lorraine.fr\/it\/wp-json\/wp\/v2\/media?parent=4289"}],"curies":[{"name":"wp","href":"https:\/\/api.w.org\/{rel}","templated":true}]}}