{"id":4536,"date":"2018-02-22T17:36:44","date_gmt":"2018-02-22T16:36:44","guid":{"rendered":"http:\/\/lalorrainedesecrivains.univ-lorraine.fr\/?page_id=4536"},"modified":"2021-04-21T15:20:46","modified_gmt":"2021-04-21T14:20:46","slug":"vie-litteraire-3","status":"publish","type":"page","link":"http:\/\/lalorrainedesecrivains.univ-lorraine.fr\/it\/vie-litteraire-3\/","title":{"rendered":"Vie litt\u00e9raire"},"content":{"rendered":"<p>[vc_row][vc_column][vc_row_inner][vc_column_inner][vc_custom_heading text=&#8221;LA VITA LETTERARIA NELLA LORENA&#8221; font_container=&#8221;tag:h2|font_size:48|text_align:center&#8221; google_fonts=&#8221;font_family:Lato%3A100%2C100italic%2C300%2C300italic%2Cregular%2Citalic%2C700%2C700italic%2C900%2C900italic|font_style:700%20bold%20regular%3A700%3Anormal&#8221; css=&#8221;.vc_custom_1517392593266{margin-top: 10px !important;margin-bottom: 10px !important;border-top-width: 10px !important;border-bottom-width: 10px !important;padding-top: 5px !important;padding-bottom: 5px !important;}&#8221;][vc_column_text]<img loading=\"lazy\" decoding=\"async\" class=\"alignnone size-full wp-image-2217 aligncenter\" src=\"http:\/\/test-lde.univ-lorraine.fr\/wp-content\/uploads\/2016\/07\/filet-rouge-150.png\" alt=\"filet-rouge-150\" width=\"150\" height=\"9\" \/>[\/vc_column_text][vc_custom_heading text=&#8221;MANIFESTAZIONI&#8221; font_container=&#8221;tag:h2|font_size:32|text_align:center&#8221; google_fonts=&#8221;font_family:Lato%3A100%2C100italic%2C300%2C300italic%2Cregular%2Citalic%2C700%2C700italic%2C900%2C900italic|font_style:700%20bold%20regular%3A700%3Anormal&#8221; css=&#8221;.vc_custom_1517392631311{margin-top: 10px !important;margin-bottom: 10px !important;border-top-width: 10px !important;border-bottom-width: 10px !important;padding-top: 5px !important;padding-bottom: 5px !important;}&#8221;][vc_column_text]<\/p>\n<h3>A PARTIRE DA UN INVENTARIO ANCORA IN CORSO DI ELABORAZIONE, SI TRATTA DI MOSTRARE LA VITALIT\u00c0 DELLA VITA LETTERARIA NELLA LORENA CHE SI ATTUALIZZA MOLTO PARTICOLARMENTE ATTRAVERSO LA MOLTEPLICIT\u00c0 E LE MANIFESTAZIONI LETTERARIE ORGANIZZATE OGNI ANNO.<\/h3>\n<p>La manifestazione letteraria \u00e8 un luogo di incontro con gli autori, di mediazione culturale, di programmazione artistica, di diffusione e di commercializzazione del libro. La manifestazione letteraria riconfigura, anche in modo effimero, uno spazio complesso, che combina gli spazi istituzionali (municipalit\u00e0, biblioteca, scuole), mediatici (stampa), commerciali (librerie, editori), domestici o privati (spazi di pratiche dei visitatori) e attraverso i quali si provano delle prese di posizioni su valori legati alla lettura e al libro. Iscritte geograficamente in un\u00a0territorio, dipendono anche da uno spazio sociale, da una rete di collaborazioni culturali e propongono al pubblico sul territorio della Lorraine una gamma di generi letterari da scoprire.[\/vc_column_text][\/vc_column_inner][\/vc_row_inner][\/vc_column][\/vc_row][vc_row][vc_column css=&#8221;.vc_custom_1475313930336{margin-bottom: 0px !important;border-bottom-width: 0px !important;padding-bottom: 0px !important;}&#8221;][vc_row_inner][vc_column_inner][vc_column_text css=&#8221;.vc_custom_1475313939854{margin-bottom: 0px !important;border-bottom-width: 0px !important;padding-bottom: 0px !important;}&#8221;]\n<!-- iframe plugin v.4.5 wordpress.org\/plugins\/iframe\/ -->\n<iframe loading=\"lazy\" src=\"http:\/\/tonic-geo2.uni.lu:8080\/atlasfx\/js\/index.html?mapId=122\" width=\"100%\" height=\"600\" scrolling=\"yes\" class=\"iframe-class\" frameborder=\"0\"><\/iframe>\n[\/vc_column_text][\/vc_column_inner][\/vc_row_inner][\/vc_column][\/vc_row][vc_row css=&#8221;.vc_custom_1475313922963{margin-top: 0px !important;border-top-width: 0px !important;padding-top: 0px !important;}&#8221;][vc_column css=&#8221;.vc_custom_1475313913752{margin-top: 0px !important;margin-bottom: 0px !important;border-top-width: 0px !important;border-bottom-width: 0px !important;padding-top: 0px !important;padding-bottom: 0px !important;}&#8221;][vc_row_inner][vc_column_inner css=&#8221;.vc_custom_1475313555296{margin-bottom: 0px !important;border-bottom-width: 0px !important;padding-bottom: 0px !important;}&#8221;][\/vc_column_inner][\/vc_row_inner][\/vc_column][\/vc_row][vc_row css=&#8221;.vc_custom_1475313922963{margin-top: 0px !important;border-top-width: 0px !important;padding-top: 0px !important;}&#8221;][vc_column css=&#8221;.vc_custom_1475313913752{margin-top: 0px !important;margin-bottom: 0px !important;border-top-width: 0px !important;border-bottom-width: 0px !important;padding-top: 0px !important;padding-bottom: 0px !important;}&#8221;][vc_row_inner][vc_column_inner css=&#8221;.vc_custom_1475313555296{margin-bottom: 0px !important;border-bottom-width: 0px !important;padding-bottom: 0px !important;}&#8221;][vc_custom_heading text=&#8221;Moselle&#8221; font_container=&#8221;tag:h2|font_size:48|text_align:center&#8221; google_fonts=&#8221;font_family:Lato%3A100%2C100italic%2C300%2C300italic%2Cregular%2Citalic%2C700%2C700italic%2C900%2C900italic|font_style:700%20bold%20regular%3A700%3Anormal&#8221; css=&#8221;.vc_custom_1475313564227{margin-bottom: 0px !important;border-bottom-width: 0px !important;padding-bottom: 0px !important;}&#8221;][vc_column_text]<img loading=\"lazy\" decoding=\"async\" class=\"alignnone size-full wp-image-2217 aligncenter\" src=\"http:\/\/test-lde.univ-lorraine.fr\/wp-content\/uploads\/2016\/07\/filet-rouge-150.png\" alt=\"filet-rouge-150\" width=\"150\" height=\"9\" \/>[\/vc_column_text][\/vc_column_inner][\/vc_row_inner][\/vc_column][\/vc_row][vc_row][vc_column][vc_row_inner][vc_column_inner width=&#8221;1\/3&#8243;][vc_column_text]<a name=\"bdmarly\"><\/a><\/p>\n<h3><strong><span style=\"text-decoration: underline;\"><a href=\"http:\/\/www.epidermiq.com\/marly-BD\/\" target=\"_blank\" rel=\"noopener\">Les rencontres de la BD de Marly<\/a><\/span> (57)\u00a0(INCONTRI ATTORNO AL FUMETTO A MARLY)<\/strong><\/h3>\n<p><strong>Primo fine settimana di ottobre<\/strong><\/p>\n<p><strong>Centro sociale e culturale della Louvi\u00e8re<\/strong><br \/>\nEvento culturale noto nel calendario delle manifestazioni letterarie autunnali, la festa delle bolle &#8211; fondata da Jean Pauline &#8211; esiste dal 1991 e accoglie artisti da tutta l&#8217;Europa. Circa una trentina di autori fumettisti vengono ogni anno a Metz. Ogni anno, un tema \u00e8 proposto (ad esempio : la giovent\u00f9, la donna, il vino o ancora il cinema).<br \/>\nSessioni di autografi, conferenze e animazioni diverse (mostre, cosplays, cacce al tesoro, etc) sono proposte al un ampio pubblico dal marted\u00ec alla domenica. Una giornata (venerd\u00ec) \u00e8 destinata al pubblico scolastico.<br \/>\nNel 2016, l\u2019ospite d&#8217;onore \u00e8 Philippe Jarbinet, l&#8217;autore di Sam Bracken pubblicato da Gl\u00e9nat.[\/vc_column_text][vc_single_image image=&#8221;3114&#8243; img_size=&#8221;full&#8221;][\/vc_column_inner][vc_column_inner width=&#8221;2\/3&#8243;][vc_column_text]<a name=\"salonlivrehistoirewoippy\"><\/a><\/p>\n<h3><strong><a href=\"http:\/\/www.mairie-woippy.fr\" target=\"_blank\" rel=\"noopener\">SALONE DEL LIBRO DI STORIA DI WOIPPY<\/a>57)<\/strong><\/h3>\n<p><strong>Weekend di noviembre<\/strong><\/p>\n<p>Ogni anno, dal 2003, si svolge a Woippy, nella Mosella, un salone del libro di storia organizzato dall&#8217;Associazione di storia di Woippy. Fa parte, con il Salone del libro di storia di Verdun, delle principali manifestazioni letterarie su questa tematica.<br \/>\nIl fine settimana di novembre \u00e8 marcato da conferenze, da incontri e da sessioni di autografi con gli 80 a 90 autori circa venuti presentare le loro opere.<br \/>\nDopo Napoleone nel 2015, il tema scelto per il 2016 \u00e8 \u201cl&#8217;epoca delle cattedrali\u201d con Frank Ferrand, scrittore e giornalista francese specializzato di storia come patrocinatore di questa edizione.<br \/>\nLe associazioni locali di storia sono anche presenti sugli Stand.[\/vc_column_text][vc_separator color=&#8221;custom&#8221; border_width=&#8221;3&#8243; accent_color=&#8221;#cc071e&#8221;][vc_column_text css=&#8221;.vc_custom_1517392883790{margin-top: 0px !important;border-top-width: 0px !important;padding-top: 0px !important;}&#8221;]<a name=\"journelivrelorrain\"><\/a><\/p>\n<h3><span style=\"text-decoration: underline;\"><a href=\"http:\/\/metzervisse.fr\/livre_lorrain.htm\" target=\"_blank\" rel=\"noopener\"><strong>LA GIORNATA DEL LIBRO DELLA LORENA<\/strong><\/a><\/span><\/h3>\n<p><strong>Metzervisse (57)<\/strong><\/p>\n<p>L&#8217;associazione \u201cMetzervisse village lorrain\u201d organizza dal 1990, la giornata del libro della Lorena. Oltre la presenza di autori venuti autografare i loro libri, delle mostre e seminari sono proposti al pubblico. Le scuole del Cantone partecipano al concorso di lettura organizzato nell&#8217;ambito di questa giornata in cui tema cambia ogni anno. Nel 2015, il tema era \u201cla letteratura per l&#8217;infanzia\u201d.[\/vc_column_text][vc_single_image image=&#8221;3118&#8243; img_size=&#8221;full&#8221;][\/vc_column_inner][\/vc_row_inner][\/vc_column][\/vc_row][vc_row css=&#8221;.vc_custom_1475313876297{padding-top: 10px !important;padding-right: 10px !important;padding-bottom: 10px !important;padding-left: 10px !important;background-color: #f2f2f2 !important;}&#8221;][vc_column][vc_row_inner][vc_column_inner][vc_single_image image=&#8221;3266&#8243; img_size=&#8221;full&#8221;][\/vc_column_inner][\/vc_row_inner][\/vc_column][\/vc_row][vc_row css=&#8221;.vc_custom_1475313876297{padding-top: 10px !important;padding-right: 10px !important;padding-bottom: 10px !important;padding-left: 10px !important;background-color: #f2f2f2 !important;}&#8221;][vc_column][vc_row_inner][vc_column_inner width=&#8221;1\/2&#8243;][vc_column_text]<a name=\"lireenfetepartoutenmoselle\"><\/a><\/p>\n<h3><span style=\"text-decoration: underline;\"><a href=\"http:\/\/www.cg57.fr\" target=\"_blank\" rel=\"noopener\"><strong>LEGGERE FESTEGGIANDO OVUNQUE NELLA MOSELLA<\/strong><\/a><\/span><\/h3>\n<p><strong>Biblioteca e Mediateca della Mosella( (57)<\/strong><br \/>\n<strong>In ottobre<\/strong><br \/>\nUna centinaia di biblioteche della Mosella e il Consiglio Generale della Mosella si uniscono al progetto \u201cLeggere Festeggiando\u201d e propongono fin dal 2006 quasi 300 animazioni attorno al libro e alla lettura nelle differenti biblioteche e mediateche del dipartimento.<br \/>\nOgni anno un tema viene scelto, all&#8217;immagine di quello del 2016 \u201ceroi di ieri, oggi e di domani\u201d.<br \/>\nOrganizzato da benevoli e dai dipendenti delle biblioteche in ottobre, leggere festeggiando ovunque nella Mosella propone ai diversi pubblici racconti musicali, workshop di scrittura, conferenze, rappresentazioni teatrali, mostre, etc.[\/vc_column_text][\/vc_column_inner][vc_column_inner width=&#8221;1\/2&#8243;][vc_column_text]<a name=\"lelivreenhivermetz\"><\/a><\/p>\n<h3><span style=\"text-decoration: underline;\"><a href=\"http:\/\/www.semellesdevent.net\/article-metz-salon-du-livre-en-hiver-116323690.htm\" target=\"_blank\" rel=\"noopener\"><strong>IL LIBRO IN INVERNO <\/strong><\/a><\/span><\/h3>\n<p><strong>Una giornata in gennaio<\/strong><br \/>\n<strong>Metz (57)<\/strong><\/p>\n<p>In collaborazione con il comune di Metz, l&#8217;Associazione Plumes \u00c0 Conna\u00eetre (A.P.A.C) organizza, fin dal 2012, il salone \u201c Libro in Inverno\u201d nei saloni del municipio. Il libro in inverno \u00e8 un salone dedicato all\u2019autoedizione e l\u2019autodiffusione che accoglie una quarantina di autori (romanzieri, novellisti, poeti), tutti installati nella Lorraine. Questo evento propone un incontro pubblico con un autore cos\u00ec come incontri e autografi di libri con gli scrittori. L&#8217;ingresso \u00e8 gratuito.[\/vc_column_text][\/vc_column_inner][\/vc_row_inner][\/vc_column][\/vc_row][vc_row][vc_column width=&#8221;1\/4&#8243;][vc_column_text]<a name=\"boulaybouqin\"><\/a><\/p>\n<h3><span style=\"text-decoration: underline;\"><a href=\"http:\/\/www.paysboulageois.fr\/index.php?option=com_content&amp;view=article&amp;id=133&amp;Itemid=180\" target=\"_blank\" rel=\"noopener\"><strong>Boulay Bouq\u2019In<\/strong><\/a><\/span><\/h3>\n<p><strong>Boulay<\/strong><br \/>\n<strong>Ultimo fine settimana di giugno<\/strong><\/p>\n<p>Questo Salone del libro \u00e8 organizzato dal Comune del Pays Boulageois fin dal 2010. Alla fine del mese di giugno, ogni\u00a0anno, Boulay accoglie un centinaio di autori (di ogni genere, tra cui letteratura per infanzia) durante un fine settimana, con il patrocinio di uno scrittore invitato e che si svolge attorno a una tematica data.<br \/>\nConcerti e animazioni accompagnano le due giornate, con un accento particolare sul teatro di strada.[\/vc_column_text][vc_single_image image=&#8221;3356&#8243; img_size=&#8221;full&#8221;][\/vc_column][vc_column width=&#8221;3\/4&#8243;][vc_row_inner][vc_column_inner width=&#8221;2\/3&#8243;][vc_column_text]<a name=\"lireenfetemoselle\"><\/a><\/p>\n<h3><span style=\"text-decoration: underline;\"><a href=\"http:\/\/moselia.moselle.fr\/default.aspx\" target=\"_blank\" rel=\"noopener\"><strong>LEGGERE FESTEGGIANDO NELLA MOSELLA<\/strong><\/a><\/span><\/h3>\n<p><strong>Mosella<\/strong><br \/>\n<strong>Ottobre<\/strong><\/p>\n<p>Nel corso del mese di ottobre un\u2019 ampia programmazione attorno alla lettura \u00e8 organizzata in tutta la Mosella dal Consiglio del Dipartimento, a partire da una rete di oltre 90 biblioteche e volontari.<br \/>\nCos\u00ec, Workshop, incontri, conferenze e spettacoli sono organizzati su tutto il territorio della Mosella, a destinazione dei diversi pubblici. Una tematica annuale (ad esempio i superpoteri per la decima edizione, nel 2016) unifica ogni anno questa ampia operazione.[\/vc_column_text][\/vc_column_inner][vc_column_inner width=&#8221;1\/3&#8243;][vc_column_text]<a name=\"acontrecourantnied\"><\/a><\/p>\n<h3><span style=\"text-decoration: underline;\"><a href=\"http:\/\/dimancheauborddenied.unblog.fr\/\" target=\"_blank\" rel=\"noopener\"><strong>A CONTROCORRENTE SULLE RIVE DELLA NIED<\/strong><\/a><\/span><\/h3>\n<p><strong>Moselle, rive del fiume Nied<\/strong><br \/>\n<strong>Luglio &#8211; agosto<\/strong><\/p>\n<p>Festival itinerante di conti sulle rive del fiume Nied, organizzato fin dal 2010. Presenza di narratori e musicisti.[\/vc_column_text][\/vc_column_inner][\/vc_row_inner][vc_row_inner][vc_column_inner][vc_single_image image=&#8221;3354&#8243; img_size=&#8221;full&#8221;][\/vc_column_inner][\/vc_row_inner][\/vc_column][\/vc_row][vc_row][vc_column][vc_row_inner][vc_column_inner][vc_single_image image=&#8221;2876&#8243; img_size=&#8221;full&#8221;][\/vc_column_inner][\/vc_row_inner][vc_row_inner][vc_column_inner width=&#8221;1\/3&#8243;][vc_column_text]<a name=\"salonlivrebdseremange\"><\/a><\/p>\n<h3><span style=\"text-decoration: underline;\"><a href=\"https:\/\/www.facebook.com\/acaseassociation\/\" target=\"_blank\" rel=\"noopener\"><strong>SALONE DEL LIBRO E DEL FUMETTO<\/strong><\/a><\/span><\/h3>\n<p><strong>Una giornata in febbraio (5 febbraio 2017)<\/strong><br \/>\n<strong>S\u00e9r\u00e9mange-Erzange (57)<\/strong><\/p>\n<p>Sin dal 2014, l&#8217;Associazione Culturale di S\u00e9r\u00e9mange-Ezrange (ACASE) e la commissione culturale della citt\u00e0 organizzano un salone del libro e del fumetto. Oltre 1500 visitatori sono venuti le scorse edizioni in un centro ricreativo del comune. Questa manifestazione riunisce circa 70 autori, illustratori ed editori di tutti i generi : romanzi, finzione, fumetti, manga, fantascienza, horror, fantasy, letteratura per la giovent\u00f9. Delle animazioni sono programmate tutta la giornata : sessioni di autografi con gli autori e illustratori, vendita di prodotti derivati manga e fumetti, sessioni di iniziazione alla scrittura e al disegno, tavole rotonde e mostre. L&#8217;ingresso \u00e8 gratuito.[\/vc_column_text][vc_single_image image=&#8221;3385&#8243; img_size=&#8221;full&#8221;][\/vc_column_inner][vc_column_inner width=&#8221;2\/3&#8243;][vc_column_text]<a name=\"salonlivrefemininhagondange\"><\/a><\/p>\n<h3><span style=\"text-decoration: underline;\"><a href=\"http:\/\/www.hagondange.fr\" target=\"_blank\" rel=\"noopener\"><strong>SALONE DEL LIBRO FEMMINILE<\/strong><\/a><\/span><\/h3>\n<p><strong>Un fine settimana in febbraio<\/strong><br \/>\n<strong>Hagondange (57)<\/strong><\/p>\n<p>Sin dal 2005, la biblioteca municipale di Hagondange e l&#8217;associazione \u201cF&#8230;Comme Femmes\u201d organizza il Salone del Libro femminile, in collaborazione con la libreria Hisler-Even di Metz, e con la partecipazione di France Bleu Lorraine Nord. Nell&#8217;ambito di questa manifestazione sono celebrate le scrittrici femminili. L&#8217;undicesima edizione aveva come tema la salute, la natura e il benessere. Una cinquantina di scrittrici sono presenti per firmare i loro libri. Numerosi workshop, mostre, animazioni e conferenze sono programmati per questo weekend. Il salone si svolge nel centro ricreativo del Comune di Hagondange, tra Metz e Amn\u00e9ville. L\u2019ingresso \u00e8 gratuito.[\/vc_column_text][vc_single_image image=&#8221;3383&#8243; img_size=&#8221;full&#8221;][\/vc_column_inner][\/vc_row_inner][\/vc_column][\/vc_row][vc_row][vc_column][vc_separator border_width=&#8221;4&#8243;][\/vc_column][\/vc_row][vc_row][vc_column][vc_row_inner][vc_column_inner][vc_single_image image=&#8221;2876&#8243; img_size=&#8221;full&#8221;][\/vc_column_inner][\/vc_row_inner][\/vc_column][\/vc_row][vc_row][vc_column][vc_row_inner][vc_column_inner width=&#8221;1\/2&#8243; css=&#8221;.vc_custom_1475422277724{margin-bottom: 0px !important;border-bottom-width: 0px !important;padding-bottom: 0px !important;}&#8221;][vc_single_image image=&#8221;2892&#8243; img_size=&#8221;full&#8221;][vc_column_text]<a name=\"festivallelivreametz\"><\/a><\/p>\n<h3><span style=\"text-decoration: underline;\"><a href=\"http:\/\/www.lelivreametz.com\" target=\"_blank\" rel=\"noopener\"><strong>FESTIVAL IL LIBRO A METZ, LETTERATURA E GIORNALISMO<\/strong><\/a><\/span><\/h3>\n<p><strong>Quattro giornate in aprile ( dal 6 al 9 aprile 2017)<\/strong><br \/>\n<strong>Metz (57)<\/strong><\/p>\n<p>Da 30 anni, l&#8217;associazione Le Livre \u00e0 Metz ha come scopo la promozione e la sensibilizzazione al libro e allo scritto. Organizza ogni anno in primavera questa manifestazione maggiore che attrae oltre 35 000 visitatori e la cui peculiarit\u00e0 \u00e8 di essere all&#8217;incrocio delle Scritture, in particolare all&#8217;appropriazione del reale da parte dalla finzione.[\/vc_column_text][\/vc_column_inner][vc_column_inner width=&#8221;1\/2&#8243; css=&#8221;.vc_custom_1475422284361{margin-bottom: 0px !important;border-bottom-width: 0px !important;padding-bottom: 0px !important;}&#8221;][vc_single_image image=&#8221;3120&#8243; img_size=&#8221;full&#8221;][\/vc_column_inner][\/vc_row_inner][vc_row_inner][vc_column_inner width=&#8221;2\/3&#8243; css=&#8221;.vc_custom_1475422263174{margin-top: 0px !important;border-top-width: 0px !important;padding-top: 0px !important;}&#8221;][vc_column_text]Luogo di dibattiti e di scambi, questo festival per leggere e raccontare il mondo rende possibili incontri originali e conviviali tra autori e lettori. \u00c8 totalmente in linea con la dinamica della citt\u00e0 e della Regione. Durante 4 giorni, il festival accoglie oltre 200 autori regionali, nazionali ma anche internazionali. Oltre 70 eventi tematici si svolgono anche prima e durante il Festival : letture pubbliche, concerti letterari, spettacoli, grandi incontri, dibattiti, aperitivi pubblici, mostre\u2026<br \/>\nLa manifestazione favorisce lo scambio dei generi lavorando in collaborazione con delle istituzioni culturali locali (musei, gallerie di creazione e di esposizione, sale per concerti). Il Festival sviluppa anche prima un programma di workshop di scrittura nell&#8217;insieme del Dipartimento della Mosella. Si tratta di fare un lavoro di sensibilizzazione al libro e la scrittura cos\u00ec come aiutare a sviluppare il senso critico degli alunni. Questi workshops finiranno al momento del Festival, durante la giornata specialmente riservata agli alunni.<\/p>\n<p>Due premi letterari saranno conferiti ufficialmente durante il festival : &#8211; Il premio letterario Marguerite Puhl-Demange che ricompensa un&#8217;opera scritta in francese pubblicata tra il primo luglio e il 31 gennaio dell&#8217;anno della premiazione. Questo premio viene assegnato da una giuria di lettori reclutati sull&#8217;insieme del territorio della Mosella. &#8211; Il premio Graoully creato nel 2009 &#8211; che \u00e8 il frutto della recente collaborazione che unisce la libreria di letteratura per la giovinezza \u201cLe Pr\u00e9au\u201d, il Festival Il libro a Metz e le biblioteche mediateche di Metz. Questo premio \u00e8 l&#8217;occasione di mettere all\u2019onore i giovani poich\u00e9 essi compongono esclusivamente il jury. Nel 2017, il festival festegger\u00e0 i suoi 30 anni. Per l\u2019occasione, gli organizzatori lavorano su una programmazione eccezionale per fare di questo evento un momento memorabile nello spirito del pubblico e dei suoi soci.[\/vc_column_text][\/vc_column_inner][vc_column_inner width=&#8221;1\/3&#8243; css=&#8221;.vc_custom_1475677887652{margin-right: 10px !important;border-right-width: 10px !important;padding-top: 10px !important;padding-right: 10px !important;padding-bottom: 10px !important;padding-left: 10px !important;background-color: #f2f2f2 !important;}&#8221;][vc_column_text]<a name=\"deboucheaoreillespaysnied\"><\/a><\/p>\n<h3><\/h3>\n<h3><span style=\"text-decoration: underline;\"><a href=\"http:\/\/contesetlegendesenpaysdenied.blogspot.fr\/\" target=\"_blank\" rel=\"noopener\"><strong>De Bouche \u00e0 Oreilles (<\/strong><\/a><\/span><span style=\"text-decoration: underline;\"><a href=\"http:\/\/contesetlegendesenpaysdenied.blogspot.fr\/\" target=\"_blank\" rel=\"noopener\"><strong>PASSAPAROLA) FESTIVAL DI RACCONTI E LEGGENDE NEL PAYS DE NIED<\/strong><\/a><\/span><\/h3>\n<p><strong>Pays de Nied (Mosella)<\/strong><br \/>\n<strong>Ottobre<\/strong><\/p>\n<p>De Bouche \u00e0 Oreilles \u00e8 un festival itinerante dedicato al racconto. Il 2016 ha marcato la sua ventitreesima edizione. Durante un mese, si possono ascoltare a differenti occasioni dei racconti nel Pays de Nied. Per gli adulti come per un pubblico giovane, spettacoli, letture, nottate di racconti ospitati dalle gente del luogo sono organizzate. Nell&#8217;ambito del Festival un posto particolare \u00e8 dedicato alla scoperta e al sostegno di giovani\u00a0talenti, che presentano al pubblico lo stato del loro lavoro.[\/vc_column_text][\/vc_column_inner][\/vc_row_inner][\/vc_column][\/vc_row][vc_row][vc_column][vc_separator border_width=&#8221;4&#8243;][\/vc_column][\/vc_row][vc_row css=&#8221;.vc_custom_1475675335145{background-color: #ffffff !important;}&#8221;][vc_column css=&#8221;.vc_custom_1475675323538{background-color: #ffffff !important;}&#8221;][vc_single_image image=&#8221;3358&#8243; img_size=&#8221;full&#8221;][vc_row_inner][vc_column_inner width=&#8221;1\/2&#8243; css=&#8221;.vc_custom_1475422277724{margin-bottom: 0px !important;border-bottom-width: 0px !important;padding-bottom: 0px !important;}&#8221;][vc_column_text]<a name=\"lerayonvert\"><\/a><\/p>\n<h3><span style=\"text-decoration: underline;\"><a href=\"http:\/\/www.festivalbd-rayonvert.fr\/\" target=\"_blank\" rel=\"noopener\"><strong>Le Rayon Vert\u00a0<\/strong><\/a><\/span><strong>(Il Raggio verde)<\/strong><\/h3>\n<p><strong>Weekend, mese di maggio<\/strong><br \/>\n<strong>Thionville, Centre Saint Michel (Domaine de Volkrange)<\/strong><\/p>\n<p>Festival creato da appassionati, il raggio verde si dedica principalmente al fumetto ma vuole anche aprire le sue porte a tutti gli \u201cimmaginari\u201d(fantascienza, fantasy\u2026). Fin dal 2012, il festival permette ogni anno al pubblico di fare la conoscenza di una quarantina di autori, dai pi\u00f9 conosciuti ai meno famosi. Oltre agli autografi, conferenze, progettazione di film (finzione, documentari), dei quiz sono organizzati. Il disegno incontra qui la prestazione poich\u00e9 delle sfide di disegni e dei \u201cillus\u2019musicales\u201d (disegni in diretta, accompagnati da musica) sono organizzati durante il weekend cos\u00ec come delle presentazioni di cosplay.[\/vc_column_text][\/vc_column_inner][vc_column_inner width=&#8221;1\/2&#8243; css=&#8221;.vc_custom_1475422284361{margin-bottom: 0px !important;border-bottom-width: 0px !important;padding-bottom: 0px !important;}&#8221;][vc_column_text]<a name=\"insolivresmoselle\"><\/a><\/p>\n<h3><a href=\"http:\/\/www.cg57.fr\/actus\/Pages\/DLPB_insolivres.aspx\" target=\"_blank\" rel=\"noopener\"><strong>Les InsoLivres<\/strong><\/a><\/h3>\n<p><strong>Biblioteca della Mosella<\/strong><br \/>\n<strong>Maggio-giugno<\/strong><\/p>\n<p>Gli InsoLivres (nona edizione nel 2016) sono una programmazione coordinata dal Consiglio del Dipartimento della Mosella nelle biblioteche e mediateche del territorio. Ha come scopo di valorizzare la lettura e lo spazio privilegiato per questa attivit\u00e0 che sono le biblioteche.L&#8217;operazione \u00e8 di vasta portata, poich\u00e9 raggruppa oltre un centinaio di biblioteche (110 nel 2016) e quasi 400 animazioni su un periodo di un mese. Ogni edizione degli InsoLivres sviluppa una tematica (le capanne, l&#8217;ambiente, il viaggio\u2026) attraverso giochi, racconti, workshop. Una libreria (deposito e prestito) viene implementata durante l&#8217;evento.[\/vc_column_text][\/vc_column_inner][\/vc_row_inner][vc_row_inner][vc_column_inner css=&#8221;.vc_custom_1475422263174{margin-top: 0px !important;border-top-width: 0px !important;padding-top: 0px !important;}&#8221;][\/vc_column_inner][\/vc_row_inner][\/vc_column][\/vc_row][vc_row][vc_column][vc_separator border_width=&#8221;4&#8243;][\/vc_column][\/vc_row][vc_row][vc_column][vc_row_inner][vc_column_inner][vc_custom_heading text=&#8221;MEURTHE-ET-MOSELLE&#8221; font_container=&#8221;tag:h2|font_size:48|text_align:center&#8221; google_fonts=&#8221;font_family:Lato%3A100%2C100italic%2C300%2C300italic%2Cregular%2Citalic%2C700%2C700italic%2C900%2C900italic|font_style:700%20bold%20regular%3A700%3Anormal&#8221;][vc_column_text]<img loading=\"lazy\" decoding=\"async\" class=\"alignnone size-full wp-image-2217 aligncenter\" src=\"http:\/\/test-lde.univ-lorraine.fr\/wp-content\/uploads\/2016\/07\/filet-rouge-150.png\" alt=\"filet-rouge-150\" width=\"150\" height=\"9\" \/>[\/vc_column_text][\/vc_column_inner][\/vc_row_inner][vc_row_inner][vc_column_inner width=&#8221;1\/2&#8243;][vc_column_text]<a name=\"livresurlaplacenancy\"><\/a><\/p>\n<h3><span style=\"text-decoration: underline;\"><a href=\"http:\/\/www.lelivresurlaplace.fr\/\">Livre sur la Place\u00a0<\/a><\/span><strong>(libro sulla piazza)<\/strong><\/h3>\n<p><strong>Settembre<\/strong><\/p>\n<p><strong>Creato nel 1979<br \/>\n<\/strong><strong>Nancy,\u00a0Piazza della Carri\u00e8re<\/strong><\/p>\n<p><em><strong>Le Livre sur la Place<\/strong><\/em>, creato nel 1979, \u00e8 il primo Salone Nazionale generalista del rientro letterario in Francia. Gratuito, si svolge ogni anno, in settembre, nel cuore della citt\u00e0 di Nancy e si estende su un periodo di 3 giorni. Oltre 500 autori sono riuniti sotto un tendone di circa 2000 metri quadrati situato, fin dal 2004, sulla piazza della Carri\u00e8re. Ogni anno il salone accoglie da 130 000 a 170 000 visitatori. Si tratta di una delle prime manifestazioni letterarie create in Francia. Le Livre sur la Place beneficia, fin dalla sua creazione, di una collaborazione con l\u2019Acad\u00e9mie Goncourt. Durante questo evento, parecchi premi letterari sono rimessi, la Foglia d&#8217;oro della citt\u00e0 di Nancy e il premio Libro e Diritti umani della citt\u00e0 di Nancy.<br \/>\nIl programma prevede incontri e dibattiti letterari, sessioni di autografi, ma anche spettacoli di strada. Delle animazioni letterarie sono anche organizzate in diversi luoghi pubblici\u00a0della citt\u00e0 cos\u00ec come conferenze lungo l&#8217;intero anno.<\/p>\n<p>Riferimenti: :<br \/>\nClerc\u00a0Adeline,\u00a0<span style=\"text-decoration: underline;\"><a href=\"http:\/\/www.theses.fr\/2011NAN21009\" target=\"_blank\" rel=\"noopener\">Le monde du livre en salon : le Livre sur la Place \u00e0 Nancy<\/a><\/span> (1979-2009)<a href=\"http:\/\/www.theses.fr\/2011NAN21009\"><br \/>\n<\/a>Clerc\u00a0Adeline, \u00ab\u00a0Place et l\u00e9gitimit\u00e9 des auto\u00e9dit\u00e9s en salon\u00a0\u00bb,\u00a0<span style=\"text-decoration: underline;\"><a href=\"http:\/\/www.cairn.info\/revue-les-enjeux-de-l-information-et-de-la-communication-2012-1-page-119.htm\" target=\"_blank\" rel=\"noopener\"><em>Les Enjeux de l&#8217;information et de la communication<\/em>\u00a0<\/a><\/span>1\/2012 (n\u00b0 13\/1) , p.\u00a0119-126<br \/>\nClerc\u00a0Adeline, \u00ab\u00a0Entre artiste id\u00e9alis\u00e9 et personne incarn\u00e9e : les figures de l&#8217;\u00e9crivain n\u00e9es des rencontres avec les lecteurs.\u00a0Une \u00e9tude dans un salon du livre\u00bb,\u00a0<span style=\"text-decoration: underline;\"><a href=\"http:\/\/www.cairn.info\/revue-terrains-et-travaux-2010-1-page-5.htm\" target=\"_blank\" rel=\"noopener\"><em>Terrains &amp; travaux<\/em><\/a><\/span>\u00a01\/2010 (n\u00b0 17) , p.\u00a05-21[\/vc_column_text][\/vc_column_inner][vc_column_inner width=&#8221;1\/2&#8243;][vc_single_image image=&#8221;3485&#8243; img_size=&#8221;full&#8221;][\/vc_column_inner][\/vc_row_inner][\/vc_column][\/vc_row][vc_row][vc_column][vc_separator border_width=&#8221;4&#8243;][\/vc_column][\/vc_row][vc_row][vc_column][vc_row_inner][vc_column_inner width=&#8221;1\/3&#8243;][vc_single_image image=&#8221;3125&#8243; img_size=&#8221;full&#8221; css=&#8221;.vc_custom_1475422650071{margin-top: 30px !important;}&#8221;][vc_column_text]<a name=\"lesailesdulivrelongwy\"><\/a><\/p>\n<h3><span style=\"text-decoration: underline;\"><a href=\"https:\/\/www.evensi.fr\/les-ailes-du-livre-2016-longwy-france\/173085617\" target=\"_blank\" rel=\"noopener\"><strong>Les Ailes du livre\u00a0<\/strong><\/a><\/span><strong>(Le Ali del Libro)<\/strong><\/h3>\n<p><strong>8-9 ottobre<\/strong><br \/>\n<strong>Longwy (54)<\/strong><br \/>\n<strong>Salone del municipio<\/strong><\/p>\n<p>Evento culturale noto nel calendario delle manifestazioni letterarie dell&#8217;autunno, la festa delle bolle &#8211; fondato da Jean Pauline &#8211; esiste dal 1991 e accoglie artisti venuti da tutta l&#8217;Europa. Una trentina di fumettisti in media vengono ogni anno nella citt\u00e0 di Metz. Ogni anno, una tematica \u00e8 proposta (Ex: la giovent\u00f9, la donna, il vino o ancora il cinema).<br \/>\nDelle sessioni di autografi, conferenze e animazioni diverse (mostre, workshop, cosplays, caccia al tesoro, etc) sono proposte ad un ampio pubblico dal marted\u00ec alla domenica. Una giornata (venerd\u00ec) \u00e8 destinata al pubblico scolastico.\u00a0Nel 2016, l&#8217;ospite d&#8217;onore \u00e8 Philippe Jardinet, l&#8217;autore di Sam Bracken pubblicato da Gl\u00e9nat.[\/vc_column_text][\/vc_column_inner][vc_column_inner width=&#8221;1\/3&#8243;][vc_column_text]<a name=\"saloneurobdlexy\"><\/a><\/p>\n<h3><span style=\"text-decoration: underline;\"><a href=\"http:\/\/festivalbdlexy54.kazeo.com\" target=\"_blank\" rel=\"noopener\"><strong>SALONE EURO &#8211; FUMETTI<\/strong><\/a><\/span><\/h3>\n<p><strong>Weekend, inizio di ottobre<\/strong><br \/>\n<strong>Lexy (54)<\/strong><\/p>\n<p>Sin dal 2004, l\u2019associazione Plum\u2019Arts organizza il salone Euro-fumetti a Lexy, un paesino nel dipartimento della Meurthe-et-Moselle. Una trentina di fumettisti presentano le loro ultime creazioni e partecipano a sessioni di autografi. Delle mostre sono realizzate in legame con la tematica scelta per ogni edizione. Nel 2016, il tema \u00e8 \u201cl\u2019umorismo nel fumetto\u201d. Degli stand di fumetti nuovi, d\u2019occasione e di collezione sono proposti ad un ampio pubblico.<br \/>\nL\u2019entrata \u00e8 a pagamento : 3 euro a partire dai 12 anni e gratuito sotto i 12 anni.[\/vc_column_text][vc_single_image image=&#8221;3126&#8243; img_size=&#8221;full&#8221;][\/vc_column_inner][vc_column_inner width=&#8221;1\/3&#8243;][vc_column_text]<a name=\"lunelivreluneville\"><\/a><\/p>\n<h3><strong>Lun\u00e9livre <\/strong><\/h3>\n<p><strong>Domenica di novembre<\/strong><br \/>\n<strong>Salon des Halles de Lun\u00e9ville (54)<\/strong><\/p>\n<p>Il salone del libro Lun\u00e9livre, organizzato dal cerchio letterario L\u00e9opold sin dal 2006, si specializza da parecchi anni nel giallo. Aperto durante due giornate, il salone offre al pubblico una programmazione ricca e diversificata : mostre, concorsi di scrittura, conferenze, sessioni di scrittura, vendita di libri e premi letterari (premio Leopold, premio della citt\u00e0 di Lun\u00e9ville e premio della\u00a0mediateca dell\u2019Orangerie). Accanto a numerosi autori di gialli (80 in media per ogni edizione), scrittori fedeli a questo evento come Elise Fischer e Gilles Laporte sono presenti per autografare i loro nuovi libri.[\/vc_column_text][vc_single_image image=&#8221;3127&#8243; img_size=&#8221;full&#8221;][\/vc_column_inner][\/vc_row_inner][\/vc_column][\/vc_row][vc_row][vc_column][vc_separator border_width=&#8221;4&#8243;][\/vc_column][\/vc_row][vc_row][vc_column][vc_row_inner][vc_column_inner width=&#8221;1\/3&#8243;][vc_column_text]<a name=\"villersbdvillerslesnancy\"><\/a><\/p>\n<h3><span style=\"text-decoration: underline;\"><a href=\"http:\/\/www.villersbd.org\/\" target=\"_blank\" rel=\"noopener\"><strong>VILLERS FUMETTI <\/strong><\/a><\/span><\/h3>\n<p><strong>Aprile<\/strong><br \/>\n<strong>Villers-les-Nancy (54)<\/strong><\/p>\n<p>Organizzato sin dal 2003 dall&#8217;associazione Viller BD, il festival dedicato al fumetto ha come scopo di promuovere il fumetto mirando qualsiasi pubblico ed unire tutto ci\u00f2 che riguarda questo genere letterario a Nancy ed i suoi dintorni. Ogni anno, una ventina di autori vengono per presentare le loro ultime creazioni al castello di Madame de Graffigny. Mostre, conferenze, tavole rotonde, concorsi di disegni di fumetti, animazioni per i giovani, fiere di fumetti d&#8217;occasione sono previsti durante le due giornate del festival.<br \/>\nSin dal 2016, il festival si apre ai manga ed ai comics.[\/vc_column_text][vc_single_image image=&#8221;3129&#8243; img_size=&#8221;full&#8221;][\/vc_column_inner][vc_column_inner width=&#8221;1\/3&#8243; css=&#8221;.vc_custom_1475074510266{background-position: center !important;background-repeat: no-repeat !important;background-size: cover !important;}&#8221;][vc_column_text]<a name=\"fetedulivrebouxieresauxdames\"><\/a><\/p>\n<h3>FESTIVAL DEL LIBRO A BOUXI\u00c8RES-AUX-DAMES (54)<\/h3>\n<p><strong>Domenica di aprile o di maggio<\/strong><br \/>\n<strong>37esima edizione<\/strong><\/p>\n<p><img loading=\"lazy\" decoding=\"async\" class=\"size-full wp-image-2485 alignleft\" src=\"http:\/\/lalorrainedesecrivains.univ-lorraine.fr\/wp-content\/uploads\/2016\/07\/fete-du-Livre.jpg\" alt=\"fete-du-livre\" width=\"237\" height=\"340\" srcset=\"http:\/\/lalorrainedesecrivains.univ-lorraine.fr\/wp-content\/uploads\/2016\/07\/fete-du-Livre.jpg 237w, http:\/\/lalorrainedesecrivains.univ-lorraine.fr\/wp-content\/uploads\/2016\/07\/fete-du-Livre-209x300.jpg 209w\" sizes=\"auto, (max-width: 237px) 100vw, 237px\" \/>Organizzato dal Comune sin dal 1980, la festa del libro a Bouxi\u00e8res-aux-Dame accoglie numerosi librai, editori, autori illustratori e fotografi della Lorena per i giovani e gli adulti. La biblioteca per tutti cos\u00ec come la scuola primaria del Comune partecipano a questa giornata dedicata alla letteratura generale. Autori vengono prima nelle classi e lavorano vicino ai maestri della scuola\u00a0elementare durante tutto l&#8217;anno scolastico (ad esempio : Paul Berg\u00e8se, Fr\u00e9d\u00e9ric Cl\u00e9ment). Delle animazioni come delle letture di racconti e dei workshop artistici marcano anche la giornata.[\/vc_column_text][\/vc_column_inner][vc_column_inner width=&#8221;1\/3&#8243;][vc_column_text]<a name=\"salondulivresaintnicolasdeport\"><\/a><\/p>\n<h3><span style=\"text-decoration: underline;\"><a href=\"http:\/\/mjc-saintnicolasdeport.org\/manifestations\/salon-des-auteurs\/\" target=\"_blank\" rel=\"noopener\"><strong>SALONE DEL LIBRO ST NICOLAS DE PORT<\/strong><\/a><\/span><\/h3>\n<p><strong>Una giornata in febbraio<\/strong><br \/>\n<strong>St Nicolas de Port (54)<\/strong><\/p>\n<p>Il centro per i giovani e la cultura di St Nicolas de Port organizza il salone del libro della citt\u00e0. Con degli autori ed editori di tutti i generi letterari, il salone si indirizza a lettori di tutte le et\u00e0 e raggruppa tutta una serie di animazioni attorno al libro e alla lettura: sessione di scritture per bambini (il giovane pubblico ha la possibilit\u00e0 di scoprire in modo ludico i racconti e le leggende della Lorena), conferenze, workshop di calligrafia. Una cinquantina di autori, editori e di librari ritmano la giornata con differenti interventi : conferenze, letture pubbliche. L&#8217;entrata \u00e8 gratuita.[\/vc_column_text][vc_single_image image=&#8221;3130&#8243; img_size=&#8221;full&#8221;][\/vc_column_inner][\/vc_row_inner][\/vc_column][\/vc_row][vc_row][vc_column width=&#8221;1\/2&#8243;][vc_column_text]<a name=\"autourdulivrechaligny\"><\/a><\/p>\n<h3><span style=\"text-decoration: underline;\"><a href=\"http:\/\/www.fjepchaligny.fr\/crbst_2.html\" target=\"_blank\" rel=\"noopener\"><strong>INTORNO AL LIBRO<\/strong><\/a><\/span><\/h3>\n<p><strong>Una Giornata in febbraio<\/strong><br \/>\n<strong>Chaligny (54)<\/strong><\/p>\n<p>Sin dal 2008, il centro di sostegno per i giovani di Chaligny, paesino lorenese situato tra Toul e Nancy, organizza un evento culturale \u201cintorno al libro\u201d sul territorio della Mosella e Madon. Nel programma di questa manifestazione,\u00a0l&#8217;incontro di oltre 40 scrittori venuti da tutta la Lorena, dal Belgio, dalla regione Grand Est e dalle Yvelines che dedicano i loro libri. Questo salone raggruppa diversi generi : letteratura per la giovent\u00f9, fumetti, fantastico, poesia, e romanzi. Questa manifestazione coinvolge gli alunni delle due scuole elementari del paesino che hanno lavorato attorno al libro e verranno per presentare il loro lavoro, dei workshop \u201clegatura\u201d sono anche programmati. La giornata si svolge alla sala polivalente di Chaligny e l\u2019ingresso \u00e8 gratuito.[\/vc_column_text][\/vc_column][vc_column width=&#8221;1\/2&#8243;][vc_column_text]<a name=\"salonlitterairevillerslesnancy\"><\/a><\/p>\n<h3><span style=\"text-decoration: underline;\"><a href=\"http:\/\/www.ici-c-nancy.fr\/livres\/item\/8850-villers-les-nancy-8e-salon-des-auteurs-lorrains.html\" target=\"_blank\" rel=\"noopener\"><strong>SALONE LETTERARIO DEGLI AUTORI LORENI<\/strong><\/a><\/span><\/h3>\n<p><strong>Un fine settimana in febbraio<\/strong><br \/>\n<strong>Villers Les Nancy (54)<\/strong><\/p>\n<p>Il Salone Letterario Degli Autori Lorenesi accoglie circa 70 scrittori a Villers Les Nancy. Iniziato nel 2007 da Marcel Cordier, scrittore lorenese, questo salone \u00e8 organizzato dal comune di Villers Les Nancy e l&#8217;ADLL (Associazione di Difesa e di Illustrazione delle Letterature nella Lorena). \u00c8 diventato un elemento imprescindibile della vita culturale del comune e della promozione letteraria nella Lorena. Questa manifestazione ha come scopo la promozione degli autori loreni e permette ai visitatori di incontrare e scambiare con autori di romanzi o saggi, illustratori di libri per la giovent\u00f9 o di fumetti ed editori nel castello e la galleria Mme de Graffigny. Il premio Victor Hugo e quello della citt\u00e0 di Villers Les Nancy per la giovent\u00f9 sono conferiti all\u2019occasione di questo salone. L\u2019ingresso \u00e8 libero.[\/vc_column_text][\/vc_column][\/vc_row][vc_row css=&#8221;.vc_custom_1475679251362{background-image: url(http:\/\/lalorrainedesecrivains.univ-lorraine.fr\/wp-content\/uploads\/2016\/07\/mousson2.jpg?id=3362) !important;}&#8221;][vc_column][vc_column_text]<a name=\"lamoussondete\"><\/a><\/p>\n<h3><span style=\"text-decoration: underline; color: #ffffff;\"><a style=\"color: #ffffff; text-decoration: underline;\" href=\"http:\/\/meecorgirq.cluster006.ovh.net\/\" target=\"_blank\" rel=\"noopener\"><strong>La Mousson d\u2019\u00e9t\u00e9<\/strong><\/a><\/span><\/h3>\n<p><span style=\"color: #ffffff;\"><strong>Pont-\u00e0-Mousson, Abbaye des Pr\u00e9montr\u00e9s<\/strong><\/span><br \/>\n<span style=\"color: #ffffff;\"><strong>Une semaine en ao\u00fbt<\/strong><\/span><\/p>\n<p><span style=\"color: #ffffff;\">La Mousson d\u2019\u00e9t\u00e9 est consacr\u00e9e \u00e0 la d\u00e9couverte et \u00e0 la promotion des \u00e9critures dramatiques contemporaines. Le th\u00e9\u00e2tre y est abord\u00e9 \u00e0 partir de ses textes (souvent in\u00e9dits ou traduits pour la premi\u00e8re fois), \u00e0 travers des lectures et des mises en espace durant une semaine \u00e0 la fin du mois d\u2019ao\u00fbt. L\u2019\u00e9v\u00e9nement a une vocation et une port\u00e9e europ\u00e9ennes, comme en t\u00e9moignent les origines de ses participants et la diversit\u00e9 de ses partenariats.<\/span><br \/>\n<span style=\"color: #ffffff;\">Le succ\u00e8s et la long\u00e9vit\u00e9 de la Mousson d\u2019\u00e9t\u00e9 (cr\u00e9\u00e9e en 1995) lui ont permis de d\u00e9velopper plusieurs d\u00e9clinaisons de ses activit\u00e9s\u00a0: la Mousson sur l\u2019eau (itin\u00e9rante sur p\u00e9niche), la Mousson d\u2019hiver (tourn\u00e9e vers les coll\u00e9giens, les lyc\u00e9ens et les \u00e9tudiants), une Universit\u00e9 d\u2019\u00e9t\u00e9 en parall\u00e8le de l\u2019\u00e9v\u00e9nement.<\/span><br \/>\n<span style=\"color: #ffffff;\">La MEEC (Maison europ\u00e9enne des \u00e9critures contemporaines) assure l\u2019organisation de l\u2019\u00e9v\u00e9nement et la conduite de ses missions en faveur de la cr\u00e9ation dramatique en Europe.<\/span>[\/vc_column_text][\/vc_column][\/vc_row][vc_row][vc_column width=&#8221;1\/3&#8243;][vc_column_text]<a name=\"deslivresetvousmalzeville\"><\/a><\/p>\n<h3><span style=\"text-decoration: underline;\"><a href=\"http:\/\/www.villedemalzeville.fr\/evenement\/des-livres-et-vous\/\" target=\"_blank\" rel=\"noopener\"><strong>DEI LIBRI E LEI<\/strong><\/a><\/span><\/h3>\n<p><strong>Malz\u00e9ville<\/strong><br \/>\n<strong>Maggio-giugno<\/strong><\/p>\n<p><em>Dei libri e lei<\/em> \u00e8 un evento locale che, sin dal 2012, si dedica alla promozione della lettura presso i pi\u00f9 giovani. Delle letture sono organizzate in diversi spazi (capanne, roulotte, tepee\u2026) potendo accogliere i bambini e i loro\u00a0genitori. Le animazioni sono assicurate da benevoli e parecchie associazioni.[\/vc_column_text][\/vc_column][vc_column width=&#8221;1\/3&#8243;][vc_column_text]<a name=\"festivalchaiseslonguesmontsaintmartin\"><\/a><\/p>\n<h3><span style=\"text-decoration: underline;\"><a href=\"http:\/\/www.festivaldecontesenchaiseslongues.com\/\" target=\"_blank\" rel=\"noopener\"><strong>FESTIVAL DI RACCONTI IN SEDIE A SDRAIO<\/strong><\/a><\/span><\/h3>\n<p><strong>Mont-Saint-Martin e i suoi dintorni,<\/strong><br \/>\n<strong>Fine maggio &#8211; inizio giugno<\/strong><\/p>\n<p>Come \u00e8 indicato dal suo nome, questo festival \u00e8 dedicato ai racconti e al loro ascolto in un quadro speciale, delle sedie a sdraio (un centinaio) sulle sponde di un lago, alla fine della primavera. Dei narratori di origini varie sono invitati per delle letture ma anche per altre animazioni (marcia raccontata, masterclass), durante la giornata come in serata. Delle sessioni sono anche organizzate sul territorio nelle mediateche, scuole e case di riposo. Delle installazioni artistiche accompagnano l&#8217;evento.<br \/>\nIl festival ha festeggiato il suo quindicesimo anniversario nel 2016.[\/vc_column_text][\/vc_column][vc_column width=&#8221;1\/3&#8243;][vc_single_image image=&#8221;3376&#8243; img_size=&#8221;full&#8221;][\/vc_column][\/vc_row][vc_row][vc_column width=&#8221;1\/2&#8243;][vc_column_text]<a name=\"festivalpayspaysagessillon\"><\/a><\/p>\n<h3><span style=\"text-decoration: underline;\"><a href=\"http:\/\/www.festivalpayspaysages.com\/\" target=\"_blank\" rel=\"noopener\"><strong>Festival Pays Paysages<\/strong><\/a>\u00a0<\/span>(Festival paesi paesaggi)<\/h3>\n<p>Collina di Sion<br \/>\nMese di giugno<\/p>\n<p>Il festival paesi paesaggi si iscrive a partire dal 2016 nella continuit\u00e0 delle due edizioni del Festival \u201cSion lisait sur la colline\u201d (2014, 2015). Organizzato dall&#8217;associazione Se si leggesse sulla collina e la Citt\u00e0 dei paesaggi, questo festival si dedica alla letteratura, ai paesaggi e alla biodiversit\u00e0 . In un quadro naturale e patrimoniale peculiare (La Collina di Sion e la Citt\u00e0 dei paesaggi), una cinquantina di ospiti (scrittori, scienziati, giornalisti, artisti, illustratori, fotografi, storici, attori locali della biodiversit\u00e0) trattano della\u00a0tematica, all&#8217;occasione di conferenze, di \u201cletture di paesaggio\u201d e di momenti di incontro (sessioni di autografi, caff\u00e8 letterari\u2026) col pubblico. Degli spettacoli di strada e degli workshop si tengono anche nel corso delle giornate.[\/vc_column_text][\/vc_column][vc_column width=&#8221;1\/2&#8243;][vc_column_text]<a name=\"printempslitteraireesseylesnancy\"><\/a><\/p>\n<h3><span style=\"text-decoration: underline;\"><a href=\"http:\/\/www.esseylesnancy.fr\/infos\/printemps-litteraire\" target=\"_blank\" rel=\"noopener\"><strong>Printemps litt\u00e9raire<\/strong><\/a><\/span><strong>(primavera letteraria)<\/strong><\/h3>\n<p><strong>Un week end in febbraio<\/strong><br \/>\n<strong>Villers Les Nancy (54)<\/strong><\/p>\n<p>Il salone letterario degli autori loreni accoglie circa 70 scrittori a Villers Les Nancy. Iniziato nel 2007 da Marcel Cordier, scrittore lorenese, questo salone \u00e8 organizzato dal comune di Villers Les Nancy e l&#8217;ADLL (Associazione di Difesa e di Illustrazione delle Letterature nella Lorena). \u00c8 diventato un elemento imprescindibile della vita culturale del comune e della promozione letteraria nella Lorena. Questa manifestazione ha come scopo la promozione degli autori lorenesi e permette ai visitatori di incontrare e scambiare con autori di romanzi o saggi, illustratori di libri per la giovent\u00f9 o di fumetti ed editori nel castello e la galleria Mme de Graffigny. Il premio Victor Hugo e quello della citt\u00e0 di Villers Les Nancy per la giovent\u00f9 sono conferiti all\u2019occasione di questo salone. L\u2019entrata \u00e8 libera.[\/vc_column_text][\/vc_column][\/vc_row][vc_row][vc_column][vc_separator border_width=&#8221;4&#8243;][\/vc_column][\/vc_row][vc_row][vc_column][vc_row_inner][vc_column_inner][vc_custom_heading text=&#8221;Vosgi&#8221; font_container=&#8221;tag:h2|font_size:48|text_align:center&#8221; google_fonts=&#8221;font_family:Lato%3A100%2C100italic%2C300%2C300italic%2Cregular%2Citalic%2C700%2C700italic%2C900%2C900italic|font_style:700%20bold%20regular%3A700%3Anormal&#8221;][vc_column_text]<img loading=\"lazy\" decoding=\"async\" class=\"alignnone size-full wp-image-2217 aligncenter\" src=\"http:\/\/test-lde.univ-lorraine.fr\/wp-content\/uploads\/2016\/07\/filet-rouge-150.png\" alt=\"filet-rouge-150\" width=\"150\" height=\"9\" \/>[\/vc_column_text][\/vc_column_inner][\/vc_row_inner][\/vc_column][\/vc_row][vc_row][vc_column][vc_row_inner][vc_column_inner width=&#8221;1\/3&#8243;][vc_column_text]<a name=\"zincgrenadineepinal\"><\/a><\/p>\n<h3><strong><a href=\"http:\/\/www.zincgrenadine.fr\/\" target=\"_blank\" rel=\"noopener\"><span style=\"text-decoration: underline;\">Zinc Grenadine<\/span> <\/a>\u00e0 Epinal (88) (Zinco granatina ad Epinal)<\/strong><\/h3>\n<p><strong>Weekend di aprile<\/strong><br \/>\n<strong>Porto di Epinal ad Epinal<\/strong><\/p>\n<p>Su un\u2019idea di Clair Arthur e Jeanne Cressange, l\u2019associazione \u201cZinc\u00a0Grenadine\u201d si dedica dal 2001 all&#8217;organizzazione di un salone annuale dedicato alla letteratura per la giovent\u00f9. L&#8217;occasione per una ventina di autori illustratori conosciuti a livello nazionale ed internazionale di presentare le loro ultime creazioni. Sotto una forma atipica che mescola letteratura per la giovent\u00f9 ed universo di fantasia, il salone offre la possibilit\u00e0 ai bambini di incontrare gli autori installati sotto un tendone su divani situati alla loro altezza.<br \/>\nIl weekend \u00e8 caratterizzato da eventi che uniscono numerosi soci : compagnie teatrali locali, collettivi di raccontatori, la biblioteca del Comune di Epinal o la biblioteca dipartimentale di prestito. Tra incontri, attivit\u00e0 creative, giochi, spettacoli e concerti, la programmazione di zinco granatina \u00e8 ricca e diversificata.[\/vc_column_text][vc_single_image image=&#8221;3152&#8243; img_size=&#8221;full&#8221;][\/vc_column_inner][vc_column_inner width=&#8221;2\/3&#8243; css=&#8221;.vc_custom_1475073049278{background-color: #f4f4f4 !important;border-radius: 1px !important;}&#8221;][vc_column_text]<a name=\"festivalgeosaintdie\"><\/a><\/p>\n<h3><a href=\"http:\/\/www.fig.saint-die-des-vosges.fr\/litterature\/salon-livre\" target=\"_blank\" rel=\"noopener\"><strong>SALONE DEL LIBRO FESTIVAL INTERNAZIONALE DI GEOGRAFIA<\/strong><\/a><\/h3>\n<p><strong>Saint-Di\u00e9-des-Vosges<\/strong><br \/>\n<strong>Prima settimana di ottobre<\/strong><\/p>\n<p><img loading=\"lazy\" decoding=\"async\" class=\"wp-image-3132 alignleft\" src=\"http:\/\/lalorrainedesecrivains.univ-lorraine.fr\/wp-content\/uploads\/2016\/07\/geo1.jpg\" alt=\"geo1\" width=\"441\" height=\"296\" srcset=\"http:\/\/lalorrainedesecrivains.univ-lorraine.fr\/wp-content\/uploads\/2016\/07\/geo1.jpg 800w, http:\/\/lalorrainedesecrivains.univ-lorraine.fr\/wp-content\/uploads\/2016\/07\/geo1-300x201.jpg 300w, http:\/\/lalorrainedesecrivains.univ-lorraine.fr\/wp-content\/uploads\/2016\/07\/geo1-768x515.jpg 768w\" sizes=\"auto, (max-width: 441px) 100vw, 441px\" \/>Dal 1990, l\u2019importante Festival Internazionale di Geografia (FIG) nel quale la letteratura occupa un posto importante si svolge a Saint-Di\u00e9-des-Vosges. Sin dall\u2019inizio, un premio letterario Amerigo-Vespucci (successivamente accompagnato da altri) viene conferito durante questo evento per ricompensare opere che trattano di avventura e di viaggio. Inoltre, una fiera del libro fa parte integrante della programmazione. Nel 2016, una fiera dedicata ai fumetti ha permesso di completare questa gamma di opzioni letterarie.\u00a0Nell\u2019ambito della fiera che dura tre giorni, incontri, conferenze e dediche vengono organizzati. Gli ospiti sono numerosi e conosciuti tanto al livello nazionale che internazionale, come per esempio il Presidente della fiera del libro (Pierre Assouline nel 2016, Tonino Benacquista nel 2015, Alex Taylor nel 2014&#8230;). Questi eventi fanno parte della programmazione pi\u00f9 ricca del festival che declina l&#8217;approccio geografico in ogni sua forma.[\/vc_column_text][\/vc_column_inner][\/vc_row_inner][\/vc_column][\/vc_row][vc_row][vc_column][vc_separator border_width=&#8221;4&#8243;][\/vc_column][\/vc_row][vc_row css=&#8221;.vc_custom_1475075230918{background-color: #f2f2f2 !important;}&#8221;][vc_column width=&#8221;1\/3&#8243;][vc_column_text]<a name=\"salonlivrejeunessecontrexeville\"><\/a><\/p>\n<h3><span style=\"text-decoration: underline;\"><a href=\"http:\/\/salondulivre-contrexeville.over-blog.com\/\" target=\"_blank\" rel=\"noopener\">FIERA DEL LIBRO PER BAMBINI DI CONTREX\u00c9VILLE<\/a><\/span>88)<\/h3>\n<p><strong>Primo week-end di Novembre<\/strong><\/p>\n<p>Creato nel 2001 dall\u2019Associazione Culturale e Sportiva delle Scuole di Contrex\u00e9ville, la fiera del libro per bambini si svolge il primo week-end di Novembre. Questa citt\u00e0 termale si riempie di migliaia di visitatori ogni anno. Il target si estende dall\u2019infanzia fino agli adolescenti.<br \/>\nAzioni che trattano della creazione poggiano sulla creazione letteraria vengono realizzate prima della fiera (attivit\u00e0 creative, rappresentazioni, premi letterari) ma non solo. Infatti, essa viene animata da altre attivit\u00e0 (aperitivi-lettura, fiabe, racconti tramite tappetini ludici per il risveglio letterario, spettacoli con attori professionisti.) Attorno agli stand e sotto il \u201ctendone delle storie\u201d regna un\u2019atmosfera amichevole e familiare, rinforzata dai diversi incontri con una decinaia di scrittori e piccoli editori indipendenti.[\/vc_column_text][vc_single_image image=&#8221;3138&#8243; img_size=&#8221;full&#8221;][\/vc_column][vc_column width=&#8221;2\/3&#8243;][vc_single_image image=&#8221;3151&#8243; img_size=&#8221;full&#8221; onclick=&#8221;custom_link&#8221; img_link_target=&#8221;_blank&#8221; link=&#8221;http:\/\/salondulivre-contrexeville.over-blog.com\/&#8221;][vc_column_text]<a name=\"salondulivrevaldajol\"><\/a><\/p>\n<h3><span style=\"text-decoration: underline;\"><a href=\"http:\/\/taste-andouilles-levaldajol.com\/gmedia-gallery\/le-49-salon-du-livre-regional\/\" target=\"_blank\" rel=\"noopener\"><strong>FIERA REGIONALE DEL LIBRO<\/strong><\/a><\/span><\/h3>\n<p><strong>Un giorno di Febbraio<\/strong><br \/>\n<strong>Val d\u2019Ajol (88)<\/strong><\/p>\n<p>La fiera regionale del libro si svolge nell\u2019ambito della fiera della salsicia del Val d\u2019Ajol, nei Vosgi meridionali \u2013 3 giorni di festeggiamenti, banchetti e culture \u2013 presso il Municipio della citt\u00e0. Circa venti autori regionali di qualsiasi genere letterario sono disponibili per autografare le loro opere, e alcuni di loro ci tornano da anni per ritrovare questa atmosfera. Autori della regione Grand Est e visitatori della fiera della salsicia vengono spesso a quest\u2019evento. Ingresso libero.<\/p>\n<h4><\/h4>\n<p>[\/vc_column_text][\/vc_column][\/vc_row][vc_row css=&#8221;.vc_custom_1475075230918{background-color: #f2f2f2 !important;}&#8221;][vc_column width=&#8221;1\/2&#8243;][vc_column_text]<a name=\"lesimaginalesepinal\"><\/a>&lt;<\/p>\n<h3><span style=\"text-decoration: underline;\"><a href=\"http:\/\/www.imaginales.fr\/\" target=\"_blank\" rel=\"noopener\"><strong>Les Imaginales<\/strong><\/a><\/span><\/h3>\n<p><strong>4 giorni a fine maggio<\/strong><br \/>\n<strong>Epinal<\/strong><\/p>\n<p>Fin dalla loro creazione, les Imaginales si sono trasformate in un evento letterario di grandi proporzioni, sia per quanto riguada il umero e la diversit\u00e0 degli invitati (una centinaia ogni anno che vengono da tutte le parti) che per quanto riguarda il numero di dal numero di visitatori (30000 nel 2016).<br \/>\nIl festival rende visibile la letteratura dell\u2019immaginario al livello internazionale. Vengono sottolineati la Fantasy e addirittura tutti i generi letterari che poggiano sull\u2019immaginario, ovvero i romanzi storici, la fantascienza, il fantastico, la storia da vampiri, i racconti e le leggende e la letteratura giovanile. Oltre la letteratura, l\u2019immagine \u00e8 anch\u2019essa messa all\u2019onore durante questi giorni (come lo dimostrano i manifesti del Festival). Oltre agli incontri letterari con gli scrittori, ci sono anche molte animazioni (proiezioni cinematografiche, presentazione di giochi&#8230;). La maggior parte del festival si svolge in un parco, ed il resto degli eventi ovunque nella citt\u00e0 di Epinal.<br \/>\nAlcuni premi vengono attribuiti in questa occasione.[\/vc_column_text][\/vc_column][vc_column width=&#8221;1\/2&#8243;][vc_single_image image=&#8221;3367&#8243; img_size=&#8221;full&#8221;][\/vc_column][\/vc_row][vc_row][vc_column][vc_separator border_width=&#8221;4&#8243;][\/vc_column][\/vc_row][vc_row][vc_column][vc_row_inner][vc_column_inner][vc_custom_heading text=&#8221;Meuse&#8221; font_container=&#8221;tag:h2|font_size:48|text_align:center&#8221; google_fonts=&#8221;font_family:Lato%3A100%2C100italic%2C300%2C300italic%2Cregular%2Citalic%2C700%2C700italic%2C900%2C900italic|font_style:700%20bold%20regular%3A700%3Anormal&#8221;][vc_column_text]<img loading=\"lazy\" decoding=\"async\" class=\"alignnone size-full wp-image-2217 aligncenter\" src=\"http:\/\/test-lde.univ-lorraine.fr\/wp-content\/uploads\/2016\/07\/filet-rouge-150.png\" alt=\"filet-rouge-150\" width=\"150\" height=\"9\" \/>[\/vc_column_text][\/vc_column_inner][\/vc_row_inner][\/vc_column][\/vc_row][vc_row][vc_column width=&#8221;1\/2&#8243;][vc_column_text]<a name=\"salonlivrehistoireverdun\"><\/a><\/p>\n<h3><strong><span style=\"text-decoration: underline;\"><a href=\"http:\/\/www.cmpaix.eu\" target=\"_blank\" rel=\"noopener\">FIERA DEL LIBRO DI STORIA DI VERDUN<\/a><\/span>55)<\/strong><\/h3>\n<p><strong>Verdun<\/strong><br \/>\n<strong>Inizio Novembre<\/strong><\/p>\n<p>Ogni anno dal 2004, il Centre Mondial de la Paix (Centro Mondiale per la Pace) di Verdun ospita la fiera del libro di storia, organizzata dall\u2019associazione 14-18 Meuse. Una cinquantina di autori partecipano a questi week-end per rendere conto della produzione di libri di rilevanza storica, e pi\u00f9 particolarmente sulla storia contemporanea. Durante la fiera, vari premi legati aqueste a tematiche vengono conferiti, come per esempio il premio \u201cMondi in guerra, mondi in pace\u201d, il premio \u201cSergent Maginot\u201d (destinati a opere basate sulla Prima Guerra Mondiale) e il premio Jean d\u2019Heurs (romanzi storici scritti da autori francesi).<br \/>\nMano a mano, la fiera ha esteso la programmazione alla letteratura per bambini ed ai fumetti, senza allontanarsi dalla prospettiva storica.<\/p>\n<p><span style=\"line-height: 1.5;\">.<\/span>[\/vc_column_text][vc_single_image image=&#8221;3369&#8243; img_size=&#8221;full&#8221;][\/vc_column][vc_column width=&#8221;1\/2&#8243;][vc_column_text]<a name=\"plumedeprintempsverdun\"><\/a><\/p>\n<h3><span style=\"text-decoration: underline;\"><a href=\"http:\/\/www.verdun.fr\/Vie-quotidienne\/Actualites\/Plume-de-Printemps\" target=\"_blank\" rel=\"noopener\"><strong>Plume de Printemps<\/strong><\/a><\/span><\/h3>\n<p><strong>Un week end di Aprile<\/strong><br \/>\n<strong>Verdun (55)<\/strong><\/p>\n<p>L\u2019associazione PLUME (Passione letteraria dell\u2019unione degli scrittori ed illustratori della Meuse) organizza una fiera in collaborazione con la citt\u00e0 di Verdun sulla letteratura nella Meuse per un week-end. Il pubblico pu\u00f2 partecipare ad incontri e scoperte con una ventina di autori ed illustratori, ma anche ad animazioni come workshop di scrittura, racconti, piccole opere teatrali comiche, letture, percorsi letterari, trasmissioni radio, etc. Ingresso libero.[\/vc_column_text][vc_single_image image=&#8221;3135&#8243; img_size=&#8221;full&#8221;][\/vc_column][\/vc_row][vc_row][vc_column][vc_column_text]<a name=\"leprintempsdugrandmaulnesfresnes\"><\/a><\/p>\n<h3><strong><a href=\"http:\/\/leprintempsdugrandmeaulnes.jimdo.com\/\" target=\"_blank\" rel=\"noopener\">LA PRIMAVERA DEL GRANDE MEAULNES<\/a>\u00a0<\/strong><strong style=\"font-size: 16px; line-height: 1.5;\">(55)<\/strong><\/h3>\n<p><strong>In Maggio<\/strong><br \/>\n<strong>Fresnes en Woevre, Bonz\u00e9e, Saint Remy la Calonne e Les Eparges<\/strong><\/p>\n<p>La primavera del Grande Meaulnes \u00e8 un festival letterario creato nel 2011 attorno alla tematica degli scrittori-combattenti e, pi\u00f9 ampiamente, alla letteratura e ad autori che scrivono sui conflitti. Questo evento \u00e8 stato avviato dalla Communaut\u00e9 de Communes del cantone di Fresnes en Wo\u00ebvre (associazioni di enti locali), con il sostegno del Missione Storia del Consiglio generale della Meuse. Nel corso delle edizioni, la Primavera si \u00e8 sviluppata in vari siti (Saint Remy la Calonne, Fresnes en Woevre, Les Eparges, Bonz\u00e9e).<br \/>\nUn autore che \u00e8 stato segnato dal conflitto del 1914-1918 \u00e8 messo all\u2019onore ogni anno, come ad esempio Alain Fournier, Louis Pergaud, Charles P\u00e9guy, Maurice Genevoix, Ernst J\u00fcnger. Autori, bibliotecari e proprietari di negozi di libri usati sono presenti nel corso della fiera. Il soggetto viene anche analizzato da colloqui Associazioni culturali intervengono anch\u2019esse nella fiera.[\/vc_column_text][vc_single_image image=&#8221;3371&#8243; img_size=&#8221;full&#8221;][\/vc_column][\/vc_row][vc_row][vc_column][vc_separator border_width=&#8221;4&#8243;][\/vc_column][\/vc_row][vc_row][vc_column css=&#8221;.vc_custom_1475313531103{margin-top: 0px !important;border-top-width: 0px !important;padding-top: 0px !important;}&#8221;][vc_row_inner][vc_column_inner css=&#8221;.vc_custom_1475313538767{margin-top: 0px !important;margin-bottom: 0px !important;border-top-width: 0px !important;border-bottom-width: 0px !important;padding-top: 0px !important;padding-bottom: 0px !important;}&#8221;][\/vc_column_inner][\/vc_row_inner][vc_row_inner][vc_column_inner css=&#8221;.vc_custom_1475313538767{margin-top: 0px !important;margin-bottom: 0px !important;border-top-width: 0px !important;border-bottom-width: 0px !important;padding-top: 0px !important;padding-bottom: 0px !important;}&#8221;][vc_custom_heading text=&#8221;Lorena&#8221; font_container=&#8221;tag:h2|font_size:48|text_align:center&#8221; google_fonts=&#8221;font_family:Lato%3A100%2C100italic%2C300%2C300italic%2Cregular%2Citalic%2C700%2C700italic%2C900%2C900italic|font_style:700%20bold%20regular%3A700%3Anormal&#8221; css=&#8221;.vc_custom_1517400417764{margin-bottom: 0px !important;border-bottom-width: 0px !important;padding-bottom: 0px !important;}&#8221;][vc_column_text]<img loading=\"lazy\" decoding=\"async\" class=\"alignnone size-full wp-image-2217 aligncenter\" src=\"http:\/\/test-lde.univ-lorraine.fr\/wp-content\/uploads\/2016\/07\/filet-rouge-150.png\" alt=\"filet-rouge-150\" width=\"150\" height=\"9\" \/>[\/vc_column_text][\/vc_column_inner][\/vc_row_inner][\/vc_column][\/vc_row][vc_row][vc_column][vc_row_inner][vc_column_inner width=&#8221;1\/2&#8243;][vc_column_text]<a name=\"journeeshistoireregionale\"><\/a><\/p>\n<h3><span style=\"text-decoration: underline;\"><a href=\"https:\/\/www.facebook.com\/chrlorraine\" target=\"_blank\" rel=\"noopener\"><strong>GIORNATE DI STORIA REGIONALE<\/strong><\/a><\/span><\/h3>\n<p><strong>Primavera<\/strong><br \/>\n<strong>Incontri itineranti<\/strong><\/p>\n<p>Questo evento annuale viene organizzato dal Comitato di Storia Regionale del Consiglio regionale del Grand Est, il quale \u00e8 stato creato nel 2003. Le tematiche (la tavola, i giardini&#8230;) insieme ai partecipanti pongono in rilievo la vocazione del Comitato, ovvero rafforzare l\u2019identit\u00e0 regionale, avvicinare gli abitanti di Lorena alla Storia ed al patrimonio regionale e mettere in contatto i diversi attori di questi ambiti. Oltre alle conferenze, animazioni e giochi, ci sono anche i libri storici (con la presenza di editori Lorenesi e sessioni di autografi).<br \/>\nQueste giornate si svolgono ogni anno in una citt\u00e0 Lorenese diversa (Pont-\u00e0-Mousson, Saint-Mihiel, Metz, Epinal, Dieuse) in primavera (verso marzo o aprile).[\/vc_column_text][\/vc_column_inner][vc_column_inner width=&#8221;1\/2&#8243;][vc_single_image image=&#8221;3373&#8243; img_size=&#8221;full&#8221;][\/vc_column_inner][\/vc_row_inner][\/vc_column][\/vc_row][vc_row][vc_column][vc_row_inner][vc_column_inner css=&#8221;.vc_custom_1475313538767{margin-top: 0px !important;margin-bottom: 0px !important;border-top-width: 0px !important;border-bottom-width: 0px !important;padding-top: 0px !important;padding-bottom: 0px !important;}&#8221;][vc_custom_heading text=&#8221;Prix litte\u0301raires&#8221; font_container=&#8221;tag:h2|font_size:48|text_align:center&#8221; google_fonts=&#8221;font_family:Lato%3A100%2C100italic%2C300%2C300italic%2Cregular%2Citalic%2C700%2C700italic%2C900%2C900italic|font_style:700%20bold%20regular%3A700%3Anormal&#8221; css=&#8221;.vc_custom_1508259073158{margin-bottom: 0px !important;border-bottom-width: 0px !important;padding-bottom: 0px !important;}&#8221;][vc_column_text]<img loading=\"lazy\" decoding=\"async\" class=\"alignnone size-full wp-image-2217 aligncenter\" src=\"http:\/\/test-lde.univ-lorraine.fr\/wp-content\/uploads\/2016\/07\/filet-rouge-150.png\" alt=\"filet-rouge-150\" width=\"150\" height=\"9\" \/>[\/vc_column_text][\/vc_column_inner][\/vc_row_inner][vc_row_inner][vc_column_inner][vc_single_image image=&#8221;4115&#8243; img_size=&#8221;full&#8221;][\/vc_column_inner][\/vc_row_inner][vc_row_inner][vc_column_inner width=&#8221;1\/2&#8243;][vc_column_text]<a name=\"prixlitteraires\"><\/a><\/p>\n<h3><strong>Le prix Imaginales<br \/>\n<\/strong><strong><img loading=\"lazy\" decoding=\"async\" class=\"alignnone size-full wp-image-2761\" src=\"http:\/\/lalorrainedesecrivains.univ-lorraine.fr\/wp-content\/uploads\/2016\/07\/filet-rouge4.png\" alt=\"filet-rouge4\" width=\"246\" height=\"5\" \/><br \/>\n<\/strong><\/h3>\n<p>Cr\u00e9\u00e9 en mai 2002 \u00e0 l&#8217;initiative de la Ville d&#8217;Epinal, le prix Les Imaginales est un prix dot\u00e9 de 1 000 euros pour chacune des six cat\u00e9gories prim\u00e9es (voir <em>infra<\/em>).<br \/>\nLa remise du prix se fait d\u00e9but mai, afin de pouvoir, dans la mesure du possible, accueillir les auteurs r\u00e9compens\u00e9s aux Imaginales \u00e0 Epinal (le dernier week-end de mai).<br \/>\nIl s\u2019agit du premier prix exclusivement consacr\u00e9 \u00e0 la fantasy en France. Il r\u00e9compense les meilleures \u0153uvres de fantasy de six cat\u00e9gories:<\/p>\n<ul>\n<li>roman francophone<\/li>\n<li>roman \u00e9tranger (traduit)<\/li>\n<li>illustration<\/li>\n<li>jeunesse<\/li>\n<li>nouvelle<\/li>\n<li>prix sp\u00e9cial<\/li>\n<\/ul>\n<p>[\/vc_column_text][vc_column_text]<a name=\"prixlitteraires\"><\/a><\/p>\n<h3><\/h3>\n<p>[\/vc_column_text][\/vc_column_inner][vc_column_inner width=&#8221;1\/2&#8243;][vc_column_text]En outre, quatre prix de lecteurs sont attribu\u00e9s chaque ann\u00e9e par une trentaine de classes de primaires, coll\u00e8ges et lyc\u00e9es de toute la r\u00e9gion.<\/p>\n<ul>\n<li>Prix des lyc\u00e9ens (depuis 2005) ;<\/li>\n<li>Prix des coll\u00e9giens (depuis 2009) ;<\/li>\n<li>Prix des \u00e9coliers (depuis 2015)\u00a0;<\/li>\n<li>Prix Cadet Roussel<\/li>\n<\/ul>\n<p><strong>\u00a0<\/strong><\/p>\n<p><strong>Le jury est compos\u00e9 de journalistes, critiques et sp\u00e9cialistes.<\/strong>[\/vc_column_text][\/vc_column_inner][\/vc_row_inner][vc_row_inner][vc_column_inner width=&#8221;2\/3&#8243;][vc_column_text]<\/p>\n<h3><strong>Le prix Imaginales des lyc\u00e9ens<br \/>\n<\/strong><strong><img loading=\"lazy\" decoding=\"async\" class=\"alignnone size-full wp-image-2761\" src=\"http:\/\/lalorrainedesecrivains.univ-lorraine.fr\/wp-content\/uploads\/2016\/07\/filet-rouge4.png\" alt=\"filet-rouge4\" width=\"246\" height=\"5\" \/><br \/>\n<\/strong><\/h3>\n<p>Cr\u00e9\u00e9 par V\u00e9ronique Bart, professeur de lettres modernes au lyc\u00e9e Louis Lapicque d&#8217;Epinal, le prix Imaginales des lyc\u00e9ens existe depuis 2005. Le prix est remis par la ville d\u2019Epinal et le Conseil r\u00e9gional de Loraine lors du festival les Imaginales le dernier week-end de mai.<\/p>\n<p>Il est soutenu par la DRAC, le CNL, le Centre R\u00e9gional du Livre et de la R\u00e9gion Lorraine.<\/p>\n<p>Une trentaine de lyc\u00e9es y participent, r\u00e9partis sur les quatre d\u00e9partements de la r\u00e9gion Lorraine. En 2015, environ 600 \u00e9l\u00e8ves \u00e9taient concern\u00e9s. Les genres concern\u00e9s et mis au concours sont la fantasy, le fantastique et l&#8217;anticipation. Ce sont des romans r\u00e9cents, disponibles en librairie, en \u00e9dition originale ou en r\u00e9\u00e9dition poche.<\/p>\n<p>Voici les \u00e9tapes du concours\u00a0:<\/p>\n<p>1) s\u00e9lection d&#8217;ouvrages effectu\u00e9e sur proposition des professeurs et examin\u00e9e par un groupe de travail (professeurs, documentalistes, biblioth\u00e9caires, acteurs culturels, direction du Festival)<\/p>\n<p>2) liste de cinq titres en septembre<\/p>\n<p>3) d\u00e9but novembre : lancement du Prix en pr\u00e9sence de la presse dans les lyc\u00e9es.<\/p>\n<p>4) de novembre \u00e0 fin mars : les \u00e9l\u00e8ves lisent les 5 livres<\/p>\n<p>5) fin mars : chaque \u00e9l\u00e8ve vote pour son auteur pr\u00e9f\u00e9r\u00e9 (2 finalistes)<\/p>\n<p>6) mi-avril : d\u00e9lib\u00e9ration du jury constitu\u00e9 de repr\u00e9sentants \u00e9l\u00e8ves de chaque \u00e9tablissement<\/p>\n<p>7) fin mai : remise du Prix lors du Festival<\/p>\n<p>Voici les laur\u00e9ats de ces trois derni\u00e8res ann\u00e9es\u00a0:<\/p>\n<p>2016 : Paul BEORN, <em>Le Septi\u00e8me Guerrier-Mage<\/em> (Bragelonne)<\/p>\n<p>2015 : Fabien CERUTTI, <em>Le Batard de Kosigan<\/em> (Mn\u00e9mos)<\/p>\n<p>2014 : Lo\u00efc HENRY, <em>Loar<\/em> (Griffe d&#8217;Encre, r\u00e9\u00e9dition Folio SF)<\/p>\n<p>Ce prix contribue au rayonnement des litt\u00e9ratures de l&#8217;imaginaire au niveau r\u00e9gional, dans la sph\u00e8re des lyc\u00e9es, celle des biblioth\u00e8ques et, plus largement, dans la vie locale. Le laur\u00e9at sera fortement mis en valeur pendant tout le festival.<\/p>\n<p>Au-del\u00e0 du partage entre jeunes et professeurs, le but de ce prix est de faire lire les lyc\u00e9ens, faire en sorte qu&#8217;ils d\u00e9veloppent une r\u00e9flexion sur le monde. Il leur permet aussi de travailler leur argumentation en classe et de d\u00e9velopper leurs comp\u00e9tences \u00e0 l&#8217;\u00e9crit comme \u00e0 l&#8217;oral.[\/vc_column_text][\/vc_column_inner][vc_column_inner width=&#8221;1\/3&#8243;][vc_single_image image=&#8221;4148&#8243; img_size=&#8221;full&#8221;][\/vc_column_inner][\/vc_row_inner][\/vc_column][\/vc_row][vc_row][vc_column][vc_separator border_width=&#8221;2&#8243;][vc_row_inner][vc_column_inner width=&#8221;5\/6&#8243;][vc_column_text]<\/p>\n<h3><strong>Grand prix du livre d\u2019architecture<br \/>\n<\/strong><strong><img loading=\"lazy\" decoding=\"async\" class=\"alignnone size-full wp-image-2761\" src=\"http:\/\/lalorrainedesecrivains.univ-lorraine.fr\/wp-content\/uploads\/2016\/07\/filet-rouge4.png\" alt=\"filet-rouge4\" width=\"246\" height=\"5\" \/><br \/>\n<\/strong><\/h3>\n<p>Prix institu\u00e9 par la ville de Briey \u00e0 l\u2019occasion de la premi\u00e8re \u00e9dition d\u2019Impressions d\u2019Architecture en 1992. Il est l\u2019un des deux seuls prix r\u00e9compensant le livre d\u2019architecture en France et dans le monde francophone d\u2019une mani\u00e8re g\u00e9n\u00e9rale. Le prix est remis tous les deux ans entre octobre et novembre. Dot\u00e9 d\u2019un montant de 1000 euros, le prix permet de promouvoir les livres sur l\u2019architecture et b\u00e9n\u00e9ficie d\u2019une envergure internationale. L\u2019ouvrage prim\u00e9 appara\u00eet notamment dans les revues sp\u00e9cialis\u00e9es du champ disciplinaire.<\/p>\n<p>Les membres du jury sont : Enrico LUNGHI, directeur du Mus\u00e9e d&#8217;Art Moderne Grand Duc Jean du Luxembourg, Christian BAUER, architecte, pr\u00e9sident d\u2019honneur de la Fondation de l&#8217;Architecture et de l&#8217;Ing\u00e9nierie du LuxembourgMichel HUET, avocat au barreau de Paris, membre de l&#8217;Acad\u00e9mie d&#8217;ArchitectureMartin CHENOT, directeur de l&#8217;Ecole Nationale Sup\u00e9rieure d&#8217;Architecture de BordeauxJean Luc BREDEL, Pr\u00e9sident de l\u2019Association Europe Culture Citoyennet\u00e9<\/p>\n<p>&nbsp;<\/p>\n<p>source : <a href=\"http:\/\/www.grandprixdulivredarchitecture.eu\/index.htm\">http:\/\/www.grandprixdulivredarchitecture.eu\/index.htm<\/a>[\/vc_column_text][\/vc_column_inner][vc_column_inner width=&#8221;1\/6&#8243;][vc_single_image image=&#8221;4118&#8243; img_size=&#8221;full&#8221;][\/vc_column_inner][\/vc_row_inner][\/vc_column][\/vc_row][vc_row][vc_column][vc_separator border_width=&#8221;2&#8243;][vc_row_inner][vc_column_inner width=&#8221;1\/2&#8243;][vc_column_text]<\/p>\n<h3><strong>Prix Amerigo Vespucci<br \/>\n<\/strong><strong><img loading=\"lazy\" decoding=\"async\" class=\"alignnone size-full wp-image-2761\" src=\"http:\/\/lalorrainedesecrivains.univ-lorraine.fr\/wp-content\/uploads\/2016\/07\/filet-rouge4.png\" alt=\"filet-rouge4\" width=\"246\" height=\"5\" \/><br \/>\n<\/strong><\/h3>\n<p>Cr\u00e9\u00e9 en 1990 lors du premier Festival international de g\u00e9ographie\u00a0(FIG), le prix Amerigo Vespucci\u00a0r\u00e9compense les ouvrages de fiction ou de cr\u00e9ation d\u00e9di\u00e9s \u00e0 l\u2019aventure, aux voyages, aux terres lointaines. Le laur\u00e9at se voit remettre un prix d\u2019un montant de 2300 \u00e0 2500 euros au mois d\u2019octobre. Le festival o\u00f9 est remis le prix jouit d&#8217;une tr\u00e8s bonne r\u00e9putation \u00e0 l&#8217;\u00e9chelle mondiale dans la communaut\u00e9 des g\u00e9ographes, les prix sont donc consid\u00e9r\u00e9s comme prestigieux<br \/>\nLe jury est compos\u00e9 de professionnels du livre et de la lecture, ainsi que des journalistes. Notons qu\u2019il se r\u00e9serve le droit de na pas d\u00e9cerner de prix.<br \/>\nDeux autres prix sont rattach\u00e9s au prix Amerigo Vespucci : le prix Amerigo Vespucci Jeunesse et le prix BD g\u00e9ographie.<br \/>\nEn 2016, le prix a \u00e9t\u00e9 remis \u00e0 Doan Bui pour <em>Le silence de mon p\u00e8re<\/em>, paru aux \u00e9ditions L\u2019Iconoclaste.<br \/>\nLe prix Amerigo Vespucci jeunesse\u00a0a quant \u00e0 lui \u00e9t\u00e9 remis pour <em>A la d\u00e9couverte de la grotte Chauvet-Pont d\u2019Arc<\/em>, \u00e9crit par S\u00e9bastien Gayet et illustr\u00e9 par Julien Billaudeau, aux \u00e9ditions Acte Sud Junior.<\/p>\n<p>source : <a href=\"http:\/\/www.ecrivosges.com\/prixconcours\/amerigovespucci.php\">http:\/\/www.ecrivosges.com\/prixconcours\/amerigovespucci.php<br \/>\n<\/a><a href=\"http:\/\/www.fig.saint-die-des-vosges.fr\/litterature\/prix-amerigo-vespucci\">http:\/\/www.fig.saint-die-des-vosges.fr\/litterature\/prix-amerigo-vespucci<br \/>\n<\/a><a href=\"http:\/\/www.prix-litteraires.net\/prix\/85,prix-amerigo-vespucci.html\">http:\/\/www.prix-litteraires.net\/prix\/85,prix-amerigo-vespucci.html<\/a>[\/vc_column_text][\/vc_column_inner][vc_column_inner width=&#8221;1\/2&#8243;][vc_single_image image=&#8221;4119&#8243; img_size=&#8221;full&#8221;][\/vc_column_inner][\/vc_row_inner][\/vc_column][\/vc_row][vc_row][vc_column][vc_separator border_width=&#8221;2&#8243;][vc_row_inner][vc_column_inner][vc_single_image image=&#8221;4180&#8243; img_size=&#8221;full&#8221;][\/vc_column_inner][\/vc_row_inner][vc_row_inner][vc_column_inner width=&#8221;1\/2&#8243;][vc_column_text]<\/p>\n<h3><strong>Prix Emile Moselly<br \/>\n<img loading=\"lazy\" decoding=\"async\" class=\"alignnone size-full wp-image-2761\" src=\"http:\/\/lalorrainedesecrivains.univ-lorraine.fr\/wp-content\/uploads\/2016\/07\/filet-rouge4.png\" alt=\"filet-rouge4\" width=\"246\" height=\"5\" \/><br \/>\n<\/strong><\/h3>\n<p>Le prix Emile Moselly a \u00e9t\u00e9 cr\u00e9\u00e9 en 1949 en l\u2019honneur d\u2019\u00c9mile Chenin, dit Moselly, professeur agr\u00e9g\u00e9 de lettres, qui fit ses \u00e9tudes au coll\u00e8ge de Toul et obtint le Prix Goncourt pour son livre <em>Terres Lorraines<\/em> en 1907.<br \/>\nCe prix r\u00e9compense, chaque ann\u00e9e, l\u2019auteur de la meilleure nouvelle d&#8217;inspiration lorraine. Il est remis au mois de novembre \u00e0 Toul (Meurthe-et-Moselle). La r\u00e9compense, remise pas la mairie de Toul, s\u2019\u00e9l\u00e8ve \u00e0 500 euros. Le laur\u00e9at se voit \u00e9galement d\u00e9cerner un dipl\u00f4me original.<br \/>\nNotons qu\u2019il n\u2019y a qu\u2019un seul laur\u00e9at et que si le jury ne trouve pas la qualit\u00e9 attendue dans les textes remis, le prix n\u2019est pas d\u00e9cern\u00e9. Enfin, le jury se r\u00e9serve le droit de publier l\u2019\u0153uvre prim\u00e9e dans la revue \u00ab \u00c9tudes Touloises \u00bb et sur le site www.etudes-touloises.fr.<\/p>\n<p>[\/vc_column_text][\/vc_column_inner][vc_column_inner width=&#8221;1\/2&#8243;][vc_column_text]<strong>Les laur\u00e9ats de ces trois derni\u00e8res ann\u00e9es sont\u00a0: <\/strong><\/p>\n<p>2016 &#8211; Dominique HAZAEL-MASSIEUX, <em>Similmodo<br \/>\n<\/em>2015 &#8211; Val\u00e9rie LAPLANCHE, <em>Lorsque fleurissent les pierres<br \/>\n<\/em>2014 &#8211; Philippe PIOT, <em>Les obs\u00e8ques d\u2019Anatole Lutrin<\/em><\/p>\n<p>Les partenaires de ce prix sont le Cercle d\u2019\u00c9tudes Locales du Toulois, sa revue <em>\u00c9tudes Touloises<\/em> et la ville de Toul.[\/vc_column_text][\/vc_column_inner][\/vc_row_inner][\/vc_column][\/vc_row][vc_row][vc_column][vc_separator border_width=&#8221;2&#8243;][vc_row_inner][vc_column_inner width=&#8221;1\/2&#8243;][vc_column_text]<\/p>\n<h3><strong>Prix Erckmann-Chatrian<br \/>\n<img loading=\"lazy\" decoding=\"async\" class=\"alignnone size-full wp-image-2761\" src=\"http:\/\/lalorrainedesecrivains.univ-lorraine.fr\/wp-content\/uploads\/2016\/07\/filet-rouge4.png\" alt=\"filet-rouge4\" width=\"246\" height=\"5\" \/><br \/>\n<\/strong><\/h3>\n<p>Surnomm\u00e9 le \u00ab\u00a0Goncourt lorrain\u00a0\u00bb, le prix Erckmann-Chatrian est sans nul doute le prix lorrain le plus (re)connu, b\u00e9n\u00e9ficiant d\u2019une renomm\u00e9e nationale.<br \/>\nIl fut cr\u00e9\u00e9 en 1925 en l&#8217;honneur du duo litt\u00e9raire form\u00e9 par les \u00e9crivains lorrains<a href=\"http:\/\/fr.wikipedia.org\/wiki\/%C3%89mile_Erckmann\"> Emile Erckmann<\/a> (1822-1899) et Alexandre Chatrian (1826-1890).<strong><br \/>\n<\/strong>Constituant l\u2019un des plus anciens prix litt\u00e9raires fran\u00e7ais, le prix Erckmann-Chatrian r\u00e9compense une \u0153uvre en prose \u00e9crite par un Lorrain ou concernant la Lorraine. (Roman, contes, nouvelles, etc.). Le jury est compos\u00e9 de personnalit\u00e9s litt\u00e9raires des quatre d\u00e9partements lorrains.<\/p>\n<p><strong>Les laur\u00e9ats de ces trois derni\u00e8res ann\u00e9es sont\u00a0:<\/strong><br \/>\n2014 &#8211; Nicolas MATHIEU, <em>Aux animaux la guerre<\/em> (Actes Sud)<br \/>\n2015 &#8211; H\u00e9l\u00e8ne GESTERN, <em>Portrait d\u2019apr\u00e8s blessure<\/em> (Arl\u00e9a)<br \/>\n2016 &#8211; Michel LOUYOT, <em>Un chouan lorrain<\/em> (Editions des Paraiges)<\/p>\n<p>Pour \u00eatre \u00e9ligible \u00e0 ce prix, l&#8217;auteur doit \u00eatre d&#8217;origine lorraine ou r\u00e9sider dans l&#8217;un des d\u00e9partements lorrains (Moselle, Meurthe et Moselle, Meuse, Vosges) ou non lorrain et traiter d&#8217;un sujet patrimonial lorrain ou dont l&#8217;action se situe &#8211; ou \u00e9voque &#8211; la Lorraine. La r\u00e9compense s\u2019\u00e9l\u00e8ve \u00e0 2000 euros. Le prix est attribu\u00e9 en novembre, \u00e0 l\u2019h\u00f4tel de ville de Metz et remis publiquement au cours d&#8217;une c\u00e9r\u00e9monie officielle.[\/vc_column_text][\/vc_column_inner][vc_column_inner width=&#8221;1\/2&#8243;][vc_single_image image=&#8221;4123&#8243; img_size=&#8221;full&#8221;][\/vc_column_inner][\/vc_row_inner][vc_row_inner][vc_column_inner css=&#8221;.vc_custom_1508400116001{margin-top: 0px !important;margin-bottom: 0px !important;border-top-width: 0px !important;border-bottom-width: 0px !important;padding-top: 0px !important;padding-bottom: 0px !important;background-color: #eaeaea !important;}&#8221;][vc_column_text css=&#8221;.vc_custom_1508400214491{margin-top: 0px !important;margin-bottom: 2px !important;border-top-width: 0px !important;border-bottom-width: 2px !important;padding-top: 0px !important;padding-bottom: 2px !important;background-color: #eaeaea !important;}&#8221;]Notons que deux autres prix sont rattach\u00e9s au prix Erckmann-Chatrian : le Bourse Histoire et la Bourse Lorrain (Bourse de la monographie). Ils sont d\u00e9cern\u00e9s dans les m\u00eames conditions et selon les m\u00eames modalit\u00e9s.<br \/>\nLes partenaires de ce prix sont nombreux : les libraires ind\u00e9pendants de Lorraine, la R\u00e9gion Lorraine, le minist\u00e8re de la Culture &#8211; DRAC Lorraine, la ville de Metz, la ville de Nancy, la ville d\u2019\u00c9pinal, la ville de Saint-Di\u00e9-des-Vosges, la ville de Bar-le-Duc, l\u2019Universit\u00e9 de Lorraine, le festival Passages, le festival Litt\u00e9rature &amp; Journalisme et[\/vc_column_text][\/vc_column_inner][\/vc_row_inner][\/vc_column][\/vc_row][vc_row][vc_column][vc_separator border_width=&#8221;2&#8243;][vc_row_inner css=&#8221;.vc_custom_1508401554624{background-image: url(http:\/\/lalorrainedesecrivains.univ-lorraine.fr\/wp-content\/uploads\/2017\/10\/fondlettres2.jpg?id=4193) !important;}&#8221;][vc_column_inner width=&#8221;1\/2&#8243;][vc_column_text]<\/p>\n<h3 style=\"padding-left: 30px; text-align: left;\"><span style=\"color: #e6e6ff;\">\u00a0<strong>Prix de la Feuille d\u2019Or<br \/>\n<img loading=\"lazy\" decoding=\"async\" class=\"alignnone size-full wp-image-2761\" src=\"http:\/\/lalorrainedesecrivains.univ-lorraine.fr\/wp-content\/uploads\/2016\/07\/filet-rouge4.png\" alt=\"filet-rouge4\" width=\"246\" height=\"5\" \/><\/strong><\/span><\/h3>\n<p style=\"padding-left: 30px; text-align: left;\"><span style=\"color: #e6e6ff;\">Cr\u00e9\u00e9 dans les ann\u00e9es 1990, ce prix r\u00e9compense un \u00e9crivain lorrain dont le roman va marquer nationalement la rentr\u00e9e litt\u00e9raire. Il peut couronner aussi l\u2019auteur d\u2019un ouvrage parlant de la Lorraine et paraissant \u00e0 cette m\u00eame p\u00e9riode.<\/span><br \/>\n<span style=\"color: #e6e6ff;\">Le prix est remis au moment du salon du livre nanc\u00e9ien Le Livre sur la Place qui a lieu chaque ann\u00e9e, en septembre, au moment de la rentr\u00e9e litt\u00e9raire.<\/span><br \/>\n<span style=\"color: #e6e6ff;\">Le jury est compos\u00e9 d&#8217;historiens, de journalistes (notamment de la station France Bleu Sud Lorraine), de repr\u00e9sentants de la Ville de Nancy \u2013 dont la Commissaire g\u00e9n\u00e9rale du Livre sur la Place \u2013 et du laur\u00e9at de l&#8217;ann\u00e9e pass\u00e9e.<\/span><br \/>\n<span style=\"color: #e6e6ff;\">Peuvent participer \u00e0 ce prix, les auteurs dont les ouvrages paraissent entre le 1er juillet de l\u2019ann\u00e9e pass\u00e9e et le 30 juin de l\u2019ann\u00e9e en cours.<\/span><\/p>\n<p>[\/vc_column_text][\/vc_column_inner][vc_column_inner width=&#8221;1\/2&#8243;][vc_empty_space height=&#8221;70px&#8221;][vc_column_text]<span style=\"color: #e6e6e6;\"><strong>Les laur\u00e9ats de ces derni\u00e8res ann\u00e9es sont\u00a0:<\/strong><\/span><br \/>\n<span style=\"color: #e6e6e6;\">\u2022 2016 : H\u00e9l\u00e8ne GESTERN, \u201cL\u2019odeur de la for\u00eat\u201d (Arlea)<\/span><br \/>\n<span style=\"color: #e6e6e6;\">\u2022 2015 : Carole MARTINEZ, \u00ab\u00a0La terre qui penche\u00a0\u00bb (Gallimard)<\/span><br \/>\n<span style=\"color: #e6e6e6;\">\u2022 2014 : Beno\u00eet DUTEURTRE, \u00ab\u00a0L&#8217;ordinateur du paradis\u00a0\u00bb (Gallimard)<\/span><br \/>\n<span style=\"color: #e6e6e6;\">\u2022 2013 : Xavier BROUET et Richard SOURGNES, \u00ab\u00a0La Lorraine pour les nuls\u00a0\u00bb (First)<\/span><\/p>\n<p><span style=\"color: #e6e6e6;\"><strong>La r\u00e9compense s\u2019\u00e9l\u00e8ve \u00e0 1000 euros. Le laur\u00e9at se voit \u00e9galement remettre une feuille d&#8217;or des m\u00e9talliers lorrains (exemplaire unique).<\/strong><\/span>[\/vc_column_text][\/vc_column_inner][\/vc_row_inner][\/vc_column][\/vc_row][vc_row][vc_column][vc_separator border_width=&#8221;2&#8243;][vc_row_inner][vc_column_inner width=&#8221;1\/2&#8243;][vc_column_text]<\/p>\n<h3><strong>Prix Jean D\u2019Heurs du roman historique<br \/>\n<img loading=\"lazy\" decoding=\"async\" class=\"alignnone size-full wp-image-2761\" src=\"http:\/\/lalorrainedesecrivains.univ-lorraine.fr\/wp-content\/uploads\/2016\/07\/filet-rouge4.png\" alt=\"filet-rouge4\" width=\"246\" height=\"5\" \/><\/strong><\/h3>\n<p>C\u2019est un prix qui r\u00e9compense les romans historiques en langue fran\u00e7aise d&#8217;auteurs contemporains depuis 1987. Il est remis \u00e0 Verdun (Meuse) d\u00e9but novembre au Centre mondial de la paix \u00e0 Verdun dans le cadre du Salon du livre d\u2019histoire.<br \/>\nLe jury est pr\u00e9sid\u00e9 par le laur\u00e9at pr\u00e9c\u00e9dent et compos\u00e9 d\u2019\u00e9lus, de journalistes, de responsables de biblioth\u00e8ques et de diverses personnalit\u00e9s.<br \/>\nLe jury lit une centaine de romans historiques publi\u00e9s entre juin et mai et s\u00e9lectionne trois titres pour le Jury d&#8217;Honneur. La r\u00e9compense s\u2019\u00e9l\u00e8ve \u00e0 3 000 euros.<\/p>\n<p>Voici quelques-uns des derniers laur\u00e9ats :<br \/>\n2015 &#8211; Eug\u00e8ne EBODE, <em>Souveraine Magnifique<\/em> (Gallimard)<br \/>\n2014 &#8211; Valentine GOBY, <em>Kinderzimmer<\/em> (Actes Sud)<br \/>\n2013 &#8211; Fran\u00e7ois-Henru DESERALE, <em>Tu montreras ma t\u00eate au peuple<\/em> (Gallimard)<\/p>\n<p><strong>Les partenaires de ce prix sont l\u2019association Connaissance de la Meuse, 18 biblioth\u00e8ques meusiennes.<\/strong>[\/vc_column_text][\/vc_column_inner][vc_column_inner width=&#8221;1\/2&#8243;][vc_single_image image=&#8221;4150&#8243; img_size=&#8221;full&#8221;][\/vc_column_inner][\/vc_row_inner][\/vc_column][\/vc_row][vc_row][vc_column][vc_separator border_width=&#8221;2&#8243;][vc_row_inner][vc_column_inner][vc_single_image image=&#8221;4153&#8243; img_size=&#8221;full&#8221;][\/vc_column_inner][\/vc_row_inner][vc_row_inner][vc_column_inner width=&#8221;1\/2&#8243;][vc_column_text]<\/p>\n<h3><strong>Prix Marguerite Puhl Demange<br \/>\n<img loading=\"lazy\" decoding=\"async\" class=\"alignnone size-full wp-image-2761\" src=\"http:\/\/lalorrainedesecrivains.univ-lorraine.fr\/wp-content\/uploads\/2016\/07\/filet-rouge4.png\" alt=\"filet-rouge4\" width=\"246\" height=\"5\" \/><\/strong><\/h3>\n<p>Ce prix dot\u00e9 dont la r\u00e9compense s\u2019\u00e9l\u00e8ve \u00e0 4 000 euros est compos\u00e9 d\u2019un jury de lecteurs recrut\u00e9 sur l\u2019ensemble du territoire mosellan. Il fut cr\u00e9\u00e9 en l\u2019honneur de Marguerite Puhl-Demange, pr\u00e9sidente-directrice-g\u00e9n\u00e9rale du <em>R\u00e9publicain Lorrain<\/em> et fondatrice de L\u2019\u00c9t\u00e9 du Livre, devenu le festival Le Livre \u00e0 Metz &#8211; Litt\u00e9rature &amp; Journalisme. Il a pour objectif de r\u00e9compenser tant la qualit\u00e9 de l\u2019\u00e9criture, la recherche de style que la musicalit\u00e9 ou l\u2019appel \u00e0 l\u2019\u00e9vasion et concerne \u00e0 la fois les romans, essais et biographies. Plusieurs ouvrages sont retenus par des professionnels (critiques, libraires, biblioth\u00e9caires) pour entrer en comp\u00e9tition.[\/vc_column_text][\/vc_column_inner][vc_column_inner width=&#8221;1\/2&#8243;][vc_column_text]Ils sont ensuite soumis \u00e0 cinq jur\u00e9s \u00e9liminatoires et d\u00e9centralis\u00e9s, compos\u00e9s d\u2019amateurs de lecture de la r\u00e9gion messine, qui s\u00e9lectionnent chacun un livre. Un jury final se r\u00e9unit enfin pour attribuer le prix parmi les finalistes.<\/p>\n<p><strong>Le prix est remis lors du salon du livre de Metz au mois d\u2019avril.<\/strong><\/p>\n<p>Les laur\u00e9ats de ces trois derni\u00e8res ann\u00e9es sont\u00a0:<br \/>\n2016 &#8211; Am\u00e9lie de BOURBON DE PARME, <em>Le secret de l\u2019empereur<\/em> (Gallimard)<br \/>\n2015 &#8211; Joy SOMAN, <em>La peau de l\u2019ours<\/em> (Gallimard)<br \/>\n2014 &#8211; Philippe JAENADA, <em>Sulak<\/em> (Julliard)[\/vc_column_text][\/vc_column_inner][\/vc_row_inner][\/vc_column][\/vc_row][vc_row][vc_column css=&#8221;.vc_custom_1508343054653{background-image: url(http:\/\/lalorrainedesecrivains.univ-lorraine.fr\/wp-content\/uploads\/2017\/10\/fond.jpg?id=4158) !important;background-position: 0 0 !important;background-repeat: repeat !important;}&#8221;][vc_separator border_width=&#8221;2&#8243;][vc_row_inner][vc_column_inner width=&#8221;1\/2&#8243;][vc_column_text]<\/p>\n<h3><strong>Prix de la Nouvelle des Lyc\u00e9ens Lorrains<br \/>\n<img loading=\"lazy\" decoding=\"async\" class=\"alignnone size-full wp-image-2761\" src=\"http:\/\/lalorrainedesecrivains.univ-lorraine.fr\/wp-content\/uploads\/2016\/07\/filet-rouge4.png\" alt=\"filet-rouge4\" width=\"246\" height=\"5\" \/><\/strong><\/h3>\n<p>Cr\u00e9\u00e9 en 1988 par l&#8217;\u00e9crivain Roger BICHELBERGER, professeur de lettres au lyc\u00e9e Jean-Moulin de Forbach, ce prix vise \u00e0 encourager et valoriser la cr\u00e9ation litt\u00e9raire aupr\u00e8s des jeunes. Il s\u2019agit d\u2019un prix tr\u00e8s dynamique avec une participation en hausse constante.<\/p>\n<p>Le Prix de la Nouvelle des lyc\u00e9ens est ouvert \u00e0 tous les \u00e9l\u00e8ves des lyc\u00e9es lorrains (classes post-bac comprises). En 2016, 164 \u00e9crivains en herbe issus de 38 lyc\u00e9es y participent. L\u2019objectif, pour d\u00e9crocher le premier prix, est une cr\u00e9ation litt\u00e9raire originale de 3 \u00e0 12 pages. \u00c0 la cl\u00e9 : la publication de leur nouvelle dans une revue lorraine et bon d\u2019achat de livres d\u2019une valeur de 1 000 \u20ac (les 2\u00e8me et 3\u00e8me prix recevant respectivement des prix de 600 \u20ac et 300 \u20ac).<br \/>\nLe jury se compose d\u2019une dizaine de membres, dont 8 personnalit\u00e9s du monde litt\u00e9raire. Apr\u00e8s d\u00e9lib\u00e9rations, il pr\u00e9s\u00e9lectionne 20 nouvelles, dont les auteurs seront tous r\u00e9compens\u00e9s par des livres.[\/vc_column_text][\/vc_column_inner][vc_column_inner width=&#8221;1\/2&#8243;][vc_single_image image=&#8221;4200&#8243; img_size=&#8221;full&#8221;][\/vc_column_inner][\/vc_row_inner][vc_row_inner][vc_column_inner width=&#8221;1\/2&#8243;][vc_column_text]<strong>Les membres du Jury du Prix de la Nouvelle des lyc\u00e9ens lorrains 2016 sont\u00a0:<\/strong><\/p>\n<ul>\n<li>Alain ABSIRE : \u00e9crivain, ancien Pr\u00e9sident de la Soci\u00e9t\u00e9 des Gens de Lettres,<\/li>\n<li>Roger BICHELBERGER : agr\u00e9g\u00e9 de litt\u00e9rature, \u00e9crivain, critique litt\u00e9raire,<\/li>\n<li>Philippe VANSTEENE : proviseur du lyc\u00e9e Jean Moulin de Forbach,<\/li>\n<li>Jacqueline DAUXOIS : auteur, membre du Comit\u00e9 d\u2019\u00e9thique pour l\u2019Ile-de-France,<\/li>\n<li>C\u00e9cilia DUTTER : auteur, critique litt\u00e9raire,<\/li>\n<li>Denis HERGOTT : auteur, nouvelliste,<\/li>\n<li>G\u00e9rald TENENBAUM : auteur, professeur \u00e0 l\u2019Universit\u00e9 de Lorraine,<\/li>\n<li>\u00c9lise FISCHER : auteur lorrain, journaliste et critique litt\u00e9raire,<\/li>\n<li>Un \u00e9l\u00e8ve du club litt\u00e9raire du lyc\u00e9e Jean Moulin de Forbach,<\/li>\n<li>Simone HISLER : directrice de la librairie ind\u00e9pendante Hisler-Even.<\/li>\n<\/ul>\n<p>[\/vc_column_text][\/vc_column_inner][vc_column_inner width=&#8221;1\/2&#8243;][vc_column_text]<strong>Les laur\u00e9ats de ces derni\u00e8res ann\u00e9es sont\u00a0:<\/strong><\/p>\n<ul>\n<li>2014 : Mathieu GROFFE, \u00e9l\u00e8ve de seconde au lyc\u00e9e H\u00e9l\u00e8ne-Boucher de Thionville, avec sa nouvelle <em>Le faiseur de nuages<\/em>.<\/li>\n<li>2015 : Valentine AUBERT \u00e9l\u00e8ve au lyc\u00e9e la Malgrange de Jarville avec sa nouvelle<em> Apparences<\/em>.<\/li>\n<li>2016 : Lila DEKIK, \u00e9l\u00e8ve de premi\u00e8re S au lyc\u00e9e Jean Moulin \u00e0 Forbach, avec sa nouvelle <em>La derni\u00e8re danse.<\/em><\/li>\n<\/ul>\n<p>Le Prix est subventionn\u00e9 par le Conseil R\u00e9gional de Lorraine \u00e0 hauteur de 80 % depuis 2013.[\/vc_column_text][\/vc_column_inner][\/vc_row_inner][\/vc_column][\/vc_row][vc_row][vc_column][vc_empty_space][vc_row_inner css=&#8221;.vc_custom_1508343479953{background-image: url(http:\/\/lalorrainedesecrivains.univ-lorraine.fr\/wp-content\/uploads\/2017\/10\/loup.jpg?id=4160) !important;}&#8221;][vc_column_inner][vc_column_text]<\/p>\n<h3 style=\"text-align: center;\"><strong>Citations extraites des 17 entretiens r\u00e9alis\u00e9s aupr\u00e8s de biblioth\u00e9caires et de libraires de la r\u00e9gion Lorraine au sujet des prix litt\u00e9raires lorrains.<br \/>\n<\/strong><strong>Entretiens r\u00e9alis\u00e9s par 5 \u00e9tudiants du DUT M\u00e9tiers du Livre (IUT Nancy-Charlemagne) dans le cadre de leur projet tutor\u00e9.<br \/>\n<\/strong><strong>Clavreul Maureen, Couderchet Ma\u00eblle, Dagorn Julia, Peduzzi Audrey, Pezzali Florian.<\/strong><\/h3>\n<p>[\/vc_column_text][\/vc_column_inner][\/vc_row_inner][vc_row_inner][vc_column_inner width=&#8221;1\/6&#8243;][vc_column_text]<\/p>\n<h3><strong>Librairie Moulin des lettres, Epinal (26\/11\/16)<\/strong><\/h3>\n<p>\u00ab\u00a0Les prix nationaux, c\u2019est utile. Alors que pour les prix lorrains, non.\u00a0\u00bb<\/p>\n<p>\u00ab\u00a0\u00c0 part celui des Imaginales, on ne cherche pas \u00e0 mettre les autres prix lorrains en avant.\u00a0\u00bb<\/p>\n<p>\u00ab\u00a0Je pense que les prix sont plus la reconnaissance d\u2019un travail d\u2019un auteur. Il peut y avoir une retomb\u00e9e au niveau local pour l\u2019auteur qui a re\u00e7u le prix dans la presse r\u00e9gionale.\u00a0\u00bb[\/vc_column_text][\/vc_column_inner][vc_column_inner width=&#8221;2\/3&#8243;][vc_column_text]<\/p>\n<h3><strong>Librairie Quai des mots, Epinal (26\/11\/16)<\/strong><\/h3>\n<h4>Question\u00a0: \u00c0 votre avis, quel est le prix litt\u00e9raire qui repr\u00e9sente le mieux la r\u00e9gion Lorraine ?<\/h4>\n<p>\u00ab\u00a0Les prix lorrains sont bien plus confidentiels que les nationaux. Bien s\u00fbr, il y a quand m\u00eame des \u00e9chos dans la presse locale mais pas au-del\u00e0. En plus, il y en a pl\u00e9thore. Alors qu&#8217;il y a un \u00e9clairage beaucoup plus important sur les prix nationaux.\u00a0\u00bb<\/p>\n<p>\u00ab\u00a0Les prix litt\u00e9raires mettent le projecteur sur des livres qui ont \u00e9t\u00e9 a priori d\u00e9sign\u00e9s comme meilleurs que les autres. Pour nous, c&#8217;est un plus financier. On peut en vendre plus. Mais ce n&#8217;est pas toujours le cas. Les gens se m\u00e9fient parfois presque des prix. Pour eux, ce n&#8217;est pas toujours un label de qualit\u00e9. Parfois \u00e7a freine m\u00eame. Il y a des gens qui ach\u00e8tent le Goncourt tous les ans car c&#8217;est le Goncourt et ils ach\u00e8tent peut-\u00eatre peu de livres dans l&#8217;ann\u00e9e mais il y a celui-ci qui est obligatoire, qu&#8217;il soit bien ou non. Les autres prix &#8211; le Renaudot, le Femina &#8211; ont un impact mais nous, petite librairie de province, on n\u2019en vend pas \u00e9norm\u00e9ment. A part quelques livres qu\u2019on n\u2019aurait pas vu que l&#8217;on aurait laiss\u00e9 passer et une fois qu&#8217;il re\u00e7oit le prix, on peut le regarder \u00e0 nouveau \u00e0 ce moment-l\u00e0, le remettre en avant. Je pense notamment au prix Renaudot des lyc\u00e9ens qui \u00e9tait pass\u00e9 un petit peu inaper\u00e7u, m\u00eame compl\u00e8tement inaper\u00e7u quand il est sorti au mois de f\u00e9vrier. Mais comme il a obtenu le prix Renaudot des lyc\u00e9ens, on le remet en avant et \u00e7a nous incite \u00e0 le regarder, \u00e0 le lire. Moi je n&#8217;ai pas attendu que le Goncourt soit d\u00e9cern\u00e9 cette ann\u00e9e pour le lire\u2026\u00a0\u00bb<\/p>\n<p>\u00ab\u00a0Je connais le prix Imaginales des lyc\u00e9ens parce qu&#8217;on fait partie des Imaginales, mais c&#8217;est vrai qu&#8217;il a un impact seulement au moment des Imaginales. Peut-\u00eatre que l&#8217;\u00e9diteur s&#8217;en sert comme plus quand il vend \u00e0 d&#8217;autres libraires en France. Moi, personnellement, dans cette librairie, \u00e7a n&#8217;a pas un gros impact. La Feuille d&#8217;or, un petit peu&#8230; Je serais incapable de vous dire qui a eu le prix de la Feuille d&#8217;Or cette ann\u00e9e. Les Prix Imaginales, oui. Les autres n&#8217;ont aucun impact ici. Un petit peu le prix \u00c9mile Moselly, c&#8217;est arriv\u00e9 peut-\u00eatre une fois ou deux&#8230; Mais tr\u00e8s peu&#8230; Le prix Erckmann-Chatrian, oui, car c&#8217;est celui qui est vraiment mis en avant au moment du salon du livre de Nancy. Cela a peut-\u00eatre plus d&#8217;impact dans les grandes villes comme Nancy ou Metz, je ne sais pas trop. Nous ici, ce n&#8217;est pas ce qu&#8217;on nous demande le plus.\u00a0\u00bb<\/p>\n<p><img loading=\"lazy\" decoding=\"async\" class=\"alignnone size-full wp-image-4166\" src=\"http:\/\/lalorrainedesecrivains.univ-lorraine.fr\/wp-content\/uploads\/2017\/10\/biblio3.jpg\" alt=\"biblio3\" width=\"1920\" height=\"324\" srcset=\"http:\/\/lalorrainedesecrivains.univ-lorraine.fr\/wp-content\/uploads\/2017\/10\/biblio3.jpg 1920w, http:\/\/lalorrainedesecrivains.univ-lorraine.fr\/wp-content\/uploads\/2017\/10\/biblio3-300x51.jpg 300w, http:\/\/lalorrainedesecrivains.univ-lorraine.fr\/wp-content\/uploads\/2017\/10\/biblio3-768x130.jpg 768w, http:\/\/lalorrainedesecrivains.univ-lorraine.fr\/wp-content\/uploads\/2017\/10\/biblio3-1024x173.jpg 1024w\" sizes=\"auto, (max-width: 1920px) 100vw, 1920px\" \/>\u00ab\u00a0Les livres prim\u00e9s, on les met sur les tables de pr\u00e9sentation, dans les meilleures ventes. En vitrine, on a fait un petit coin prix. Quand c&#8217;est des livres qu&#8217;on aime c&#8217;est d&#8217;autant plus facile de les mettre en avant. Mais je ne peux pas tous les mettre, par manque de place, il y a quand m\u00eame beaucoup de prix divers (Renaudot, Femina&#8230;). Cela fait peut-\u00eatre une dizaine de prix \u00e0 mettre en avant. Apr\u00e8s, il faut voir si on en a envie, s&#8217;ils nous plaisent. Nous, on fonctionne surtout comme \u00e7a, c&#8217;est par rapport \u00e0 ce qu&#8217;on a envie de partager.\u00a0\u00bb<\/p>\n<p>\u00ab\u00a0Les prix litt\u00e9raires ont de l&#8217;importance pour un certain public. Les gens qui ne vont pas souvent en librairie, qui lisent un peu mais pas trop. Ils peuvent se r\u00e9f\u00e9rer aux prix en se disant : \u00ab\u00a0Si j&#8217;en ach\u00e8te peu mais qu&#8217;ils sont un peu mieux que les autres, j&#8217;ach\u00e8te \u00e7a.\u00a0\u00bb Pour les gens qui ont l&#8217;habitude d&#8217;aller en librairie, qui font leur propre choix par rapport \u00e0 ce qu&#8217;ils ont vu, lu ou entendu, ce n&#8217;est pas si important. Cela d\u00e9pend du lecteur je pense.\u00a0\u00bb<\/p>\n<p>\u00ab\u00a0C&#8217;est vrai que les prix litt\u00e9raires lorrains sont peu mis en avant, ou seulement dans la presse locale, ils sont sans doute dans <em>Vosges Matin<\/em> et ils en parlent peut-\u00eatre dans <em>L&#8217;Est R\u00e9publicain<\/em>. Apr\u00e8s, il y a des prix vraiment tr\u00e8s tr\u00e8s confidentiels, est-ce qu&#8217;il faut vraiment en parler plus ? Je ne sais pas\u2026 Et puis, il y a d\u00e9j\u00e0 beaucoup de prix nationaux&#8230; Apr\u00e8s, si la presse ne relaie pas, c&#8217;est s\u00fbr que c&#8217;est tr\u00e8s tr\u00e8s important. Pour n&#8217;importe quel livre, qu&#8217;ils aient des prix ou non, si on en parle nulle part&#8230;\u00a0\u00bb[\/vc_column_text][\/vc_column_inner][vc_column_inner width=&#8221;1\/6&#8243;][vc_single_image image=&#8221;4205&#8243; img_size=&#8221;full&#8221;][\/vc_column_inner][\/vc_row_inner][vc_row_inner css=&#8221;.vc_custom_1508343775213{background-image: url(http:\/\/lalorrainedesecrivains.univ-lorraine.fr\/wp-content\/uploads\/2017\/10\/fond-livre_2.jpg?id=4162) !important;background-position: 0 0 !important;background-repeat: repeat !important;}&#8221;][vc_column_inner width=&#8221;1\/3&#8243;][vc_column_text]<\/p>\n<h3><strong>Biblioth\u00e8que multim\u00e9dia intercommunale, Epinal (26\/11\/16)<\/strong><\/h3>\n<p><strong>Question\u00a0<\/strong>: Si je vous dis \u00ab prix litt\u00e9raire lorrain \u00bb, \u00e0 quoi \u00e7a vous fait penser ?\u00a0:<\/p>\n<p>\u00ab\u00a0Imaginales et Erckmann-Chatrian\u00a0\u00bb<\/p>\n<p>\u00ab\u00a0Quand la saison des prix est finie, on fait une liste r\u00e9capitulative des auteurs et on les met en avant sur une table de pr\u00e9sentation.\u00a0\u00bb<\/p>\n<p>\u00ab\u00a0Je pense que les prix litt\u00e9raires permettent de vendre plus de ses livres, et que l\u2019auteur lui-m\u00eame est content de recevoir un prix.\u00a0\u00bb<\/p>\n<p><strong>Question<\/strong>\u00a0: Pensez-vous que les prix litt\u00e9raires (lorrains) m\u00e9ritent davantage de visibilit\u00e9 dans la presse et au niveau des biblioth\u00e8ques\/librairies ?\u00a0:<\/p>\n<p>\u00ab\u00a0Sans doute. Moi-m\u00eame qui travaille dans les biblioth\u00e8ques, je connais tr\u00e8s mal les prix lorrains.\u00a0\u00bb[\/vc_column_text][\/vc_column_inner][vc_column_inner width=&#8221;1\/3&#8243;][vc_column_text]<\/p>\n<h3><strong>Librairie La Fabrique, Bar-le-Duc (26\/11\/16)<\/strong><\/h3>\n<p><strong>Question\u00a0:<\/strong> Si je vous dis \u00ab prix litt\u00e9raire lorrain \u00bb, \u00e0 quoi \u00e7a vous fait penser ?\u00a0:<\/p>\n<p>\u00ab\u00a0En Meuse, le prix jean d\u2019Heurs. Et le prix Erckmann-Chatrian, c\u2019est tout.\u00a0\u00bb<\/p>\n<p><strong>Question\u00a0:<\/strong> \u00c0 votre avis, quel est le prix litt\u00e9raire qui repr\u00e9sente le mieux la r\u00e9gion Lorraine ?\u00a0:<\/p>\n<p>\u00ab\u00a0Erckmann-Chatrian.\u00a0\u00bb<\/p>\n<p>\u00ab\u00a0Les prix ont tendances \u00e0 r\u00e9compenser des auteurs qui marchent d\u00e9j\u00e0. Je suis rarement surpris. En tous cas les nationaux.\u00a0\u00bb<\/p>\n<p>\u00ab\u00a0Je ne valorise aucun prix litt\u00e9raire. Je me contente de laisser les bandeaux quand il y en a.\u00a0\u00bb<\/p>\n<p>\u00ab\u00a0Normalement c\u2019est quand m\u00eame une preuve de qualit\u00e9. Apr\u00e8s on adh\u00e8re ou on n\u2019adh\u00e8re pas.\u00a0\u00bb<\/p>\n<p>\u00ab\u00a0\u00c7a permet un focus sur un auteur. Un prix agit comme un faisceau m\u00e9diatique, il met en lumi\u00e8re un auteur.\u00a0mais c\u2019est aussi une occasion pour les lecteurs de se rassembler, de parler du prix etc, lors des caf\u00e9s-lecture.\u00a0\u00bb[\/vc_column_text][\/vc_column_inner][vc_column_inner width=&#8221;1\/3&#8243;][vc_column_text]<\/p>\n<h3><strong>Biblioth\u00e8que Jean Jeukens, Bar-le-Duc (26\/11\/16)<\/strong><\/h3>\n<p>\u00ab\u00a0On met un peu tous les prix en avant et on ach\u00e8te d\u2019office ceux qui sont nomm\u00e9s pour avoir le prim\u00e9 d\u00e8s que la remise des prix est pass\u00e9e. La m\u00e9diath\u00e8que promeut aussi les prix lorrains via la page Facebook. Les prix nationaux sont tout le temps sortis de la m\u00e9diath\u00e8que, ils sont tr\u00e8s pris\u00e9s par le public.\u00a0\u00bb<\/p>\n<p>\u00ab\u00a0Un prix permet \u00e0 l\u2019auteur de rencontrer ses lecteurs. C\u2019est aussi une certaine reconnaissance, quel que soit le prix. De plus, c\u2019est une aide financi\u00e8re.\u00a0\u00bb[\/vc_column_text][\/vc_column_inner][\/vc_row_inner][vc_row_inner][vc_column_inner width=&#8221;1\/3&#8243;][vc_column_text]<\/p>\n<h3><strong>Librairie Hisler-Even, Metz (03\/12\/16)<\/strong><\/h3>\n<p><strong>Question<\/strong>\u00a0: Pouvez-vous citer un ou plusieurs prix litt\u00e9raires lorrains ?\u00a0:<\/p>\n<p>\u00ab\u00a0Prix Erckmann-Chatrian, Prix du livre sur la place, Prix Puhl-Demange\u00a0\u00bb<\/p>\n<p><strong>Question\u00a0<\/strong>: \u00c0 votre avis, quel est le prix litt\u00e9raire qui repr\u00e9sente le mieux la r\u00e9gion Lorraine ?<\/p>\n<p><strong>\u00ab\u00a0Prix Erckmann-Chatrian\u00a0\u00bb<\/strong><\/p>\n<p>\u00ab\u00a0Les prix sont toujours une jolie reconnaissance pour les auteurs que ce soit un prix national ou un prix r\u00e9gional.\u00a0C&#8217;est d&#8217;abord une question de reconnaissance pour l&#8217;auteur et une bonne visibilit\u00e9! \u00bb<\/p>\n<p>\u00ab\u00a0Nous mettons bien entendu en avant tous les prix litt\u00e9raires m\u00eame les prix r\u00e9gionaux.\u00a0Ils sont pos\u00e9s sur les tables, disponibles pour tous les clients.\u00a0\u00bb<\/p>\n<p>\u00ab\u00a0La qualit\u00e9 d&#8217;un prix reste subjective. Cependant le fait qu&#8217;une assembl\u00e9e de personnes choisisse un titre laisse penser que l&#8217;\u0153uvre a une certaine qualit\u00e9.\u00a0\u00bb<\/p>\n<p>Question\u00a0: Pour vous est-ce que les prix litt\u00e9raires ne sont qu\u2019un moyen de rebooster les ventes ? Est-ce seulement pour des retomb\u00e9s \u00e9conomiques ?\u00a0:<\/p>\n<p>\u00ab\u00a0J&#8217;esp\u00e8re que non!!! J&#8217;esp\u00e8re que les prix ont encore une valeur de reconnaissance et surtout une vraie valeur litt\u00e9raire!!!\u00a0\u00bb[\/vc_column_text][\/vc_column_inner][vc_column_inner width=&#8221;1\/3&#8243;][vc_single_image image=&#8221;4174&#8243; img_size=&#8221;full&#8221;][\/vc_column_inner][vc_column_inner width=&#8221;1\/3&#8243;][vc_column_text]<\/p>\n<h3><strong>Biblioth\u00e8que municipale Verlaine, Metz (03\/12\/16)<\/strong><\/h3>\n<p><strong>Question<\/strong>\u00a0: Quelles diff\u00e9rences faites-vous entre un prix litt\u00e9raire lorrain et un prix national ?\u00a0:<\/p>\n<p>\u00ab\u00a0C\u2019est comme le foot. La 1<sup>\u00e8re<\/sup> division et la 2<sup>\u00e8me<\/sup> division.\u00a0\u00bb<\/p>\n<p>\u00ab\u00a0Les prix litt\u00e9raires lorrains sont utiles \u00e0 l\u2019industrie culturelle. Apr\u00e8s \u00e7a ne repr\u00e9sente pas forc\u00e9ment une r\u00e9compense litt\u00e9raire tr\u00e8s int\u00e9ressant. \u00c7a fait fonctionner le march\u00e9 de l\u2019\u00e9dition.\u00a0\u00bb<\/p>\n<p>\u00ab\u00a0Nous ne mettons pas les prix litt\u00e9raires lorrains en avant, m\u00eame pas avec le prix Erckmann-Chatrian. Mais les prix nationaux, on les met en avant. De tout fa\u00e7on, on n\u2019a pas \u00e0 faire beaucoup d\u2019efforts, ils sont demand\u00e9s.\u00a0Il n\u2019y a aucune demande. Personne n\u2019a jamais demand\u00e9 sp\u00e9cifiquement le prix Erckmann-Chatrian, alors les autres encore moins\u2026\u00bb<\/p>\n<p>\u00ab\u00a0A priori, il y a de tr\u00e8s mauvais livres qui sont r\u00e9compens\u00e9s par un prix, et de tr\u00e8s bons qui n\u2019ont jamais eu de prix.\u00a0\u00bb[\/vc_column_text][\/vc_column_inner][\/vc_row_inner][vc_row_inner css=&#8221;.vc_custom_1508344953748{background-image: url(http:\/\/lalorrainedesecrivains.univ-lorraine.fr\/wp-content\/uploads\/2017\/10\/crumpled-2537807_1920.jpg?id=4157) !important;}&#8221;][vc_column_inner width=&#8221;1\/4&#8243;][vc_column_text]<\/p>\n<h3><strong>M\u00e9diath\u00e8que du Sablon, Metz (03\/12\/16)<\/strong><\/h3>\n<p>\u00ab\u00a0On r\u00e9alise des fiches o\u00f9 on pr\u00e9sente l\u2019auteur avec sont livre prim\u00e9. On propose un r\u00e9sum\u00e9 du livre, de quoi parle l\u2019ouvrage, dans quel contexte.\u00a0\u00bb<\/p>\n<p>\u00ab\u00a0Il y a tellement de prix litt\u00e9raires actuellement qu\u2019on s\u2019y perd, on ach\u00e8te plus forc\u00e9ment un roman parce qu\u2019il y a un petit bandeau dessus \u00ab a gagn\u00e9 tel prix \u00bb.<\/p>\n<p>\u00ab\u00a0Les prix litt\u00e9raires peuvent aider certains jeunes auteurs \u00e0 se faire conna\u00eetre, mettre en avant des p\u00e9pites.\u00a0\u00bb[\/vc_column_text][\/vc_column_inner][vc_column_inner width=&#8221;3\/4&#8243;][vc_column_text]<\/p>\n<h3><strong>Librairie Le Neuf, Saint-Di\u00e9-des-Vosges (10\/12\/16)<\/strong><\/h3>\n<p><strong>Question<\/strong>\u00a0: Si je vous dis \u00ab prix litt\u00e9raire lorrain \u00bb, \u00e0 quoi \u00e7a vous fait penser ? Selon vous, qu\u2019est-ce qu\u2019un prix litt\u00e9raire lorrain ?\u00a0:<\/p>\n<p>Au prix Erckmann-Chatrian.<\/p>\n<p><strong>Question<\/strong>\u00a0: \u00c0 votre avis, quel est le prix litt\u00e9raire qui repr\u00e9sente le mieux la r\u00e9gion Lorraine ?\u00a0:<\/p>\n<p>\u00ab\u00a0C\u2019est le prix Erckmann-Chatrian.\u00a0\u00bb<\/p>\n<p>\u00ab\u00a0Contrairement \u00e0 d\u2019autres de mes coll\u00e8gues ou du public, je ne crache pas sur les prix litt\u00e9raires. Cela permet une chose qui, \u00e0 mon avis, est essentielle, c\u2019est de populariser les livres d\u2019une mani\u00e8re g\u00e9n\u00e9rale aupr\u00e8s du public. Vous savez, il y a des gens qui ach\u00e8tent une fois par an un livre, c\u2019est le Goncourt, pour No\u00ebl. Tr\u00e8s longtemps, le prix Erckmann-Chatrian en Lorraine \u00e9tait un prix reconnu, et les \u00e9diteurs faisaient l\u2019effort de faire un petit bandeau, d\u2019o\u00f9 l\u2019importance des bandeaux sur les prix. Depuis quelques temps, ils ne le font plus. Donc nous, \u00e7a conditionne les ventes.\u00a0\u00bb<\/p>\n<p>\u00ab\u00a0On met les prix nationaux en avant si l\u2019on pense que ce sont des bons prix, que le contenu est important, et puis quand on les a lu, on les pousse. On ne les pousse pas parce que ce sont des prix, on les pousse parce que ce sont des bons livres. Pour la Lorraine, ce sont les m\u00eames arguments.\u00a0\u00bb<\/p>\n<p>\u00ab\u00a0Dans notre librairie, nous mettons en avant les diff\u00e9rents prix Imaginales, car ils sont tr\u00e8s bien accueillis et sont reconnus nationalement dans le domaine de la science-fiction.\u00a0\u00bb<\/p>\n<p>\u00ab\u00a0Le prix Goncourt, dans les ann\u00e9es 60 \u00e0 90, a \u00e9t\u00e9 \u00e0 la solde des \u00e9diteurs et des membres du jury qui \u00e9taient eux-m\u00eames auteurs d\u2019une maison d\u2019\u00e9dition. Mais depuis l\u2019arriv\u00e9e de Bernard Pivot et de Fran\u00e7oise Chandernagor au sein du prix Goncourt, ainsi que de Philippe Claudel, ils sont plus intransigeants.\u00a0\u00bb<\/p>\n<p>\u00ab\u00a0Pour au auteur, l\u2019int\u00e9r\u00eat de recevoir un prix litt\u00e9raire est d\u2019\u00eatre reconnu par ses pairs, et d\u2019\u00eatre pr\u00e9sent sur les tables des librairies.\u00a0\u00bb<\/p>\n<p>\u00ab\u00a0Le prix Erckmann-Chatrian m\u00e9riterait beaucoup plus de m\u00e9diatisation et de soutien de la part des critiques litt\u00e9raires et des journalistes, ainsi que des libraires et biblioth\u00e9caires.\u00a0\u00bb<\/p>\n<p>\u00ab\u00a0L\u2019attribution d\u2019un prix litt\u00e9raire pendant le salon permet de b\u00e9n\u00e9ficier d\u2019un impact m\u00e9diatique et d\u2019un public important pendant ce jour-l\u00e0. C\u2019est aussi d\u00fb \u00e0 la remise du prix, qui souvent se passe \u00e0 un moment phare du salon, suivi de ventes.\u00a0\u00bb<\/p>\n<p><strong>Question<\/strong>\u00a0: Avez-vous not\u00e9 une hausse de ventes pour un livre prim\u00e9s par un prix lorrain ? Et par un prix national ?\u00a0:<\/p>\n<p>\u00ab\u00a0Oui. Et oui aussi pour les prix nationaux.\u00a0\u00bb[\/vc_column_text][\/vc_column_inner][\/vc_row_inner][vc_row_inner][vc_column_inner width=&#8221;1\/3&#8243;][vc_column_text]<\/p>\n<h3>M\u00e9diath\u00e8que Victor Hugo, Saint-Di\u00e9-des-Vosges (10\/12\/16)<\/h3>\n<p>\u00ab\u00a0Pour moi, un prix est futile finalement. Pour un \u00e9crivain, ce n\u2019est pas la premi\u00e8re chose qu\u2019il veut.\u00a0\u00bb<\/p>\n<p><strong>Question<\/strong>\u00a0: Mettez-vous des prix litt\u00e9raires lorrains en avant ? Ou seulement les prix litt\u00e9raires reconnus d\u2019un point de vue national ?\u00a0:<\/p>\n<p>\u00ab\u00a0Pas de prix nationaux, seulement des prix lorrains.\u00a0\u00bb<\/p>\n<p>\u00ab\u00a0Pour un auteur, c\u2019est toujours mieux quand on a son nom \u00e0 c\u00f4t\u00e9 d\u2019un prix.\u00a0\u00bb<\/p>\n<p><strong>Question<\/strong>\u00a0: Pensez-vous que les prix litt\u00e9raires (lorrains) m\u00e9ritent davantage de visibilit\u00e9 dans la presse et au niveau des biblioth\u00e8ques\/librairies ?\u00a0:<\/p>\n<p>\u00ab\u00a0Oui en Lorraine, pourquoi pas, mais je ne suis pas s\u00fbre qu\u2019\u00e0 Paris \u00e7a ait sa place.\u00a0\u00bb[\/vc_column_text][\/vc_column_inner][vc_column_inner width=&#8221;1\/3&#8243;][vc_column_text]<\/p>\n<h3><strong>Librairie L\u2019Autre Rive, Nancy (05\/01\/17)<\/strong><\/h3>\n<p><strong>Question<\/strong>\u00a0: Si je vous dis \u00ab prix litt\u00e9raires lorrains \u00bb, \u00e0 quoi \u00e7a vous fait penser ? Selon vous, qu\u2019est-ce qu\u2019un prix litt\u00e9raire lorrain ?\u00a0:<\/p>\n<p>\u00ab\u00a0Au prix Erckmann-Chatrian, au prix de l\u2019acad\u00e9mie Stanislas, au prix des libraires de Nancy.\u00a0\u00bb<\/p>\n<p><strong>Question<\/strong>\u00a0: Mettez-vous des prix litt\u00e9raires lorrains en avant ? Ou seulement les prix litt\u00e9raires reconnus d\u2019un point de vue national ?\u00a0:<\/p>\n<p>\u00ab\u00a0Parfois, mais pas toujours, cela d\u00e9pend du livre, ce n\u2019est pas parce qu\u2019il a un prix qu\u2019on va le mettre en avant.\u00a0\u00bb[\/vc_column_text][\/vc_column_inner][vc_column_inner width=&#8221;1\/3&#8243;][vc_column_text]<\/p>\n<h3><strong>Librairie La Taverne du Livre, Nancy (05\/01\/17)<\/strong><\/h3>\n<p><strong>Question\u00a0<\/strong>: Pouvez-vous citer un ou plusieurs prix litt\u00e9raires lorrains ?<\/p>\n<p>\u00ab\u00a0Erckmann-Chatrian\u00a0\u00bb<\/p>\n<p><strong>Question\u00a0<\/strong>: \u00c0 votre avis, quel est le prix litt\u00e9raire qui repr\u00e9sente le mieux la r\u00e9gion Lorraine ?\u00a0:<\/p>\n<p>\u00ab\u00a0Erckmann-Chatrian\u00a0\u00bb<\/p>\n<p>\u00ab\u00a0Pour les livres prim\u00e9s, je fais une vitrine. Et g\u00e9n\u00e9ralement, il y a un bandeau sur les livres.\u00a0\u00bb[\/vc_column_text][\/vc_column_inner][\/vc_row_inner][vc_row_inner css=&#8221;.vc_custom_1508345108854{background-image: url(http:\/\/lalorrainedesecrivains.univ-lorraine.fr\/wp-content\/uploads\/2017\/10\/fond-triangle.jpg?id=4169) !important;}&#8221;][vc_column_inner][vc_separator color=&#8221;mulled_wine&#8221; border_width=&#8221;3&#8243;][\/vc_column_inner][\/vc_row_inner][vc_row_inner css=&#8221;.vc_custom_1508345108854{background-image: url(http:\/\/lalorrainedesecrivains.univ-lorraine.fr\/wp-content\/uploads\/2017\/10\/fond-triangle.jpg?id=4169) !important;}&#8221;][vc_column_inner width=&#8221;1\/3&#8243;][vc_column_text]<\/p>\n<h3><strong>Biblioth\u00e8que municipale Stanislas, Nancy (05\/01\/17)<\/strong><\/h3>\n<p><strong>Question<\/strong>\u00a0: Selon vous, qu\u2019est-ce qu\u2019un prix litt\u00e9raire lorrain ?\u00a0:<\/p>\n<p>\u00ab\u00a0C&#8217;est une bonne question : qu&#8217;est-ce qu&#8217;on d\u00e9finit par prix r\u00e9gional? Est-ce qu&#8217;on retient le th\u00e8me ou est-ce qu&#8217;on retient l&#8217;auteur? Moi, qui suis responsable du fonds lorrain, je ne privil\u00e9gie pas du tout l&#8217;auteur, je privil\u00e9gie le th\u00e8me.\u00a0\u00bb<\/p>\n<p>\u00ab\u00a0Vous vous souvenez de tous les prix fran\u00e7ais ? Il y en a beaucoup trop, on ne peut pas tous les conna\u00eetre. Avant il y avait quand m\u00eame des \u00e9missions t\u00e9l\u00e9vis\u00e9es qui en parlaient&#8230; Mais il n&#8217;y a plus rien, plus personne n&#8217;en parle&#8230; Donc si vous ne suivez pas Internet ou les m\u00e9dias, vous ne les connaissez pas. Pour ce qui est des librairies et des biblioth\u00e8ques, le probl\u00e8me c&#8217;est que la promotion ne se fait pas dans l&#8217;imm\u00e9diat. Parfois le livre est sorti longtemps avant d&#8217;avoir re\u00e7u le prix. Je trouve que c&#8217;est bien d&#8217;essayer de les mettre quand m\u00eame en avant.\u00a0\u00bb[\/vc_column_text][\/vc_column_inner][vc_column_inner width=&#8221;2\/3&#8243;][vc_column_text]<\/p>\n<h3><strong>M\u00e9diath\u00e8que de la Manufacture, Nancy, (05\/01\/17)<\/strong><\/h3>\n<p>\u00ab\u00a0On pourrait s\u00e9lectionner et signaler plusieurs prix, \u00e7a pourrait \u00eatre une id\u00e9e de zoom, au moment des prix, comme pour le Livre sur la Place, comme il y a une certaine saisonnalit\u00e9 des prix litt\u00e9raires. C\u2019est l\u2019occasion de ressortir des documents sur l\u2019histoire du livre, des m\u00e9tiers du livre, des biographies, des livres d\u2019art. Ce serait une piste, une id\u00e9e. Mais ici, on ne fait rien sur les prix litt\u00e9raires.\u00a0\u00bb<\/p>\n<p><strong>Question<\/strong>\u00a0: Comment mettez-vous en avant ces prix litt\u00e9raires\u00a0? (en t\u00eate de gondole, affiches, bandeau, table, etc.)\u00a0:<\/p>\n<p>\u00ab\u00a0Exposition pour Angoul\u00eame pour les BD s\u00e9lectionn\u00e9es, zoom constant sur les \u0153uvres des sc\u00e9naristes et dessinateurs, qu\u2019on bloque et propose en lecture sur place. Ceux qui gagnent prix, on met un bandeau, on met en valeur seulement ceux qui ont gagn\u00e9. On ach\u00e8te les livres s\u00e9lectionn\u00e9s pour le livre sur la place, pour anticiper la demande mais c\u2019est tout.\u00a0\u00bb<\/p>\n<p>\u00ab\u00a0Un ouvrage qui a eu un prix on va le regarder de plus pr\u00e8s, parce qu\u2019il en sort\/existe tellement de romans, c\u2019est incroyable. Il peut y en avoir une cinquantaine par semaine. On regarde de plus pr\u00e8s mais on n\u2019ach\u00e8te pas forc\u00e9ment. Par contre certains prix, obligatoirement on va nous les demander. Que ce soit m\u00e9rit\u00e9 ou pas ce prix, on va l\u2019acheter syst\u00e9matiquement.\u00a0\u00bb[\/vc_column_text][\/vc_column_inner][\/vc_row_inner][vc_row_inner css=&#8221;.vc_custom_1508404578295{margin-top: 0px !important;margin-bottom: 0px !important;border-top-width: 2px !important;border-right-width: 2px !important;border-bottom-width: 2px !important;border-left-width: 2px !important;padding-top: 0px !important;padding-bottom: 0px !important;border-left-color: #000000 !important;border-left-style: dotted !important;border-right-color: #000000 !important;border-right-style: dotted !important;border-top-color: #000000 !important;border-top-style: dotted !important;border-bottom-color: #000000 !important;border-bottom-style: dotted !important;border-radius: 20px !important;}&#8221;][vc_column_inner width=&#8221;2\/3&#8243;][vc_column_text]<\/p>\n<h3><strong>M\u00e9diath\u00e8que Jules Verne, Vand\u0153uvre-l\u00e8s-Nancy (20\/01\/17)<\/strong><\/h3>\n<p><strong>Question<\/strong>\u00a0: Si je vous dis \u00ab prix litt\u00e9raire lorrain \u00bb, \u00e0 quoi \u00e7a vous fait penser ? Selon vous, qu\u2019est-ce qu\u2019un prix litt\u00e9raire lorrain ?\u00a0:<\/p>\n<p>\u00ab\u00a0Les premiers mots qui viennent sont : Prix Erckmann-Chatrian et Gilles Laporte (pr\u00e9sident du prix pendant longtemps). Ce sont des prix pour des auteurs qui parlent de la Lorraine ou qui sont eux-m\u00eames lorrains.\u00a0\u00bb<\/p>\n<p>\u00ab\u00a0Le prix Erckmann-Chatrian est consid\u00e9r\u00e9 comme le Goncourt lorrain car les prim\u00e9s sont souvent ensuite \u00e0 nouveau prim\u00e9s nationalement. C\u2019est valorisant pour un lorrain d\u2019\u00eatre sur les deux s\u00e9lections, on a tendance \u00e0 d\u00e9crier les auteurs de terroir.\u00a0\u00bb<\/p>\n<p>\u00ab\u00a0Les prix litt\u00e9raires boostent les ventes de certains auteurs. \u00c7a permet aux m\u00e9tiers de l\u2019\u00e9dition de vivre. Avec ces grands noms (prix) \u00e7a permet de faire conna\u00eetre des petits noms. C\u2019est valorisant. Les prix lorrains, \u00e0 part Erckmann-Chatrian, sont m\u00e9connus et m\u00eame les gagnants de ces\u00a0\u00bb prix ne sont pas mis en valeur \u00e0 part dans <em>L\u2019Est R\u00e9publicain<\/em> et au Livre sur la Place.<\/p>\n<p>\u00ab\u00a0\u00c0 chaque saison litt\u00e9raire, on met les prix litt\u00e9raires lorrains en avant avec un damier au premier \u00e9tage de la m\u00e9diath\u00e8que. Une fois par mois, on propose des animations o\u00f9 on pr\u00e9sente des livres, et on donne \u00e9galement la liste des prim\u00e9s au public en Novembre. Gilles Laporte est venu pour parler de son prix. Il draine beaucoup de monde \u00e0 chaque rencontre. On fait venir les prix mais aussi des auteurs qui ont seulement particip\u00e9. Didier Laurent est venu avant son succ\u00e8s.[\/vc_column_text][\/vc_column_inner][vc_column_inner width=&#8221;1\/3&#8243;][vc_column_text]<\/p>\n<h3><strong>M\u00e9diath\u00e8que G\u00e9rard Thirion, Laxou (19\/01\/17)<\/strong><\/h3>\n<p><strong>Question<\/strong>\u00a0: Pouvez-vous citer un ou plusieurs prix litt\u00e9raires lorrains ?<\/p>\n<p>\u00ab\u00a0Non. Si, Erckmann-Chatrian.\u00a0\u00bb<\/p>\n<p>\u00ab\u00a0Au niveau des m\u00e9diath\u00e8ques, les gens demandent les prix. Ils pensent que c\u2019est un gage de qualit\u00e9. C\u2019est pas toujours vrai, \u00e7a peut ne pas plaire m\u00eame en ayant eu un prix.\u00a0\u00bb<\/p>\n<p>\u00ab\u00a0Pour l\u2019auteur prim\u00e9, \u00e7a va l\u2019aider \u00e0 se faire conna\u00eetre. Certains ont du mal \u00e0 percer. \u00c7a peut \u00eatre un tremplin.\u00a0\u00bb<\/p>\n<p><strong>Question<\/strong>\u00a0: Pensez-vous que les prix litt\u00e9raires (lorrains) m\u00e9ritent davantage de visibilit\u00e9 dans la presse et au niveau des biblioth\u00e8ques\/librairies ?\u00a0:<\/p>\n<p>\u00ab\u00a0Oui. M\u00eame s\u2019il y a quand m\u00eame souvent des rayons r\u00e9gionaux, il y a peu de mise en avant des prix.\u00a0\u00bb[\/vc_column_text][\/vc_column_inner][\/vc_row_inner][vc_row_inner css=&#8221;.vc_custom_1508404331268{border-top-width: 0px !important;border-right-width: 0px !important;border-bottom-width: 0px !important;border-left-width: 0px !important;border-left-color: #0c0c0c !important;border-right-color: #0c0c0c !important;border-top-color: #0c0c0c !important;border-bottom-color: #0c0c0c !important;}&#8221;][vc_column_inner][vc_column_text]<\/p>\n<h3><strong>Biblioth\u00e8que Le Ch\u00e2teau, Saint-Max (20\/01\/17)<\/strong><\/h3>\n<p><strong>Question<\/strong>\u00a0: Mettez-vous des prix litt\u00e9raires lorrains en avant ?\u00a0:<\/p>\n<p>\u00ab\u00a0Non, pas particuli\u00e8rement. On a certains qu\u2019on acquiert, mais sinon on n\u2019y voit pas d\u2019int\u00e9r\u00eat.\u00a0\u00bb<\/p>\n<p>\u00ab\u00a0Il y a des livres qui re\u00e7oivent des prix qui ne m\u00e9ritent pas, et cela me scandalise. Alors que d\u2019autres livres ne re\u00e7oivent pas de prix, alors qu\u2019ils m\u00e9riteraient d\u2019en recevoir. J\u2019ai plus confiance dans les prix o\u00f9 les jur\u00e9s sont les lecteurs, et non des professionnels.\u00a0\u00bb[\/vc_column_text][\/vc_column_inner][\/vc_row_inner][\/vc_column][\/vc_row][vc_row full_width=&#8221;stretch_row&#8221; parallax=&#8221;content-moving&#8221; parallax_image=&#8221;2533&#8243;][vc_column][vc_empty_space height=&#8221;300px&#8221;][\/vc_column][\/vc_row]<\/p>","protected":false},"excerpt":{"rendered":"<p>[vc_row][vc_column][vc_row_inner][vc_column_inner][vc_custom_heading text=&#8221;LA VITA LETTERARIA NELLA LORENA&#8221; font_container=&#8221;tag:h2|font_size:48|text_align:center&#8221; google_fonts=&#8221;font_family:Lato%3A100%2C100italic%2C300%2C300italic%2Cregular%2Citalic%2C700%2C700italic%2C900%2C900italic|font_style:700%20bold%20regular%3A700%3Anormal&#8221; css=&#8221;.vc_custom_1517392593266{margin-top: 10px !important;margin-bottom: 10px !important;border-top-width: 10px !important;border-bottom-width: 10px !important;padding-top: 5px !important;padding-bottom: 5px !important;}&#8221;][vc_column_text][\/vc_column_text][vc_custom_heading text=&#8221;MANIFESTAZIONI&#8221; font_container=&#8221;tag:h2|font_size:32|text_align:center&#8221; google_fonts=&#8221;font_family:Lato%3A100%2C100italic%2C300%2C300italic%2Cregular%2Citalic%2C700%2C700italic%2C900%2C900italic|font_style:700%20bold%20regular%3A700%3Anormal&#8221; css=&#8221;.vc_custom_1517392631311{margin-top: 10px !important;margin-bottom:<\/p>\n<p> <a class=\"more-link\" href=\"http:\/\/lalorrainedesecrivains.univ-lorraine.fr\/it\/vie-litteraire-3\/\">Lire la suite<\/a><\/p>\n","protected":false},"author":3,"featured_media":0,"parent":0,"menu_order":0,"comment_status":"closed","ping_status":"closed","template":"","meta":{"footnotes":""},"class_list":["post-4536","page","type-page","status-publish","hentry"],"_links":{"self":[{"href":"http:\/\/lalorrainedesecrivains.univ-lorraine.fr\/it\/wp-json\/wp\/v2\/pages\/4536","targetHints":{"allow":["GET"]}}],"collection":[{"href":"http:\/\/lalorrainedesecrivains.univ-lorraine.fr\/it\/wp-json\/wp\/v2\/pages"}],"about":[{"href":"http:\/\/lalorrainedesecrivains.univ-lorraine.fr\/it\/wp-json\/wp\/v2\/types\/page"}],"author":[{"embeddable":true,"href":"http:\/\/lalorrainedesecrivains.univ-lorraine.fr\/it\/wp-json\/wp\/v2\/users\/3"}],"replies":[{"embeddable":true,"href":"http:\/\/lalorrainedesecrivains.univ-lorraine.fr\/it\/wp-json\/wp\/v2\/comments?post=4536"}],"version-history":[{"count":3,"href":"http:\/\/lalorrainedesecrivains.univ-lorraine.fr\/it\/wp-json\/wp\/v2\/pages\/4536\/revisions"}],"predecessor-version":[{"id":4712,"href":"http:\/\/lalorrainedesecrivains.univ-lorraine.fr\/it\/wp-json\/wp\/v2\/pages\/4536\/revisions\/4712"}],"wp:attachment":[{"href":"http:\/\/lalorrainedesecrivains.univ-lorraine.fr\/it\/wp-json\/wp\/v2\/media?parent=4536"}],"curies":[{"name":"wp","href":"https:\/\/api.w.org\/{rel}","templated":true}]}}