{"id":4677,"date":"2019-09-17T13:46:11","date_gmt":"2019-09-17T12:46:11","guid":{"rendered":"http:\/\/lalorrainedesecrivains.univ-lorraine.fr\/?page_id=4677"},"modified":"2019-09-17T18:52:13","modified_gmt":"2019-09-17T17:52:13","slug":"actualites-5","status":"publish","type":"page","link":"http:\/\/lalorrainedesecrivains.univ-lorraine.fr\/it\/actualites-5\/","title":{"rendered":"ATTUALITA"},"content":{"rendered":"<p>[vc_row full_width=&#8221;stretch_row&#8221; parallax=&#8221;content-moving&#8221; parallax_image=&#8221;1728&#8243; css=&#8221;.vc_custom_1492075568880{margin-bottom: 0px !important;border-bottom-width: 0px !important;padding-bottom: 0px !important;}&#8221;][vc_column][vc_empty_space height=&#8221;150px&#8221;][vc_custom_heading text=&#8221;ATTUALITA&#8221; font_container=&#8221;tag:h2|font_size:64|text_align:center|color:%23ffffff&#8221; google_fonts=&#8221;font_family:Lato%3A100%2C100italic%2C300%2C300italic%2Cregular%2Citalic%2C700%2C700italic%2C900%2C900italic|font_style:700%20bold%20regular%3A700%3Anormal&#8221;][\/vc_column][\/vc_row][vc_row][vc_column][vc_row_inner][vc_column_inner][vc_single_image image=&#8221;4282&#8243; img_size=&#8221;full&#8221; onclick=&#8221;custom_link&#8221; img_link_target=&#8221;_blank&#8221; link=&#8221;https:\/\/www.ipw.lu\/__trashed-2\/#.WecAAK3BLm0&#8243;][vc_separator style=&#8221;shadow&#8221; border_width=&#8221;2&#8243;][\/vc_column_inner][\/vc_row_inner][\/vc_column][\/vc_row][vc_row][vc_column][vc_row_inner][vc_column_inner][vc_single_image image=&#8221;4280&#8243; img_size=&#8221;full&#8221; onclick=&#8221;custom_link&#8221; img_link_target=&#8221;_blank&#8221; link=&#8221;http:\/\/www.quebecentouteslettres.qc.ca\/evenement\/laboratoire-hors-les-murs-rencontre-avec-carole-bisenius-penin\/&#8221;][vc_separator style=&#8221;shadow&#8221; border_width=&#8221;2&#8243;][\/vc_column_inner][\/vc_row_inner][\/vc_column][\/vc_row][vc_row][vc_column][vc_row_inner][vc_column_inner][vc_single_image image=&#8221;4217&#8243; img_size=&#8221;full&#8221;][\/vc_column_inner][\/vc_row_inner][\/vc_column][\/vc_row][vc_row][vc_column][\/vc_column][\/vc_row][vc_row][vc_column][vc_custom_heading text=&#8221;Colloque international&#8221; font_container=&#8221;tag:h1|text_align:center|color:%23de684c&#8221;][\/vc_column][\/vc_row][vc_row][vc_column][vc_row_inner][vc_column_inner width=&#8221;1\/2&#8243;][vc_single_image image=&#8221;3980&#8243; img_size=&#8221;full&#8221;][\/vc_column_inner][vc_column_inner width=&#8221;1\/2&#8243;][vc_column_text]<strong><img loading=\"lazy\" decoding=\"async\" class=\"alignnone size-full wp-image-3983\" src=\"http:\/\/lalorrainedesecrivains.univ-lorraine.fr\/wp-content\/uploads\/2016\/05\/Jeudi-30-novembre-2017.png\" alt=\"Jeudi-30-novembre-2017\" width=\"800\" height=\"98\" srcset=\"http:\/\/lalorrainedesecrivains.univ-lorraine.fr\/wp-content\/uploads\/2016\/05\/Jeudi-30-novembre-2017.png 800w, http:\/\/lalorrainedesecrivains.univ-lorraine.fr\/wp-content\/uploads\/2016\/05\/Jeudi-30-novembre-2017-300x37.png 300w, http:\/\/lalorrainedesecrivains.univ-lorraine.fr\/wp-content\/uploads\/2016\/05\/Jeudi-30-novembre-2017-768x94.png 768w\" sizes=\"auto, (max-width: 800px) 100vw, 800px\" \/><\/strong><\/p>\n<h3><strong>9h-9h30 : Ouverture<\/strong><\/h3>\n<p><strong>Christian Schulz et Malte Helfer,<\/strong> Universit\u00e9 de Luxembourg<\/p>\n<p><strong>Jacques Walter<\/strong>, Directeur du Crem, Universit\u00e9 de Lorraine<br \/>\n<strong>Carole Bisenius-Penin<\/strong>, Ma\u00eetre de conf\u00e9rences, Crem, Universit\u00e9 de Lorraine<\/p>\n<p><strong>&gt;\u00a09h30-10h30 : Conf\u00e9rence inaugurale : Michel Lussault, ENS Lyon<\/strong><\/p>\n<h3><em><span style=\"color: #ff6600;\">L\u2019imagination g\u00e9ographique du monde contemporain<\/span><\/em><\/h3>\n<h4><b>Pause<\/b><\/h4>\n<p><span style=\"color: #ff6600;\"><b><strong>&gt;\u00a0<\/strong>11h-12h \/\/ Pr\u00e9sident de s\u00e9ance : Jacques Walter, Universit\u00e9 de Lorraine<\/b><\/span><\/p>\n<p><strong>11h-11h30 : Thibaut Raboin,<\/strong> University College London<br \/>\n<em>R\u00e9imaginer la Lorraine d\u00e9sindustrialis\u00e9e<\/em> : les psycho-g\u00e9ographies de la Lorraine<br \/>\nchez Fran\u00e7ois Bon, Gilles Ortlieb et Denis Robert<\/p>\n<p><strong>11h30-12h : Marie Joqueviel-Bourjea<\/strong>, Universit\u00e9 Paul-Val\u00e9ry Montpellier<br \/>\n&#8221; <em>Fissures, failles, fragments<\/em> &#8220;. Philippe Claudel, <i>Quartier <\/i>: une po\u00e9tique des &#8221; espaces brefs &#8221;<\/p>\n<h4><b>D\u00e9jeuner<\/b><\/h4>\n<p><span style=\"color: #ff6600;\"><b><strong>&gt;\u00a0<\/strong>14h-16h \/\/ Pr\u00e9sidente de s\u00e9ance : Carole Bisenius-Penin, Universit\u00e9 de Lorrain<\/b><\/span><\/p>\n<p><strong><b>&gt;\u00a0<\/b>14h-14h30 : Adeline Clerc-Florimond<\/strong>, Universit\u00e9 de Lorraine<br \/>\nLes prix litt\u00e9raires lorrains et leur rayonnement \u00e0 l\u2019\u00e9chelle r\u00e9gionale<\/p>\n<p><strong><b>&gt;\u00a0<\/b>14h30-15h : Catherine Angevelle,<\/strong> Universit\u00e9 de Lorraine<br \/>\nVisibilit\u00e9 litt\u00e9raire et biblioth\u00e8que personnelle de Georges P\u00e9rin<\/p>\n<h4><b>Pause<\/b><\/h4>\n<p><b>15h30-17h \/\/ Table ronde : Pour une mise en r\u00e9cit sensible et cr\u00e9ative du territoire<br \/>\n<\/b><b>&#8211; Marie-H\u00e9l\u00e8ne Caroff, <\/b>responsable de l\u2019association Caranusca et Olivier Dautrey artiste associ\u00e9\u00a0au projet \u00ab Passerelles d\u2019Europe \u00bb (R\u00e9sidence fluviale transfrontali\u00e8re)<\/p>\n<p><strong>&#8211; Thomas Baumgartner,<\/strong> journaliste, producteur d\u2019\u00e9missions de radio<br \/>\n(France Culture, France Inter\u2026) et concepteur de l\u2019application \u00ab Sur les Bancs \u00bb<\/p>\n<p><strong>&#8211; Marie-\u00c8ve S\u00e9vigny<\/strong>, \u00e9crivaine et directrice de la Promenade des \u00e9crivains de Qu\u00e9bec<\/p>\n<p><span style=\"color: #ff6600;\"><strong>19h-20h : Rencontre avec l\u2019\u00e9crivain Jean Rouaud en partenariat avec l\u2019Institut culturel<br \/>\n<\/strong><\/span><span style=\"color: #ff6600;\"><strong>europ\u00e9en Pierre Werner \u00e0 la Biblioth\u00e8que nationale de Luxembourg<\/strong><\/span><\/p>\n<p><span style=\"color: #ff6600;\"><strong>20h30 : Repas de gala Caf\u00e9 Bovary, Luxembourg<\/strong><\/span>[\/vc_column_text][\/vc_column_inner][\/vc_row_inner][\/vc_column][\/vc_row][vc_row][vc_column][vc_row_inner][vc_column_inner width=&#8221;1\/2&#8243;][vc_single_image image=&#8221;3980&#8243; img_size=&#8221;full&#8221;][\/vc_column_inner][vc_column_inner width=&#8221;1\/2&#8243;][vc_column_text]<strong><img loading=\"lazy\" decoding=\"async\" class=\"alignnone size-full wp-image-3983\" src=\"http:\/\/lalorrainedesecrivains.univ-lorraine.fr\/wp-content\/uploads\/2016\/05\/Jeudi-30-novembre-2017.png\" alt=\"Jeudi-30-novembre-2017\" width=\"800\" height=\"98\" srcset=\"http:\/\/lalorrainedesecrivains.univ-lorraine.fr\/wp-content\/uploads\/2016\/05\/Jeudi-30-novembre-2017.png 800w, http:\/\/lalorrainedesecrivains.univ-lorraine.fr\/wp-content\/uploads\/2016\/05\/Jeudi-30-novembre-2017-300x37.png 300w, http:\/\/lalorrainedesecrivains.univ-lorraine.fr\/wp-content\/uploads\/2016\/05\/Jeudi-30-novembre-2017-768x94.png 768w\" sizes=\"auto, (max-width: 800px) 100vw, 800px\" \/><\/strong><\/p>\n<h3><strong>9h-9h30 : Ouverture<\/strong><\/h3>\n<p><strong>Christian Schulz et Malte Helfer,<\/strong> Universit\u00e9 de Luxembourg<\/p>\n<p><strong>Jacques Walter<\/strong>, Directeur du Crem, Universit\u00e9 de Lorraine<br \/>\n<strong>Carole Bisenius-Penin<\/strong>, Ma\u00eetre de conf\u00e9rences, Crem, Universit\u00e9 de Lorraine<\/p>\n<p><strong>&gt;\u00a09h30-10h30 : Conf\u00e9rence inaugurale : Michel Lussault, ENS Lyon<\/strong><\/p>\n<h3><em><span style=\"color: #ff6600;\">L\u2019imagination g\u00e9ographique du monde contemporain<\/span><\/em><\/h3>\n<h4><b>Pause<\/b><\/h4>\n<p><span style=\"color: #ff6600;\"><b><strong>&gt;\u00a0<\/strong>11h-12h \/\/ Pr\u00e9sident de s\u00e9ance : Jacques Walter, Universit\u00e9 de Lorraine<\/b><\/span><\/p>\n<p><strong>11h-11h30 : Thibaut Raboin,<\/strong> University College London<br \/>\n<em>R\u00e9imaginer la Lorraine d\u00e9sindustrialis\u00e9e<\/em> : les psycho-g\u00e9ographies de la Lorraine<br \/>\nchez Fran\u00e7ois Bon, Gilles Ortlieb et Denis Robert<\/p>\n<p><strong>11h30-12h : Marie Joqueviel-Bourjea<\/strong>, Universit\u00e9 Paul-Val\u00e9ry Montpellier<br \/>\n&#8221; <em>Fissures, failles, fragments<\/em> &#8220;. Philippe Claudel, <i>Quartier <\/i>: une po\u00e9tique des &#8221; espaces brefs &#8221;<\/p>\n<h4><b>D\u00e9jeuner<\/b><\/h4>\n<p><span style=\"color: #ff6600;\"><b><strong>&gt;\u00a0<\/strong>14h-16h \/\/ Pr\u00e9sidente de s\u00e9ance : Carole Bisenius-Penin, Universit\u00e9 de Lorrain<\/b><\/span><\/p>\n<p><strong><b>&gt;\u00a0<\/b>14h-14h30 : Adeline Clerc-Florimond<\/strong>, Universit\u00e9 de Lorraine<br \/>\nLes prix litt\u00e9raires lorrains et leur rayonnement \u00e0 l\u2019\u00e9chelle r\u00e9gionale<\/p>\n<p><strong><b>&gt;\u00a0<\/b>14h30-15h : Catherine Angevelle,<\/strong> Universit\u00e9 de Lorraine<br \/>\nVisibilit\u00e9 litt\u00e9raire et biblioth\u00e8que personnelle de Georges P\u00e9rin<\/p>\n<h4><b>Pause<\/b><\/h4>\n<p><b>15h30-17h \/\/ Table ronde : Pour une mise en r\u00e9cit sensible et cr\u00e9ative du territoire<br \/>\n<\/b><b>&#8211; Marie-H\u00e9l\u00e8ne Caroff, <\/b>responsable de l\u2019association Caranusca et Olivier Dautrey artiste associ\u00e9\u00a0au projet \u00ab Passerelles d\u2019Europe \u00bb (R\u00e9sidence fluviale transfrontali\u00e8re)<\/p>\n<p><strong>&#8211; Thomas Baumgartner,<\/strong> journaliste, producteur d\u2019\u00e9missions de radio<br \/>\n(France Culture, France Inter\u2026) et concepteur de l\u2019application \u00ab Sur les Bancs \u00bb<\/p>\n<p><strong>&#8211; Marie-\u00c8ve S\u00e9vigny<\/strong>, \u00e9crivaine et directrice de la Promenade des \u00e9crivains de Qu\u00e9bec<\/p>\n<p><span style=\"color: #ff6600;\"><strong>19h-20h : Rencontre avec l\u2019\u00e9crivain Jean Rouaud en partenariat avec l\u2019Institut culturel<br \/>\n<\/strong><\/span><span style=\"color: #ff6600;\"><strong>europ\u00e9en Pierre Werner \u00e0 la Biblioth\u00e8que nationale de Luxembourg<\/strong><\/span><\/p>\n<p><span style=\"color: #ff6600;\"><strong>20h30 : Repas de gala Caf\u00e9 Bovary, Luxembourg<\/strong><\/span>[\/vc_column_text][\/vc_column_inner][\/vc_row_inner][\/vc_column][\/vc_row][vc_row css=&#8221;.vc_custom_1507125379030{background-image: url(http:\/\/lalorrainedesecrivains.univ-lorraine.fr\/wp-content\/uploads\/2016\/05\/paysage-colloque-2.jpg?id=3996) !important;}&#8221;][vc_column][vc_row_inner][vc_column_inner width=&#8221;1\/2&#8243;][vc_column_text]<\/p>\n<h3><strong><img loading=\"lazy\" decoding=\"async\" class=\"alignnone size-full wp-image-3986\" src=\"http:\/\/lalorrainedesecrivains.univ-lorraine.fr\/wp-content\/uploads\/2016\/05\/Vendredi-1er-d\u00e9cembre-2017.png\" alt=\"Vendredi-1er-d\u00e9cembre-2017\" width=\"800\" height=\"98\" srcset=\"http:\/\/lalorrainedesecrivains.univ-lorraine.fr\/wp-content\/uploads\/2016\/05\/Vendredi-1er-d\u00e9cembre-2017.png 800w, http:\/\/lalorrainedesecrivains.univ-lorraine.fr\/wp-content\/uploads\/2016\/05\/Vendredi-1er-d\u00e9cembre-2017-300x37.png 300w, http:\/\/lalorrainedesecrivains.univ-lorraine.fr\/wp-content\/uploads\/2016\/05\/Vendredi-1er-d\u00e9cembre-2017-768x94.png 768w\" sizes=\"auto, (max-width: 800px) 100vw, 800px\" \/><\/strong><\/h3>\n<p><b>&gt; 9h30-12h \/\/ Pr\u00e9sident de s\u00e9ance : Malte Helfer, Universit\u00e9 du Luxembourg<\/b><\/p>\n<p><strong>&gt; 9h30-10h :<\/strong> <b>Marie-\u00c8ve S\u00e9vigny<\/b>, Universit\u00e9 du Qu\u00e9bec \u00e0 Montr\u00e9al<br \/>\n<em>D\u00e9ployer l\u2019imaginaire dans une capitale historique<\/em> : promenades litt\u00e9raires \u00e0 Qu\u00e9bec<\/p>\n<p><strong>&gt; 10h-10h30 : Patrick Gormally<\/strong>, Universit\u00e9 d\u2019Irlande<br \/>\nAnnonce de lieu et de non-lieu<\/p>\n<h4><b>Pause<\/b><\/h4>\n<p><strong>11h-11h30 :<\/strong> <b>Audrey Alv\u00e8s<\/b>, Universit\u00e9 de Lorraine<br \/>\n<em>\u00c9crivains lorrains en territoire journalistique<\/em><\/p>\n<p><strong>&gt; 11h30-12h :<\/strong> <b>Christabel Marrama et Nathalie Roelens, <\/b>Universit\u00e9 du Luxembourg<br \/>\n\u00c9thique de la ville. Entre villes c\u00f4ti\u00e8res et villes forteresses : un paradigme paradoxal<\/p>\n<h4><b>D\u00e9jeuner<\/b><\/h4>\n<p><span style=\"color: #ff6600;\"><b><strong>&gt;\u00a0<\/strong><\/b><b>14h-17h \/\/ Pr\u00e9sidente de s\u00e9ance : Audrey Alv\u00e8s, Universit\u00e9 de Lorraine<\/b><\/span><\/p>\n<p><strong>&gt; 14h-14h30 : <\/strong><b>Clara L\u00e9vy<\/b>, Universit\u00e9 Paris 8<br \/>\nLe Paris de Modiano<\/p>\n<p><strong><b>&gt;\u00a0<\/b>14h30-15h :\u00a0<\/strong><b>Lydie Moudileno<\/b>, Universit\u00e9 de Pennsylvanie<br \/>\n<em>La Lorraine des \u00e9crivains africains<\/em><\/p>\n<h4><b>Pause<\/b><\/h4>\n<p><b>15h30-16h :\u00a0<\/b><b>Fran\u00e7oise Alexandre,<\/b> Universit\u00e9 de Lorraine<br \/>\n<em>Les thrillers historiques<\/em> d\u2019Anne Villemin Sicherman : le territoire dans la fiction<\/p>\n<p><strong>16h30-17h :<\/strong> <b>Rosa Catal\u00e0 Marticella<\/b>, Universit\u00e9 de Barcelone<br \/>\n<em>Le langage et le paysage porteurs d\u2019une m\u00e9moire partag\u00e9e et refl\u00e9t\u00e9e dans la litt\u00e9rature<\/em><br \/>\nL\u2019exemple de l\u2019\u00e9crivain Josep Pla[\/vc_column_text][\/vc_column_inner][vc_column_inner width=&#8221;1\/2&#8243;][vc_single_image image=&#8221;3991&#8243; img_size=&#8221;full&#8221;][vc_custom_heading text=&#8221;Contact : crem-contact@univ-lorraine.fr&#8221;][\/vc_column_inner][\/vc_row_inner][\/vc_column][\/vc_row][vc_row][vc_column][vc_custom_heading text=&#8221;Appel \u00e0 communication&#8221; font_container=&#8221;tag:h2|font_size:36|text_align:center&#8221; google_fonts=&#8221;font_family:Raleway%3A100%2C200%2C300%2Cregular%2C500%2C600%2C700%2C800%2C900|font_style:500%20bold%20regular%3A500%3Anormal&#8221;][vc_row_inner][vc_column_inner][vc_column_text]<\/p>\n<h1 style=\"text-align: center;\"><span style=\"color: #333333;\"><strong>Colloque international<\/strong><\/span><\/h1>\n<p style=\"text-align: center;\"><span style=\"color: #333333;\"><strong>\u00a0<\/strong><strong>Lieux, g\u00e9o-litt\u00e9rature et <\/strong><strong>m\u00e9diations <\/strong><strong>:<\/strong><strong>La Lorraine des \u00e9crivains\u00a0dans l\u2019espace francophone <\/strong><\/span><\/p>\n<p style=\"text-align: center;\"><span style=\"color: #333333;\"><strong>\u00a0<\/strong><\/span><span style=\"color: #333333;\">30 novembre-1 d\u00e9cembre 2017<\/span><\/p>\n<p style=\"text-align: center;\"><span style=\"color: #333333;\">Universit\u00e9 de Luxembourg \u2013 Belval<\/span><\/p>\n<p style=\"text-align: center;\"><span style=\"color: #333333;\">Responsable : Carole Bisenius-Penin<\/span><\/p>\n<p>[\/vc_column_text][\/vc_column_inner][\/vc_row_inner][vc_row_inner][vc_column_inner width=&#8221;1\/3&#8243;][vc_column_text]Apr\u00e8s les 1<sup>\u00e8res<\/sup> journ\u00e9es d\u2019\u00e9tude internationales organis\u00e9es par le Centre de recherche sur les m\u00e9diations (CREM) en d\u00e9cembre 2016, le programme scientifique \u00ab\u00a0<strong>La Lorraine des \u00e9crivains\u00a0\u00bb <\/strong>s\u2019ach\u00e8ve par un colloque international sur le campus de Belval au Luxembourg. Ce projet rel\u00e8ve \u00e9galement d\u2019une coop\u00e9ration transfrontali\u00e8re, puisqu\u2019un partenariat a \u00e9t\u00e9 mis en place entre l\u2019Universit\u00e9 de Lorraine (CREM) et l\u2019Universit\u00e9 de Luxembourg (the Institute of Geography and Spatial Planning-IPSE).<\/p>\n<p>Pour rappel, l\u2019objectif du programme est la mise en r\u00e9seau d\u2019op\u00e9rateurs r\u00e9gionaux sur un territoire sp\u00e9cifique, afin d\u2019assurer une visibilit\u00e9 nationale et transfrontali\u00e8re de la Lorraine sur les activit\u00e9s li\u00e9es au livre, <em>via<\/em> la cr\u00e9ation d\u2019une cartographie litt\u00e9raire du territoire, \u00e0 vocation culturelle et touristique, construite autour de 3 p\u00f4les\u00a0: vie litt\u00e9raire, cr\u00e9ation et patrimoine. Le projet repose notamment sur un volet num\u00e9rique avec la mise en place d\u2019un site web (<a href=\"http:\/\/lalorrainedesecrivains.univ-lorraine.fr\">http:\/\/lalorrainedesecrivains.univ-lorraine.fr<\/a>) proposant un panorama litt\u00e9raire de la Lorraine qui inclut un recensement g\u00e9olocalis\u00e9 (d\u2019auteurs, d\u2019\u0153uvres, de manifestations\u2026) et une approche des activit\u00e9s de m\u00e9diation autour des \u00e9crivains et de la litt\u00e9rature (base de donn\u00e9es, entretiens, enqu\u00eates, articles scientifiques\u2026).<\/p>\n<p><span style=\"text-decoration: line-through;\">\u00a0<\/span><\/p>\n<p>Ceci \u00e9tant, pour l\u2019\u00e9dition 2017, <strong>au-del\u00e0 du cas lorrain<\/strong>, \u00e0 partir d\u2019un p\u00e9rim\u00e8tre g\u00e9ographique d\u00e9fini au sein de l\u2019espace francophone, la manifestation permettra de r\u00e9pondre \u00e0 plusieurs questions\u00a0: quelles sont les m\u00e9diations possibles entre litt\u00e9rature et territoire en fonction \u00e0 la fois des cr\u00e9ateurs, des m\u00e9diateurs (politiques en charge de la culture, directeurs d\u2019\u00e9tablissements culturels, organismes de soutien \u00e0 la cr\u00e9ation\u2026) et des publics ? Comment la cr\u00e9ation, tout comme le patrimoine litt\u00e9raire, permettent de repenser et de dynamiser le territoire ? En somme, la litt\u00e9rature, sous ses diff\u00e9rentes formes, \u00e0 travers des lieux, des dispositifs, des acteurs, peut-elle constituer un vecteur de d\u00e9veloppement\u00a0?<\/p>\n<p>Ce colloque privil\u00e9giera donc la probl\u00e9matique de la construction des liens entre territoire, espace, litt\u00e9rature et m\u00e9diations autour de trois axes\u00a0:[\/vc_column_text][vc_single_image image=&#8221;3774&#8243; img_size=&#8221;full&#8221;][\/vc_column_inner][vc_column_inner width=&#8221;1\/3&#8243;][vc_column_text]<\/p>\n<h3><strong>1) <\/strong><strong>Lieux, espaces et litt\u00e9rature<\/strong><\/h3>\n<p>Du paysage (Besse, 2000) \u00e0 la ville (L\u00e9vy, 2006\u00a0; Gr\u00e9sillon, 2008), \u00e0 la \u00ab\u00a0topophilie\u00a0\u00bb (Tuan, 1974), \u00e0 l\u2019atlas (Moretti, 2000), au d\u00e9paysement (Bailly, 2011), \u00e0 la promenade (Montandon, 2000) ou encore aux hyper-lieux (Lussault M., 2016), il s\u2019agira d\u2019examiner comment \u00ab\u00a0l\u2019espace v\u00e9cu\u00a0\u00bb, imagin\u00e9 par le biais de la litt\u00e9rature et de ses m\u00e9diations permet de d\u00e9chiffrer le sens des lieux et constitue des modes d\u2019acc\u00e8s au monde.<\/p>\n<h3><strong>2) L\u2019<\/strong><strong>attractivit\u00e9 territoriale et touristique de la litt\u00e9rature<\/strong><\/h3>\n<p>L\u2019objectif est de s\u2019interroger sur la fa\u00e7on dont la litt\u00e9rature et la vie litt\u00e9raire, \u00e0 travers leurs aspects mat\u00e9riels (les \u0153uvres, les maisons d\u2019\u00e9crivains, les festivals, les prix\u2026) et immat\u00e9riels (les paysages litt\u00e9raires, l\u2019imaginaire des lieux\u2026) peut constituer une ressource sp\u00e9cifique (Gumuchian et Pecqueur, 2007), permettant de saisir les relations qui se nouent entre cr\u00e9ation et territoires (Fournier, 2016).<\/p>\n<h3><strong>3) <\/strong><strong>De la m\u00e9diation \u00e0 la m\u00e9diatisation (\u00e9crivains, institutions, publics)<\/strong><\/h3>\n<p>Enfin, il sera int\u00e9ressant de proposer des analyses sur la question de la visibilit\u00e9 (Heinich, 2012) des auteurs sur le territoire, en examinant notamment les multiples formes d\u2019intervention, de pr\u00e9sence, des \u00e9crivains (r\u00e9sidence d\u2019auteurs, performance, ateliers d\u2019\u00e9criture\u2026) sur la sc\u00e8ne m\u00e9diatique (Meizoz, 2016). Dans cette perspective, l\u2019enjeu portera aussi sur la mani\u00e8re dont les diff\u00e9rents acteurs et publics (professionnels du livre, \u00e9lus, habitants, touristes, journalistes, associations\u2026) s\u2019approprient la litt\u00e9rature\u00a0hors du livre (Ruffel, 2010).<\/p>\n<h3><strong>Modalit\u00e9s<\/strong><\/h3>\n<p>Le colloque se d\u00e9roulera le <strong>30 novembre et 1 d\u00e9cembre 2017 <\/strong>\u00e0 l&#8217;Universit\u00e9 de Luxembourg, Campus Belval (Maison des Sciences Humaines).<br \/>\nLa langue de travail sera le fran\u00e7ais.<br \/>\nChaque participant disposera de 20 minutes pour sa pr\u00e9sentation.<\/p>\n<p>La proposition de communication (environ 5000 signes),\u00a0au format Word ou PDF, ainsi qu\u2019une br\u00e8ve notice bio-bibliographique (profession, domaine de recherche, institution, publications) est \u00e0 faire parvenir \u00e0 l&#8217;adresse suivante :<\/p>\n<p><a href=\"mailto:carole.bisenius-penin@univ-lorraine.fr\">carole.bisenius-penin@univ-lorraine.fr<\/a><\/p>\n<h3><strong>Calendrier<br \/>\n<\/strong><\/h3>\n<p>R\u00e9ception des propositions (r\u00e9sum\u00e9s) : 31 mai 2017<br \/>\nR\u00e9ponses aux auteurs : 15 juin 2017<br \/>\nR\u00e9ception des textes : 1er septembre 2017<br \/>\n<strong>30 000 \u00e0 50 000 signes espaces non compris + r\u00e9sum\u00e9 en 10 lignes \u00a0<\/strong><strong>fran\u00e7ais et anglais + 6-7 mots cl\u00e9s dans les 2 langues)<\/strong><\/p>\n<p>Publication des actes : d\u00e9cembre 2017[\/vc_column_text][\/vc_column_inner][vc_column_inner width=&#8221;1\/3&#8243;][vc_column_text]<\/p>\n<h3><strong>Comit\u00e9 scientifique<\/strong> :<\/h3>\n<p>Rachel Bouvet (Universit\u00e9 du Qu\u00e9bec \u00e0 Montr\u00e9al, Canada)<br \/>\nMarc Brosseau (Universit\u00e9 d\u2019Ottawa, Canada)<br \/>\nMauricette Fournier (Universit\u00e9 Clermont Auvergne, France)<br \/>\nMalte Helfer (Universit\u00e9 de Luxembourg, Luxembourg)<br \/>\nBernard Lahire (ENS Lyon, France)<br \/>\nBertrand L\u00e9vy (Universit\u00e9 de Gen\u00e8ve, Suisse)<br \/>\nJ\u00e9r\u00f4me Meizoz (Universit\u00e9 de Lausanne, Suisse)<br \/>\nChristian Schulz (Universit\u00e9 de Luxembourg, Luxembourg)<br \/>\nAlain Viala (University of Oxford, Royaume Uni)<br \/>\nJacques Walter (Universit\u00e9 de Lorraine, France)<br \/>\nBertrand Westphal (Universit\u00e9 de Limoges, France)<\/p>\n<p><strong>R\u00e9f\u00e9rences bibliographiques <\/strong><\/p>\n<p>Bailly, J.C, 2011 <em>Le D\u00e9paysement, voyages en France<\/em>, Paris, \u00c9ditions du Seuil.<br \/>\nBesse, J.-M.\u00a02000, <em>Voir la Terre<\/em><em>. Six essais sur le paysage et la g\u00e9ographie<\/em>, Arles, Actes Sud.<br \/>\nBrosseau M., Cambron M., 2003, \u00ab Entre g\u00e9ographie et litt\u00e9rature : fronti\u00e8res et perspectives dialogiques \u00bb, <em>Recherches sociographiques<\/em>, vol. 44, n\u00b0 3, p. 525-547.<br \/>\nClaval P., 2003, <em>G\u00e9ographie culturelle. Une nouvelle approche des soci\u00e9t\u00e9s et des milieux<\/em>, Paris, Armand Colin.<br \/>\nCook I., Crouch D., Naylor S., Ryan J.R. (dir.), 2000, <em>Cultural Turns\/Geographical Turns: Perspectives on Cultural Geography<\/em>, Harlow, Prentice Hall.<br \/>\nDupuy L., Puyo J.-Y, 2015, <em>De l\u2019imaginaire g\u00e9ographique aux g\u00e9ographies de l\u2019imaginaire. \u00c9critures de l\u2019espace<\/em>, Presses de l\u2019Universit\u00e9 de Pau et des pays de l\u2019Adour : coll. Spatialit\u00e9s.<br \/>\nFournier, M., 2016, <em>D\u00e9veloppement culturel et Innovation territoriale<\/em>, Clermont-Ferrand, France. [actes num\u00e9riques], 2017, <a href=\"http:\/\/iadt.fr\/ressources\/developpement-culturel-et-innovation-territoriale.html\">&lt;http:\/\/iadt.fr\/ressources\/developpement-culturel-et-innovation-territoriale.html&gt;<\/a>. <a href=\"https:\/\/halshs.archives-ouvertes.fr\/halshs-01487348\">&lt;halshs-01487348&gt;<br \/>\n<\/a>Gumuchian H., Pecqueur B., 2007, <em>La ressource territoriale,<\/em>Paris, Economica, Anthropos.<br \/>\nGr\u00e9sillon, B., 2008, \u00abVille et cr\u00e9ation artistique : pour une autre g\u00e9ographie culturelle\u00bb, <em>Annales de G\u00e9ographie (Les)<\/em>, n\u00b0 mai-ao\u00fbt, Armand Colin, Paris, p. 179-198.<br \/>\nHeinich N., 2012, <em>De la visibilit\u00e9. Excellence et singularit\u00e9 en r\u00e9gime m\u00e9diatique<\/em>, Paris, Gallimard.<br \/>\nL\u00e9vy, B., \u00ab Gen\u00e8ve, ville litt\u00e9raire : de la topophobie \u00e0 la topophilie \u00bb, <em>Revue des sciences humaines (RSH)<\/em>, Paris, 284, oct.-d\u00e9c. 2006, p. 135-149.<br \/>\nLussault M., 2016, <em>Hyper-lieux. Les nouvelles g\u00e9ographies de la mondialisation<\/em>, Paris, Seuil.<br \/>\nMeizoz J., 2016, <em>La Litt\u00e9rature \u00ab\u00a0en personne\u00a0\u00bb. Sc\u00e8ne m\u00e9diatique et formes d&#8217;incarnation<\/em>, Gen\u00e8ve, Editions Slatkine.<br \/>\nMontandon, A., 2000. <em>Sociopo\u00e9tique de la promenade<\/em>. Presses Universit\u00e9 Blaise Pascal.<br \/>\nMoretti, F., <em>Atlas du roman europ\u00e9en, 1800-1900<\/em>, traduit de l\u2019italien par J\u00e9r\u00f4me Nicolas, Paris, \u00c9ditions du Seuil, 2000.<br \/>\nRuffel D.,\u00a02010, \u00ab\u00a0Une litt\u00e9rature contextuelle\u00a0\u00bb,\u00a0<em>Litt\u00e9rature<\/em>,\u00a0n\u00b0160,\u00a0p.\u00a061-73.<br \/>\nTissier J.-L. (dir), 2007, \u00ab G\u00e9ographie et litt\u00e9rature\u00bb, in <em>Bulletin de l\u2019Association des G\u00e9ographes<\/em><\/p>\n<p><em>fran\u00e7ais<\/em>, vol. 84, n\u00b0 3, p. 243-368.[\/vc_column_text][\/vc_column_inner][\/vc_row_inner][vc_separator css=&#8221;.vc_custom_1492075482676{margin-top: 0px !important;margin-bottom: 0px !important;border-top-width: 0px !important;border-bottom-width: 0px !important;padding-top: 0px !important;padding-bottom: 0px !important;}&#8221;][vc_custom_heading text=&#8221;Call for papers&#8221; font_container=&#8221;tag:h2|font_size:36|text_align:center&#8221; google_fonts=&#8221;font_family:Raleway%3A100%2C200%2C300%2Cregular%2C500%2C600%2C700%2C800%2C900|font_style:500%20bold%20regular%3A500%3Anormal&#8221; css=&#8221;.vc_custom_1492076214483{margin-top: 0px !important;margin-bottom: 0px !important;border-top-width: 0px !important;border-bottom-width: 0px !important;padding-bottom: 0px !important;}&#8221;][vc_row_inner css=&#8221;.vc_custom_1492075471882{margin-top: 0px !important;margin-bottom: 0px !important;border-top-width: 0px !important;border-bottom-width: 0px !important;padding-top: 0px !important;padding-bottom: 0px !important;}&#8221;][vc_column_inner][vc_column_text]<\/p>\n<h1 style=\"text-align: center;\"><strong>International Conference<\/strong><\/h1>\n<p style=\"text-align: center;\">Places, geo-literature and mediations :<br \/>\nThe Lorraine of writers in the French-speaking world<br \/>\n30 November-1 December 2017<br \/>\nUniversity of Luxembourg &#8211; Belval<br \/>\nResponsible: Carole Bisenius-Penin<\/p>\n<p>[\/vc_column_text][\/vc_column_inner][\/vc_row_inner][vc_row_inner css=&#8221;.vc_custom_1492075502066{margin-top: 0px !important;margin-bottom: 0px !important;border-top-width: 0px !important;border-bottom-width: 0px !important;padding-top: 0px !important;padding-bottom: 0px !important;}&#8221;][vc_column_inner width=&#8221;1\/2&#8243;][vc_column_text]After the first international meeting organized by the Centre de recherche sur les m\u00e9diations (CREM) in December 2016, the scientific program &#8220;La Lorraine des \u00e9crivains&#8221; concludes with an international conference on the Belval campus in Luxembourg. This project relies on a cross-border cooperation, based on a partnership between the University of Lorraine (CREM) and the University of Luxembourg (the Institute of Geography and Spatial Planning).<\/p>\n<p>The aim of the program is to network regional operators in a specific territory in order to ensure a national and cross-border visibility of Lorraine on book-related activities, through the creation of a literary cartography of the territory, with a cultural and tourist vocation, built around three dimensions: literary life, creation and heritage. The project has a specific digital focus with the creation of a website (<a href=\"http:\/\/lalorrainedesecrivains.univ-lorraine.fr\">http:\/\/lalorrainedesecrivains.univ-lorraine.fr<\/a>) which offers a database, a literary panorama of Lorraine including a geolocalized survey of authors, works and events and covers the various mediations dealing with writers and literature (database, interviews, surveys, scientific articles &#8230;).<\/p>\n<p>The 2017 edition of the conference intends to go beyond the Lorraine region to consider other French-speaking territories. This change in focus offers a different context for several questions: how do creators, mediators (cultural policy officials, cultural institutions, art-supporting organizations), and audiences inform the types of mediation that exist between literature and territory? How can literary creation, or heritage, make it possible to rethink and energize the territory? In short, can literature, in its various forms, through places, devices, actors, constitute a vector of development?<\/p>\n<p>This conference will therefore focus on the articulation of territory, space, literature and mediation. Three main themes are proposed :[\/vc_column_text][\/vc_column_inner][vc_column_inner width=&#8221;1\/2&#8243;][vc_column_text]<\/p>\n<h3><strong>1) Places, spaces and literature<\/strong><\/h3>\n<p>From the landscape (Besse, 2000) to the city (Levy, 2006, Gr\u00e9sillon, 2008), to &#8220;topophilia&#8221; (Tuan, 1974), the atlas (Moretti, 2000), the promenade (Montandon, 2000) or hyper-places (Lussault M., 2016), it will be necessary to examine how the \u201cinhabited space&#8221;, imagined through literature and its mediations, allows us to decipher a meaning of a place and offers forms of access to the world.<\/p>\n<h3><strong>2) The territorial and touristic attractiveness of literature<\/strong><\/h3>\n<p>Do literature and literary life constitute a specific resource (Gumuchian and Pecqueur, 2007) to understand the relations between creation and territories (Fournier, 2016). Both their material (works, writers\u2019 houses, festivals, awards\u2026) and immaterial (literary landscapes, places and their representations) dimensions will be considered here.<\/p>\n<h3><strong>3) From mediation to mediatization (writers, institutions, audiences)<\/strong><\/h3>\n<p>Lastly, it will be interesting to investigate the visibility (Heinich, 2012) of authors on a territory, through the multiple forms of intervention, and presence of thewriters (authors residence, performance, writing workshops&#8230;) in the medias (Meizoz, 2016). In this perspective, can also be considered the ways different actors and audiences (book professionals, elected officials, residents, tourists, journalists, associations, etc.) take literature out of the book (Ruffel, 2010).<\/p>\n<h3><strong>Organization and guidelines<\/strong><\/h3>\n<p>The conference will take place on 30 November and 1 December 2017 at the University of Luxembourg, on the Belval Campus.<br \/>\nThe working language will be French.<br \/>\nEach participant will have 20 minutes to present.<br \/>\nThe proposals (approximately 5000 characters), in Word or PDF format, as well as a brief bio-bibliographical notice (profession, research field, institution, publications) should be sent to the following address:<\/p>\n<p><a href=\"mailto:carole.bisenius-penin@univ-lorraine.fr\">carole.bisenius-penin@univ-lorraine.fr<\/a><\/p>\n<p>&nbsp;<\/p>\n<h3><strong>Schedule<\/strong><\/h3>\n<p>Deadline for the reception of proposals (abstracts): 31 May 2017<br \/>\nDeadline for confirmation of acceptance or rejection: 15 June 2017<br \/>\nDeadline for the reception of texts: 1 September 2017<br \/>\n<strong>(30 000 to 50 000 signs spaces not included + abstract in 10 lines, French and English<\/strong><br \/>\n<strong>+ 6-7 keywords in both languages)<\/strong><\/p>\n<p>Publication: December 2017[\/vc_column_text][\/vc_column_inner][\/vc_row_inner][\/vc_column][\/vc_row][vc_row][vc_column][vc_separator css=&#8221;.vc_custom_1492075482676{margin-top: 0px !important;margin-bottom: 0px !important;border-top-width: 0px !important;border-bottom-width: 0px !important;padding-top: 0px !important;padding-bottom: 0px !important;}&#8221;][vc_row_inner][vc_column_inner][vc_single_image image=&#8221;3739&#8243; img_size=&#8221;full&#8221; alignment=&#8221;center&#8221; onclick=&#8221;custom_link&#8221; img_link_target=&#8221;_blank&#8221; link=&#8221;http:\/\/www.zincgrenadine.fr\/programme.html&#8221;][vc_column_text]<\/p>\n<h2 style=\"text-align: center;\"><a href=\"http:\/\/www.zincgrenadine.fr\/programme.html\" target=\"_blank\" rel=\"noopener\">La<span id=\"u1759-2\">iss<\/span><span id=\"u1759-3\">ez-vo<\/span><span id=\"u1759-4\">us\u00a0<\/span><span id=\"u1759-5\">emb<\/span><span id=\"u1759-6\">arquer p<\/span><span id=\"u1759-7\">our<\/span><span id=\"u1759-8\">\u00a0la 1<\/span><span id=\"u1759-9\">6 \u00e8me\u00a0<\/span><span id=\"u1759-10\">\u00e9dit<\/span>ion !<\/a><\/h2>\n<p>[\/vc_column_text][\/vc_column_inner][\/vc_row_inner][vc_separator][\/vc_column][\/vc_row][vc_row css=&#8221;.vc_custom_1485179218337{margin-bottom: 0px !important;border-bottom-width: 0px !important;padding-bottom: 0px !important;}&#8221;][vc_column width=&#8221;2\/3&#8243; css=&#8221;.vc_custom_1488982384367{margin-bottom: 0px !important;border-bottom-width: 0px !important;padding-bottom: 0px !important;}&#8221;][vc_column_text css=&#8221;.vc_custom_1488982120734{margin-bottom: 0px !important;border-bottom-width: 0px !important;padding-bottom: 0px !important;}&#8221;]<\/p>\n<h2 style=\"text-align: center;\">\u00a0<b>Appel \u00e0 proposition d\u2019articles\u00a0<\/b><\/h2>\n<h2 style=\"text-align: center;\"><b>pour un num\u00e9ro th\u00e9matique de la revue\u00a0<\/b><\/h2>\n<h1 style=\"text-align: center;\">\u00a0<b><i>Culture &amp; Mus\u00e9es\u00a0<\/i><\/b><\/h1>\n<h4 style=\"text-align: center;\"><b><br \/>\nSous la direction de Carole Bisenius-Penin<\/b><\/h4>\n<p><b>Les r\u00e9sidences d\u2019\u00e9crivains et d\u2019artistes :\u00a0<\/b><b>des dispositifs de cr\u00e9ation et de m\u00e9diation<\/b><\/p>\n<p>Les r\u00e9sidences de cr\u00e9ateurs portent de multiples d\u00e9nominations : r\u00e9sidence de cr\u00e9ation et d\u2019exp\u00e9rimentation, r\u00e9sidence de diffusion territoriale, r\u00e9sidence-association, r\u00e9sidence-mission, r\u00e9sidence-animation, etc. Quels que soient leurs objectifs, elles sont devenues en quelques ann\u00e9es une des formes privil\u00e9gi\u00e9es de soutien \u00e0 la cr\u00e9ation et \u00e0 l\u2019action culturelle. Outre leur grande plasticit\u00e9, elles visent \u00e0 donner \u00e0 un artiste (chor\u00e9graphe, musicien, plasticien\u2026) ou \u00e0 un \u00e9crivain les conditions techniques et financi\u00e8res pour concevoir, \u00e9crire, achever, produire une oeuvre nouvelle, en menant ou non des actions de m\u00e9diation. Elles posent aussi la question de la place de l\u2019artiste au sein de la soci\u00e9t\u00e9, dans un tournant actuel des politiques culturelles o\u00f9 les moyens affect\u00e9s \u00e0 la culture et \u00e0 la cr\u00e9ation sont diminu\u00e9s, ce qui affecte en priorit\u00e9 les professionnels les plus fragiles en raison de leur statut.<\/p>\n<p>Ce num\u00e9ro de <i>Culture &amp; Mus\u00e9es <\/i>a pour ambition d\u2019analyser le dispositif \u00ab r\u00e9sidence \u00bb et ses diff\u00e9rentes configurations, qui recouvrent, depuis son institutionnalisation au cours des ann\u00e9es 1980, des formes et des r\u00e9alit\u00e9s extr\u00eamement vari\u00e9es en fonction des projets, des structures et des politiques culturelles mises en place. Il s\u2019agit d\u2019examiner les r\u00e9sidences en tant que dispositif de production d\u2019une oeuvre originale, d\u2019une part, de communication et de m\u00e9diation, d\u2019autre part, permettant des transactions diverses et vari\u00e9es entre \u00e9crivains, artistes, collectivit\u00e9s territoriales, op\u00e9rateurs culturels et publics. Ce dispositif appara\u00eet comme une entit\u00e9 hybride dans la mesure o\u00f9, de plus en plus fr\u00e9quemment, on constate une injonction politique \u00e0 combiner deux dimensions : cr\u00e9ation artistique ou litt\u00e9raire et activit\u00e9s de m\u00e9diation. Faute d\u2019un statut, d\u2019une d\u00e9finition \u00e9tablie, il est de nature polymorphe, marqu\u00e9 par une grande h\u00e9t\u00e9rog\u00e9n\u00e9it\u00e9 (r\u00e9sidence individuelle ou collective, p\u00e9renne ou \u00e9ph\u00e9m\u00e8re, fixe ou itin\u00e9rante, etc.) et une dispersion des offres dans les territoires. En outre, il se construit \u00e0 partir d\u2019une combinatoire de cat\u00e9gories normalis\u00e9es mais fluctuantes et tr\u00e8s diversifi\u00e9es : un lieu, une temporalit\u00e9, une structure d\u2019accueil, des types de financements, un projet de cr\u00e9ation et, enfin, un projet de m\u00e9diation culturelle qui pr\u00e9voit un ensemble d\u2019activit\u00e9s destin\u00e9es aux publics autour de l\u2019artiste ou de l\u2019auteur.<\/p>\n<p>Quelles sont les formes historiques et actuelles des r\u00e9sidences artistiques ? Quels sont les enjeux de ces dispositifs ? Quelles repr\u00e9sentations de l\u2019\u00e9crivain et de l\u2019artiste sont convoqu\u00e9es ? Les r\u00e9sidences rendent-elles visible le travail de cr\u00e9ation comme processus litt\u00e9raire en permettant aux<\/p>\n<p>publics d\u2019approcher l\u2019oeuvre comme le produit d\u2019une \u00e9laboration artistique ? Quels sont les enjeux artistiques et culturels du dispositif r\u00e9sidentiel ? En somme, comment la r\u00e9sidence peut-elle favoriser la cr\u00e9ation contemporaine par le biais de dispositifs de m\u00e9diation participatifs au sein d\u2019une relation communicationnelle triangulaire (\u00e9crivain ou artiste, publics, institutions culturelles) ?<\/p>\n<p>Les propositions d\u2019articles pourront s\u2019articuler autour des questions suivantes :<\/p>\n<p><b>Interroger un concept polymorphe\u00a0<\/b><\/p>\n<p>La r\u00e9sidence appara\u00eet comme un dispositif complexe qui repose sur de nombreux param\u00e8tres et s\u2019\u00e9labore en fonction de divers mod\u00e8les (r\u00e9sidence de cr\u00e9ation, d\u2019animation, \u00e0 projet, etc.). Comment peut-on d\u00e9finir une r\u00e9sidence ? En fonction de quels crit\u00e8res ? Au sein de quelles structures (maisons d\u2019\u00e9crivains, mus\u00e9es, lieux de spectacle vivant, \u00e9tablissements scolaires, entreprises, lieux de vie et de travail, etc.) et en lien avec quels territoires ? Quelles sont les formes d\u2019interactions entre le dispositif r\u00e9sidentiel et l\u2019espace public de la cr\u00e9ation ? Quelles sont les pratiques litt\u00e9raires et les postures des \u00e9crivains et des artistes au sein la r\u00e9sidence ? Quels impacts le dispositif r\u00e9sidentiel peut-il avoir \u00e0 la fois sur la cr\u00e9ation litt\u00e9raire de l\u2019auteur et sur les publics ? Voit-on \u00e9merger de nouvelles formes faisant appel aux technologies et aux environnements num\u00e9riques ?<\/p>\n<p><b>Interroger les cat\u00e9gories d\u2019acteurs : \u00e9crivains, artistes, institutions, publics\u00a0<\/b><\/p>\n<p>En tant que dispositif, proc\u00e9dant d\u2019une demande sociale et politique qui \u00e9mane tr\u00e8s souvent des collectivit\u00e9s territoriales ou de l\u2019institution scolaire, les r\u00e9sidences apparaissent comme des lieux de mise en relation. En effet, le dispositif d\u2019accueil peut mobiliser diff\u00e9rents acteurs de la cha\u00eene du livre, les acteurs culturels et associatifs du territoire concern\u00e9, qui s\u2019envisage \u00e0 la fois sous le prisme des publics et des financements. L\u2019\u00e9crivain, l\u2019artiste n\u2019apparaissent plus comme les seuls b\u00e9n\u00e9ficiaires du dispositif, mais peuvent entrer dans une logique de coproduction symbolique, notamment lorsqu\u2019il y a une commande ou la cr\u00e9ation d\u2019une oeuvre en lien \u00e9troit avec une dimension territoriale. Quels sont les enjeux \u00e0 la fois culturels, territoriaux et politiques des dispositifs r\u00e9sidentiels ?<\/p>\n<p><b>Interroger un dispositif de m\u00e9diation\u00a0<\/b><\/p>\n<p>Li\u00e9e \u00e0 la territorialisation de la culture et \u00e0 la question prioritaire des publics, la m\u00e9diation culturelle (Bordeaux, 2013; Chaumier &amp; Mairesse, 2013 ; Caune, 2000) rel\u00e8ve d\u2019une volont\u00e9 de d\u00e9mocratiser l\u2019acc\u00e8s \u00e0 la culture. Dans le cadre r\u00e9sidentiel, l\u2019objectif est de cr\u00e9er des liens entre l\u2019oeuvre r\u00e9alis\u00e9e et des publics, mais qu\u2019en est-il ? Quelles sont les m\u00e9diations qui se jouent au sein de cet espace, en fonction du jeu des acteurs, en fonction des dispositifs, des processus, des effets suscit\u00e9s ? La m\u00e9diation en tant qu\u2019interface entre l\u2019univers des publics et de l\u2019objet culturel permet-elle de co-construire la figure de l\u2019auteur ou de l\u2019artiste dans le cadre des relations intersubjectives qui se croisent au sein de la r\u00e9sidence ? Quelles formes de m\u00e9diations sont identifiables ? \u00c0 quelles formes de pratiques renvoient-elles et en fonction de quels types d\u2019actions d\u2019accompagnement (lecture publique, conf\u00e9rence, atelier d\u2019\u00e9criture ou de pratique artistique, exposition, cr\u00e9ation <i>in situ <\/i>en tant que dispositif participatif impliquant les publics) ?<\/p>\n<p>[\/vc_column_text][vc_empty_space][vc_row_inner css=&#8221;.vc_custom_1488982456612{background-color: #f2f2f2 !important;}&#8221;][vc_column_inner css=&#8221;.vc_custom_1488982397704{margin-top: 10px !important;border-top-width: 10px !important;padding-top: 10px !important;background-color: #f2f2f2 !important;}&#8221;][vc_column_text]<b>R\u00e9f\u00e9rences\u00a0<\/b><\/p>\n<p>Amossy, Ruth. 2002. \u00ab Ethos \u00bb, in <i>Le Dictionnaire du litt\u00e9raire<\/i>, \/ sous la direction de Paul Aron, Denis Saint Jacques &amp; Alain Viala. Paris : PUF.\u00a0Bisenius-Penin, Carole (dir.). 2015. <i>R\u00e9sidence d\u2019auteurs, cr\u00e9ation litt\u00e9raire et m\u00e9diations culturelles (1). \u00c0 la recherche d\u2019une cartographie<\/i>. Nancy : PUN &#8211; \u00c9ditions Universitaires de Lorraine. Questions de communication. (S\u00e9rie actes).<br \/>\nBon, Fran\u00e7ois. 2000. <i>Tous les mots sont adultes : m\u00e9thode pour l\u2019atelier d\u2019\u00e9criture<\/i>. Paris : Fayard.<br \/>\nBouchardon, Serge. 2014. <i>La valeur heuristique de la litt\u00e9rature num\u00e9rique<\/i>. Paris : Hermann. (collection Cultures num\u00e9riques).<br \/>\nBordeaux Marie-Christine (avec Elisabeth Caillet). 2013. \u00ab La m\u00e9diation culturelle : pratiques et enjeux th\u00e9oriques \u00bb. <i>Culture &amp; Mus\u00e9es <\/i>Hors-s\u00e9rie.<br \/>\nCaune, Jean. 2000, \u00ab La M\u00e9diation culturelle : une construction du lien social \u00bb, consultable en ligne http:\/\/w3.u-grenoble3.fr\/les_enjeux\/2000\/Caune\/index.php.<br \/>\nChaumier, Serge &amp; Mairesse, Fran\u00e7ois. 2013. <i>La M\u00e9diation culturelle<\/i>. Paris : Armand Colin.<br \/>\nDenoit Nicole &amp; Douzou Catherine. 2016. <i>La r\u00e9sidence d\u2019artiste<\/i>. Tours : PUFR.<br \/>\nLahire, Bernard. 2006. <i>La Condition litt\u00e9raire, la double vie des \u00e9crivains<\/i>. Paris : \u00c9d. La D\u00e9couverte.<br \/>\nMartel, Fr\u00e9d\u00e9ric. 2015. <i>L\u2019\u00e9crivain social, la condition de l\u2019\u00e9crivain \u00e0 l\u2019\u00e2ge num\u00e9rique<\/i>. Rapport au Pr\u00e9sident du CNL, consultable en ligne<\/p>\n<p>http:\/\/www.centrenationaldulivre.fr\/fichier\/p_ressource\/7429\/ressource_fichier_fr_condition.a.crivain.monde.numa.rique.rapport.2015.11.09.ok.pdf<\/p>\n<p>Meizoz, J\u00e9r\u00f4me. 2007. <i>Postures litt\u00e9raires. Mises en sc\u00e8ne modernes de l&#8217;auteur<\/i>. Gen\u00e8ve : Slatkine.<br \/>\nSapiro, Gis\u00e8le. 2007. \u00ab Je n&#8217;ai jamais appris \u00e0 \u00e9crire \u00bb. Les conditions de formation de la vocation d&#8217;\u00e9crivain\u00bb, <i>Actes de la recherche en sciences sociales <\/i>3, 168, p. 12-33, consultable en ligne www.cairn.info\/revue-actes-de-la-recherche-en-sciences-sociales-2007-3-page-12.htm.<br \/>\nViala<i>, <\/i>Alain.1985. <i>Naissance de l&#8217;\u00e9crivain<\/i>. <i>Sociologie de la litt\u00e9rature \u00e0 l&#8217;\u00e2ge classique<\/i>. Paris : Minuit.<\/p>\n<p>Merci d\u2019adresser vos propositions d\u2019articles (environ 5000 signes) par courriel avant le 17 mars 2017 \u00e0 Carole Bisenius-Penin (carole.bisenius-penin@univ-lorraine.fr) et Marie-Christine Bordeaux (mc.bordeaux@wanadoo.fr)<\/p>\n<p>Les r\u00e9sum\u00e9s comporteront un titre, 5 r\u00e9f\u00e9rences bibliographiques ainsi que les noms, adresse \u00e9lectronique, qualit\u00e9 et rattachement institutionnel (Universit\u00e9, laboratoire) de leur auteur.<\/p>\n<p><b>Calendrier :\u00a0<\/b><\/p>\n<p>Lancement de l\u2019appel \u00e0 propositions d\u2019articles : f\u00e9vrier 2017<br \/>\nR\u00e9ception des propositions (r\u00e9sum\u00e9s) : 7 avril 2017<br \/>\nR\u00e9ponses aux auteurs et commande des textes : d\u00e9but mai 2017<br \/>\nR\u00e9ception des textes : 1er septembre 2017<br \/>\nR\u00e9ponses d\u00e9finitives aux auteurs et propositions \u00e9ventuelles de modifications : novembre 2017<br \/>\nR\u00e9ception des textes dans leur version d\u00e9finitive : d\u00e9but janvier 2018<\/p>\n<p>Publication : juin 2018[\/vc_column_text][\/vc_column_inner][\/vc_row_inner][\/vc_column][vc_column width=&#8221;1\/3&#8243; css=&#8221;.vc_custom_1485179306519{margin-bottom: 0px !important;border-bottom-width: 0px !important;padding-bottom: 0px !important;}&#8221;][vc_single_image image=&#8221;3728&#8243; img_size=&#8221;full&#8221; onclick=&#8221;custom_link&#8221; img_link_target=&#8221;_blank&#8221; link=&#8221;http:\/\/www.lcdpu.fr\/livre\/?GCOI=27000100677180&amp;fa=description&#8221; css=&#8221;.vc_custom_1488981734463{margin-bottom: 0px !important;border-bottom-width: 0px !important;padding-bottom: 0px !important;}&#8221;][vc_column_text css=&#8221;.vc_custom_1488982002609{margin-bottom: 0px !important;border-bottom-width: 0px !important;padding-bottom: 0px !important;}&#8221;]<\/p>\n<p><b>Contact :\u00a0<\/b><\/p>\n<p>Carole Bisenius-Penin<br \/>\ncarole.bisenius-penin@univ-lorraine.fr<br \/>\nUniversit\u00e9 de Lorraine<\/p>\n<p>CREM<br \/>\nIle du Saulcy<br \/>\n57000 Metz<\/p>\n<p><b>La revue <i>Culture &amp; Mus\u00e9es\u00a0<\/i><\/b><\/p>\n<p>La revue <i>Culture &amp; Mus\u00e9es <\/i>est une revue scientifique transdisciplinaire \u00e0 comit\u00e9 de lecture. Ses publications sont orient\u00e9es vers des travaux de recherche in\u00e9dits sur les publics, les institutions et les m\u00e9diations de la culture. Depuis 2010, elle poss\u00e8de une dimension internationale car elle est index\u00e9e \u00e0 l&#8217;INIST et sur les bases Arts and Humanities Citation Index (Thomson Reuters). Les contributions, regroup\u00e9es autour d\u2019un th\u00e8me, font de chaque livraison un ouvrage collectif charg\u00e9 d\u2019approfondir un th\u00e8me ou une question. La revue est co-\u00e9dit\u00e9e par l\u2019Universit\u00e9 d\u2019Avignon et les \u00e9ditions Actes Sud.<\/p>\n<p><b>Directeurs de la r\u00e9daction\u00a0<\/b><\/p>\n<p>Fr\u00e9d\u00e9ric Gimello-Mesplomb, directeur de publication, Universit\u00e9 d\u2019Avignon et des Pays de Vaucluse<br \/>\nEric Triquet, directeur adjoint de publication, Universit\u00e9 d\u2019Avignon et des Pays de Vaucluse<br \/>\nYves Winkin, directeur de r\u00e9daction, Mus\u00e9e des arts et m\u00e9tiers, CNAM<br \/>\nMarie-Christine Bordeaux, directrice adjointe de r\u00e9daction, Universit\u00e9 Grenoble Alpes<\/p>\n<p><b>Comit\u00e9 de r\u00e9daction\u00a0<\/b><\/p>\n<p>Serge Chaumier, Universit\u00e9 d\u2019Artois<br \/>\nJacqueline Eidelman, Direction g\u00e9n\u00e9rale des patrimoines \u2013 D\u00e9partement de la politique des publics, minist\u00e8re de la Culture et de la Communication<br \/>\nCatherine Guillou, Direction des publics du Centre Pompidou<br \/>\nDaniel Jacobi, Universit\u00e9 d\u2019Avignon et des Pays de Vaucluse<br \/>\nEmmanuelle Lallement, Direction g\u00e9n\u00e9rale des patrimoines \u2013 D\u00e9partement de la politique des publics, minist\u00e8re de la Culture et de la Communication<br \/>\nJo\u00eblle Le Marec , Universit\u00e9 Paris Diderot<br \/>\nJean-Marc Leveratto, Universit\u00e9 de Lorraine<br \/>\nFran\u00e7ois Mairesse , Universit\u00e9 Sorbonne Nouvelle-Paris 3<br \/>\nAnik Meunier , Universit\u00e9 du Qu\u00e9bec \u00e0 Montr\u00e9al<br \/>\nAnthony Pecqueux, \u00c9cole nationale sup\u00e9rieure d\u2019architecture de Grenoble<br \/>\nMarie-Sylvie Poli, Universit\u00e9 d\u2019Avignon et des Pays de Vaucluse<br \/>\nDominique Poulot, Universit\u00e9 Paris 1 Panth\u00e9on-Sorbonne<br \/>\nVincent Poussou, Direction des publics et du num\u00e9rique de la R\u00e9union des mus\u00e9es nationaux-Grand Palais<br \/>\nOlivier Th\u00e9venin, Universit\u00e9 de Haute-Alsace<\/p>\n<p><b>Comit\u00e9 scientifique international\u00a0<\/b><\/p>\n<p>Jos\u00e9 Azevedo, Universit\u00e9 de Porto (Portugal)<br \/>\nHoward S. Becker, San Francisco (\u00c9tats-Unis)<br \/>\nAndr\u00e9 Desvall\u00e9es, conservateur g\u00e9n\u00e9ral honoraire du patrimoine<br \/>\nVera Dodebei, Universit\u00e9 de Rio (Br\u00e9sil)<br \/>\nJohn Durant, directeur du Mus\u00e9e Massachusetts Institute of Technology (\u00c9tats-Unis)<br \/>\nEmmanuel Ethis, Universit\u00e9 d\u2019Avignon et des Pays de Vaucluse (France)<br \/>\nJean-Louis Fabiani, Universit\u00e9 d\u2019Europe Centrale (Hongrie)<br \/>\nAndr\u00e9 Gob, Universit\u00e9 de Li\u00e8ge (Belgique)<br \/>\nHolger H\u00f6ge, Universit\u00e9 d\u2019Oldenbourg (Allemagne)<br \/>\nYves Jeanneret, Universit\u00e9 Paris-Sorbonne (France)<br \/>\nRaymond Montpetit, Universit\u00e9 du Qu\u00e9bec \u00e0 Montr\u00e9al (Canada)<br \/>\nXavier Roig\u00e9, Universit\u00e9 de Barcelone (Espagne)<br \/>\nAnne-Catherine Robert-Hauglustaine, directrice g\u00e9n\u00e9rale de l\u2019ICOM<br \/>\nBernard Schiele, Universit\u00e9 du Qu\u00e9bec \u00e0 Montr\u00e9al (Canada)<br \/>\nPhilippe Verhaegen, Universit\u00e9 de Louvain-la-Neuve (Belgique)<br \/>\nFran\u00e7oise Wasserman, Conservateur g\u00e9n\u00e9ral honoraire du patrimoine (France)[\/vc_column_text][\/vc_column][\/vc_row][vc_row][vc_column][vc_separator][\/vc_column][\/vc_row][vc_row css=&#8221;.vc_custom_1485179218337{margin-bottom: 0px !important;border-bottom-width: 0px !important;padding-bottom: 0px !important;}&#8221;][vc_column width=&#8221;2\/3&#8243; css=&#8221;.vc_custom_1485179297098{margin-bottom: 0px !important;border-bottom-width: 0px !important;padding-bottom: 0px !important;}&#8221;][vc_column_text css=&#8221;.vc_custom_1485179357739{margin-bottom: 0px !important;border-bottom-width: 0px !important;padding-bottom: 0px !important;}&#8221;]<\/p>\n<h5>Questions de communication, s\u00e9rie actes 35 \/ 2016<\/h5>\n<h2><span style=\"color: #333333;\"><a style=\"color: #333333;\" href=\"http:\/\/www.lcdpu.fr\/livre\/?GCOI=27000100677180&amp;fa=description\" target=\"_blank\" rel=\"noopener\">R\u00e9sidence d&#8217;auteurs, cr\u00e9ation litt\u00e9raire et m\u00e9diations culturelles (2). Territoires et publics<\/a><\/span><\/h2>\n<p><strong>\u00c9dit\u00e9 par <a href=\"http:\/\/www.lcdpu.fr\/livre\/?GCOI=27000100677180&amp;fa=author&amp;Person_ID=27268&amp;PublisherGCOICode=27000\">Carole Bisenius-Penin<\/a><br \/>\n<\/strong>Livre broch\u00e9 &#8211; 20,00\u00a0\u20ac<\/p>\n<p>\u00c0 para\u00eetre Je souhaiterais recevoir une alerte par e-mail pour me pr\u00e9venir de la disponibilit\u00e9 de cet article<\/p>\n<h5>R\u00e9sum\u00e9<\/h5>\n<p>Les contributions de ce dernier volume de la s\u00e9rie R\u00e9sidence d&#8217;auteurs, cr\u00e9ation litt\u00e9raire et m\u00e9diations culturelles permettent de penser le dispositif r\u00e9sidentiel en lien avec les publics et en fonction de territoires sp\u00e9cifiques (France, Allemagne, Belgique, Qu\u00e9bec). D\u2019un point de vue th\u00e9orique et pratique, l\u2019ouvrage examine le concept de r\u00e9sidence en fonction des politiques culturelles, tout en montrant comment ce dispositif, qui manque souvent de visibilit\u00e9, appara\u00eet comme un lieu de construction auctoriale sous de multiples formes (textes, blogs r\u00e9sidentiels). Enfin, la r\u00e9sidence en tant que dispositif immersif en interaction avec les territoires et les publics constitue un moyen original de replacer l\u2019auteur au sein de l\u2019espace publique et de mettre en place une r\u00e9flexion sur spatialit\u00e9, g\u00e9ographie, territoire et cr\u00e9ation litt\u00e9raire contemporaine. D\u00e8s lors, on peut s\u2019interroger: Que gagne l\u2019auteur \u00e0 se confronter \u00e0 la contrainte r\u00e9sidentielle? Comment l\u2019auteur sur un territoire pratique cr\u00e9ation litt\u00e9raire et activit\u00e9s de m\u00e9diations? Quelles formes de m\u00e9diations \u00e9mergent du dispositif r\u00e9sidentiel? Quelles sont les repr\u00e9sentations du public de la notion? L\u2019objectif central est de saisir la r\u00e9sidence d\u2019auteurs \u00e0 travers les relations qui se nouent entre les diff\u00e9rents syst\u00e8mes, c\u2019est-\u00e0-dire les auteurs, les institutions culturelles et les publics.[\/vc_column_text][\/vc_column][vc_column width=&#8221;1\/3&#8243; css=&#8221;.vc_custom_1485179306519{margin-bottom: 0px !important;border-bottom-width: 0px !important;padding-bottom: 0px !important;}&#8221;][vc_single_image image=&#8221;3637&#8243; img_size=&#8221;full&#8221; onclick=&#8221;custom_link&#8221; img_link_target=&#8221;_blank&#8221; link=&#8221;http:\/\/www.lcdpu.fr\/livre\/?GCOI=27000100677180&amp;fa=description&#8221; css=&#8221;.vc_custom_1485179365035{margin-bottom: 0px !important;border-bottom-width: 0px !important;padding-bottom: 0px !important;}&#8221;][\/vc_column][\/vc_row][vc_row css=&#8221;.vc_custom_1485179243246{margin-top: 0px !important;border-top-width: 0px !important;padding-top: 0px !important;}&#8221;][vc_column][vc_column_text css=&#8221;.vc_custom_1485179346774{margin-top: 0px !important;border-top-width: 0px !important;padding-top: 0px !important;}&#8221;]Premi\u00e8re \u00e9dition &#8211;\u00a0Tome 35 &#8211; Presses universitaires de Nancy &#8211; Editions Universitaires de Lorraine &#8211; Livre broch\u00e9 &#8211; 236 pages. &#8211;\u00a0ISBN-10 2814302914 &#8211;\u00a0ISBN-13 9782814302914[\/vc_column_text][\/vc_column][\/vc_row][vc_row][vc_column][vc_separator][\/vc_column][\/vc_row][vc_row][vc_column width=&#8221;1\/2&#8243;][vc_single_image image=&#8221;3623&#8243; img_size=&#8221;full&#8221;][\/vc_column][vc_column width=&#8221;1\/2&#8243;][vc_single_image image=&#8221;3624&#8243; img_size=&#8221;full&#8221;][\/vc_column][\/vc_row][vc_row][vc_column][vc_separator][\/vc_column][\/vc_row][vc_row][vc_column width=&#8221;2\/3&#8243;][vc_column_text]<\/p>\n<h3><span style=\"text-decoration: underline;\"><a href=\"http:\/\/cmpaix.eu\/fr\/\" target=\"_blank\" rel=\"noopener\"><strong>Centre Mondial de la Paix, des libert\u00e9s et des droits de l&#8217;Homme (55)<\/strong><\/a><\/span><\/h3>\n<p>Signora, Signore,<br \/>\n<strong>L&#8217;associazione &#8220;14-18 Meuse&#8221;<\/strong> <strong>ha il piacere di invitarla i 12 e 13 novembre 2016 al tredicesimo Salone del libro di Storia di Verdun.<\/strong><\/p>\n<p><strong>Il salone del Libro di storia di Verdun<\/strong> ritorner\u00e0 sull\u2019attualit\u00e0 del libro 2016. Circa sessanta autori, tra cui dei soldati presenteranno la loro ultima opera sulla geopolitica, delle relazioni internazionali, di storia e in particolare della prima guerra mondiale. Quest&#8217;anno, oltre ai giovani autori, un ampio spazio sar\u00e0 dedicato ai fumetti con la presenza di designer e scrittori di diverse case editrici. Due librai proporranno vecchi libri.<\/p>\n<p>Il premio&#8221;Mondes en guerres, mondes en paix&#8221;, creato nel 2005, ricompenser\u00e0 la migliore opera&#8221;Guerra e Pace&#8221;, pubblicato nel corso dell&#8217;anno. Il premio &#8220;Sergent Maginot&#8221;, creato per il Centenario, ricompenser\u00e0 il miglior libro sulla guerra pubblicato nel corso dell&#8217;anno. Entrambi i premi saranno assegnati da una giuria presieduta da Jean-Pierre Rioux, regista di &#8220;Ventesimo secolo &#8211; rivista di storia&#8221; Onorario Ispettore Generale della Pubblica Istruzione.<br \/>\nIl salone del Libro di storia di Verdun \u00e8 aperto dalle 10 alle 12.30 e dalle 14h alle 18h. Ingresso libero Il Salone del Libro di storia di Verdun \u00e8 organizzato dall&#8217;associazione &#8220;14-18 Meuse&#8221; presso il Centro Mondiale della Pace, in collaborazione con la Biblioteca Commercienna. \u0400 accreditato dalla Missione del Centenario della Prima Guerra Mondiale.<\/p>\n<p><a href=\"http:\/\/cmpaix.fr\/docs\/FLYER_Salon2016.pdf\" target=\"_blank\" rel=\"noopener\"><strong>Ritrovate il programma ufficiale seguendo questo link.<\/strong><\/a><\/p>\n<p>Contando fortemente sulla vostra presenza a questo evento, la prego di accettare, Signora, Signore, i nostri saluti distinti.[\/vc_column_text][\/vc_column][vc_column width=&#8221;1\/3&#8243;][vc_single_image image=&#8221;3599&#8243; img_size=&#8221;full&#8221;][vc_single_image image=&#8221;3600&#8243; img_size=&#8221;full&#8221;][\/vc_column][\/vc_row][vc_row][vc_column][vc_separator][\/vc_column][\/vc_row][vc_row css=&#8221;.vc_custom_1475509676886{margin-bottom: 20px !important;}&#8221;][vc_column width=&#8221;4\/6&#8243; css=&#8221;.vc_custom_1475509436955{padding-top: 10px !important;padding-right: 10px !important;padding-bottom: 10px !important;padding-left: 10px !important;background-color: #efefef !important;}&#8221;][vc_column_text]<\/p>\n<h3 id=\"page-title\" class=\"title\">OSSESSIONI E SPETTRI NEL TEATRO KOLTES E NEL TEATRO CONTEMPORANEO<\/h3>\n<div id=\"block-system-main\" class=\"block block-system block-main block-system-main odd block-without-title\">\n<div class=\"block-inner clearfix\">\n<div class=\"content clearfix\">\n<article id=\"node-manifestation-1472\" class=\"node node-manifestation node-published node-not-promoted node-not-sticky author-rudy-hahusseau odd clearfix\">\n<div class=\"content clearfix\">\n<div class=\"field field-name-field-date field-type-datetime field-label-inline clearfix\">\n<div class=\"field-items\">\n<div class=\"field-item even\"><strong>3 novembre 2016 &#8211; 5 Novembre 2016<\/strong><\/div>\n<\/div>\n<\/div>\n<div class=\"field field-name-field-type-manifestation field-type-list-text field-label-inline clearfix\">\n<div class=\"field-items\">\n<div class=\"field-item even\">Conferenza<\/div>\n<\/div>\n<\/div>\n<div class=\"field field-name-field-organisateurs field-type-text-long field-label-above\">\n<div class=\"field-label\">Organizzata dal Crem, Binario Est, biennale Kolt\u00e8s<\/div>\n<\/div>\n<div class=\"field field-name-field-lieu field-type-text field-label-inline clearfix\">\n<div class=\"field-label\"><\/div>\n<div class=\"field-items\">\n<div class=\"field-item even\"><strong>Metz, \u00efle du Saulcy<\/strong><\/div>\n<\/div>\n<\/div>\n<div class=\"field field-name-field-descriptif field-type-text-long field-label-above\">\n<div class=\"field-label\">Descrizione:<\/div>\n<div class=\"field-items\">\n<div class=\"field-item even\">\n<p>Come parte della squadra Praxitexte, una delle quattro squadre CREM composta da linguisti ed esperti di letteratura questo seminario si concentra su Bernard-Marie Kolt\u00e8s e il teatro contemporaneo e fa parte del nuovo programma dell\u2019unit\u00e0 ( la narrazione della societ\u00e0 \/ aziende della narrazione).<br \/>\nE &#8216;anche una continuazione di conferenze organizzate dal CELTED e poi dal Crem che sono dedicate al drammaturgo messino Bernard-Marie Kolt\u00e8s, uno deglii autori drammaturghi francesi pi\u00f9 rappresentati al mondo. \u0400 cos\u00ec che sono stati pubblicati sotto la direzione di Andr\u00e9 Petitjean, gli atti intitolati rispettivamente Kolt\u00e8s: la questione del luogo (2001); Bernard-Marie Kolt\u00e8s. Testi e contesti (2011); Bernard-Marie Kolt\u00e8s, i registri di uno stile (2014) e Violenze e desideri da Kolt\u00e8s e nel teatro contemporaneo, sotto la direzione di Raymond Michel e Andr\u00e9 Petitjean.<br \/>\nLa conferenza che si \u00e8 svolta nel quandro della Biennale Kolt\u00e8s organizzata dall&#8217;associazione Quai Est, \u00e8, per i partecipanti, l\u2019occasione di seguire i numerosi spettacoli proposti.<\/p>\n<p>Per ulteriori informazioni sulla conferenza, consultare il suo <a href=\"http:\/\/crem-hantise-koltes.event.univ-lorraine.fr\/hantise_accueil.php\">sito web<\/a> e in particolare il <a href=\"http:\/\/crem-hantise-koltes.event.univ-lorraine.fr\/hantise_progra.php\">programma<\/a>.<\/p>\n<p>Per saperne di pi\u00f9 sulla biennale Kolt\u00e8s, consultare,\u00a0<a href=\"http:\/\/biennale-koltes.fr\/\" target=\"_blank\" rel=\"noopener\">il suo sito web<\/a>.<\/p>\n<\/div>\n<\/div>\n<\/div>\n<\/div>\n<\/article>\n<\/div>\n<\/div>\n<\/div>\n<p>[\/vc_column_text][\/vc_column][vc_column width=&#8221;2\/6&#8243;][vc_single_image image=&#8221;3281&#8243; img_size=&#8221;full&#8221;][\/vc_column][\/vc_row][vc_row full_width=&#8221;stretch_row&#8221; parallax=&#8221;content-moving&#8221; parallax_image=&#8221;1619&#8243;][vc_column][vc_custom_heading text=&#8221;Journ\u00e9es d\u2019\u00e9tude internationales&#8221; font_container=&#8221;tag:h4|font_size:60px|text_align:center|color:%23ffffff&#8221; google_fonts=&#8221;font_family:Montserrat%3Aregular%2C700|font_style:700%20bold%20regular%3A700%3Anormal&#8221;][vc_custom_heading text=&#8221;La Lorraine des \u00e9crivains : cr\u00e9ation litt\u00e9raire et territoire&#8221; font_container=&#8221;tag:h4|font_size:36px|text_align:center|color:%23ffffff&#8221; google_fonts=&#8221;font_family:Montserrat%3Aregular%2C700|font_style:700%20bold%20regular%3A700%3Anormal&#8221;][\/vc_column][\/vc_row][vc_row css=&#8221;.vc_custom_1473853173498{background-position: 0 0 !important;background-repeat: no-repeat !important;}&#8221;][vc_column width=&#8221;2\/3&#8243;][vc_row_inner][vc_column_inner width=&#8221;1\/2&#8243; css=&#8221;.vc_custom_1475077449219{margin-bottom: 0px !important;border-bottom-width: 0px !important;padding-bottom: 0px !important;}&#8221;][vc_column_text css=&#8221;.vc_custom_1517401425271{margin-bottom: 0px !important;border-bottom-width: 0px !important;padding-bottom: 0px !important;}&#8221;]<\/p>\n<h1>1-2 dicembre 2016<\/h1>\n<h2>UNIVERSIT\u00c0 DI LORENA \u00ceLE DU SAULCY METZ, AULA FERRARI<\/h2>\n<p><strong>Responsable : Carole Bisenius-Penin<\/strong><\/p>\n<p>Spinta dai <strong><em>cultural studies<\/em><\/strong>, la creazione letteraria in relazione con la citt\u00e0, cos\u00ec come gli scrittori come attori a tempo pieno del sistema culturale, costituiscono un campo di esplorazione transdisciplinare.[\/vc_column_text][\/vc_column_inner][vc_column_inner width=&#8221;1\/2&#8243; css=&#8221;.vc_custom_1475077279376{margin-bottom: 0px !important;border-bottom-width: 0px !important;padding-bottom: 0px !important;}&#8221;][vc_single_image image=&#8221;1777&#8243; img_size=&#8221;full&#8221;][\/vc_column_inner][\/vc_row_inner][vc_column_text css=&#8221;.vc_custom_1517401481429{margin-top: -10px !important;border-top-width: -10px !important;padding-top: -10px !important;}&#8221;]Cos\u00ec, assistiamo negli ultimi vent\u2019anni a degli approcci critici di una variet\u00e0 di discipline (geografia, letteratura, sociologia, museologia &#8230;) focalizzate sul concetto di spazio. Gli studi letterari hanno per esempio preso alla geografia, dei concetti come il territorio, il paesaggio attraverso le rappresentazioni letterarie dello spazio e le possibili mediazioni tra spazi reali e spazi percepiti, costruiti, immaginati dagli scrittori. In quanto campo di ricerca e di creazione fondato da K.White, la geopoetica ha integrato un\u2019iniziativa nomade favorendo il viaggio attraverso una scrittura che\u00a0investe lo spazio sulla base di un rapporto sensoriale ai luoghi e la trasgressione dei confini geografici e disciplinari. Questo approccio dello spazio in letteratura \u00e8 anche al centro delle riflessioni di COLLOT che identifica la<br \/>\n&#8220;geopoetica&#8221; come una scienza che studia il &#8220;rapporto tra lo spazio e le forme e generi letterari&#8221;, articolando una &#8220;poetica&#8221; ( &#8220;uno studio delle forme letterarie che trasformano l&#8217;immagine dei luoghi&#8221; e una &#8220;poetica&#8221; ( &#8220;una riflessione sui luoghi che uniscono la creazione letteraria allo spazio&#8221;). Nel frattempo, B. Westphal ha creato il concetto di geocritica che mira ad articolare la letteratura intorno alle sue relazioni con lo spazio, per promuovere &#8220;una poetica il cui scopo non sarebbe l\u2019esame delle rappresentazioni dello spazio in letteratura, ma piuttosto quello delle interazioni tra spazi umani e letteratura.&#8221; Con queste considerazioni teoriche, ci si pu\u00f2 quindi chiedere: come queste interazioni tra spazi e letteratura contemporanea si materializzano all\u2019interno di uno specifico territorio?[\/vc_column_text][\/vc_column][vc_column width=&#8221;1\/3&#8243; css=&#8221;.vc_custom_1473853327684{background-position: center !important;background-repeat: no-repeat !important;background-size: cover !important;}&#8221;][vc_single_image image=&#8221;1899&#8243; img_size=&#8221;full&#8221;][\/vc_column][\/vc_row][vc_row][vc_column][vc_separator style=&#8221;dotted&#8221; border_width=&#8221;4&#8243;][\/vc_column][\/vc_row][vc_row][vc_column][vc_row_inner css=&#8221;.vc_custom_1473782629293{padding-top: 10px !important;padding-right: 10px !important;padding-bottom: 10px !important;padding-left: 10px !important;background-color: #eaeaea !important;}&#8221;][vc_column_inner][vc_column_text]<\/p>\n<h2>ARGOMENTAZIONI<\/h2>\n<p><img loading=\"lazy\" decoding=\"async\" class=\"alignleft wp-image-1918\" src=\"http:\/\/test-lde.univ-lorraine.fr\/wp-content\/uploads\/2016\/07\/logo-crem.png\" alt=\"logo-crem\" width=\"220\" height=\"88\" srcset=\"http:\/\/lalorrainedesecrivains.univ-lorraine.fr\/wp-content\/uploads\/2016\/07\/logo-crem.png 554w, http:\/\/lalorrainedesecrivains.univ-lorraine.fr\/wp-content\/uploads\/2016\/07\/logo-crem-300x120.png 300w\" sizes=\"auto, (max-width: 220px) 100vw, 220px\" \/>Nel quadro del programma scientifico <strong>La Lorena degli scrittori<\/strong> (CPER) saranno organizzate dal CREM (Centro di ricerca sulle mediazioni, Universit\u00e0 di Lorena), in collaborazione con il polo democratizzazione e industrie culturali della DRAC Alsazia &#8211; Champagne-Ardenne &#8211; Lorena e il Centro regionale del libro di Lorena, i giorni 1 e 2 dicembre 2016, le prime giornate di studio internazionali del progetto\u00a0consacrate alla problematica creazione letteraria e territorio.<\/p>\n<p>Questo progetto si inserisce perfettamente nelle grandi orientazioni in termini di <strong>&#8220;ricerche tematiche prioritarie comuni dell &#8216;Universit\u00e0 di Lorena&#8221;<\/strong>, in particolare nel 7 \u00b0 asse intitolato <strong>&#8220;Patrimonio, cultura e identit\u00e0&#8221;<\/strong> sulle letterature e immaginari collettivi, lo studio dell\u2019interculturalit\u00e0: questioni sociali ed estetiche , costruzione letteraria delle identit\u00e0 individuali e nazionali.<\/p>\n<p>L&#8217;obiettivo centrale di questo programma \u00e8 la messa in rete di diversi operatori regionali e di numerose attivit\u00e0 letterarie in uno specifico territorio, per garantire una visibilit\u00e0 nazionale e transfrontaliera della Lorena sul tema del libro, attraverso la creazione di una cartografia letteraria del territorio Loreno, culturale e turistico intorno alle figure di scrittori (F. Rabelais, JB Bossuet, E. du Ch\u00e2telet, P. Verlaine, BM Kolt\u00e8s, P. Claudel, V. Despentes &#8230;) costruita intorno a 3 poli: vita letteraria, creazione e patrimonio. Il progetto ha due componenti: una componente digitale con la creazione di un sito web che offre un database, un panorama letterario della Lorena tra cui una recenzione geolocalizzata (autori, opere letterarie, eventi &#8230;) e un lembo editoriale (guida letteraria, antologia &#8230;). La componente digitale non \u00e8 limitata a una presentazione di estratti letterari come il sito geocultura<br \/>\n&#8220;La Francia vista dagli scrittori&#8221;, ma offre piuttosto al pubblico un approccio delle attivit\u00e0 di mediazione intorno agli scrittori e la letteratura sul territorio Lorenese, in molteplici forme\u00a0banca dati, interviste, sondaggi, articoli scientifici &#8230;).<\/p>\n<p>Infatti, a parire da una zona geografica delimitata, quali sono le possibili mediazioni tra letteratura e territorio in funzione allo stesso tempo dei creatori, DEi mediatori (incaricati della cultura politica, direttori di istituzioni culturali, le organizzazioni che sostengono la creazione &#8230;) e pubblici della cultura? Come la creazione e il patrimonio letterario, attraverso delle mediazioni, permettono di ripensare e rivitalizzare il territorio? In sintesi, la letteratura nelle sue varie forme, attraverso i luoghi, i dispositivi, gli attori, come i suoi legami con la creativit\u00e0, potrebbe essere un fattore significativo nella crescita e l&#8217;immagine della Lorena?<\/p>\n<h2>COSI IL PROGRAMMA DELLA MANIFESTAZIONE SI SVOLGER\u00c0 INTORNO A QUESTO RAPPORTO CREAZIONE\/TERRITORIO ATTRAVERSO 3 ASSI DI RIFLESSIONE:<\/h2>\n<p>[\/vc_column_text][\/vc_column_inner][\/vc_row_inner][\/vc_column][\/vc_row][vc_row][vc_column width=&#8221;1\/3&#8243;][vc_column_text]<\/p>\n<h2>1) GLI SCRITTORI LORENESI: APPROCCIO DI CARTOGRAFIA E FILOSOFIA STORICA<\/h2>\n<p>Sar\u00e0 all\u2019onore lo studio di scrittori all&#8217;interno dello spazio territoriale definito per offrire al pubblico una visione di trans-storica degli autori Lorenesi (XVI-XXI secolo) e le loro opere. Sono coinvolti nel progetto tutti i tipi di autori letterari che pubblicano per conto dell\u2019editore che sono nati o hanno vissuto in Lorena (per i bambini, di BD, autori Lorenesi di lingua tedesca &#8230;.). Tutti i generi letterari, per adulti o giovani, tutte le\u00a0correnti letterarie hanno la vocazione di essere rappresentati. I giornalisti letterari e gli autori di saggi politici sono esclusi a meno che hanno scritto un\u2019opera di carattere letterario. Sono anche respinti gli autori che non sono stati toccati in un modo o l&#8217;altro dalla loro origine o il loro soggiorno (abbastanza lungo) in Lorena. Le contribuzioni possono esplorare il mondo creativo di uno scrittore, i suoi rapporti con i luoghi, l&#8217;interazione tra lo spazio e la letteratura.[\/vc_column_text][\/vc_column][vc_column width=&#8221;2\/3&#8243;][vc_column_text]<\/p>\n<h2>2) CREAZIONE LETTERARIA E TERRITORIO<\/h2>\n<p>\u0400 chiaro che la nozione di territorio si rivela particolarmente<br \/>\npolisemica, confusa e imprecisa, causando allo stesso tempo delle incomprensioni e delle ambiguit\u00e0. Il territorio come sinonimo di luogo, significa anche tutto ci\u00f2 che si riferisce allo spazio, cio\u00e8 un luogo appropriato e un supporto d&#8217;identit\u00e0 individuale o collettiva che esce da legami inevitabili tra imprese e spazi. Il territorio \u00e8 inoltre un investimento affettivo e culturale che le societ\u00e0 mettono nel loro spazio vitale.<br \/>\nPertanto, il territorio si studia, si difende, si inventa e si reinventa, collegato con l&#8217;identit\u00e0 da un punto di vista creativo e istituzionale. In effetti, da un punto di vista letterario, la geocritica deriva da questa capacit\u00e0 di pensare il rapporto tra letteratura e spazi umani in una prospettiva dinamica e non fissata, cercando di catturare l&#8217;interazione tra spazio reale e rappresentazioni letterarie dello spazio, cio\u00e8 le linee di comunicazione tra il reale e l&#8217;immaginario che interagiscono tra di loro. Secondo B.\u00a0Westphal, si tratta di &#8220;identificare la dimensione letteraria dei luoghi, di redigere una mappa immaginaria di spazi umani. &#8220;Quali sono le strategie scritturali dello scrittore che gli permettono di vivere nello spazio? Quali sono le interazioni tra luoghi reali e spazi immaginari? Dal punto di vista istituzionale, poi , partendo con il presupposto che gli autori costituiscono nello spazio pubblico una nuova sfida per ripensare i rapporti tra libro e territorio, sar\u00e0 interessante studiare le politiche culturali che cercano di registrare la presenza dello scrittore in Lorena, come la residenza d\u2019autore o ancora il dispositivo degli &#8220;autori associati&#8221;. Come questi strumenti cercano di rendere visibile il lavoro creativo come un processo letterario, consentendo al pubblico di avvicinarsi all\u2019opera come il prodotto di un percorso artistico? Quali attori del<br \/>\nlibro sono invitati in Lorena? Quali obiettivi culturali sono indicati?[\/vc_column_text][\/vc_column][\/vc_row][vc_row][vc_column][vc_column_text css=&#8221;.vc_custom_1517401849834{padding-top: 10px !important;padding-right: 10px !important;padding-bottom: 10px !important;padding-left: 10px !important;background-color: #f2f2f2 !important;}&#8221;]<\/p>\n<h2>3) PATRIMONIO LETTERARIO<\/h2>\n<p>I contributi della geografia sociale e culturale che cercano di comprendere le relazioni tra le societ\u00e0, le culture e gli spazi, hanno sottolineato, proprio come il lavoro di Guy Di M\u00e9o, la patrimonializzazione dello spazio tra patrimonio e territorio &#8220;se si vuole concepire uno spazio geografico che significa per l&#8217;individuo e per la societ\u00e0 (vera natura del territorio) non si pu\u00f2 fare meno di dargli un valore patrimoniale&#8221;. La rilettura del paesaggio ha lo scopo di mostrare che si tratta di un\u2019immagine culturale, un&#8217;interpretazione grammaticale delle societ\u00e0 che lo praticano e si basa su un\u00a0ancoraggio memoriale e identitario. L&#8217;obiettivo \u00e8 quello di mostrare come il patrimonio letterario come spazio identificativo, di appropriazione, si rivela essere una risorsa particolarmente interessante per lo sviluppo territoriale e culturale della Lorena. I contributi potrebbero anche portare sull&#8217;analisi degli elementi patrimoniali Lorenesi di diversi tipi : passeggiata letteraria, museo letterario, casa dello scrittore.<br \/>\nQuesti primi giorni sono destinati a riempire una mancanza negli studi SHS (letteratura, geografia, storia, scienze dell&#8217;informazione e della comunicazione &#8230;) sugli autori, la creazione letteraria, la residenza d&#8217;autore, il patrimonio, legati con la questione di attrattivit\u00e0 territoriale e turistica.[\/vc_column_text][vc_column_text]<\/p>\n<h2><\/h2>\n<h2>MODALIT\u00c0:<\/h2>\n<h3>LE GIORNATE DI STUDIO SI TERRANO I GIORNI 1 E 2 DICEMBRE 2016 ALL\u2019UNIVERSIT\u00c0 DI LORENA(METZ)<\/h3>\n<p>Si prega di inviare le vostre proposte di comunicazione su una sola pagina, in formato Word o PDF (che indicando il vostro argomento, le principali problematiche considerate e le fonti utilizzate), e una breve nota bio-bibliografica (professione, area di ricerca, istituzione, pubblicazioni) all\u2019indirizzo di posta elettronica seguente:<\/p>\n<p>carole.bisenius-penin@univ-lorraine.fr<\/p>\n<p><strong>Data limite per la proposta di comunicazioni: prima del 15 Settembre 2016<\/strong>[\/vc_column_text][\/vc_column][\/vc_row][vc_row full_width=&#8221;stretch_row&#8221; parallax=&#8221;content-moving&#8221; parallax_image=&#8221;2223&#8243; css=&#8221;.vc_custom_1475258014546{margin-top: 20px !important;padding-top: 200px !important;padding-bottom: 200px !important;}&#8221;][vc_column][vc_icon type=&#8221;openiconic&#8221; icon_openiconic=&#8221;vc-oi vc-oi-quote-right&#8221; color=&#8221;white&#8221; align=&#8221;center&#8221;][vc_custom_heading text=&#8221;Actualit\u00e9s&#8221; font_container=&#8221;tag:h2|font_size:64|text_align:center|color:%23ffffff&#8221; google_fonts=&#8221;font_family:Lato%3A100%2C100italic%2C300%2C300italic%2Cregular%2Citalic%2C700%2C700italic%2C900%2C900italic|font_style:300%20light%20regular%3A300%3Anormal&#8221;][vc_icon type=&#8221;openiconic&#8221; icon_openiconic=&#8221;vc-oi vc-oi-quote-right&#8221; color=&#8221;white&#8221; align=&#8221;center&#8221;][\/vc_column][\/vc_row]<\/p>","protected":false},"excerpt":{"rendered":"<p>[vc_row full_width=&#8221;stretch_row&#8221; parallax=&#8221;content-moving&#8221; parallax_image=&#8221;1728&#8243; css=&#8221;.vc_custom_1492075568880{margin-bottom: 0px !important;border-bottom-width: 0px !important;padding-bottom: 0px !important;}&#8221;][vc_column][vc_empty_space height=&#8221;150px&#8221;][vc_custom_heading text=&#8221;ATTUALITA&#8221; font_container=&#8221;tag:h2|font_size:64|text_align:center|color:%23ffffff&#8221; google_fonts=&#8221;font_family:Lato%3A100%2C100italic%2C300%2C300italic%2Cregular%2Citalic%2C700%2C700italic%2C900%2C900italic|font_style:700%20bold%20regular%3A700%3Anormal&#8221;][\/vc_column][\/vc_row][vc_row][vc_column][vc_row_inner][vc_column_inner][vc_single_image image=&#8221;4282&#8243; img_size=&#8221;full&#8221; onclick=&#8221;custom_link&#8221; img_link_target=&#8221;_blank&#8221; link=&#8221;https:\/\/www.ipw.lu\/__trashed-2\/#.WecAAK3BLm0&#8243;][vc_separator style=&#8221;shadow&#8221; border_width=&#8221;2&#8243;][\/vc_column_inner][\/vc_row_inner][\/vc_column][\/vc_row][vc_row][vc_column][vc_row_inner][vc_column_inner][vc_single_image image=&#8221;4280&#8243; img_size=&#8221;full&#8221; onclick=&#8221;custom_link&#8221; img_link_target=&#8221;_blank&#8221; link=&#8221;http:\/\/www.quebecentouteslettres.qc.ca\/evenement\/laboratoire-hors-les-murs-rencontre-avec-carole-bisenius-penin\/&#8221;][vc_separator<\/p>\n<p> <a class=\"more-link\" href=\"http:\/\/lalorrainedesecrivains.univ-lorraine.fr\/it\/actualites-5\/\">Lire la suite<\/a><\/p>\n","protected":false},"author":6,"featured_media":0,"parent":0,"menu_order":0,"comment_status":"closed","ping_status":"closed","template":"","meta":{"footnotes":""},"class_list":["post-4677","page","type-page","status-publish","hentry"],"_links":{"self":[{"href":"http:\/\/lalorrainedesecrivains.univ-lorraine.fr\/it\/wp-json\/wp\/v2\/pages\/4677","targetHints":{"allow":["GET"]}}],"collection":[{"href":"http:\/\/lalorrainedesecrivains.univ-lorraine.fr\/it\/wp-json\/wp\/v2\/pages"}],"about":[{"href":"http:\/\/lalorrainedesecrivains.univ-lorraine.fr\/it\/wp-json\/wp\/v2\/types\/page"}],"author":[{"embeddable":true,"href":"http:\/\/lalorrainedesecrivains.univ-lorraine.fr\/it\/wp-json\/wp\/v2\/users\/6"}],"replies":[{"embeddable":true,"href":"http:\/\/lalorrainedesecrivains.univ-lorraine.fr\/it\/wp-json\/wp\/v2\/comments?post=4677"}],"version-history":[{"count":4,"href":"http:\/\/lalorrainedesecrivains.univ-lorraine.fr\/it\/wp-json\/wp\/v2\/pages\/4677\/revisions"}],"predecessor-version":[{"id":4682,"href":"http:\/\/lalorrainedesecrivains.univ-lorraine.fr\/it\/wp-json\/wp\/v2\/pages\/4677\/revisions\/4682"}],"wp:attachment":[{"href":"http:\/\/lalorrainedesecrivains.univ-lorraine.fr\/it\/wp-json\/wp\/v2\/media?parent=4677"}],"curies":[{"name":"wp","href":"https:\/\/api.w.org\/{rel}","templated":true}]}}